{"id":5803,"date":"2016-07-11T13:28:45","date_gmt":"2016-07-11T13:28:45","guid":{"rendered":"http:\/\/eregistar.capljina.ba\/\/?page_id=5803"},"modified":"2017-05-21T07:53:04","modified_gmt":"2017-05-21T07:53:04","slug":"administrativni-postupci","status":"publish","type":"page","link":"https:\/\/eregistar.capljina.ba\/en\/administrativni-postupci\/","title":{"rendered":"Administrativni postupci"},"content":{"rendered":"<div class=\"wpb_row vc_row  mk-fullwidth-false  attched-false    vc_row-fluid  js-master-row\">\r\n\t\t\r\n\t\t\t\r\n<div style=\"\" class=\"vc_col-sm-12 wpb_column column_container  _ height-full\">\r\n\t<div id=\"divider-1\" class=\"mk-divider  divider_full_width center padding_space\">\r\n\r\n\t\t\t<div class=\"divider-inner\"><\/div>\r\n\t\r\n<\/div>\r\n<div class=\"clearboth\"><\/div><div class=\"vc_wp_search wpb_content_element\"><div class=\"widget widget_search\"><form class=\"mk-searchform\" method=\"get\" id=\"searchform\" action=\"https:\/\/eregistar.capljina.ba\/en\/\" data-trp-original-action=\"https:\/\/eregistar.capljina.ba\/en\">\r\n\r\n\t<input type=\"text\" class=\"text-input\" placeholder=\"Pretraga\" value=\"\" name=\"s\" id=\"s\" \/>\r\n\r\n\t<i><input value=\"\" type=\"submit\" class=\"search-button\" \/><svg  class=\"mk-svg-icon\" data-name=\"mk-icon-search\" data-cacheid=\"icon-69f22fdcb608a\" xmlns=\"http:\/\/www.w3.org\/2000\/svg\" viewbox=\"0 0 1664 1792\"><path d=\"M1152 832q0-185-131.5-316.5t-316.5-131.5-316.5 131.5-131.5 316.5 131.5 316.5 316.5 131.5 316.5-131.5 131.5-316.5zm512 832q0 52-38 90t-90 38q-54 0-90-38l-343-342q-179 124-399 124-143 0-273.5-55.5t-225-150-150-225-55.5-273.5 55.5-273.5 150-225 225-150 273.5-55.5 273.5 55.5 225 150 150 225 55.5 273.5q0 220-124 399l343 343q37 37 37 90z\"\/><\/svg><\/i>\r\n\r\n<input type=\"hidden\" name=\"trp-form-language\" value=\"en\"\/><\/form> <\/div><\/div>\r\n<div class=\"portfolio-grid\">\r\n\r\n\r\n    <section id=\"loop-2\" data-query=\"eyJwb3N0X3R5cGUiOiJwb3J0Zm9saW8iLCJjb3VudCI6Ii0xIiwib2Zmc2V0IjowLCJjYXRlZ29yaWVzIjoiYWRtaW5pc3RyYXRpdm5pLXBvc3R1cGNpIiwiYXV0aG9yIjoiIiwicG9zdHMiOiIiLCJvcmRlcmJ5IjoiZGF0ZSIsIm9yZGVyIjoiREVTQyJ9\" data-loop-atts=\"eyJzaG9ydGNvZGVfbmFtZSI6Im1rX3BvcnRmb2xpbyIsInN0eWxlIjoiY2xhc3NpYyIsImNvbHVtbiI6IjEiLCJhamF4IjoiZmFsc2UiLCJsYXlvdXQiOm51bGwsImhlaWdodCI6IjciLCJwYWdpbmF0aW9uIjoiZmFsc2UiLCJ0YXJnZXQiOiJfc2VsZiIsIm1ldGFfdHlwZSI6ImNhdGVnb3J5IiwicGVybWFsaW5rX2ljb24iOiJ0cnVlIiwiem9vbV9pY29uIjoiZmFsc2UiLCJncmlkX3NwYWNpbmciOjQsImhvdmVyX3NjZW5hcmlvcyI6InNsaWRlYm94IiwiaW1hZ2Vfc2l6ZSI6ImNyb3AiLCJleGNlcnB0X2xlbmd0aCI6MjAwLCJyIjowfQ==\" data-pagination-style=\"0\" data-max-pages=\"0\" data-loop-iterator=\"-1\" data-loop-categories=\"administrativni-postupci\" data-loop-author=\"\" data-loop-posts=\"\" data-mk-component=\"Grid\" data-grid-config='{\"container\":\"#loop-2\", \"item\":\".mk-portfolio-item\"}' class=\"mk-portfolio-container js-loop js-el mk-portfolio-classic grid-spacing-true  clearfix\">\r\n    <div class=\"portfolio-loader\"><div><div class=\"mk-preloader\"><\/div><\/div><\/div>\r\n    \r\n\r\n\r\n<article id=\"7673\" class=\"mk-portfolio-item mk-portfolio-classic-item one-column administrativni-postupci poslovi-opcinskog-nacelnika ured-nacelnika\">\r\n    <div class=\"item-holder\">\r\n                <div class=\"featured-image js-taphover\">\r\n            <img loading=\"lazy\" decoding=\"async\" alt=\"01.01.   Procjena vrijednosti nekretnine\" title=\"01.01.   Procjena vrijednosti nekretnine\" src=\"https:\/\/eregistar.capljina.ba\/wp-content\/uploads\/bfi_thumb\/dummy-transparent-mtvazs4x65493jg37cimuev6o5yvclm1zauc1wmtvq.png\" data-mk-image-src-set='{\"default\":\"https:\\\/\\\/eregistar.capljina.ba\\\/wp-content\\\/uploads\\\/bfi_thumb\\\/banner-op-1n-nq7hc01lfqjktlm84xuqnf58hmjm9vdh12syqpf4cm.jpg\",\"2x\":\"\",\"mobile\":\"https:\\\/\\\/eregistar.capljina.ba\\\/wp-content\\\/uploads\\\/bfi_thumb\\\/banner-op-1n-3106csy62elcilrx5uiy5rert88s3prdwyaawihqo6zqf6la4.jpg\"}' width=\"770\" height=\"7\"  \/>\r\n            <div class=\"image-hover-overlay\"><\/div>\r\n            \r\n<a class=\"hover-icon from-left project-load\" target=\"_self\" href=\"https:\/\/eregistar.capljina.ba\/en\/registar\/01-01-procjena-vrijednosti-nekretnine\/\" data-post-id=\"7673\"><svg  class=\"mk-svg-icon\" data-name=\"mk-jupiter-icon-arrow-circle\" data-cacheid=\"icon-69f22fdcc6e90\" xmlns=\"http:\/\/www.w3.org\/2000\/svg\" viewbox=\"0 0 512 512\"><path d=\"M240 24c115.2 0 209.6 94.4 209.6 209.6s-94.4 209.6-209.6 209.6-209.6-94.4-209.6-209.6 94.4-209.6 209.6-209.6zm0-30.4c-132.8 0-240 107.2-240 240s107.2 240 240 240 240-107.2 240-240-107.2-240-240-240zm16 336c-4.8 0-8-1.6-11.2-4.8-6.4-6.4-6.4-16 0-22.4l68.8-68.8-68.8-68.8c-6.4-6.4-6.4-16 0-22.4s16-6.4 22.4 0l80 80c6.4 6.4 6.4 16 0 22.4l-80 80c-3.2 3.2-8 4.8-11.2 4.8zm80-80h-192c-9.6 0-16-6.4-16-16s6.4-16 16-16h192c9.6 0 16 6.4 16 16s-8 16-16 16z\"\/><\/svg><\/a>        <\/div>\r\n        <div class=\"portfolio-meta-wrapper\">\r\n            <h3 class=\"the-title\"><a target=\"_self\" href=\"https:\/\/eregistar.capljina.ba\/en\/registar\/01-01-procjena-vrijednosti-nekretnine\/\">01.01.   Procjena vrijednosti nekretnine<\/a><\/h3><div class=\"clearboth\"><\/div>\t<div class=\"portfolio-categories\"><a href=\"https:\/\/eregistar.capljina.ba\/en\/kategorija\/administrativni-postupci\/\">Administrativni postupci<\/a>, <a href=\"https:\/\/eregistar.capljina.ba\/en\/kategorija\/poslovi-opcinskog-nacelnika\/\">Poslovi op\u0107inskog na\u010delnika<\/a>, <a href=\"https:\/\/eregistar.capljina.ba\/en\/kategorija\/ured-nacelnika\/\">Ured na\u010delnika<\/a><\/div>\r\n<p class=\"the-excerpt\"><\/p>        <\/div>\r\n    <\/div>\r\n<\/article>\r\n\r\n\r\n\r\n\r\n\r\n\r\n<article id=\"7671\" class=\"mk-portfolio-item mk-portfolio-classic-item one-column administrativni-postupci poslovi-opcinskog-nacelnika ured-nacelnika\">\r\n    <div class=\"item-holder\">\r\n                <div class=\"featured-image js-taphover\">\r\n            <img loading=\"lazy\" decoding=\"async\" alt=\"01.02.   Suglasnost za kori\u0161tenje naziva Grada\" title=\"01.02.   Suglasnost za kori\u0161tenje naziva Grada\" src=\"https:\/\/eregistar.capljina.ba\/wp-content\/uploads\/bfi_thumb\/dummy-transparent-mtvazs4x65493jg37cimuev6o5yvclm1zauc1wmtvq.png\" data-mk-image-src-set='{\"default\":\"https:\\\/\\\/eregistar.capljina.ba\\\/wp-content\\\/uploads\\\/bfi_thumb\\\/banner-op-1n-nq7hc01lfqjktlm84xuqnf58hmjm9vdh12syqpf4cm.jpg\",\"2x\":\"\",\"mobile\":\"https:\\\/\\\/eregistar.capljina.ba\\\/wp-content\\\/uploads\\\/bfi_thumb\\\/banner-op-1n-3106csy62elcilrx5uiy5rert88s3prdwyaawihqo6zqf6la4.jpg\"}' width=\"770\" height=\"7\"  \/>\r\n            <div class=\"image-hover-overlay\"><\/div>\r\n            \r\n<a class=\"hover-icon from-left project-load\" target=\"_self\" href=\"https:\/\/eregistar.capljina.ba\/en\/registar\/01-02-suglasnost-za-koristenje-naziva-opcine\/\" data-post-id=\"7671\"><svg  class=\"mk-svg-icon\" data-name=\"mk-jupiter-icon-arrow-circle\" data-cacheid=\"icon-69f22fdcc8418\" xmlns=\"http:\/\/www.w3.org\/2000\/svg\" viewbox=\"0 0 512 512\"><path d=\"M240 24c115.2 0 209.6 94.4 209.6 209.6s-94.4 209.6-209.6 209.6-209.6-94.4-209.6-209.6 94.4-209.6 209.6-209.6zm0-30.4c-132.8 0-240 107.2-240 240s107.2 240 240 240 240-107.2 240-240-107.2-240-240-240zm16 336c-4.8 0-8-1.6-11.2-4.8-6.4-6.4-6.4-16 0-22.4l68.8-68.8-68.8-68.8c-6.4-6.4-6.4-16 0-22.4s16-6.4 22.4 0l80 80c6.4 6.4 6.4 16 0 22.4l-80 80c-3.2 3.2-8 4.8-11.2 4.8zm80-80h-192c-9.6 0-16-6.4-16-16s6.4-16 16-16h192c9.6 0 16 6.4 16 16s-8 16-16 16z\"\/><\/svg><\/a>        <\/div>\r\n        <div class=\"portfolio-meta-wrapper\">\r\n            <h3 class=\"the-title\"><a target=\"_self\" href=\"https:\/\/eregistar.capljina.ba\/en\/registar\/01-02-suglasnost-za-koristenje-naziva-opcine\/\">01.02.   Suglasnost za kori\u0161tenje naziva Grada<\/a><\/h3><div class=\"clearboth\"><\/div>\t<div class=\"portfolio-categories\"><a href=\"https:\/\/eregistar.capljina.ba\/en\/kategorija\/administrativni-postupci\/\">Administrativni postupci<\/a>, <a href=\"https:\/\/eregistar.capljina.ba\/en\/kategorija\/poslovi-opcinskog-nacelnika\/\">Poslovi op\u0107inskog na\u010delnika<\/a>, <a href=\"https:\/\/eregistar.capljina.ba\/en\/kategorija\/ured-nacelnika\/\">Ured na\u010delnika<\/a><\/div>\r\n<p class=\"the-excerpt\"><\/p>        <\/div>\r\n    <\/div>\r\n<\/article>\r\n\r\n\r\n\r\n\r\n\r\n\r\n<article id=\"7669\" class=\"mk-portfolio-item mk-portfolio-classic-item one-column administrativni-postupci poslovi-opcinskog-nacelnika ured-nacelnika\">\r\n    <div class=\"item-holder\">\r\n                <div class=\"featured-image js-taphover\">\r\n            <img loading=\"lazy\" decoding=\"async\" alt=\"01.03.   Potvrda o uspje\u0161no realiziranom ugovoru\" title=\"01.03.   Potvrda o uspje\u0161no realiziranom ugovoru\" src=\"https:\/\/eregistar.capljina.ba\/wp-content\/uploads\/bfi_thumb\/dummy-transparent-mtvazs4x65493jg37cimuev6o5yvclm1zauc1wmtvq.png\" data-mk-image-src-set='{\"default\":\"https:\\\/\\\/eregistar.capljina.ba\\\/wp-content\\\/uploads\\\/bfi_thumb\\\/banner-op-1n-nq7hc01lfqjktlm84xuqnf58hmjm9vdh12syqpf4cm.jpg\",\"2x\":\"\",\"mobile\":\"https:\\\/\\\/eregistar.capljina.ba\\\/wp-content\\\/uploads\\\/bfi_thumb\\\/banner-op-1n-3106csy62elcilrx5uiy5rert88s3prdwyaawihqo6zqf6la4.jpg\"}' width=\"770\" height=\"7\"  \/>\r\n            <div class=\"image-hover-overlay\"><\/div>\r\n            \r\n<a class=\"hover-icon from-left project-load\" target=\"_self\" href=\"https:\/\/eregistar.capljina.ba\/en\/registar\/01-03-potvrda-o-uspjesno-realiziranom-ugovoru\/\" data-post-id=\"7669\"><svg  class=\"mk-svg-icon\" data-name=\"mk-jupiter-icon-arrow-circle\" data-cacheid=\"icon-69f22fdcc935f\" xmlns=\"http:\/\/www.w3.org\/2000\/svg\" viewbox=\"0 0 512 512\"><path d=\"M240 24c115.2 0 209.6 94.4 209.6 209.6s-94.4 209.6-209.6 209.6-209.6-94.4-209.6-209.6 94.4-209.6 209.6-209.6zm0-30.4c-132.8 0-240 107.2-240 240s107.2 240 240 240 240-107.2 240-240-107.2-240-240-240zm16 336c-4.8 0-8-1.6-11.2-4.8-6.4-6.4-6.4-16 0-22.4l68.8-68.8-68.8-68.8c-6.4-6.4-6.4-16 0-22.4s16-6.4 22.4 0l80 80c6.4 6.4 6.4 16 0 22.4l-80 80c-3.2 3.2-8 4.8-11.2 4.8zm80-80h-192c-9.6 0-16-6.4-16-16s6.4-16 16-16h192c9.6 0 16 6.4 16 16s-8 16-16 16z\"\/><\/svg><\/a>        <\/div>\r\n        <div class=\"portfolio-meta-wrapper\">\r\n            <h3 class=\"the-title\"><a target=\"_self\" href=\"https:\/\/eregistar.capljina.ba\/en\/registar\/01-03-potvrda-o-uspjesno-realiziranom-ugovoru\/\">01.03.   Potvrda o uspje\u0161no realiziranom ugovoru<\/a><\/h3><div class=\"clearboth\"><\/div>\t<div class=\"portfolio-categories\"><a href=\"https:\/\/eregistar.capljina.ba\/en\/kategorija\/administrativni-postupci\/\">Administrativni postupci<\/a>, <a href=\"https:\/\/eregistar.capljina.ba\/en\/kategorija\/poslovi-opcinskog-nacelnika\/\">Poslovi op\u0107inskog na\u010delnika<\/a>, <a href=\"https:\/\/eregistar.capljina.ba\/en\/kategorija\/ured-nacelnika\/\">Ured na\u010delnika<\/a><\/div>\r\n<p class=\"the-excerpt\"><\/p>        <\/div>\r\n    <\/div>\r\n<\/article>\r\n\r\n\r\n\r\n\r\n\r\n\r\n<article id=\"7667\" class=\"mk-portfolio-item mk-portfolio-classic-item one-column administrativni-postupci proracun-i-financije strucna-sluzba-za-proracun-riznicu-i-racunovodstvo\">\r\n    <div class=\"item-holder\">\r\n                <div class=\"featured-image js-taphover\">\r\n            <img loading=\"lazy\" decoding=\"async\" alt=\"01.04.   Uvjerenje o izmirenim obvezama prema Gada\" title=\"01.04.   Uvjerenje o izmirenim obvezama prema Gada\" src=\"https:\/\/eregistar.capljina.ba\/wp-content\/uploads\/bfi_thumb\/dummy-transparent-mtvazs4x65493jg37cimuev6o5yvclm1zauc1wmtvq.png\" data-mk-image-src-set='{\"default\":\"https:\\\/\\\/eregistar.capljina.ba\\\/wp-content\\\/uploads\\\/bfi_thumb\\\/banner-op-1n-nq7hc01lfqjktlm84xuqnf58hmjm9vdh12syqpf4cm.jpg\",\"2x\":\"\",\"mobile\":\"https:\\\/\\\/eregistar.capljina.ba\\\/wp-content\\\/uploads\\\/bfi_thumb\\\/banner-op-1n-3106csy62elcilrx5uiy5rert88s3prdwyaawihqo6zqf6la4.jpg\"}' width=\"770\" height=\"7\"  \/>\r\n            <div class=\"image-hover-overlay\"><\/div>\r\n            \r\n<a class=\"hover-icon from-left project-load\" target=\"_self\" href=\"https:\/\/eregistar.capljina.ba\/en\/registar\/01-04-uvjerenje-o-izmirenim-obvezama-prema-opcini\/\" data-post-id=\"7667\"><svg  class=\"mk-svg-icon\" data-name=\"mk-jupiter-icon-arrow-circle\" data-cacheid=\"icon-69f22fdcca407\" xmlns=\"http:\/\/www.w3.org\/2000\/svg\" viewbox=\"0 0 512 512\"><path d=\"M240 24c115.2 0 209.6 94.4 209.6 209.6s-94.4 209.6-209.6 209.6-209.6-94.4-209.6-209.6 94.4-209.6 209.6-209.6zm0-30.4c-132.8 0-240 107.2-240 240s107.2 240 240 240 240-107.2 240-240-107.2-240-240-240zm16 336c-4.8 0-8-1.6-11.2-4.8-6.4-6.4-6.4-16 0-22.4l68.8-68.8-68.8-68.8c-6.4-6.4-6.4-16 0-22.4s16-6.4 22.4 0l80 80c6.4 6.4 6.4 16 0 22.4l-80 80c-3.2 3.2-8 4.8-11.2 4.8zm80-80h-192c-9.6 0-16-6.4-16-16s6.4-16 16-16h192c9.6 0 16 6.4 16 16s-8 16-16 16z\"\/><\/svg><\/a>        <\/div>\r\n        <div class=\"portfolio-meta-wrapper\">\r\n            <h3 class=\"the-title\"><a target=\"_self\" href=\"https:\/\/eregistar.capljina.ba\/en\/registar\/01-04-uvjerenje-o-izmirenim-obvezama-prema-opcini\/\">01.04.   Uvjerenje o izmirenim obvezama prema Gada<\/a><\/h3><div class=\"clearboth\"><\/div>\t<div class=\"portfolio-categories\"><a href=\"https:\/\/eregistar.capljina.ba\/en\/kategorija\/administrativni-postupci\/\">Administrativni postupci<\/a>, <a href=\"https:\/\/eregistar.capljina.ba\/en\/kategorija\/proracun-i-financije\/\">Prora\u010dun i financije<\/a>, <a href=\"https:\/\/eregistar.capljina.ba\/en\/kategorija\/strucna-sluzba-za-proracun-riznicu-i-racunovodstvo\/\">Stru\u010dna slu\u017eba za prora\u010dun, riznicu i ra\u010dunovodstvo<\/a><\/div>\r\n<p class=\"the-excerpt\"><\/p>        <\/div>\r\n    <\/div>\r\n<\/article>\r\n\r\n\r\n\r\n\r\n\r\n\r\n<article id=\"7665\" class=\"mk-portfolio-item mk-portfolio-classic-item one-column administrativni-postupci proracun-i-financije strucna-sluzba-za-proracun-riznicu-i-racunovodstvo\">\r\n    <div class=\"item-holder\">\r\n                <div class=\"featured-image js-taphover\">\r\n            <img loading=\"lazy\" decoding=\"async\" alt=\"01.05.   Povrat pogre\u0161no\/vi\u0161e upla\u0107enih javnih prihoda na ra\u010dun Grada\" title=\"01.05.   Povrat pogre\u0161no\/vi\u0161e upla\u0107enih javnih prihoda na ra\u010dun Grada\" src=\"https:\/\/eregistar.capljina.ba\/wp-content\/uploads\/bfi_thumb\/dummy-transparent-mtvazs4x65493jg37cimuev6o5yvclm1zauc1wmtvq.png\" data-mk-image-src-set='{\"default\":\"https:\\\/\\\/eregistar.capljina.ba\\\/wp-content\\\/uploads\\\/bfi_thumb\\\/banner-op-1n-nq7hc01lfqjktlm84xuqnf58hmjm9vdh12syqpf4cm.jpg\",\"2x\":\"\",\"mobile\":\"https:\\\/\\\/eregistar.capljina.ba\\\/wp-content\\\/uploads\\\/bfi_thumb\\\/banner-op-1n-3106csy62elcilrx5uiy5rert88s3prdwyaawihqo6zqf6la4.jpg\"}' width=\"770\" height=\"7\"  \/>\r\n            <div class=\"image-hover-overlay\"><\/div>\r\n            \r\n<a class=\"hover-icon from-left project-load\" target=\"_self\" href=\"https:\/\/eregistar.capljina.ba\/en\/registar\/01-05-povrat-pogresno-vise-uplacenih-javnih-prihoda-na-racun-opcine\/\" data-post-id=\"7665\"><svg  class=\"mk-svg-icon\" data-name=\"mk-jupiter-icon-arrow-circle\" data-cacheid=\"icon-69f22fdccbecb\" xmlns=\"http:\/\/www.w3.org\/2000\/svg\" viewbox=\"0 0 512 512\"><path d=\"M240 24c115.2 0 209.6 94.4 209.6 209.6s-94.4 209.6-209.6 209.6-209.6-94.4-209.6-209.6 94.4-209.6 209.6-209.6zm0-30.4c-132.8 0-240 107.2-240 240s107.2 240 240 240 240-107.2 240-240-107.2-240-240-240zm16 336c-4.8 0-8-1.6-11.2-4.8-6.4-6.4-6.4-16 0-22.4l68.8-68.8-68.8-68.8c-6.4-6.4-6.4-16 0-22.4s16-6.4 22.4 0l80 80c6.4 6.4 6.4 16 0 22.4l-80 80c-3.2 3.2-8 4.8-11.2 4.8zm80-80h-192c-9.6 0-16-6.4-16-16s6.4-16 16-16h192c9.6 0 16 6.4 16 16s-8 16-16 16z\"\/><\/svg><\/a>        <\/div>\r\n        <div class=\"portfolio-meta-wrapper\">\r\n            <h3 class=\"the-title\"><a target=\"_self\" href=\"https:\/\/eregistar.capljina.ba\/en\/registar\/01-05-povrat-pogresno-vise-uplacenih-javnih-prihoda-na-racun-opcine\/\">01.05.   Povrat pogre\u0161no\/vi\u0161e upla\u0107enih javnih prihoda na ra\u010dun Grada<\/a><\/h3><div class=\"clearboth\"><\/div>\t<div class=\"portfolio-categories\"><a href=\"https:\/\/eregistar.capljina.ba\/en\/kategorija\/administrativni-postupci\/\">Administrativni postupci<\/a>, <a href=\"https:\/\/eregistar.capljina.ba\/en\/kategorija\/proracun-i-financije\/\">Prora\u010dun i financije<\/a>, <a href=\"https:\/\/eregistar.capljina.ba\/en\/kategorija\/strucna-sluzba-za-proracun-riznicu-i-racunovodstvo\/\">Stru\u010dna slu\u017eba za prora\u010dun, riznicu i ra\u010dunovodstvo<\/a><\/div>\r\n<p class=\"the-excerpt\"><\/p>        <\/div>\r\n    <\/div>\r\n<\/article>\r\n\r\n\r\n\r\n\r\n\r\n\r\n<article id=\"7663\" class=\"mk-portfolio-item mk-portfolio-classic-item one-column administrativni-postupci opca-uprava-i-zajednicki-poslovi sluzba-opce-uprave\">\r\n    <div class=\"item-holder\">\r\n                <div class=\"featured-image js-taphover\">\r\n            <img loading=\"lazy\" decoding=\"async\" alt=\"02.01.   Upis ro\u0111enja djeteta u mati\u010dnu knjigu ro\u0111enih\" title=\"02.01.   Upis ro\u0111enja djeteta u mati\u010dnu knjigu ro\u0111enih\" src=\"https:\/\/eregistar.capljina.ba\/wp-content\/uploads\/bfi_thumb\/dummy-transparent-mtvazs4x65493jg37cimuev6o5yvclm1zauc1wmtvq.png\" data-mk-image-src-set='{\"default\":\"https:\\\/\\\/eregistar.capljina.ba\\\/wp-content\\\/uploads\\\/bfi_thumb\\\/banner-op-1n-nq7hc01lfqjktlm84xuqnf58hmjm9vdh12syqpf4cm.jpg\",\"2x\":\"\",\"mobile\":\"https:\\\/\\\/eregistar.capljina.ba\\\/wp-content\\\/uploads\\\/bfi_thumb\\\/banner-op-1n-3106csy62elcilrx5uiy5rert88s3prdwyaawihqo6zqf6la4.jpg\"}' width=\"770\" height=\"7\"  \/>\r\n            <div class=\"image-hover-overlay\"><\/div>\r\n            \r\n<a class=\"hover-icon from-left project-load\" target=\"_self\" href=\"https:\/\/eregistar.capljina.ba\/en\/registar\/02-01-upis-rodenja-djeteta-u-maticnu-knjigu-rodenih\/\" data-post-id=\"7663\"><svg  class=\"mk-svg-icon\" data-name=\"mk-jupiter-icon-arrow-circle\" data-cacheid=\"icon-69f22fdccd32d\" xmlns=\"http:\/\/www.w3.org\/2000\/svg\" viewbox=\"0 0 512 512\"><path d=\"M240 24c115.2 0 209.6 94.4 209.6 209.6s-94.4 209.6-209.6 209.6-209.6-94.4-209.6-209.6 94.4-209.6 209.6-209.6zm0-30.4c-132.8 0-240 107.2-240 240s107.2 240 240 240 240-107.2 240-240-107.2-240-240-240zm16 336c-4.8 0-8-1.6-11.2-4.8-6.4-6.4-6.4-16 0-22.4l68.8-68.8-68.8-68.8c-6.4-6.4-6.4-16 0-22.4s16-6.4 22.4 0l80 80c6.4 6.4 6.4 16 0 22.4l-80 80c-3.2 3.2-8 4.8-11.2 4.8zm80-80h-192c-9.6 0-16-6.4-16-16s6.4-16 16-16h192c9.6 0 16 6.4 16 16s-8 16-16 16z\"\/><\/svg><\/a>        <\/div>\r\n        <div class=\"portfolio-meta-wrapper\">\r\n            <h3 class=\"the-title\"><a target=\"_self\" href=\"https:\/\/eregistar.capljina.ba\/en\/registar\/02-01-upis-rodenja-djeteta-u-maticnu-knjigu-rodenih\/\">02.01.   Upis ro\u0111enja djeteta u mati\u010dnu knjigu ro\u0111enih<\/a><\/h3><div class=\"clearboth\"><\/div>\t<div class=\"portfolio-categories\"><a href=\"https:\/\/eregistar.capljina.ba\/en\/kategorija\/administrativni-postupci\/\">Administrativni postupci<\/a>, <a href=\"https:\/\/eregistar.capljina.ba\/en\/kategorija\/opca-uprava-i-zajednicki-poslovi\/\">Op\u0107a uprava i zajedni\u010dki poslovi<\/a>, <a href=\"https:\/\/eregistar.capljina.ba\/en\/kategorija\/sluzba-opce-uprave\/\">Slu\u017eba op\u0107e uprave<\/a><\/div>\r\n<p class=\"the-excerpt\"><\/p>        <\/div>\r\n    <\/div>\r\n<\/article>\r\n\r\n\r\n\r\n\r\n\r\n\r\n<article id=\"7661\" class=\"mk-portfolio-item mk-portfolio-classic-item one-column administrativni-postupci opca-uprava-i-zajednicki-poslovi sluzba-opce-uprave\">\r\n    <div class=\"item-holder\">\r\n                <div class=\"featured-image js-taphover\">\r\n            <img loading=\"lazy\" decoding=\"async\" alt=\"02.02.   Upis \u010dinjenice dr\u017eavljanstva djeteta u mati\u010dnu knjigu ro\u0111enih\" title=\"02.02.   Upis \u010dinjenice dr\u017eavljanstva djeteta u mati\u010dnu knjigu ro\u0111enih\" src=\"https:\/\/eregistar.capljina.ba\/wp-content\/uploads\/bfi_thumb\/dummy-transparent-mtvazs4x65493jg37cimuev6o5yvclm1zauc1wmtvq.png\" data-mk-image-src-set='{\"default\":\"https:\\\/\\\/eregistar.capljina.ba\\\/wp-content\\\/uploads\\\/bfi_thumb\\\/banner-op-1n-nq7hc01lfqjktlm84xuqnf58hmjm9vdh12syqpf4cm.jpg\",\"2x\":\"\",\"mobile\":\"https:\\\/\\\/eregistar.capljina.ba\\\/wp-content\\\/uploads\\\/bfi_thumb\\\/banner-op-1n-3106csy62elcilrx5uiy5rert88s3prdwyaawihqo6zqf6la4.jpg\"}' width=\"770\" height=\"7\"  \/>\r\n            <div class=\"image-hover-overlay\"><\/div>\r\n            \r\n<a class=\"hover-icon from-left project-load\" target=\"_self\" href=\"https:\/\/eregistar.capljina.ba\/en\/registar\/02-02-upis-cinjenice-drzavljanstva-djeteta-u-maticnu-knjigu-rodenih\/\" data-post-id=\"7661\"><svg  class=\"mk-svg-icon\" data-name=\"mk-jupiter-icon-arrow-circle\" data-cacheid=\"icon-69f22fdccee0a\" xmlns=\"http:\/\/www.w3.org\/2000\/svg\" viewbox=\"0 0 512 512\"><path d=\"M240 24c115.2 0 209.6 94.4 209.6 209.6s-94.4 209.6-209.6 209.6-209.6-94.4-209.6-209.6 94.4-209.6 209.6-209.6zm0-30.4c-132.8 0-240 107.2-240 240s107.2 240 240 240 240-107.2 240-240-107.2-240-240-240zm16 336c-4.8 0-8-1.6-11.2-4.8-6.4-6.4-6.4-16 0-22.4l68.8-68.8-68.8-68.8c-6.4-6.4-6.4-16 0-22.4s16-6.4 22.4 0l80 80c6.4 6.4 6.4 16 0 22.4l-80 80c-3.2 3.2-8 4.8-11.2 4.8zm80-80h-192c-9.6 0-16-6.4-16-16s6.4-16 16-16h192c9.6 0 16 6.4 16 16s-8 16-16 16z\"\/><\/svg><\/a>        <\/div>\r\n        <div class=\"portfolio-meta-wrapper\">\r\n            <h3 class=\"the-title\"><a target=\"_self\" href=\"https:\/\/eregistar.capljina.ba\/en\/registar\/02-02-upis-cinjenice-drzavljanstva-djeteta-u-maticnu-knjigu-rodenih\/\">02.02.   Upis \u010dinjenice dr\u017eavljanstva djeteta u mati\u010dnu knjigu ro\u0111enih<\/a><\/h3><div class=\"clearboth\"><\/div>\t<div class=\"portfolio-categories\"><a href=\"https:\/\/eregistar.capljina.ba\/en\/kategorija\/administrativni-postupci\/\">Administrativni postupci<\/a>, <a href=\"https:\/\/eregistar.capljina.ba\/en\/kategorija\/opca-uprava-i-zajednicki-poslovi\/\">Op\u0107a uprava i zajedni\u010dki poslovi<\/a>, <a href=\"https:\/\/eregistar.capljina.ba\/en\/kategorija\/sluzba-opce-uprave\/\">Slu\u017eba op\u0107e uprave<\/a><\/div>\r\n<p class=\"the-excerpt\"><\/p>        <\/div>\r\n    <\/div>\r\n<\/article>\r\n\r\n\r\n\r\n\r\n\r\n\r\n<article id=\"7659\" class=\"mk-portfolio-item mk-portfolio-classic-item one-column administrativni-postupci opca-uprava-i-zajednicki-poslovi sluzba-opce-uprave\">\r\n    <div class=\"item-holder\">\r\n                <div class=\"featured-image js-taphover\">\r\n            <img loading=\"lazy\" decoding=\"async\" alt=\"02.03.   Prijava zaklju\u010denja braka\" title=\"02.03.   Prijava zaklju\u010denja braka\" src=\"https:\/\/eregistar.capljina.ba\/wp-content\/uploads\/bfi_thumb\/dummy-transparent-mtvazs4x65493jg37cimuev6o5yvclm1zauc1wmtvq.png\" data-mk-image-src-set='{\"default\":\"https:\\\/\\\/eregistar.capljina.ba\\\/wp-content\\\/uploads\\\/bfi_thumb\\\/banner-op-1n-nq7hc01lfqjktlm84xuqnf58hmjm9vdh12syqpf4cm.jpg\",\"2x\":\"\",\"mobile\":\"https:\\\/\\\/eregistar.capljina.ba\\\/wp-content\\\/uploads\\\/bfi_thumb\\\/banner-op-1n-3106csy62elcilrx5uiy5rert88s3prdwyaawihqo6zqf6la4.jpg\"}' width=\"770\" height=\"7\"  \/>\r\n            <div class=\"image-hover-overlay\"><\/div>\r\n            \r\n<a class=\"hover-icon from-left project-load\" target=\"_self\" href=\"https:\/\/eregistar.capljina.ba\/en\/registar\/02-03-prijava-zakljucenja-braka\/\" data-post-id=\"7659\"><svg  class=\"mk-svg-icon\" data-name=\"mk-jupiter-icon-arrow-circle\" data-cacheid=\"icon-69f22fdcd02f0\" xmlns=\"http:\/\/www.w3.org\/2000\/svg\" viewbox=\"0 0 512 512\"><path d=\"M240 24c115.2 0 209.6 94.4 209.6 209.6s-94.4 209.6-209.6 209.6-209.6-94.4-209.6-209.6 94.4-209.6 209.6-209.6zm0-30.4c-132.8 0-240 107.2-240 240s107.2 240 240 240 240-107.2 240-240-107.2-240-240-240zm16 336c-4.8 0-8-1.6-11.2-4.8-6.4-6.4-6.4-16 0-22.4l68.8-68.8-68.8-68.8c-6.4-6.4-6.4-16 0-22.4s16-6.4 22.4 0l80 80c6.4 6.4 6.4 16 0 22.4l-80 80c-3.2 3.2-8 4.8-11.2 4.8zm80-80h-192c-9.6 0-16-6.4-16-16s6.4-16 16-16h192c9.6 0 16 6.4 16 16s-8 16-16 16z\"\/><\/svg><\/a>        <\/div>\r\n        <div class=\"portfolio-meta-wrapper\">\r\n            <h3 class=\"the-title\"><a target=\"_self\" href=\"https:\/\/eregistar.capljina.ba\/en\/registar\/02-03-prijava-zakljucenja-braka\/\">02.03.   Prijava zaklju\u010denja braka<\/a><\/h3><div class=\"clearboth\"><\/div>\t<div class=\"portfolio-categories\"><a href=\"https:\/\/eregistar.capljina.ba\/en\/kategorija\/administrativni-postupci\/\">Administrativni postupci<\/a>, <a href=\"https:\/\/eregistar.capljina.ba\/en\/kategorija\/opca-uprava-i-zajednicki-poslovi\/\">Op\u0107a uprava i zajedni\u010dki poslovi<\/a>, <a href=\"https:\/\/eregistar.capljina.ba\/en\/kategorija\/sluzba-opce-uprave\/\">Slu\u017eba op\u0107e uprave<\/a><\/div>\r\n<p class=\"the-excerpt\"><\/p>        <\/div>\r\n    <\/div>\r\n<\/article>\r\n\r\n\r\n\r\n\r\n\r\n\r\n<article id=\"7657\" class=\"mk-portfolio-item mk-portfolio-classic-item one-column administrativni-postupci opca-uprava-i-zajednicki-poslovi sluzba-opce-uprave\">\r\n    <div class=\"item-holder\">\r\n                <div class=\"featured-image js-taphover\">\r\n            <img loading=\"lazy\" decoding=\"async\" alt=\"02.04.   Upis \u010dinjenice smrti u mati\u010dnu knjigu umrlih\" title=\"02.04.   Upis \u010dinjenice smrti u mati\u010dnu knjigu umrlih\" src=\"https:\/\/eregistar.capljina.ba\/wp-content\/uploads\/bfi_thumb\/dummy-transparent-mtvazs4x65493jg37cimuev6o5yvclm1zauc1wmtvq.png\" data-mk-image-src-set='{\"default\":\"https:\\\/\\\/eregistar.capljina.ba\\\/wp-content\\\/uploads\\\/bfi_thumb\\\/banner-op-1n-nq7hc01lfqjktlm84xuqnf58hmjm9vdh12syqpf4cm.jpg\",\"2x\":\"\",\"mobile\":\"https:\\\/\\\/eregistar.capljina.ba\\\/wp-content\\\/uploads\\\/bfi_thumb\\\/banner-op-1n-3106csy62elcilrx5uiy5rert88s3prdwyaawihqo6zqf6la4.jpg\"}' width=\"770\" height=\"7\"  \/>\r\n            <div class=\"image-hover-overlay\"><\/div>\r\n            \r\n<a class=\"hover-icon from-left project-load\" target=\"_self\" href=\"https:\/\/eregistar.capljina.ba\/en\/registar\/02-04-upis-cinjenice-smrti-u-maticnu-knjigu-umrlih\/\" data-post-id=\"7657\"><svg  class=\"mk-svg-icon\" data-name=\"mk-jupiter-icon-arrow-circle\" data-cacheid=\"icon-69f22fdcd1654\" xmlns=\"http:\/\/www.w3.org\/2000\/svg\" viewbox=\"0 0 512 512\"><path d=\"M240 24c115.2 0 209.6 94.4 209.6 209.6s-94.4 209.6-209.6 209.6-209.6-94.4-209.6-209.6 94.4-209.6 209.6-209.6zm0-30.4c-132.8 0-240 107.2-240 240s107.2 240 240 240 240-107.2 240-240-107.2-240-240-240zm16 336c-4.8 0-8-1.6-11.2-4.8-6.4-6.4-6.4-16 0-22.4l68.8-68.8-68.8-68.8c-6.4-6.4-6.4-16 0-22.4s16-6.4 22.4 0l80 80c6.4 6.4 6.4 16 0 22.4l-80 80c-3.2 3.2-8 4.8-11.2 4.8zm80-80h-192c-9.6 0-16-6.4-16-16s6.4-16 16-16h192c9.6 0 16 6.4 16 16s-8 16-16 16z\"\/><\/svg><\/a>        <\/div>\r\n        <div class=\"portfolio-meta-wrapper\">\r\n            <h3 class=\"the-title\"><a target=\"_self\" href=\"https:\/\/eregistar.capljina.ba\/en\/registar\/02-04-upis-cinjenice-smrti-u-maticnu-knjigu-umrlih\/\">02.04.   Upis \u010dinjenice smrti u mati\u010dnu knjigu umrlih<\/a><\/h3><div class=\"clearboth\"><\/div>\t<div class=\"portfolio-categories\"><a href=\"https:\/\/eregistar.capljina.ba\/en\/kategorija\/administrativni-postupci\/\">Administrativni postupci<\/a>, <a href=\"https:\/\/eregistar.capljina.ba\/en\/kategorija\/opca-uprava-i-zajednicki-poslovi\/\">Op\u0107a uprava i zajedni\u010dki poslovi<\/a>, <a href=\"https:\/\/eregistar.capljina.ba\/en\/kategorija\/sluzba-opce-uprave\/\">Slu\u017eba op\u0107e uprave<\/a><\/div>\r\n<p class=\"the-excerpt\"><\/p>        <\/div>\r\n    <\/div>\r\n<\/article>\r\n\r\n\r\n\r\n\r\n\r\n\r\n<article id=\"7655\" class=\"mk-portfolio-item mk-portfolio-classic-item one-column administrativni-postupci opca-uprava-i-zajednicki-poslovi sluzba-opce-uprave\">\r\n    <div class=\"item-holder\">\r\n                <div class=\"featured-image js-taphover\">\r\n            <img loading=\"lazy\" decoding=\"async\" alt=\"02.05.   Upis \u010dinjenice ro\u0111enja u mati\u010dnu knjigu ro\u0111enih na temelju izvoda inozemnog organa\" title=\"02.05.   Upis \u010dinjenice ro\u0111enja u mati\u010dnu knjigu ro\u0111enih na temelju izvoda inozemnog organa\" src=\"https:\/\/eregistar.capljina.ba\/wp-content\/uploads\/bfi_thumb\/dummy-transparent-mtvazs4x65493jg37cimuev6o5yvclm1zauc1wmtvq.png\" data-mk-image-src-set='{\"default\":\"https:\\\/\\\/eregistar.capljina.ba\\\/wp-content\\\/uploads\\\/bfi_thumb\\\/banner-op-1n-nq7hc01lfqjktlm84xuqnf58hmjm9vdh12syqpf4cm.jpg\",\"2x\":\"\",\"mobile\":\"https:\\\/\\\/eregistar.capljina.ba\\\/wp-content\\\/uploads\\\/bfi_thumb\\\/banner-op-1n-3106csy62elcilrx5uiy5rert88s3prdwyaawihqo6zqf6la4.jpg\"}' width=\"770\" height=\"7\"  \/>\r\n            <div class=\"image-hover-overlay\"><\/div>\r\n            \r\n<a class=\"hover-icon from-left project-load\" target=\"_self\" href=\"https:\/\/eregistar.capljina.ba\/en\/registar\/02-05-upis-cinjenice-rodenja-u-maticnu-knjigu-rodenih-na-temelju-izvoda-inozemnog-organa\/\" data-post-id=\"7655\"><svg  class=\"mk-svg-icon\" data-name=\"mk-jupiter-icon-arrow-circle\" data-cacheid=\"icon-69f22fdcd288d\" xmlns=\"http:\/\/www.w3.org\/2000\/svg\" viewbox=\"0 0 512 512\"><path d=\"M240 24c115.2 0 209.6 94.4 209.6 209.6s-94.4 209.6-209.6 209.6-209.6-94.4-209.6-209.6 94.4-209.6 209.6-209.6zm0-30.4c-132.8 0-240 107.2-240 240s107.2 240 240 240 240-107.2 240-240-107.2-240-240-240zm16 336c-4.8 0-8-1.6-11.2-4.8-6.4-6.4-6.4-16 0-22.4l68.8-68.8-68.8-68.8c-6.4-6.4-6.4-16 0-22.4s16-6.4 22.4 0l80 80c6.4 6.4 6.4 16 0 22.4l-80 80c-3.2 3.2-8 4.8-11.2 4.8zm80-80h-192c-9.6 0-16-6.4-16-16s6.4-16 16-16h192c9.6 0 16 6.4 16 16s-8 16-16 16z\"\/><\/svg><\/a>        <\/div>\r\n        <div class=\"portfolio-meta-wrapper\">\r\n            <h3 class=\"the-title\"><a target=\"_self\" href=\"https:\/\/eregistar.capljina.ba\/en\/registar\/02-05-upis-cinjenice-rodenja-u-maticnu-knjigu-rodenih-na-temelju-izvoda-inozemnog-organa\/\">02.05.   Upis \u010dinjenice ro\u0111enja u mati\u010dnu knjigu ro\u0111enih na temelju izvoda inozemnog organa<\/a><\/h3><div class=\"clearboth\"><\/div>\t<div class=\"portfolio-categories\"><a href=\"https:\/\/eregistar.capljina.ba\/en\/kategorija\/administrativni-postupci\/\">Administrativni postupci<\/a>, <a href=\"https:\/\/eregistar.capljina.ba\/en\/kategorija\/opca-uprava-i-zajednicki-poslovi\/\">Op\u0107a uprava i zajedni\u010dki poslovi<\/a>, <a href=\"https:\/\/eregistar.capljina.ba\/en\/kategorija\/sluzba-opce-uprave\/\">Slu\u017eba op\u0107e uprave<\/a><\/div>\r\n<p class=\"the-excerpt\"><\/p>        <\/div>\r\n    <\/div>\r\n<\/article>\r\n\r\n\r\n\r\n\r\n\r\n\r\n<article id=\"7653\" class=\"mk-portfolio-item mk-portfolio-classic-item one-column administrativni-postupci opca-uprava-i-zajednicki-poslovi sluzba-opce-uprave\">\r\n    <div class=\"item-holder\">\r\n                <div class=\"featured-image js-taphover\">\r\n            <img loading=\"lazy\" decoding=\"async\" alt=\"02.06.   Upis \u010dinjenice vjen\u010danja u mati\u010dnu knjigu vjen\u010danih na temelju izvoda inozemnog organa\" title=\"02.06.   Upis \u010dinjenice vjen\u010danja u mati\u010dnu knjigu vjen\u010danih na temelju izvoda inozemnog organa\" src=\"https:\/\/eregistar.capljina.ba\/wp-content\/uploads\/bfi_thumb\/dummy-transparent-mtvazs4x65493jg37cimuev6o5yvclm1zauc1wmtvq.png\" data-mk-image-src-set='{\"default\":\"https:\\\/\\\/eregistar.capljina.ba\\\/wp-content\\\/uploads\\\/bfi_thumb\\\/banner-op-1n-nq7hc01lfqjktlm84xuqnf58hmjm9vdh12syqpf4cm.jpg\",\"2x\":\"\",\"mobile\":\"https:\\\/\\\/eregistar.capljina.ba\\\/wp-content\\\/uploads\\\/bfi_thumb\\\/banner-op-1n-3106csy62elcilrx5uiy5rert88s3prdwyaawihqo6zqf6la4.jpg\"}' width=\"770\" height=\"7\"  \/>\r\n            <div class=\"image-hover-overlay\"><\/div>\r\n            \r\n<a class=\"hover-icon from-left project-load\" target=\"_self\" href=\"https:\/\/eregistar.capljina.ba\/en\/registar\/02-06-upis-cinjenice-vjencanja-u-maticnu-knjigu-vjencanih-na-temelju-izvoda-inozemnog-organa\/\" data-post-id=\"7653\"><svg  class=\"mk-svg-icon\" data-name=\"mk-jupiter-icon-arrow-circle\" data-cacheid=\"icon-69f22fdcd3774\" xmlns=\"http:\/\/www.w3.org\/2000\/svg\" viewbox=\"0 0 512 512\"><path d=\"M240 24c115.2 0 209.6 94.4 209.6 209.6s-94.4 209.6-209.6 209.6-209.6-94.4-209.6-209.6 94.4-209.6 209.6-209.6zm0-30.4c-132.8 0-240 107.2-240 240s107.2 240 240 240 240-107.2 240-240-107.2-240-240-240zm16 336c-4.8 0-8-1.6-11.2-4.8-6.4-6.4-6.4-16 0-22.4l68.8-68.8-68.8-68.8c-6.4-6.4-6.4-16 0-22.4s16-6.4 22.4 0l80 80c6.4 6.4 6.4 16 0 22.4l-80 80c-3.2 3.2-8 4.8-11.2 4.8zm80-80h-192c-9.6 0-16-6.4-16-16s6.4-16 16-16h192c9.6 0 16 6.4 16 16s-8 16-16 16z\"\/><\/svg><\/a>        <\/div>\r\n        <div class=\"portfolio-meta-wrapper\">\r\n            <h3 class=\"the-title\"><a target=\"_self\" href=\"https:\/\/eregistar.capljina.ba\/en\/registar\/02-06-upis-cinjenice-vjencanja-u-maticnu-knjigu-vjencanih-na-temelju-izvoda-inozemnog-organa\/\">02.06.   Upis \u010dinjenice vjen\u010danja u mati\u010dnu knjigu vjen\u010danih na temelju izvoda inozemnog organa<\/a><\/h3><div class=\"clearboth\"><\/div>\t<div class=\"portfolio-categories\"><a href=\"https:\/\/eregistar.capljina.ba\/en\/kategorija\/administrativni-postupci\/\">Administrativni postupci<\/a>, <a href=\"https:\/\/eregistar.capljina.ba\/en\/kategorija\/opca-uprava-i-zajednicki-poslovi\/\">Op\u0107a uprava i zajedni\u010dki poslovi<\/a>, <a href=\"https:\/\/eregistar.capljina.ba\/en\/kategorija\/sluzba-opce-uprave\/\">Slu\u017eba op\u0107e uprave<\/a><\/div>\r\n<p class=\"the-excerpt\"><\/p>        <\/div>\r\n    <\/div>\r\n<\/article>\r\n\r\n\r\n\r\n\r\n\r\n\r\n<article id=\"7651\" class=\"mk-portfolio-item mk-portfolio-classic-item one-column administrativni-postupci opca-uprava-i-zajednicki-poslovi sluzba-opce-uprave\">\r\n    <div class=\"item-holder\">\r\n                <div class=\"featured-image js-taphover\">\r\n            <img loading=\"lazy\" decoding=\"async\" alt=\"02.07.   Upis \u010dinjenice smrti u mati\u010dnu knjigu umrlih na temelju izvoda inozemnog organa\" title=\"02.07.   Upis \u010dinjenice smrti u mati\u010dnu knjigu umrlih na temelju izvoda inozemnog organa\" src=\"https:\/\/eregistar.capljina.ba\/wp-content\/uploads\/bfi_thumb\/dummy-transparent-mtvazs4x65493jg37cimuev6o5yvclm1zauc1wmtvq.png\" data-mk-image-src-set='{\"default\":\"https:\\\/\\\/eregistar.capljina.ba\\\/wp-content\\\/uploads\\\/bfi_thumb\\\/banner-op-1n-nq7hc01lfqjktlm84xuqnf58hmjm9vdh12syqpf4cm.jpg\",\"2x\":\"\",\"mobile\":\"https:\\\/\\\/eregistar.capljina.ba\\\/wp-content\\\/uploads\\\/bfi_thumb\\\/banner-op-1n-3106csy62elcilrx5uiy5rert88s3prdwyaawihqo6zqf6la4.jpg\"}' width=\"770\" height=\"7\"  \/>\r\n            <div class=\"image-hover-overlay\"><\/div>\r\n            \r\n<a class=\"hover-icon from-left project-load\" target=\"_self\" href=\"https:\/\/eregistar.capljina.ba\/en\/registar\/02-07-upis-cinjenice-smrti-u-maticnu-knjigu-umrlih-na-temelju-izvoda-inozemnog-organa\/\" data-post-id=\"7651\"><svg  class=\"mk-svg-icon\" data-name=\"mk-jupiter-icon-arrow-circle\" data-cacheid=\"icon-69f22fdcd460c\" xmlns=\"http:\/\/www.w3.org\/2000\/svg\" viewbox=\"0 0 512 512\"><path d=\"M240 24c115.2 0 209.6 94.4 209.6 209.6s-94.4 209.6-209.6 209.6-209.6-94.4-209.6-209.6 94.4-209.6 209.6-209.6zm0-30.4c-132.8 0-240 107.2-240 240s107.2 240 240 240 240-107.2 240-240-107.2-240-240-240zm16 336c-4.8 0-8-1.6-11.2-4.8-6.4-6.4-6.4-16 0-22.4l68.8-68.8-68.8-68.8c-6.4-6.4-6.4-16 0-22.4s16-6.4 22.4 0l80 80c6.4 6.4 6.4 16 0 22.4l-80 80c-3.2 3.2-8 4.8-11.2 4.8zm80-80h-192c-9.6 0-16-6.4-16-16s6.4-16 16-16h192c9.6 0 16 6.4 16 16s-8 16-16 16z\"\/><\/svg><\/a>        <\/div>\r\n        <div class=\"portfolio-meta-wrapper\">\r\n            <h3 class=\"the-title\"><a target=\"_self\" href=\"https:\/\/eregistar.capljina.ba\/en\/registar\/02-07-upis-cinjenice-smrti-u-maticnu-knjigu-umrlih-na-temelju-izvoda-inozemnog-organa\/\">02.07.   Upis \u010dinjenice smrti u mati\u010dnu knjigu umrlih na temelju izvoda inozemnog organa<\/a><\/h3><div class=\"clearboth\"><\/div>\t<div class=\"portfolio-categories\"><a href=\"https:\/\/eregistar.capljina.ba\/en\/kategorija\/administrativni-postupci\/\">Administrativni postupci<\/a>, <a href=\"https:\/\/eregistar.capljina.ba\/en\/kategorija\/opca-uprava-i-zajednicki-poslovi\/\">Op\u0107a uprava i zajedni\u010dki poslovi<\/a>, <a href=\"https:\/\/eregistar.capljina.ba\/en\/kategorija\/sluzba-opce-uprave\/\">Slu\u017eba op\u0107e uprave<\/a><\/div>\r\n<p class=\"the-excerpt\"><\/p>        <\/div>\r\n    <\/div>\r\n<\/article>\r\n\r\n\r\n\r\n\r\n\r\n\r\n<article id=\"7649\" class=\"mk-portfolio-item mk-portfolio-classic-item one-column administrativni-postupci opca-uprava-i-zajednicki-poslovi sluzba-opce-uprave\">\r\n    <div class=\"item-holder\">\r\n                <div class=\"featured-image js-taphover\">\r\n            <img loading=\"lazy\" decoding=\"async\" alt=\"02.08.   Naknadni upis u mati\u010dnu knjigu ro\u0111enih\" title=\"02.08.   Naknadni upis u mati\u010dnu knjigu ro\u0111enih\" src=\"https:\/\/eregistar.capljina.ba\/wp-content\/uploads\/bfi_thumb\/dummy-transparent-mtvazs4x65493jg37cimuev6o5yvclm1zauc1wmtvq.png\" data-mk-image-src-set='{\"default\":\"https:\\\/\\\/eregistar.capljina.ba\\\/wp-content\\\/uploads\\\/bfi_thumb\\\/banner-op-1n-nq7hc01lfqjktlm84xuqnf58hmjm9vdh12syqpf4cm.jpg\",\"2x\":\"\",\"mobile\":\"https:\\\/\\\/eregistar.capljina.ba\\\/wp-content\\\/uploads\\\/bfi_thumb\\\/banner-op-1n-3106csy62elcilrx5uiy5rert88s3prdwyaawihqo6zqf6la4.jpg\"}' width=\"770\" height=\"7\"  \/>\r\n            <div class=\"image-hover-overlay\"><\/div>\r\n            \r\n<a class=\"hover-icon from-left project-load\" target=\"_self\" href=\"https:\/\/eregistar.capljina.ba\/en\/registar\/02-08-naknadni-upis-u-maticnu-knjigu-rodenih\/\" data-post-id=\"7649\"><svg  class=\"mk-svg-icon\" data-name=\"mk-jupiter-icon-arrow-circle\" data-cacheid=\"icon-69f22fdcd54d4\" xmlns=\"http:\/\/www.w3.org\/2000\/svg\" viewbox=\"0 0 512 512\"><path d=\"M240 24c115.2 0 209.6 94.4 209.6 209.6s-94.4 209.6-209.6 209.6-209.6-94.4-209.6-209.6 94.4-209.6 209.6-209.6zm0-30.4c-132.8 0-240 107.2-240 240s107.2 240 240 240 240-107.2 240-240-107.2-240-240-240zm16 336c-4.8 0-8-1.6-11.2-4.8-6.4-6.4-6.4-16 0-22.4l68.8-68.8-68.8-68.8c-6.4-6.4-6.4-16 0-22.4s16-6.4 22.4 0l80 80c6.4 6.4 6.4 16 0 22.4l-80 80c-3.2 3.2-8 4.8-11.2 4.8zm80-80h-192c-9.6 0-16-6.4-16-16s6.4-16 16-16h192c9.6 0 16 6.4 16 16s-8 16-16 16z\"\/><\/svg><\/a>        <\/div>\r\n        <div class=\"portfolio-meta-wrapper\">\r\n            <h3 class=\"the-title\"><a target=\"_self\" href=\"https:\/\/eregistar.capljina.ba\/en\/registar\/02-08-naknadni-upis-u-maticnu-knjigu-rodenih\/\">02.08.   Naknadni upis u mati\u010dnu knjigu ro\u0111enih<\/a><\/h3><div class=\"clearboth\"><\/div>\t<div class=\"portfolio-categories\"><a href=\"https:\/\/eregistar.capljina.ba\/en\/kategorija\/administrativni-postupci\/\">Administrativni postupci<\/a>, <a href=\"https:\/\/eregistar.capljina.ba\/en\/kategorija\/opca-uprava-i-zajednicki-poslovi\/\">Op\u0107a uprava i zajedni\u010dki poslovi<\/a>, <a href=\"https:\/\/eregistar.capljina.ba\/en\/kategorija\/sluzba-opce-uprave\/\">Slu\u017eba op\u0107e uprave<\/a><\/div>\r\n<p class=\"the-excerpt\"><\/p>        <\/div>\r\n    <\/div>\r\n<\/article>\r\n\r\n\r\n\r\n\r\n\r\n\r\n<article id=\"7647\" class=\"mk-portfolio-item mk-portfolio-classic-item one-column administrativni-postupci opca-uprava-i-zajednicki-poslovi sluzba-opce-uprave\">\r\n    <div class=\"item-holder\">\r\n                <div class=\"featured-image js-taphover\">\r\n            <img loading=\"lazy\" decoding=\"async\" alt=\"02.09.   Naknadni upis u mati\u010dnu knjigu ro\u0111enih dr\u017eavljana BiH (za osobe ro\u0111ene do 01.01.1998.)\" title=\"02.09.   Naknadni upis u mati\u010dnu knjigu ro\u0111enih dr\u017eavljana BiH (za osobe ro\u0111ene do 01.01.1998.)\" src=\"https:\/\/eregistar.capljina.ba\/wp-content\/uploads\/bfi_thumb\/dummy-transparent-mtvazs4x65493jg37cimuev6o5yvclm1zauc1wmtvq.png\" data-mk-image-src-set='{\"default\":\"https:\\\/\\\/eregistar.capljina.ba\\\/wp-content\\\/uploads\\\/bfi_thumb\\\/banner-op-1n-nq7hc01lfqjktlm84xuqnf58hmjm9vdh12syqpf4cm.jpg\",\"2x\":\"\",\"mobile\":\"https:\\\/\\\/eregistar.capljina.ba\\\/wp-content\\\/uploads\\\/bfi_thumb\\\/banner-op-1n-3106csy62elcilrx5uiy5rert88s3prdwyaawihqo6zqf6la4.jpg\"}' width=\"770\" height=\"7\"  \/>\r\n            <div class=\"image-hover-overlay\"><\/div>\r\n            \r\n<a class=\"hover-icon from-left project-load\" target=\"_self\" href=\"https:\/\/eregistar.capljina.ba\/en\/registar\/02-09-naknadni-upis-u-maticnu-knjigu-rodenih-drzavljana-bih-za-osobe-rodene-do-01-01-1998\/\" data-post-id=\"7647\"><svg  class=\"mk-svg-icon\" data-name=\"mk-jupiter-icon-arrow-circle\" data-cacheid=\"icon-69f22fdcd62b7\" xmlns=\"http:\/\/www.w3.org\/2000\/svg\" viewbox=\"0 0 512 512\"><path d=\"M240 24c115.2 0 209.6 94.4 209.6 209.6s-94.4 209.6-209.6 209.6-209.6-94.4-209.6-209.6 94.4-209.6 209.6-209.6zm0-30.4c-132.8 0-240 107.2-240 240s107.2 240 240 240 240-107.2 240-240-107.2-240-240-240zm16 336c-4.8 0-8-1.6-11.2-4.8-6.4-6.4-6.4-16 0-22.4l68.8-68.8-68.8-68.8c-6.4-6.4-6.4-16 0-22.4s16-6.4 22.4 0l80 80c6.4 6.4 6.4 16 0 22.4l-80 80c-3.2 3.2-8 4.8-11.2 4.8zm80-80h-192c-9.6 0-16-6.4-16-16s6.4-16 16-16h192c9.6 0 16 6.4 16 16s-8 16-16 16z\"\/><\/svg><\/a>        <\/div>\r\n        <div class=\"portfolio-meta-wrapper\">\r\n            <h3 class=\"the-title\"><a target=\"_self\" href=\"https:\/\/eregistar.capljina.ba\/en\/registar\/02-09-naknadni-upis-u-maticnu-knjigu-rodenih-drzavljana-bih-za-osobe-rodene-do-01-01-1998\/\">02.09.   Naknadni upis u mati\u010dnu knjigu ro\u0111enih dr\u017eavljana BiH (za osobe ro\u0111ene do 01.01.1998.)<\/a><\/h3><div class=\"clearboth\"><\/div>\t<div class=\"portfolio-categories\"><a href=\"https:\/\/eregistar.capljina.ba\/en\/kategorija\/administrativni-postupci\/\">Administrativni postupci<\/a>, <a href=\"https:\/\/eregistar.capljina.ba\/en\/kategorija\/opca-uprava-i-zajednicki-poslovi\/\">Op\u0107a uprava i zajedni\u010dki poslovi<\/a>, <a href=\"https:\/\/eregistar.capljina.ba\/en\/kategorija\/sluzba-opce-uprave\/\">Slu\u017eba op\u0107e uprave<\/a><\/div>\r\n<p class=\"the-excerpt\"><\/p>        <\/div>\r\n    <\/div>\r\n<\/article>\r\n\r\n\r\n\r\n\r\n\r\n\r\n<article id=\"7645\" class=\"mk-portfolio-item mk-portfolio-classic-item one-column administrativni-postupci opca-uprava-i-zajednicki-poslovi sluzba-opce-uprave\">\r\n    <div class=\"item-holder\">\r\n                <div class=\"featured-image js-taphover\">\r\n            <img loading=\"lazy\" decoding=\"async\" alt=\"02.10.   Naknadni upis \u010dinjenice nacionalnosti u mati\u010dnu knjigu ro\u0111enih\" title=\"02.10.   Naknadni upis \u010dinjenice nacionalnosti u mati\u010dnu knjigu ro\u0111enih\" src=\"https:\/\/eregistar.capljina.ba\/wp-content\/uploads\/bfi_thumb\/dummy-transparent-mtvazs4x65493jg37cimuev6o5yvclm1zauc1wmtvq.png\" data-mk-image-src-set='{\"default\":\"https:\\\/\\\/eregistar.capljina.ba\\\/wp-content\\\/uploads\\\/bfi_thumb\\\/banner-op-1n-nq7hc01lfqjktlm84xuqnf58hmjm9vdh12syqpf4cm.jpg\",\"2x\":\"\",\"mobile\":\"https:\\\/\\\/eregistar.capljina.ba\\\/wp-content\\\/uploads\\\/bfi_thumb\\\/banner-op-1n-3106csy62elcilrx5uiy5rert88s3prdwyaawihqo6zqf6la4.jpg\"}' width=\"770\" height=\"7\"  \/>\r\n            <div class=\"image-hover-overlay\"><\/div>\r\n            \r\n<a class=\"hover-icon from-left project-load\" target=\"_self\" href=\"https:\/\/eregistar.capljina.ba\/en\/registar\/02-10-naknadni-upis-cinjenice-nacionalnosti-u-maticnu-knjigu-rodenih\/\" data-post-id=\"7645\"><svg  class=\"mk-svg-icon\" data-name=\"mk-jupiter-icon-arrow-circle\" data-cacheid=\"icon-69f22fdcd7122\" xmlns=\"http:\/\/www.w3.org\/2000\/svg\" viewbox=\"0 0 512 512\"><path d=\"M240 24c115.2 0 209.6 94.4 209.6 209.6s-94.4 209.6-209.6 209.6-209.6-94.4-209.6-209.6 94.4-209.6 209.6-209.6zm0-30.4c-132.8 0-240 107.2-240 240s107.2 240 240 240 240-107.2 240-240-107.2-240-240-240zm16 336c-4.8 0-8-1.6-11.2-4.8-6.4-6.4-6.4-16 0-22.4l68.8-68.8-68.8-68.8c-6.4-6.4-6.4-16 0-22.4s16-6.4 22.4 0l80 80c6.4 6.4 6.4 16 0 22.4l-80 80c-3.2 3.2-8 4.8-11.2 4.8zm80-80h-192c-9.6 0-16-6.4-16-16s6.4-16 16-16h192c9.6 0 16 6.4 16 16s-8 16-16 16z\"\/><\/svg><\/a>        <\/div>\r\n        <div class=\"portfolio-meta-wrapper\">\r\n            <h3 class=\"the-title\"><a target=\"_self\" href=\"https:\/\/eregistar.capljina.ba\/en\/registar\/02-10-naknadni-upis-cinjenice-nacionalnosti-u-maticnu-knjigu-rodenih\/\">02.10.   Naknadni upis \u010dinjenice nacionalnosti u mati\u010dnu knjigu ro\u0111enih<\/a><\/h3><div class=\"clearboth\"><\/div>\t<div class=\"portfolio-categories\"><a href=\"https:\/\/eregistar.capljina.ba\/en\/kategorija\/administrativni-postupci\/\">Administrativni postupci<\/a>, <a href=\"https:\/\/eregistar.capljina.ba\/en\/kategorija\/opca-uprava-i-zajednicki-poslovi\/\">Op\u0107a uprava i zajedni\u010dki poslovi<\/a>, <a href=\"https:\/\/eregistar.capljina.ba\/en\/kategorija\/sluzba-opce-uprave\/\">Slu\u017eba op\u0107e uprave<\/a><\/div>\r\n<p class=\"the-excerpt\"><\/p>        <\/div>\r\n    <\/div>\r\n<\/article>\r\n\r\n\r\n\r\n\r\n\r\n\r\n<article id=\"7643\" class=\"mk-portfolio-item mk-portfolio-classic-item one-column administrativni-postupci opca-uprava-i-zajednicki-poslovi sluzba-opce-uprave\">\r\n    <div class=\"item-holder\">\r\n                <div class=\"featured-image js-taphover\">\r\n            <img loading=\"lazy\" decoding=\"async\" alt=\"02.11.   Ispravak\/promjena podataka u mati\u010dnim knjigama\" title=\"02.11.   Ispravak\/promjena podataka u mati\u010dnim knjigama\" src=\"https:\/\/eregistar.capljina.ba\/wp-content\/uploads\/bfi_thumb\/dummy-transparent-mtvazs4x65493jg37cimuev6o5yvclm1zauc1wmtvq.png\" data-mk-image-src-set='{\"default\":\"https:\\\/\\\/eregistar.capljina.ba\\\/wp-content\\\/uploads\\\/bfi_thumb\\\/banner-op-1n-nq7hc01lfqjktlm84xuqnf58hmjm9vdh12syqpf4cm.jpg\",\"2x\":\"\",\"mobile\":\"https:\\\/\\\/eregistar.capljina.ba\\\/wp-content\\\/uploads\\\/bfi_thumb\\\/banner-op-1n-3106csy62elcilrx5uiy5rert88s3prdwyaawihqo6zqf6la4.jpg\"}' width=\"770\" height=\"7\"  \/>\r\n            <div class=\"image-hover-overlay\"><\/div>\r\n            \r\n<a class=\"hover-icon from-left project-load\" target=\"_self\" href=\"https:\/\/eregistar.capljina.ba\/en\/registar\/02-11-ispravak-promjena-podataka-u-maticnim-knjigama\/\" data-post-id=\"7643\"><svg  class=\"mk-svg-icon\" data-name=\"mk-jupiter-icon-arrow-circle\" data-cacheid=\"icon-69f22fdcd7f00\" xmlns=\"http:\/\/www.w3.org\/2000\/svg\" viewbox=\"0 0 512 512\"><path d=\"M240 24c115.2 0 209.6 94.4 209.6 209.6s-94.4 209.6-209.6 209.6-209.6-94.4-209.6-209.6 94.4-209.6 209.6-209.6zm0-30.4c-132.8 0-240 107.2-240 240s107.2 240 240 240 240-107.2 240-240-107.2-240-240-240zm16 336c-4.8 0-8-1.6-11.2-4.8-6.4-6.4-6.4-16 0-22.4l68.8-68.8-68.8-68.8c-6.4-6.4-6.4-16 0-22.4s16-6.4 22.4 0l80 80c6.4 6.4 6.4 16 0 22.4l-80 80c-3.2 3.2-8 4.8-11.2 4.8zm80-80h-192c-9.6 0-16-6.4-16-16s6.4-16 16-16h192c9.6 0 16 6.4 16 16s-8 16-16 16z\"\/><\/svg><\/a>        <\/div>\r\n        <div class=\"portfolio-meta-wrapper\">\r\n            <h3 class=\"the-title\"><a target=\"_self\" href=\"https:\/\/eregistar.capljina.ba\/en\/registar\/02-11-ispravak-promjena-podataka-u-maticnim-knjigama\/\">02.11.   Ispravak\/promjena podataka u mati\u010dnim knjigama<\/a><\/h3><div class=\"clearboth\"><\/div>\t<div class=\"portfolio-categories\"><a href=\"https:\/\/eregistar.capljina.ba\/en\/kategorija\/administrativni-postupci\/\">Administrativni postupci<\/a>, <a href=\"https:\/\/eregistar.capljina.ba\/en\/kategorija\/opca-uprava-i-zajednicki-poslovi\/\">Op\u0107a uprava i zajedni\u010dki poslovi<\/a>, <a href=\"https:\/\/eregistar.capljina.ba\/en\/kategorija\/sluzba-opce-uprave\/\">Slu\u017eba op\u0107e uprave<\/a><\/div>\r\n<p class=\"the-excerpt\"><\/p>        <\/div>\r\n    <\/div>\r\n<\/article>\r\n\r\n\r\n\r\n\r\n\r\n\r\n<article id=\"7641\" class=\"mk-portfolio-item mk-portfolio-classic-item one-column administrativni-postupci opca-uprava-i-zajednicki-poslovi sluzba-opce-uprave\">\r\n    <div class=\"item-holder\">\r\n                <div class=\"featured-image js-taphover\">\r\n            <img loading=\"lazy\" decoding=\"async\" alt=\"02.12.   Promjena prezimena nakon razvoda braka\" title=\"02.12.   Promjena prezimena nakon razvoda braka\" src=\"https:\/\/eregistar.capljina.ba\/wp-content\/uploads\/bfi_thumb\/dummy-transparent-mtvazs4x65493jg37cimuev6o5yvclm1zauc1wmtvq.png\" data-mk-image-src-set='{\"default\":\"https:\\\/\\\/eregistar.capljina.ba\\\/wp-content\\\/uploads\\\/bfi_thumb\\\/banner-op-1n-nq7hc01lfqjktlm84xuqnf58hmjm9vdh12syqpf4cm.jpg\",\"2x\":\"\",\"mobile\":\"https:\\\/\\\/eregistar.capljina.ba\\\/wp-content\\\/uploads\\\/bfi_thumb\\\/banner-op-1n-3106csy62elcilrx5uiy5rert88s3prdwyaawihqo6zqf6la4.jpg\"}' width=\"770\" height=\"7\"  \/>\r\n            <div class=\"image-hover-overlay\"><\/div>\r\n            \r\n<a class=\"hover-icon from-left project-load\" target=\"_self\" href=\"https:\/\/eregistar.capljina.ba\/en\/registar\/02-12-promjena-prezimena-nakon-razvoda-braka\/\" data-post-id=\"7641\"><svg  class=\"mk-svg-icon\" data-name=\"mk-jupiter-icon-arrow-circle\" data-cacheid=\"icon-69f22fdcd8c95\" xmlns=\"http:\/\/www.w3.org\/2000\/svg\" viewbox=\"0 0 512 512\"><path d=\"M240 24c115.2 0 209.6 94.4 209.6 209.6s-94.4 209.6-209.6 209.6-209.6-94.4-209.6-209.6 94.4-209.6 209.6-209.6zm0-30.4c-132.8 0-240 107.2-240 240s107.2 240 240 240 240-107.2 240-240-107.2-240-240-240zm16 336c-4.8 0-8-1.6-11.2-4.8-6.4-6.4-6.4-16 0-22.4l68.8-68.8-68.8-68.8c-6.4-6.4-6.4-16 0-22.4s16-6.4 22.4 0l80 80c6.4 6.4 6.4 16 0 22.4l-80 80c-3.2 3.2-8 4.8-11.2 4.8zm80-80h-192c-9.6 0-16-6.4-16-16s6.4-16 16-16h192c9.6 0 16 6.4 16 16s-8 16-16 16z\"\/><\/svg><\/a>        <\/div>\r\n        <div class=\"portfolio-meta-wrapper\">\r\n            <h3 class=\"the-title\"><a target=\"_self\" href=\"https:\/\/eregistar.capljina.ba\/en\/registar\/02-12-promjena-prezimena-nakon-razvoda-braka\/\">02.12.   Promjena prezimena nakon razvoda braka<\/a><\/h3><div class=\"clearboth\"><\/div>\t<div class=\"portfolio-categories\"><a href=\"https:\/\/eregistar.capljina.ba\/en\/kategorija\/administrativni-postupci\/\">Administrativni postupci<\/a>, <a href=\"https:\/\/eregistar.capljina.ba\/en\/kategorija\/opca-uprava-i-zajednicki-poslovi\/\">Op\u0107a uprava i zajedni\u010dki poslovi<\/a>, <a href=\"https:\/\/eregistar.capljina.ba\/en\/kategorija\/sluzba-opce-uprave\/\">Slu\u017eba op\u0107e uprave<\/a><\/div>\r\n<p class=\"the-excerpt\"><\/p>        <\/div>\r\n    <\/div>\r\n<\/article>\r\n\r\n\r\n\r\n\r\n\r\n\r\n<article id=\"7639\" class=\"mk-portfolio-item mk-portfolio-classic-item one-column administrativni-postupci opca-uprava-i-zajednicki-poslovi sluzba-opce-uprave\">\r\n    <div class=\"item-holder\">\r\n                <div class=\"featured-image js-taphover\">\r\n            <img loading=\"lazy\" decoding=\"async\" alt=\"02.13.   Izvod iz MKR, MKV, MKU I MKD\" title=\"02.13.   Izvod iz MKR, MKV, MKU I MKD\" src=\"https:\/\/eregistar.capljina.ba\/wp-content\/uploads\/bfi_thumb\/dummy-transparent-mtvazs4x65493jg37cimuev6o5yvclm1zauc1wmtvq.png\" data-mk-image-src-set='{\"default\":\"https:\\\/\\\/eregistar.capljina.ba\\\/wp-content\\\/uploads\\\/bfi_thumb\\\/banner-op-1n-nq7hc01lfqjktlm84xuqnf58hmjm9vdh12syqpf4cm.jpg\",\"2x\":\"\",\"mobile\":\"https:\\\/\\\/eregistar.capljina.ba\\\/wp-content\\\/uploads\\\/bfi_thumb\\\/banner-op-1n-3106csy62elcilrx5uiy5rert88s3prdwyaawihqo6zqf6la4.jpg\"}' width=\"770\" height=\"7\"  \/>\r\n            <div class=\"image-hover-overlay\"><\/div>\r\n            \r\n<a class=\"hover-icon from-left project-load\" target=\"_self\" href=\"https:\/\/eregistar.capljina.ba\/en\/registar\/02-13-izvod-iz-mkr-mkv-mku-i-mkd\/\" data-post-id=\"7639\"><svg  class=\"mk-svg-icon\" data-name=\"mk-jupiter-icon-arrow-circle\" data-cacheid=\"icon-69f22fdcd9adb\" xmlns=\"http:\/\/www.w3.org\/2000\/svg\" viewbox=\"0 0 512 512\"><path d=\"M240 24c115.2 0 209.6 94.4 209.6 209.6s-94.4 209.6-209.6 209.6-209.6-94.4-209.6-209.6 94.4-209.6 209.6-209.6zm0-30.4c-132.8 0-240 107.2-240 240s107.2 240 240 240 240-107.2 240-240-107.2-240-240-240zm16 336c-4.8 0-8-1.6-11.2-4.8-6.4-6.4-6.4-16 0-22.4l68.8-68.8-68.8-68.8c-6.4-6.4-6.4-16 0-22.4s16-6.4 22.4 0l80 80c6.4 6.4 6.4 16 0 22.4l-80 80c-3.2 3.2-8 4.8-11.2 4.8zm80-80h-192c-9.6 0-16-6.4-16-16s6.4-16 16-16h192c9.6 0 16 6.4 16 16s-8 16-16 16z\"\/><\/svg><\/a>        <\/div>\r\n        <div class=\"portfolio-meta-wrapper\">\r\n            <h3 class=\"the-title\"><a target=\"_self\" href=\"https:\/\/eregistar.capljina.ba\/en\/registar\/02-13-izvod-iz-mkr-mkv-mku-i-mkd\/\">02.13.   Izvod iz MKR, MKV, MKU I MKD<\/a><\/h3><div class=\"clearboth\"><\/div>\t<div class=\"portfolio-categories\"><a href=\"https:\/\/eregistar.capljina.ba\/en\/kategorija\/administrativni-postupci\/\">Administrativni postupci<\/a>, <a href=\"https:\/\/eregistar.capljina.ba\/en\/kategorija\/opca-uprava-i-zajednicki-poslovi\/\">Op\u0107a uprava i zajedni\u010dki poslovi<\/a>, <a href=\"https:\/\/eregistar.capljina.ba\/en\/kategorija\/sluzba-opce-uprave\/\">Slu\u017eba op\u0107e uprave<\/a><\/div>\r\n<p class=\"the-excerpt\"><\/p>        <\/div>\r\n    <\/div>\r\n<\/article>\r\n\r\n\r\n\r\n\r\n\r\n\r\n<article id=\"7637\" class=\"mk-portfolio-item mk-portfolio-classic-item one-column administrativni-postupci opca-uprava-i-zajednicki-poslovi sluzba-opce-uprave\">\r\n    <div class=\"item-holder\">\r\n                <div class=\"featured-image js-taphover\">\r\n            <img loading=\"lazy\" decoding=\"async\" alt=\"02.14.   Ku\u0107na lista &#8211; ovjera potpisa\" title=\"02.14.   Ku\u0107na lista &#8211; ovjera potpisa\" src=\"https:\/\/eregistar.capljina.ba\/wp-content\/uploads\/bfi_thumb\/dummy-transparent-mtvazs4x65493jg37cimuev6o5yvclm1zauc1wmtvq.png\" data-mk-image-src-set='{\"default\":\"https:\\\/\\\/eregistar.capljina.ba\\\/wp-content\\\/uploads\\\/bfi_thumb\\\/banner-op-1n-nq7hc01lfqjktlm84xuqnf58hmjm9vdh12syqpf4cm.jpg\",\"2x\":\"\",\"mobile\":\"https:\\\/\\\/eregistar.capljina.ba\\\/wp-content\\\/uploads\\\/bfi_thumb\\\/banner-op-1n-3106csy62elcilrx5uiy5rert88s3prdwyaawihqo6zqf6la4.jpg\"}' width=\"770\" height=\"7\"  \/>\r\n            <div class=\"image-hover-overlay\"><\/div>\r\n            \r\n<a class=\"hover-icon from-left project-load\" target=\"_self\" href=\"https:\/\/eregistar.capljina.ba\/en\/registar\/02-14-kucna-lista-ovjera-potpisa\/\" data-post-id=\"7637\"><svg  class=\"mk-svg-icon\" data-name=\"mk-jupiter-icon-arrow-circle\" data-cacheid=\"icon-69f22fdcda8bc\" xmlns=\"http:\/\/www.w3.org\/2000\/svg\" viewbox=\"0 0 512 512\"><path d=\"M240 24c115.2 0 209.6 94.4 209.6 209.6s-94.4 209.6-209.6 209.6-209.6-94.4-209.6-209.6 94.4-209.6 209.6-209.6zm0-30.4c-132.8 0-240 107.2-240 240s107.2 240 240 240 240-107.2 240-240-107.2-240-240-240zm16 336c-4.8 0-8-1.6-11.2-4.8-6.4-6.4-6.4-16 0-22.4l68.8-68.8-68.8-68.8c-6.4-6.4-6.4-16 0-22.4s16-6.4 22.4 0l80 80c6.4 6.4 6.4 16 0 22.4l-80 80c-3.2 3.2-8 4.8-11.2 4.8zm80-80h-192c-9.6 0-16-6.4-16-16s6.4-16 16-16h192c9.6 0 16 6.4 16 16s-8 16-16 16z\"\/><\/svg><\/a>        <\/div>\r\n        <div class=\"portfolio-meta-wrapper\">\r\n            <h3 class=\"the-title\"><a target=\"_self\" href=\"https:\/\/eregistar.capljina.ba\/en\/registar\/02-14-kucna-lista-ovjera-potpisa\/\">02.14.   Ku\u0107na lista &#8211; ovjera potpisa<\/a><\/h3><div class=\"clearboth\"><\/div>\t<div class=\"portfolio-categories\"><a href=\"https:\/\/eregistar.capljina.ba\/en\/kategorija\/administrativni-postupci\/\">Administrativni postupci<\/a>, <a href=\"https:\/\/eregistar.capljina.ba\/en\/kategorija\/opca-uprava-i-zajednicki-poslovi\/\">Op\u0107a uprava i zajedni\u010dki poslovi<\/a>, <a href=\"https:\/\/eregistar.capljina.ba\/en\/kategorija\/sluzba-opce-uprave\/\">Slu\u017eba op\u0107e uprave<\/a><\/div>\r\n<p class=\"the-excerpt\"><\/p>        <\/div>\r\n    <\/div>\r\n<\/article>\r\n\r\n\r\n\r\n\r\n\r\n\r\n<article id=\"7635\" class=\"mk-portfolio-item mk-portfolio-classic-item one-column administrativni-postupci opca-uprava-i-zajednicki-poslovi sluzba-opce-uprave\">\r\n    <div class=\"item-holder\">\r\n                <div class=\"featured-image js-taphover\">\r\n            <img loading=\"lazy\" decoding=\"async\" alt=\"02.15.   Izjava bez svjedoka \u2013 ovjera potpisa\" title=\"02.15.   Izjava bez svjedoka \u2013 ovjera potpisa\" src=\"https:\/\/eregistar.capljina.ba\/wp-content\/uploads\/bfi_thumb\/dummy-transparent-mtvazs4x65493jg37cimuev6o5yvclm1zauc1wmtvq.png\" data-mk-image-src-set='{\"default\":\"https:\\\/\\\/eregistar.capljina.ba\\\/wp-content\\\/uploads\\\/bfi_thumb\\\/banner-op-1n-nq7hc01lfqjktlm84xuqnf58hmjm9vdh12syqpf4cm.jpg\",\"2x\":\"\",\"mobile\":\"https:\\\/\\\/eregistar.capljina.ba\\\/wp-content\\\/uploads\\\/bfi_thumb\\\/banner-op-1n-3106csy62elcilrx5uiy5rert88s3prdwyaawihqo6zqf6la4.jpg\"}' width=\"770\" height=\"7\"  \/>\r\n            <div class=\"image-hover-overlay\"><\/div>\r\n            \r\n<a class=\"hover-icon from-left project-load\" target=\"_self\" href=\"https:\/\/eregistar.capljina.ba\/en\/registar\/02-15-izjava-bez-svjedoka-ovjera-potpisa\/\" data-post-id=\"7635\"><svg  class=\"mk-svg-icon\" data-name=\"mk-jupiter-icon-arrow-circle\" data-cacheid=\"icon-69f22fdcdb68c\" xmlns=\"http:\/\/www.w3.org\/2000\/svg\" viewbox=\"0 0 512 512\"><path d=\"M240 24c115.2 0 209.6 94.4 209.6 209.6s-94.4 209.6-209.6 209.6-209.6-94.4-209.6-209.6 94.4-209.6 209.6-209.6zm0-30.4c-132.8 0-240 107.2-240 240s107.2 240 240 240 240-107.2 240-240-107.2-240-240-240zm16 336c-4.8 0-8-1.6-11.2-4.8-6.4-6.4-6.4-16 0-22.4l68.8-68.8-68.8-68.8c-6.4-6.4-6.4-16 0-22.4s16-6.4 22.4 0l80 80c6.4 6.4 6.4 16 0 22.4l-80 80c-3.2 3.2-8 4.8-11.2 4.8zm80-80h-192c-9.6 0-16-6.4-16-16s6.4-16 16-16h192c9.6 0 16 6.4 16 16s-8 16-16 16z\"\/><\/svg><\/a>        <\/div>\r\n        <div class=\"portfolio-meta-wrapper\">\r\n            <h3 class=\"the-title\"><a target=\"_self\" href=\"https:\/\/eregistar.capljina.ba\/en\/registar\/02-15-izjava-bez-svjedoka-ovjera-potpisa\/\">02.15.   Izjava bez svjedoka \u2013 ovjera potpisa<\/a><\/h3><div class=\"clearboth\"><\/div>\t<div class=\"portfolio-categories\"><a href=\"https:\/\/eregistar.capljina.ba\/en\/kategorija\/administrativni-postupci\/\">Administrativni postupci<\/a>, <a href=\"https:\/\/eregistar.capljina.ba\/en\/kategorija\/opca-uprava-i-zajednicki-poslovi\/\">Op\u0107a uprava i zajedni\u010dki poslovi<\/a>, <a href=\"https:\/\/eregistar.capljina.ba\/en\/kategorija\/sluzba-opce-uprave\/\">Slu\u017eba op\u0107e uprave<\/a><\/div>\r\n<p class=\"the-excerpt\"><\/p>        <\/div>\r\n    <\/div>\r\n<\/article>\r\n\r\n\r\n\r\n\r\n\r\n\r\n<article id=\"7633\" class=\"mk-portfolio-item mk-portfolio-classic-item one-column administrativni-postupci opca-uprava-i-zajednicki-poslovi sluzba-opce-uprave\">\r\n    <div class=\"item-holder\">\r\n                <div class=\"featured-image js-taphover\">\r\n            <img loading=\"lazy\" decoding=\"async\" alt=\"02.16.   Ovjera potpisa, rukopisa, prijepisa i preslika\" title=\"02.16.   Ovjera potpisa, rukopisa, prijepisa i preslika\" src=\"https:\/\/eregistar.capljina.ba\/wp-content\/uploads\/bfi_thumb\/dummy-transparent-mtvazs4x65493jg37cimuev6o5yvclm1zauc1wmtvq.png\" data-mk-image-src-set='{\"default\":\"https:\\\/\\\/eregistar.capljina.ba\\\/wp-content\\\/uploads\\\/bfi_thumb\\\/banner-op-1n-nq7hc01lfqjktlm84xuqnf58hmjm9vdh12syqpf4cm.jpg\",\"2x\":\"\",\"mobile\":\"https:\\\/\\\/eregistar.capljina.ba\\\/wp-content\\\/uploads\\\/bfi_thumb\\\/banner-op-1n-3106csy62elcilrx5uiy5rert88s3prdwyaawihqo6zqf6la4.jpg\"}' width=\"770\" height=\"7\"  \/>\r\n            <div class=\"image-hover-overlay\"><\/div>\r\n            \r\n<a class=\"hover-icon from-left project-load\" target=\"_self\" href=\"https:\/\/eregistar.capljina.ba\/en\/registar\/02-16-ovjera-potpisa-rukopisa-prijepisa-i-preslika\/\" data-post-id=\"7633\"><svg  class=\"mk-svg-icon\" data-name=\"mk-jupiter-icon-arrow-circle\" data-cacheid=\"icon-69f22fdcdc414\" xmlns=\"http:\/\/www.w3.org\/2000\/svg\" viewbox=\"0 0 512 512\"><path d=\"M240 24c115.2 0 209.6 94.4 209.6 209.6s-94.4 209.6-209.6 209.6-209.6-94.4-209.6-209.6 94.4-209.6 209.6-209.6zm0-30.4c-132.8 0-240 107.2-240 240s107.2 240 240 240 240-107.2 240-240-107.2-240-240-240zm16 336c-4.8 0-8-1.6-11.2-4.8-6.4-6.4-6.4-16 0-22.4l68.8-68.8-68.8-68.8c-6.4-6.4-6.4-16 0-22.4s16-6.4 22.4 0l80 80c6.4 6.4 6.4 16 0 22.4l-80 80c-3.2 3.2-8 4.8-11.2 4.8zm80-80h-192c-9.6 0-16-6.4-16-16s6.4-16 16-16h192c9.6 0 16 6.4 16 16s-8 16-16 16z\"\/><\/svg><\/a>        <\/div>\r\n        <div class=\"portfolio-meta-wrapper\">\r\n            <h3 class=\"the-title\"><a target=\"_self\" href=\"https:\/\/eregistar.capljina.ba\/en\/registar\/02-16-ovjera-potpisa-rukopisa-prijepisa-i-preslika\/\">02.16.   Ovjera potpisa, rukopisa, prijepisa i preslika<\/a><\/h3><div class=\"clearboth\"><\/div>\t<div class=\"portfolio-categories\"><a href=\"https:\/\/eregistar.capljina.ba\/en\/kategorija\/administrativni-postupci\/\">Administrativni postupci<\/a>, <a href=\"https:\/\/eregistar.capljina.ba\/en\/kategorija\/opca-uprava-i-zajednicki-poslovi\/\">Op\u0107a uprava i zajedni\u010dki poslovi<\/a>, <a href=\"https:\/\/eregistar.capljina.ba\/en\/kategorija\/sluzba-opce-uprave\/\">Slu\u017eba op\u0107e uprave<\/a><\/div>\r\n<p class=\"the-excerpt\"><\/p>        <\/div>\r\n    <\/div>\r\n<\/article>\r\n\r\n\r\n\r\n\r\n\r\n\r\n<article id=\"7631\" class=\"mk-portfolio-item mk-portfolio-classic-item one-column administrativni-postupci opca-uprava-i-zajednicki-poslovi sluzba-opce-uprave\">\r\n    <div class=\"item-holder\">\r\n                <div class=\"featured-image js-taphover\">\r\n            <img loading=\"lazy\" decoding=\"async\" alt=\"02.17.   Suglasnost roditelja &#8211; ovjera potpisa\" title=\"02.17.   Suglasnost roditelja &#8211; ovjera potpisa\" src=\"https:\/\/eregistar.capljina.ba\/wp-content\/uploads\/bfi_thumb\/dummy-transparent-mtvazs4x65493jg37cimuev6o5yvclm1zauc1wmtvq.png\" data-mk-image-src-set='{\"default\":\"https:\\\/\\\/eregistar.capljina.ba\\\/wp-content\\\/uploads\\\/bfi_thumb\\\/banner-op-1n-nq7hc01lfqjktlm84xuqnf58hmjm9vdh12syqpf4cm.jpg\",\"2x\":\"\",\"mobile\":\"https:\\\/\\\/eregistar.capljina.ba\\\/wp-content\\\/uploads\\\/bfi_thumb\\\/banner-op-1n-3106csy62elcilrx5uiy5rert88s3prdwyaawihqo6zqf6la4.jpg\"}' width=\"770\" height=\"7\"  \/>\r\n            <div class=\"image-hover-overlay\"><\/div>\r\n            \r\n<a class=\"hover-icon from-left project-load\" target=\"_self\" href=\"https:\/\/eregistar.capljina.ba\/en\/registar\/02-17-suglasnost-roditelja-ovjera-potpisa\/\" data-post-id=\"7631\"><svg  class=\"mk-svg-icon\" data-name=\"mk-jupiter-icon-arrow-circle\" data-cacheid=\"icon-69f22fdcdd16e\" xmlns=\"http:\/\/www.w3.org\/2000\/svg\" viewbox=\"0 0 512 512\"><path d=\"M240 24c115.2 0 209.6 94.4 209.6 209.6s-94.4 209.6-209.6 209.6-209.6-94.4-209.6-209.6 94.4-209.6 209.6-209.6zm0-30.4c-132.8 0-240 107.2-240 240s107.2 240 240 240 240-107.2 240-240-107.2-240-240-240zm16 336c-4.8 0-8-1.6-11.2-4.8-6.4-6.4-6.4-16 0-22.4l68.8-68.8-68.8-68.8c-6.4-6.4-6.4-16 0-22.4s16-6.4 22.4 0l80 80c6.4 6.4 6.4 16 0 22.4l-80 80c-3.2 3.2-8 4.8-11.2 4.8zm80-80h-192c-9.6 0-16-6.4-16-16s6.4-16 16-16h192c9.6 0 16 6.4 16 16s-8 16-16 16z\"\/><\/svg><\/a>        <\/div>\r\n        <div class=\"portfolio-meta-wrapper\">\r\n            <h3 class=\"the-title\"><a target=\"_self\" href=\"https:\/\/eregistar.capljina.ba\/en\/registar\/02-17-suglasnost-roditelja-ovjera-potpisa\/\">02.17.   Suglasnost roditelja &#8211; ovjera potpisa<\/a><\/h3><div class=\"clearboth\"><\/div>\t<div class=\"portfolio-categories\"><a href=\"https:\/\/eregistar.capljina.ba\/en\/kategorija\/administrativni-postupci\/\">Administrativni postupci<\/a>, <a href=\"https:\/\/eregistar.capljina.ba\/en\/kategorija\/opca-uprava-i-zajednicki-poslovi\/\">Op\u0107a uprava i zajedni\u010dki poslovi<\/a>, <a href=\"https:\/\/eregistar.capljina.ba\/en\/kategorija\/sluzba-opce-uprave\/\">Slu\u017eba op\u0107e uprave<\/a><\/div>\r\n<p class=\"the-excerpt\"><\/p>        <\/div>\r\n    <\/div>\r\n<\/article>\r\n\r\n\r\n\r\n\r\n\r\n\r\n<article id=\"7629\" class=\"mk-portfolio-item mk-portfolio-classic-item one-column administrativni-postupci opca-uprava-i-zajednicki-poslovi sluzba-opce-uprave\">\r\n    <div class=\"item-holder\">\r\n                <div class=\"featured-image js-taphover\">\r\n            <img loading=\"lazy\" decoding=\"async\" alt=\"02.18.   Izjava sa svjedocima \u2013 ovjera potpisa\" title=\"02.18.   Izjava sa svjedocima \u2013 ovjera potpisa\" src=\"https:\/\/eregistar.capljina.ba\/wp-content\/uploads\/bfi_thumb\/dummy-transparent-mtvazs4x65493jg37cimuev6o5yvclm1zauc1wmtvq.png\" data-mk-image-src-set='{\"default\":\"https:\\\/\\\/eregistar.capljina.ba\\\/wp-content\\\/uploads\\\/bfi_thumb\\\/banner-op-1n-nq7hc01lfqjktlm84xuqnf58hmjm9vdh12syqpf4cm.jpg\",\"2x\":\"\",\"mobile\":\"https:\\\/\\\/eregistar.capljina.ba\\\/wp-content\\\/uploads\\\/bfi_thumb\\\/banner-op-1n-3106csy62elcilrx5uiy5rert88s3prdwyaawihqo6zqf6la4.jpg\"}' width=\"770\" height=\"7\"  \/>\r\n            <div class=\"image-hover-overlay\"><\/div>\r\n            \r\n<a class=\"hover-icon from-left project-load\" target=\"_self\" href=\"https:\/\/eregistar.capljina.ba\/en\/registar\/02-18-izjava-sa-svjedocima-ovjera-potpisa\/\" data-post-id=\"7629\"><svg  class=\"mk-svg-icon\" data-name=\"mk-jupiter-icon-arrow-circle\" data-cacheid=\"icon-69f22fdcdde9f\" xmlns=\"http:\/\/www.w3.org\/2000\/svg\" viewbox=\"0 0 512 512\"><path d=\"M240 24c115.2 0 209.6 94.4 209.6 209.6s-94.4 209.6-209.6 209.6-209.6-94.4-209.6-209.6 94.4-209.6 209.6-209.6zm0-30.4c-132.8 0-240 107.2-240 240s107.2 240 240 240 240-107.2 240-240-107.2-240-240-240zm16 336c-4.8 0-8-1.6-11.2-4.8-6.4-6.4-6.4-16 0-22.4l68.8-68.8-68.8-68.8c-6.4-6.4-6.4-16 0-22.4s16-6.4 22.4 0l80 80c6.4 6.4 6.4 16 0 22.4l-80 80c-3.2 3.2-8 4.8-11.2 4.8zm80-80h-192c-9.6 0-16-6.4-16-16s6.4-16 16-16h192c9.6 0 16 6.4 16 16s-8 16-16 16z\"\/><\/svg><\/a>        <\/div>\r\n        <div class=\"portfolio-meta-wrapper\">\r\n            <h3 class=\"the-title\"><a target=\"_self\" href=\"https:\/\/eregistar.capljina.ba\/en\/registar\/02-18-izjava-sa-svjedocima-ovjera-potpisa\/\">02.18.   Izjava sa svjedocima \u2013 ovjera potpisa<\/a><\/h3><div class=\"clearboth\"><\/div>\t<div class=\"portfolio-categories\"><a href=\"https:\/\/eregistar.capljina.ba\/en\/kategorija\/administrativni-postupci\/\">Administrativni postupci<\/a>, <a href=\"https:\/\/eregistar.capljina.ba\/en\/kategorija\/opca-uprava-i-zajednicki-poslovi\/\">Op\u0107a uprava i zajedni\u010dki poslovi<\/a>, <a href=\"https:\/\/eregistar.capljina.ba\/en\/kategorija\/sluzba-opce-uprave\/\">Slu\u017eba op\u0107e uprave<\/a><\/div>\r\n<p class=\"the-excerpt\"><\/p>        <\/div>\r\n    <\/div>\r\n<\/article>\r\n\r\n\r\n\r\n\r\n\r\n\r\n<article id=\"7627\" class=\"mk-portfolio-item mk-portfolio-classic-item one-column administrativni-postupci opca-uprava-i-zajednicki-poslovi sluzba-opce-uprave\">\r\n    <div class=\"item-holder\">\r\n                <div class=\"featured-image js-taphover\">\r\n            <img loading=\"lazy\" decoding=\"async\" alt=\"02.19.   Izjava o gubitku dokumenta \u2013 ovjera potpisa\" title=\"02.19.   Izjava o gubitku dokumenta \u2013 ovjera potpisa\" src=\"https:\/\/eregistar.capljina.ba\/wp-content\/uploads\/bfi_thumb\/dummy-transparent-mtvazs4x65493jg37cimuev6o5yvclm1zauc1wmtvq.png\" data-mk-image-src-set='{\"default\":\"https:\\\/\\\/eregistar.capljina.ba\\\/wp-content\\\/uploads\\\/bfi_thumb\\\/banner-op-1n-nq7hc01lfqjktlm84xuqnf58hmjm9vdh12syqpf4cm.jpg\",\"2x\":\"\",\"mobile\":\"https:\\\/\\\/eregistar.capljina.ba\\\/wp-content\\\/uploads\\\/bfi_thumb\\\/banner-op-1n-3106csy62elcilrx5uiy5rert88s3prdwyaawihqo6zqf6la4.jpg\"}' width=\"770\" height=\"7\"  \/>\r\n            <div class=\"image-hover-overlay\"><\/div>\r\n            \r\n<a class=\"hover-icon from-left project-load\" target=\"_self\" href=\"https:\/\/eregistar.capljina.ba\/en\/registar\/02-19-izjava-o-gubitku-dokumenta-ovjera-potpisa\/\" data-post-id=\"7627\"><svg  class=\"mk-svg-icon\" data-name=\"mk-jupiter-icon-arrow-circle\" data-cacheid=\"icon-69f22fdcdec2b\" xmlns=\"http:\/\/www.w3.org\/2000\/svg\" viewbox=\"0 0 512 512\"><path d=\"M240 24c115.2 0 209.6 94.4 209.6 209.6s-94.4 209.6-209.6 209.6-209.6-94.4-209.6-209.6 94.4-209.6 209.6-209.6zm0-30.4c-132.8 0-240 107.2-240 240s107.2 240 240 240 240-107.2 240-240-107.2-240-240-240zm16 336c-4.8 0-8-1.6-11.2-4.8-6.4-6.4-6.4-16 0-22.4l68.8-68.8-68.8-68.8c-6.4-6.4-6.4-16 0-22.4s16-6.4 22.4 0l80 80c6.4 6.4 6.4 16 0 22.4l-80 80c-3.2 3.2-8 4.8-11.2 4.8zm80-80h-192c-9.6 0-16-6.4-16-16s6.4-16 16-16h192c9.6 0 16 6.4 16 16s-8 16-16 16z\"\/><\/svg><\/a>        <\/div>\r\n        <div class=\"portfolio-meta-wrapper\">\r\n            <h3 class=\"the-title\"><a target=\"_self\" href=\"https:\/\/eregistar.capljina.ba\/en\/registar\/02-19-izjava-o-gubitku-dokumenta-ovjera-potpisa\/\">02.19.   Izjava o gubitku dokumenta \u2013 ovjera potpisa<\/a><\/h3><div class=\"clearboth\"><\/div>\t<div class=\"portfolio-categories\"><a href=\"https:\/\/eregistar.capljina.ba\/en\/kategorija\/administrativni-postupci\/\">Administrativni postupci<\/a>, <a href=\"https:\/\/eregistar.capljina.ba\/en\/kategorija\/opca-uprava-i-zajednicki-poslovi\/\">Op\u0107a uprava i zajedni\u010dki poslovi<\/a>, <a href=\"https:\/\/eregistar.capljina.ba\/en\/kategorija\/sluzba-opce-uprave\/\">Slu\u017eba op\u0107e uprave<\/a><\/div>\r\n<p class=\"the-excerpt\"><\/p>        <\/div>\r\n    <\/div>\r\n<\/article>\r\n\r\n\r\n\r\n\r\n\r\n\r\n<article id=\"7625\" class=\"mk-portfolio-item mk-portfolio-classic-item one-column administrativni-postupci opca-uprava-i-zajednicki-poslovi sluzba-opce-uprave\">\r\n    <div class=\"item-holder\">\r\n                <div class=\"featured-image js-taphover\">\r\n            <img loading=\"lazy\" decoding=\"async\" alt=\"02.20.   Ovjera punomo\u0107i\" title=\"02.20.   Ovjera punomo\u0107i\" src=\"https:\/\/eregistar.capljina.ba\/wp-content\/uploads\/bfi_thumb\/dummy-transparent-mtvazs4x65493jg37cimuev6o5yvclm1zauc1wmtvq.png\" data-mk-image-src-set='{\"default\":\"https:\\\/\\\/eregistar.capljina.ba\\\/wp-content\\\/uploads\\\/bfi_thumb\\\/banner-op-1n-nq7hc01lfqjktlm84xuqnf58hmjm9vdh12syqpf4cm.jpg\",\"2x\":\"\",\"mobile\":\"https:\\\/\\\/eregistar.capljina.ba\\\/wp-content\\\/uploads\\\/bfi_thumb\\\/banner-op-1n-3106csy62elcilrx5uiy5rert88s3prdwyaawihqo6zqf6la4.jpg\"}' width=\"770\" height=\"7\"  \/>\r\n            <div class=\"image-hover-overlay\"><\/div>\r\n            \r\n<a class=\"hover-icon from-left project-load\" target=\"_self\" href=\"https:\/\/eregistar.capljina.ba\/en\/registar\/02-20-ovjera-punomoci\/\" data-post-id=\"7625\"><svg  class=\"mk-svg-icon\" data-name=\"mk-jupiter-icon-arrow-circle\" data-cacheid=\"icon-69f22fdcdf89b\" xmlns=\"http:\/\/www.w3.org\/2000\/svg\" viewbox=\"0 0 512 512\"><path d=\"M240 24c115.2 0 209.6 94.4 209.6 209.6s-94.4 209.6-209.6 209.6-209.6-94.4-209.6-209.6 94.4-209.6 209.6-209.6zm0-30.4c-132.8 0-240 107.2-240 240s107.2 240 240 240 240-107.2 240-240-107.2-240-240-240zm16 336c-4.8 0-8-1.6-11.2-4.8-6.4-6.4-6.4-16 0-22.4l68.8-68.8-68.8-68.8c-6.4-6.4-6.4-16 0-22.4s16-6.4 22.4 0l80 80c6.4 6.4 6.4 16 0 22.4l-80 80c-3.2 3.2-8 4.8-11.2 4.8zm80-80h-192c-9.6 0-16-6.4-16-16s6.4-16 16-16h192c9.6 0 16 6.4 16 16s-8 16-16 16z\"\/><\/svg><\/a>        <\/div>\r\n        <div class=\"portfolio-meta-wrapper\">\r\n            <h3 class=\"the-title\"><a target=\"_self\" href=\"https:\/\/eregistar.capljina.ba\/en\/registar\/02-20-ovjera-punomoci\/\">02.20.   Ovjera punomo\u0107i<\/a><\/h3><div class=\"clearboth\"><\/div>\t<div class=\"portfolio-categories\"><a href=\"https:\/\/eregistar.capljina.ba\/en\/kategorija\/administrativni-postupci\/\">Administrativni postupci<\/a>, <a href=\"https:\/\/eregistar.capljina.ba\/en\/kategorija\/opca-uprava-i-zajednicki-poslovi\/\">Op\u0107a uprava i zajedni\u010dki poslovi<\/a>, <a href=\"https:\/\/eregistar.capljina.ba\/en\/kategorija\/sluzba-opce-uprave\/\">Slu\u017eba op\u0107e uprave<\/a><\/div>\r\n<p class=\"the-excerpt\"><\/p>        <\/div>\r\n    <\/div>\r\n<\/article>\r\n\r\n\r\n\r\n\r\n\r\n\r\n<article id=\"7623\" class=\"mk-portfolio-item mk-portfolio-classic-item one-column administrativni-postupci opca-uprava-i-zajednicki-poslovi sluzba-opce-uprave\">\r\n    <div class=\"item-holder\">\r\n                <div class=\"featured-image js-taphover\">\r\n            <img loading=\"lazy\" decoding=\"async\" alt=\"02.21.   Ovjera punomo\u0107i za upravljanje motornim vozilom\" title=\"02.21.   Ovjera punomo\u0107i za upravljanje motornim vozilom\" src=\"https:\/\/eregistar.capljina.ba\/wp-content\/uploads\/bfi_thumb\/dummy-transparent-mtvazs4x65493jg37cimuev6o5yvclm1zauc1wmtvq.png\" data-mk-image-src-set='{\"default\":\"https:\\\/\\\/eregistar.capljina.ba\\\/wp-content\\\/uploads\\\/bfi_thumb\\\/banner-op-1n-nq7hc01lfqjktlm84xuqnf58hmjm9vdh12syqpf4cm.jpg\",\"2x\":\"\",\"mobile\":\"https:\\\/\\\/eregistar.capljina.ba\\\/wp-content\\\/uploads\\\/bfi_thumb\\\/banner-op-1n-3106csy62elcilrx5uiy5rert88s3prdwyaawihqo6zqf6la4.jpg\"}' width=\"770\" height=\"7\"  \/>\r\n            <div class=\"image-hover-overlay\"><\/div>\r\n            \r\n<a class=\"hover-icon from-left project-load\" target=\"_self\" href=\"https:\/\/eregistar.capljina.ba\/en\/registar\/02-21-ovjera-punomoci-za-upravljanje-motornim-vozilom\/\" data-post-id=\"7623\"><svg  class=\"mk-svg-icon\" data-name=\"mk-jupiter-icon-arrow-circle\" data-cacheid=\"icon-69f22fdce0563\" xmlns=\"http:\/\/www.w3.org\/2000\/svg\" viewbox=\"0 0 512 512\"><path d=\"M240 24c115.2 0 209.6 94.4 209.6 209.6s-94.4 209.6-209.6 209.6-209.6-94.4-209.6-209.6 94.4-209.6 209.6-209.6zm0-30.4c-132.8 0-240 107.2-240 240s107.2 240 240 240 240-107.2 240-240-107.2-240-240-240zm16 336c-4.8 0-8-1.6-11.2-4.8-6.4-6.4-6.4-16 0-22.4l68.8-68.8-68.8-68.8c-6.4-6.4-6.4-16 0-22.4s16-6.4 22.4 0l80 80c6.4 6.4 6.4 16 0 22.4l-80 80c-3.2 3.2-8 4.8-11.2 4.8zm80-80h-192c-9.6 0-16-6.4-16-16s6.4-16 16-16h192c9.6 0 16 6.4 16 16s-8 16-16 16z\"\/><\/svg><\/a>        <\/div>\r\n        <div class=\"portfolio-meta-wrapper\">\r\n            <h3 class=\"the-title\"><a target=\"_self\" href=\"https:\/\/eregistar.capljina.ba\/en\/registar\/02-21-ovjera-punomoci-za-upravljanje-motornim-vozilom\/\">02.21.   Ovjera punomo\u0107i za upravljanje motornim vozilom<\/a><\/h3><div class=\"clearboth\"><\/div>\t<div class=\"portfolio-categories\"><a href=\"https:\/\/eregistar.capljina.ba\/en\/kategorija\/administrativni-postupci\/\">Administrativni postupci<\/a>, <a href=\"https:\/\/eregistar.capljina.ba\/en\/kategorija\/opca-uprava-i-zajednicki-poslovi\/\">Op\u0107a uprava i zajedni\u010dki poslovi<\/a>, <a href=\"https:\/\/eregistar.capljina.ba\/en\/kategorija\/sluzba-opce-uprave\/\">Slu\u017eba op\u0107e uprave<\/a><\/div>\r\n<p class=\"the-excerpt\"><\/p>        <\/div>\r\n    <\/div>\r\n<\/article>\r\n\r\n\r\n\r\n\r\n\r\n\r\n<article id=\"7621\" class=\"mk-portfolio-item mk-portfolio-classic-item one-column administrativni-postupci opca-uprava-i-zajednicki-poslovi sluzba-opce-uprave\">\r\n    <div class=\"item-holder\">\r\n                <div class=\"featured-image js-taphover\">\r\n            <img loading=\"lazy\" decoding=\"async\" alt=\"02.22.   Potvrda o \u017eivotu\" title=\"02.22.   Potvrda o \u017eivotu\" src=\"https:\/\/eregistar.capljina.ba\/wp-content\/uploads\/bfi_thumb\/dummy-transparent-mtvazs4x65493jg37cimuev6o5yvclm1zauc1wmtvq.png\" data-mk-image-src-set='{\"default\":\"https:\\\/\\\/eregistar.capljina.ba\\\/wp-content\\\/uploads\\\/bfi_thumb\\\/banner-op-1n-nq7hc01lfqjktlm84xuqnf58hmjm9vdh12syqpf4cm.jpg\",\"2x\":\"\",\"mobile\":\"https:\\\/\\\/eregistar.capljina.ba\\\/wp-content\\\/uploads\\\/bfi_thumb\\\/banner-op-1n-3106csy62elcilrx5uiy5rert88s3prdwyaawihqo6zqf6la4.jpg\"}' width=\"770\" height=\"7\"  \/>\r\n            <div class=\"image-hover-overlay\"><\/div>\r\n            \r\n<a class=\"hover-icon from-left project-load\" target=\"_self\" href=\"https:\/\/eregistar.capljina.ba\/en\/registar\/02-22-potvrda-o-zivotu\/\" data-post-id=\"7621\"><svg  class=\"mk-svg-icon\" data-name=\"mk-jupiter-icon-arrow-circle\" data-cacheid=\"icon-69f22fdce1368\" xmlns=\"http:\/\/www.w3.org\/2000\/svg\" viewbox=\"0 0 512 512\"><path d=\"M240 24c115.2 0 209.6 94.4 209.6 209.6s-94.4 209.6-209.6 209.6-209.6-94.4-209.6-209.6 94.4-209.6 209.6-209.6zm0-30.4c-132.8 0-240 107.2-240 240s107.2 240 240 240 240-107.2 240-240-107.2-240-240-240zm16 336c-4.8 0-8-1.6-11.2-4.8-6.4-6.4-6.4-16 0-22.4l68.8-68.8-68.8-68.8c-6.4-6.4-6.4-16 0-22.4s16-6.4 22.4 0l80 80c6.4 6.4 6.4 16 0 22.4l-80 80c-3.2 3.2-8 4.8-11.2 4.8zm80-80h-192c-9.6 0-16-6.4-16-16s6.4-16 16-16h192c9.6 0 16 6.4 16 16s-8 16-16 16z\"\/><\/svg><\/a>        <\/div>\r\n        <div class=\"portfolio-meta-wrapper\">\r\n            <h3 class=\"the-title\"><a target=\"_self\" href=\"https:\/\/eregistar.capljina.ba\/en\/registar\/02-22-potvrda-o-zivotu\/\">02.22.   Potvrda o \u017eivotu<\/a><\/h3><div class=\"clearboth\"><\/div>\t<div class=\"portfolio-categories\"><a href=\"https:\/\/eregistar.capljina.ba\/en\/kategorija\/administrativni-postupci\/\">Administrativni postupci<\/a>, <a href=\"https:\/\/eregistar.capljina.ba\/en\/kategorija\/opca-uprava-i-zajednicki-poslovi\/\">Op\u0107a uprava i zajedni\u010dki poslovi<\/a>, <a href=\"https:\/\/eregistar.capljina.ba\/en\/kategorija\/sluzba-opce-uprave\/\">Slu\u017eba op\u0107e uprave<\/a><\/div>\r\n<p class=\"the-excerpt\"><\/p>        <\/div>\r\n    <\/div>\r\n<\/article>\r\n\r\n\r\n\r\n\r\n\r\n\r\n<article id=\"7619\" class=\"mk-portfolio-item mk-portfolio-classic-item one-column administrativni-postupci opca-uprava-i-zajednicki-poslovi sluzba-opce-uprave\">\r\n    <div class=\"item-holder\">\r\n                <div class=\"featured-image js-taphover\">\r\n            <img loading=\"lazy\" decoding=\"async\" alt=\"02.23.   Uvjerenje o \u010dinjenicama o kojima se vodi\/ne vodi slu\u017ebena evidencija\" title=\"02.23.   Uvjerenje o \u010dinjenicama o kojima se vodi\/ne vodi slu\u017ebena evidencija\" src=\"https:\/\/eregistar.capljina.ba\/wp-content\/uploads\/bfi_thumb\/dummy-transparent-mtvazs4x65493jg37cimuev6o5yvclm1zauc1wmtvq.png\" data-mk-image-src-set='{\"default\":\"https:\\\/\\\/eregistar.capljina.ba\\\/wp-content\\\/uploads\\\/bfi_thumb\\\/banner-op-1n-nq7hc01lfqjktlm84xuqnf58hmjm9vdh12syqpf4cm.jpg\",\"2x\":\"\",\"mobile\":\"https:\\\/\\\/eregistar.capljina.ba\\\/wp-content\\\/uploads\\\/bfi_thumb\\\/banner-op-1n-3106csy62elcilrx5uiy5rert88s3prdwyaawihqo6zqf6la4.jpg\"}' width=\"770\" height=\"7\"  \/>\r\n            <div class=\"image-hover-overlay\"><\/div>\r\n            \r\n<a class=\"hover-icon from-left project-load\" target=\"_self\" href=\"https:\/\/eregistar.capljina.ba\/en\/registar\/02-23-uvjerenje-o-cinjenicama-o-kojima-se-vodi-ne-vodi-sluzbena-evidencija\/\" data-post-id=\"7619\"><svg  class=\"mk-svg-icon\" data-name=\"mk-jupiter-icon-arrow-circle\" data-cacheid=\"icon-69f22fdce203f\" xmlns=\"http:\/\/www.w3.org\/2000\/svg\" viewbox=\"0 0 512 512\"><path d=\"M240 24c115.2 0 209.6 94.4 209.6 209.6s-94.4 209.6-209.6 209.6-209.6-94.4-209.6-209.6 94.4-209.6 209.6-209.6zm0-30.4c-132.8 0-240 107.2-240 240s107.2 240 240 240 240-107.2 240-240-107.2-240-240-240zm16 336c-4.8 0-8-1.6-11.2-4.8-6.4-6.4-6.4-16 0-22.4l68.8-68.8-68.8-68.8c-6.4-6.4-6.4-16 0-22.4s16-6.4 22.4 0l80 80c6.4 6.4 6.4 16 0 22.4l-80 80c-3.2 3.2-8 4.8-11.2 4.8zm80-80h-192c-9.6 0-16-6.4-16-16s6.4-16 16-16h192c9.6 0 16 6.4 16 16s-8 16-16 16z\"\/><\/svg><\/a>        <\/div>\r\n        <div class=\"portfolio-meta-wrapper\">\r\n            <h3 class=\"the-title\"><a target=\"_self\" href=\"https:\/\/eregistar.capljina.ba\/en\/registar\/02-23-uvjerenje-o-cinjenicama-o-kojima-se-vodi-ne-vodi-sluzbena-evidencija\/\">02.23.   Uvjerenje o \u010dinjenicama o kojima se vodi\/ne vodi slu\u017ebena evidencija<\/a><\/h3><div class=\"clearboth\"><\/div>\t<div class=\"portfolio-categories\"><a href=\"https:\/\/eregistar.capljina.ba\/en\/kategorija\/administrativni-postupci\/\">Administrativni postupci<\/a>, <a href=\"https:\/\/eregistar.capljina.ba\/en\/kategorija\/opca-uprava-i-zajednicki-poslovi\/\">Op\u0107a uprava i zajedni\u010dki poslovi<\/a>, <a href=\"https:\/\/eregistar.capljina.ba\/en\/kategorija\/sluzba-opce-uprave\/\">Slu\u017eba op\u0107e uprave<\/a><\/div>\r\n<p class=\"the-excerpt\"><\/p>        <\/div>\r\n    <\/div>\r\n<\/article>\r\n\r\n\r\n\r\n\r\n\r\n\r\n<article id=\"7617\" class=\"mk-portfolio-item mk-portfolio-classic-item one-column administrativni-postupci opca-uprava-i-zajednicki-poslovi sluzba-opce-uprave\">\r\n    <div class=\"item-holder\">\r\n                <div class=\"featured-image js-taphover\">\r\n            <img loading=\"lazy\" decoding=\"async\" alt=\"02.24.   Uvjerenje o zajedni\u010dkom ku\u0107anstvu i izdr\u017eavanju \u010dlanova obitelji\" title=\"02.24.   Uvjerenje o zajedni\u010dkom ku\u0107anstvu i izdr\u017eavanju \u010dlanova obitelji\" src=\"https:\/\/eregistar.capljina.ba\/wp-content\/uploads\/bfi_thumb\/dummy-transparent-mtvazs4x65493jg37cimuev6o5yvclm1zauc1wmtvq.png\" data-mk-image-src-set='{\"default\":\"https:\\\/\\\/eregistar.capljina.ba\\\/wp-content\\\/uploads\\\/bfi_thumb\\\/banner-op-1n-nq7hc01lfqjktlm84xuqnf58hmjm9vdh12syqpf4cm.jpg\",\"2x\":\"\",\"mobile\":\"https:\\\/\\\/eregistar.capljina.ba\\\/wp-content\\\/uploads\\\/bfi_thumb\\\/banner-op-1n-3106csy62elcilrx5uiy5rert88s3prdwyaawihqo6zqf6la4.jpg\"}' width=\"770\" height=\"7\"  \/>\r\n            <div class=\"image-hover-overlay\"><\/div>\r\n            \r\n<a class=\"hover-icon from-left project-load\" target=\"_self\" href=\"https:\/\/eregistar.capljina.ba\/en\/registar\/02-24-uvjerenje-o-zajednickom-kucanstvu-i-izdrzavanju-clanova-obitelji\/\" data-post-id=\"7617\"><svg  class=\"mk-svg-icon\" data-name=\"mk-jupiter-icon-arrow-circle\" data-cacheid=\"icon-69f22fdce2cd5\" xmlns=\"http:\/\/www.w3.org\/2000\/svg\" viewbox=\"0 0 512 512\"><path d=\"M240 24c115.2 0 209.6 94.4 209.6 209.6s-94.4 209.6-209.6 209.6-209.6-94.4-209.6-209.6 94.4-209.6 209.6-209.6zm0-30.4c-132.8 0-240 107.2-240 240s107.2 240 240 240 240-107.2 240-240-107.2-240-240-240zm16 336c-4.8 0-8-1.6-11.2-4.8-6.4-6.4-6.4-16 0-22.4l68.8-68.8-68.8-68.8c-6.4-6.4-6.4-16 0-22.4s16-6.4 22.4 0l80 80c6.4 6.4 6.4 16 0 22.4l-80 80c-3.2 3.2-8 4.8-11.2 4.8zm80-80h-192c-9.6 0-16-6.4-16-16s6.4-16 16-16h192c9.6 0 16 6.4 16 16s-8 16-16 16z\"\/><\/svg><\/a>        <\/div>\r\n        <div class=\"portfolio-meta-wrapper\">\r\n            <h3 class=\"the-title\"><a target=\"_self\" href=\"https:\/\/eregistar.capljina.ba\/en\/registar\/02-24-uvjerenje-o-zajednickom-kucanstvu-i-izdrzavanju-clanova-obitelji\/\">02.24.   Uvjerenje o zajedni\u010dkom ku\u0107anstvu i izdr\u017eavanju \u010dlanova obitelji<\/a><\/h3><div class=\"clearboth\"><\/div>\t<div class=\"portfolio-categories\"><a href=\"https:\/\/eregistar.capljina.ba\/en\/kategorija\/administrativni-postupci\/\">Administrativni postupci<\/a>, <a href=\"https:\/\/eregistar.capljina.ba\/en\/kategorija\/opca-uprava-i-zajednicki-poslovi\/\">Op\u0107a uprava i zajedni\u010dki poslovi<\/a>, <a href=\"https:\/\/eregistar.capljina.ba\/en\/kategorija\/sluzba-opce-uprave\/\">Slu\u017eba op\u0107e uprave<\/a><\/div>\r\n<p class=\"the-excerpt\"><\/p>        <\/div>\r\n    <\/div>\r\n<\/article>\r\n\r\n\r\n\r\n\r\n\r\n\r\n<article id=\"7615\" class=\"mk-portfolio-item mk-portfolio-classic-item one-column administrativni-postupci opca-uprava-i-zajednicki-poslovi sluzba-opce-uprave\">\r\n    <div class=\"item-holder\">\r\n                <div class=\"featured-image js-taphover\">\r\n            <img loading=\"lazy\" decoding=\"async\" alt=\"02.25.   Pristup informacijama\" title=\"02.25.   Pristup informacijama\" src=\"https:\/\/eregistar.capljina.ba\/wp-content\/uploads\/bfi_thumb\/dummy-transparent-mtvazs4x65493jg37cimuev6o5yvclm1zauc1wmtvq.png\" data-mk-image-src-set='{\"default\":\"https:\\\/\\\/eregistar.capljina.ba\\\/wp-content\\\/uploads\\\/bfi_thumb\\\/banner-op-1n-nq7hc01lfqjktlm84xuqnf58hmjm9vdh12syqpf4cm.jpg\",\"2x\":\"\",\"mobile\":\"https:\\\/\\\/eregistar.capljina.ba\\\/wp-content\\\/uploads\\\/bfi_thumb\\\/banner-op-1n-3106csy62elcilrx5uiy5rert88s3prdwyaawihqo6zqf6la4.jpg\"}' width=\"770\" height=\"7\"  \/>\r\n            <div class=\"image-hover-overlay\"><\/div>\r\n            \r\n<a class=\"hover-icon from-left project-load\" target=\"_self\" href=\"https:\/\/eregistar.capljina.ba\/en\/registar\/02-25-pristup-informacijama\/\" data-post-id=\"7615\"><svg  class=\"mk-svg-icon\" data-name=\"mk-jupiter-icon-arrow-circle\" data-cacheid=\"icon-69f22fdce3a36\" xmlns=\"http:\/\/www.w3.org\/2000\/svg\" viewbox=\"0 0 512 512\"><path d=\"M240 24c115.2 0 209.6 94.4 209.6 209.6s-94.4 209.6-209.6 209.6-209.6-94.4-209.6-209.6 94.4-209.6 209.6-209.6zm0-30.4c-132.8 0-240 107.2-240 240s107.2 240 240 240 240-107.2 240-240-107.2-240-240-240zm16 336c-4.8 0-8-1.6-11.2-4.8-6.4-6.4-6.4-16 0-22.4l68.8-68.8-68.8-68.8c-6.4-6.4-6.4-16 0-22.4s16-6.4 22.4 0l80 80c6.4 6.4 6.4 16 0 22.4l-80 80c-3.2 3.2-8 4.8-11.2 4.8zm80-80h-192c-9.6 0-16-6.4-16-16s6.4-16 16-16h192c9.6 0 16 6.4 16 16s-8 16-16 16z\"\/><\/svg><\/a>        <\/div>\r\n        <div class=\"portfolio-meta-wrapper\">\r\n            <h3 class=\"the-title\"><a target=\"_self\" href=\"https:\/\/eregistar.capljina.ba\/en\/registar\/02-25-pristup-informacijama\/\">02.25.   Pristup informacijama<\/a><\/h3><div class=\"clearboth\"><\/div>\t<div class=\"portfolio-categories\"><a href=\"https:\/\/eregistar.capljina.ba\/en\/kategorija\/administrativni-postupci\/\">Administrativni postupci<\/a>, <a href=\"https:\/\/eregistar.capljina.ba\/en\/kategorija\/opca-uprava-i-zajednicki-poslovi\/\">Op\u0107a uprava i zajedni\u010dki poslovi<\/a>, <a href=\"https:\/\/eregistar.capljina.ba\/en\/kategorija\/sluzba-opce-uprave\/\">Slu\u017eba op\u0107e uprave<\/a><\/div>\r\n<p class=\"the-excerpt\"><\/p>        <\/div>\r\n    <\/div>\r\n<\/article>\r\n\r\n\r\n\r\n\r\n\r\n\r\n<article id=\"7613\" class=\"mk-portfolio-item mk-portfolio-classic-item one-column administrativni-postupci opca-uprava-i-zajednicki-poslovi sluzba-opce-uprave\">\r\n    <div class=\"item-holder\">\r\n                <div class=\"featured-image js-taphover\">\r\n            <img loading=\"lazy\" decoding=\"async\" alt=\"02.26.   Sklapanje kupoprodajnog ugovora\" title=\"02.26.   Sklapanje kupoprodajnog ugovora\" src=\"https:\/\/eregistar.capljina.ba\/wp-content\/uploads\/bfi_thumb\/dummy-transparent-mtvazs4x65493jg37cimuev6o5yvclm1zauc1wmtvq.png\" data-mk-image-src-set='{\"default\":\"https:\\\/\\\/eregistar.capljina.ba\\\/wp-content\\\/uploads\\\/bfi_thumb\\\/banner-op-1n-nq7hc01lfqjktlm84xuqnf58hmjm9vdh12syqpf4cm.jpg\",\"2x\":\"\",\"mobile\":\"https:\\\/\\\/eregistar.capljina.ba\\\/wp-content\\\/uploads\\\/bfi_thumb\\\/banner-op-1n-3106csy62elcilrx5uiy5rert88s3prdwyaawihqo6zqf6la4.jpg\"}' width=\"770\" height=\"7\"  \/>\r\n            <div class=\"image-hover-overlay\"><\/div>\r\n            \r\n<a class=\"hover-icon from-left project-load\" target=\"_self\" href=\"https:\/\/eregistar.capljina.ba\/en\/registar\/02-26-sklapanje-kupoprodajnog-ugovora\/\" data-post-id=\"7613\"><svg  class=\"mk-svg-icon\" data-name=\"mk-jupiter-icon-arrow-circle\" data-cacheid=\"icon-69f22fdce491f\" xmlns=\"http:\/\/www.w3.org\/2000\/svg\" viewbox=\"0 0 512 512\"><path d=\"M240 24c115.2 0 209.6 94.4 209.6 209.6s-94.4 209.6-209.6 209.6-209.6-94.4-209.6-209.6 94.4-209.6 209.6-209.6zm0-30.4c-132.8 0-240 107.2-240 240s107.2 240 240 240 240-107.2 240-240-107.2-240-240-240zm16 336c-4.8 0-8-1.6-11.2-4.8-6.4-6.4-6.4-16 0-22.4l68.8-68.8-68.8-68.8c-6.4-6.4-6.4-16 0-22.4s16-6.4 22.4 0l80 80c6.4 6.4 6.4 16 0 22.4l-80 80c-3.2 3.2-8 4.8-11.2 4.8zm80-80h-192c-9.6 0-16-6.4-16-16s6.4-16 16-16h192c9.6 0 16 6.4 16 16s-8 16-16 16z\"\/><\/svg><\/a>        <\/div>\r\n        <div class=\"portfolio-meta-wrapper\">\r\n            <h3 class=\"the-title\"><a target=\"_self\" href=\"https:\/\/eregistar.capljina.ba\/en\/registar\/02-26-sklapanje-kupoprodajnog-ugovora\/\">02.26.   Sklapanje kupoprodajnog ugovora<\/a><\/h3><div class=\"clearboth\"><\/div>\t<div class=\"portfolio-categories\"><a href=\"https:\/\/eregistar.capljina.ba\/en\/kategorija\/administrativni-postupci\/\">Administrativni postupci<\/a>, <a href=\"https:\/\/eregistar.capljina.ba\/en\/kategorija\/opca-uprava-i-zajednicki-poslovi\/\">Op\u0107a uprava i zajedni\u010dki poslovi<\/a>, <a href=\"https:\/\/eregistar.capljina.ba\/en\/kategorija\/sluzba-opce-uprave\/\">Slu\u017eba op\u0107e uprave<\/a><\/div>\r\n<p class=\"the-excerpt\"><\/p>        <\/div>\r\n    <\/div>\r\n<\/article>\r\n\r\n\r\n\r\n\r\n\r\n\r\n<article id=\"7611\" class=\"mk-portfolio-item mk-portfolio-classic-item one-column administrativni-postupci opca-uprava-i-zajednicki-poslovi sluzba-opce-uprave\">\r\n    <div class=\"item-holder\">\r\n                <div class=\"featured-image js-taphover\">\r\n            <img loading=\"lazy\" decoding=\"async\" alt=\"02.27.   Sklapanje ugovora o darovanju\" title=\"02.27.   Sklapanje ugovora o darovanju\" src=\"https:\/\/eregistar.capljina.ba\/wp-content\/uploads\/bfi_thumb\/dummy-transparent-mtvazs4x65493jg37cimuev6o5yvclm1zauc1wmtvq.png\" data-mk-image-src-set='{\"default\":\"https:\\\/\\\/eregistar.capljina.ba\\\/wp-content\\\/uploads\\\/bfi_thumb\\\/banner-op-1n-nq7hc01lfqjktlm84xuqnf58hmjm9vdh12syqpf4cm.jpg\",\"2x\":\"\",\"mobile\":\"https:\\\/\\\/eregistar.capljina.ba\\\/wp-content\\\/uploads\\\/bfi_thumb\\\/banner-op-1n-3106csy62elcilrx5uiy5rert88s3prdwyaawihqo6zqf6la4.jpg\"}' width=\"770\" height=\"7\"  \/>\r\n            <div class=\"image-hover-overlay\"><\/div>\r\n            \r\n<a class=\"hover-icon from-left project-load\" target=\"_self\" href=\"https:\/\/eregistar.capljina.ba\/en\/registar\/02-27-sklapanje-ugovora-o-darovanju\/\" data-post-id=\"7611\"><svg  class=\"mk-svg-icon\" data-name=\"mk-jupiter-icon-arrow-circle\" data-cacheid=\"icon-69f22fdce56e2\" xmlns=\"http:\/\/www.w3.org\/2000\/svg\" viewbox=\"0 0 512 512\"><path d=\"M240 24c115.2 0 209.6 94.4 209.6 209.6s-94.4 209.6-209.6 209.6-209.6-94.4-209.6-209.6 94.4-209.6 209.6-209.6zm0-30.4c-132.8 0-240 107.2-240 240s107.2 240 240 240 240-107.2 240-240-107.2-240-240-240zm16 336c-4.8 0-8-1.6-11.2-4.8-6.4-6.4-6.4-16 0-22.4l68.8-68.8-68.8-68.8c-6.4-6.4-6.4-16 0-22.4s16-6.4 22.4 0l80 80c6.4 6.4 6.4 16 0 22.4l-80 80c-3.2 3.2-8 4.8-11.2 4.8zm80-80h-192c-9.6 0-16-6.4-16-16s6.4-16 16-16h192c9.6 0 16 6.4 16 16s-8 16-16 16z\"\/><\/svg><\/a>        <\/div>\r\n        <div class=\"portfolio-meta-wrapper\">\r\n            <h3 class=\"the-title\"><a target=\"_self\" href=\"https:\/\/eregistar.capljina.ba\/en\/registar\/02-27-sklapanje-ugovora-o-darovanju\/\">02.27.   Sklapanje ugovora o darovanju<\/a><\/h3><div class=\"clearboth\"><\/div>\t<div class=\"portfolio-categories\"><a href=\"https:\/\/eregistar.capljina.ba\/en\/kategorija\/administrativni-postupci\/\">Administrativni postupci<\/a>, <a href=\"https:\/\/eregistar.capljina.ba\/en\/kategorija\/opca-uprava-i-zajednicki-poslovi\/\">Op\u0107a uprava i zajedni\u010dki poslovi<\/a>, <a href=\"https:\/\/eregistar.capljina.ba\/en\/kategorija\/sluzba-opce-uprave\/\">Slu\u017eba op\u0107e uprave<\/a><\/div>\r\n<p class=\"the-excerpt\"><\/p>        <\/div>\r\n    <\/div>\r\n<\/article>\r\n\r\n\r\n\r\n\r\n\r\n\r\n<article id=\"7609\" class=\"mk-portfolio-item mk-portfolio-classic-item one-column administrativni-postupci opca-uprava-i-zajednicki-poslovi sluzba-opce-uprave\">\r\n    <div class=\"item-holder\">\r\n                <div class=\"featured-image js-taphover\">\r\n            <img loading=\"lazy\" decoding=\"async\" alt=\"02.28.   Uvjerenje o slobodnom bra\u010dnom stanju\" title=\"02.28.   Uvjerenje o slobodnom bra\u010dnom stanju\" src=\"https:\/\/eregistar.capljina.ba\/wp-content\/uploads\/bfi_thumb\/dummy-transparent-mtvazs4x65493jg37cimuev6o5yvclm1zauc1wmtvq.png\" data-mk-image-src-set='{\"default\":\"https:\\\/\\\/eregistar.capljina.ba\\\/wp-content\\\/uploads\\\/bfi_thumb\\\/banner-op-1n-nq7hc01lfqjktlm84xuqnf58hmjm9vdh12syqpf4cm.jpg\",\"2x\":\"\",\"mobile\":\"https:\\\/\\\/eregistar.capljina.ba\\\/wp-content\\\/uploads\\\/bfi_thumb\\\/banner-op-1n-3106csy62elcilrx5uiy5rert88s3prdwyaawihqo6zqf6la4.jpg\"}' width=\"770\" height=\"7\"  \/>\r\n            <div class=\"image-hover-overlay\"><\/div>\r\n            \r\n<a class=\"hover-icon from-left project-load\" target=\"_self\" href=\"https:\/\/eregistar.capljina.ba\/en\/registar\/02-28-uvjerenje-o-slobodnom-bracnom-stanju\/\" data-post-id=\"7609\"><svg  class=\"mk-svg-icon\" data-name=\"mk-jupiter-icon-arrow-circle\" data-cacheid=\"icon-69f22fdce63a7\" xmlns=\"http:\/\/www.w3.org\/2000\/svg\" viewbox=\"0 0 512 512\"><path d=\"M240 24c115.2 0 209.6 94.4 209.6 209.6s-94.4 209.6-209.6 209.6-209.6-94.4-209.6-209.6 94.4-209.6 209.6-209.6zm0-30.4c-132.8 0-240 107.2-240 240s107.2 240 240 240 240-107.2 240-240-107.2-240-240-240zm16 336c-4.8 0-8-1.6-11.2-4.8-6.4-6.4-6.4-16 0-22.4l68.8-68.8-68.8-68.8c-6.4-6.4-6.4-16 0-22.4s16-6.4 22.4 0l80 80c6.4 6.4 6.4 16 0 22.4l-80 80c-3.2 3.2-8 4.8-11.2 4.8zm80-80h-192c-9.6 0-16-6.4-16-16s6.4-16 16-16h192c9.6 0 16 6.4 16 16s-8 16-16 16z\"\/><\/svg><\/a>        <\/div>\r\n        <div class=\"portfolio-meta-wrapper\">\r\n            <h3 class=\"the-title\"><a target=\"_self\" href=\"https:\/\/eregistar.capljina.ba\/en\/registar\/02-28-uvjerenje-o-slobodnom-bracnom-stanju\/\">02.28.   Uvjerenje o slobodnom bra\u010dnom stanju<\/a><\/h3><div class=\"clearboth\"><\/div>\t<div class=\"portfolio-categories\"><a href=\"https:\/\/eregistar.capljina.ba\/en\/kategorija\/administrativni-postupci\/\">Administrativni postupci<\/a>, <a href=\"https:\/\/eregistar.capljina.ba\/en\/kategorija\/opca-uprava-i-zajednicki-poslovi\/\">Op\u0107a uprava i zajedni\u010dki poslovi<\/a>, <a href=\"https:\/\/eregistar.capljina.ba\/en\/kategorija\/sluzba-opce-uprave\/\">Slu\u017eba op\u0107e uprave<\/a><\/div>\r\n<p class=\"the-excerpt\"><\/p>        <\/div>\r\n    <\/div>\r\n<\/article>\r\n\r\n\r\n\r\n\r\n\r\n\r\n<article id=\"7607\" class=\"mk-portfolio-item mk-portfolio-classic-item one-column administrativni-postupci razvoj-obrt-poduzetnistvo sluzba-gospodarstva\">\r\n    <div class=\"item-holder\">\r\n                <div class=\"featured-image js-taphover\">\r\n            <img loading=\"lazy\" decoding=\"async\" alt=\"03.01.   Obavljanje obrta (osnovno ili dopunsko zanimanje ili zajedni\u010dki obrt)\" title=\"03.01.   Obavljanje obrta (osnovno ili dopunsko zanimanje ili zajedni\u010dki obrt)\" src=\"https:\/\/eregistar.capljina.ba\/wp-content\/uploads\/bfi_thumb\/dummy-transparent-mtvazs4x65493jg37cimuev6o5yvclm1zauc1wmtvq.png\" data-mk-image-src-set='{\"default\":\"https:\\\/\\\/eregistar.capljina.ba\\\/wp-content\\\/uploads\\\/bfi_thumb\\\/banner-op-1n-nq7hc01lfqjktlm84xuqnf58hmjm9vdh12syqpf4cm.jpg\",\"2x\":\"\",\"mobile\":\"https:\\\/\\\/eregistar.capljina.ba\\\/wp-content\\\/uploads\\\/bfi_thumb\\\/banner-op-1n-3106csy62elcilrx5uiy5rert88s3prdwyaawihqo6zqf6la4.jpg\"}' width=\"770\" height=\"7\"  \/>\r\n            <div class=\"image-hover-overlay\"><\/div>\r\n            \r\n<a class=\"hover-icon from-left project-load\" target=\"_self\" href=\"https:\/\/eregistar.capljina.ba\/en\/registar\/03-01-obavljanje-obrta-osnovno-ili-dopunsko-zanimanje-ili-zajednicki-obrt\/\" data-post-id=\"7607\"><svg  class=\"mk-svg-icon\" data-name=\"mk-jupiter-icon-arrow-circle\" data-cacheid=\"icon-69f22fdce732a\" xmlns=\"http:\/\/www.w3.org\/2000\/svg\" viewbox=\"0 0 512 512\"><path d=\"M240 24c115.2 0 209.6 94.4 209.6 209.6s-94.4 209.6-209.6 209.6-209.6-94.4-209.6-209.6 94.4-209.6 209.6-209.6zm0-30.4c-132.8 0-240 107.2-240 240s107.2 240 240 240 240-107.2 240-240-107.2-240-240-240zm16 336c-4.8 0-8-1.6-11.2-4.8-6.4-6.4-6.4-16 0-22.4l68.8-68.8-68.8-68.8c-6.4-6.4-6.4-16 0-22.4s16-6.4 22.4 0l80 80c6.4 6.4 6.4 16 0 22.4l-80 80c-3.2 3.2-8 4.8-11.2 4.8zm80-80h-192c-9.6 0-16-6.4-16-16s6.4-16 16-16h192c9.6 0 16 6.4 16 16s-8 16-16 16z\"\/><\/svg><\/a>        <\/div>\r\n        <div class=\"portfolio-meta-wrapper\">\r\n            <h3 class=\"the-title\"><a target=\"_self\" href=\"https:\/\/eregistar.capljina.ba\/en\/registar\/03-01-obavljanje-obrta-osnovno-ili-dopunsko-zanimanje-ili-zajednicki-obrt\/\">03.01.   Obavljanje obrta (osnovno ili dopunsko zanimanje ili zajedni\u010dki obrt)<\/a><\/h3><div class=\"clearboth\"><\/div>\t<div class=\"portfolio-categories\"><a href=\"https:\/\/eregistar.capljina.ba\/en\/kategorija\/administrativni-postupci\/\">Administrativni postupci<\/a>, <a href=\"https:\/\/eregistar.capljina.ba\/en\/kategorija\/razvoj-obrt-poduzetnistvo\/\">Razvoj, obrt (poduzetni\u0161tvo)<\/a>, <a href=\"https:\/\/eregistar.capljina.ba\/en\/kategorija\/sluzba-gospodarstva\/\">Slu\u017eba gospodarstva<\/a><\/div>\r\n<p class=\"the-excerpt\"><\/p>        <\/div>\r\n    <\/div>\r\n<\/article>\r\n\r\n\r\n\r\n\r\n\r\n\r\n<article id=\"7605\" class=\"mk-portfolio-item mk-portfolio-classic-item one-column administrativni-postupci razvoj-obrt-poduzetnistvo sluzba-gospodarstva\">\r\n    <div class=\"item-holder\">\r\n                <div class=\"featured-image js-taphover\">\r\n            <img loading=\"lazy\" decoding=\"async\" alt=\"03.02.   Obavljanje obrta (dodatno zanimanje ili u izdvojenom prostoru putem zaposlenika)\" title=\"03.02.   Obavljanje obrta (dodatno zanimanje ili u izdvojenom prostoru putem zaposlenika)\" src=\"https:\/\/eregistar.capljina.ba\/wp-content\/uploads\/bfi_thumb\/dummy-transparent-mtvazs4x65493jg37cimuev6o5yvclm1zauc1wmtvq.png\" data-mk-image-src-set='{\"default\":\"https:\\\/\\\/eregistar.capljina.ba\\\/wp-content\\\/uploads\\\/bfi_thumb\\\/banner-op-1n-nq7hc01lfqjktlm84xuqnf58hmjm9vdh12syqpf4cm.jpg\",\"2x\":\"\",\"mobile\":\"https:\\\/\\\/eregistar.capljina.ba\\\/wp-content\\\/uploads\\\/bfi_thumb\\\/banner-op-1n-3106csy62elcilrx5uiy5rert88s3prdwyaawihqo6zqf6la4.jpg\"}' width=\"770\" height=\"7\"  \/>\r\n            <div class=\"image-hover-overlay\"><\/div>\r\n            \r\n<a class=\"hover-icon from-left project-load\" target=\"_self\" href=\"https:\/\/eregistar.capljina.ba\/en\/registar\/03-02-obavljanje-obrta-dodatno-zanimanje-ili-u-izdvojenom-prostoru-putem-zaposlenika\/\" data-post-id=\"7605\"><svg  class=\"mk-svg-icon\" data-name=\"mk-jupiter-icon-arrow-circle\" data-cacheid=\"icon-69f22fdce8a44\" xmlns=\"http:\/\/www.w3.org\/2000\/svg\" viewbox=\"0 0 512 512\"><path d=\"M240 24c115.2 0 209.6 94.4 209.6 209.6s-94.4 209.6-209.6 209.6-209.6-94.4-209.6-209.6 94.4-209.6 209.6-209.6zm0-30.4c-132.8 0-240 107.2-240 240s107.2 240 240 240 240-107.2 240-240-107.2-240-240-240zm16 336c-4.8 0-8-1.6-11.2-4.8-6.4-6.4-6.4-16 0-22.4l68.8-68.8-68.8-68.8c-6.4-6.4-6.4-16 0-22.4s16-6.4 22.4 0l80 80c6.4 6.4 6.4 16 0 22.4l-80 80c-3.2 3.2-8 4.8-11.2 4.8zm80-80h-192c-9.6 0-16-6.4-16-16s6.4-16 16-16h192c9.6 0 16 6.4 16 16s-8 16-16 16z\"\/><\/svg><\/a>        <\/div>\r\n        <div class=\"portfolio-meta-wrapper\">\r\n            <h3 class=\"the-title\"><a target=\"_self\" href=\"https:\/\/eregistar.capljina.ba\/en\/registar\/03-02-obavljanje-obrta-dodatno-zanimanje-ili-u-izdvojenom-prostoru-putem-zaposlenika\/\">03.02.   Obavljanje obrta (dodatno zanimanje ili u izdvojenom prostoru putem zaposlenika)<\/a><\/h3><div class=\"clearboth\"><\/div>\t<div class=\"portfolio-categories\"><a href=\"https:\/\/eregistar.capljina.ba\/en\/kategorija\/administrativni-postupci\/\">Administrativni postupci<\/a>, <a href=\"https:\/\/eregistar.capljina.ba\/en\/kategorija\/razvoj-obrt-poduzetnistvo\/\">Razvoj, obrt (poduzetni\u0161tvo)<\/a>, <a href=\"https:\/\/eregistar.capljina.ba\/en\/kategorija\/sluzba-gospodarstva\/\">Slu\u017eba gospodarstva<\/a><\/div>\r\n<p class=\"the-excerpt\"><\/p>        <\/div>\r\n    <\/div>\r\n<\/article>\r\n\r\n\r\n\r\n\r\n\r\n\r\n<article id=\"7603\" class=\"mk-portfolio-item mk-portfolio-classic-item one-column administrativni-postupci razvoj-obrt-poduzetnistvo sluzba-gospodarstva\">\r\n    <div class=\"item-holder\">\r\n                <div class=\"featured-image js-taphover\">\r\n            <img loading=\"lazy\" decoding=\"async\" alt=\"03.03.   Obavljanje obrta (autoprijevoz ili taxi-prijevoz)\" title=\"03.03.   Obavljanje obrta (autoprijevoz ili taxi-prijevoz)\" src=\"https:\/\/eregistar.capljina.ba\/wp-content\/uploads\/bfi_thumb\/dummy-transparent-mtvazs4x65493jg37cimuev6o5yvclm1zauc1wmtvq.png\" data-mk-image-src-set='{\"default\":\"https:\\\/\\\/eregistar.capljina.ba\\\/wp-content\\\/uploads\\\/bfi_thumb\\\/banner-op-1n-nq7hc01lfqjktlm84xuqnf58hmjm9vdh12syqpf4cm.jpg\",\"2x\":\"\",\"mobile\":\"https:\\\/\\\/eregistar.capljina.ba\\\/wp-content\\\/uploads\\\/bfi_thumb\\\/banner-op-1n-3106csy62elcilrx5uiy5rert88s3prdwyaawihqo6zqf6la4.jpg\"}' width=\"770\" height=\"7\"  \/>\r\n            <div class=\"image-hover-overlay\"><\/div>\r\n            \r\n<a class=\"hover-icon from-left project-load\" target=\"_self\" href=\"https:\/\/eregistar.capljina.ba\/en\/registar\/03-03-obavljanje-obrta-autoprijevoz-ili-taxi-prijevoz\/\" data-post-id=\"7603\"><svg  class=\"mk-svg-icon\" data-name=\"mk-jupiter-icon-arrow-circle\" data-cacheid=\"icon-69f22fdce9943\" xmlns=\"http:\/\/www.w3.org\/2000\/svg\" viewbox=\"0 0 512 512\"><path d=\"M240 24c115.2 0 209.6 94.4 209.6 209.6s-94.4 209.6-209.6 209.6-209.6-94.4-209.6-209.6 94.4-209.6 209.6-209.6zm0-30.4c-132.8 0-240 107.2-240 240s107.2 240 240 240 240-107.2 240-240-107.2-240-240-240zm16 336c-4.8 0-8-1.6-11.2-4.8-6.4-6.4-6.4-16 0-22.4l68.8-68.8-68.8-68.8c-6.4-6.4-6.4-16 0-22.4s16-6.4 22.4 0l80 80c6.4 6.4 6.4 16 0 22.4l-80 80c-3.2 3.2-8 4.8-11.2 4.8zm80-80h-192c-9.6 0-16-6.4-16-16s6.4-16 16-16h192c9.6 0 16 6.4 16 16s-8 16-16 16z\"\/><\/svg><\/a>        <\/div>\r\n        <div class=\"portfolio-meta-wrapper\">\r\n            <h3 class=\"the-title\"><a target=\"_self\" href=\"https:\/\/eregistar.capljina.ba\/en\/registar\/03-03-obavljanje-obrta-autoprijevoz-ili-taxi-prijevoz\/\">03.03.   Obavljanje obrta (autoprijevoz ili taxi-prijevoz)<\/a><\/h3><div class=\"clearboth\"><\/div>\t<div class=\"portfolio-categories\"><a href=\"https:\/\/eregistar.capljina.ba\/en\/kategorija\/administrativni-postupci\/\">Administrativni postupci<\/a>, <a href=\"https:\/\/eregistar.capljina.ba\/en\/kategorija\/razvoj-obrt-poduzetnistvo\/\">Razvoj, obrt (poduzetni\u0161tvo)<\/a>, <a href=\"https:\/\/eregistar.capljina.ba\/en\/kategorija\/sluzba-gospodarstva\/\">Slu\u017eba gospodarstva<\/a><\/div>\r\n<p class=\"the-excerpt\"><\/p>        <\/div>\r\n    <\/div>\r\n<\/article>\r\n\r\n\r\n\r\n\r\n\r\n\r\n<article id=\"7601\" class=\"mk-portfolio-item mk-portfolio-classic-item one-column administrativni-postupci razvoj-obrt-poduzetnistvo sluzba-gospodarstva\">\r\n    <div class=\"item-holder\">\r\n                <div class=\"featured-image js-taphover\">\r\n            <img loading=\"lazy\" decoding=\"async\" alt=\"03.04.   Privremena odjava obrta\" title=\"03.04.   Privremena odjava obrta\" src=\"https:\/\/eregistar.capljina.ba\/wp-content\/uploads\/bfi_thumb\/dummy-transparent-mtvazs4x65493jg37cimuev6o5yvclm1zauc1wmtvq.png\" data-mk-image-src-set='{\"default\":\"https:\\\/\\\/eregistar.capljina.ba\\\/wp-content\\\/uploads\\\/bfi_thumb\\\/banner-op-1n-nq7hc01lfqjktlm84xuqnf58hmjm9vdh12syqpf4cm.jpg\",\"2x\":\"\",\"mobile\":\"https:\\\/\\\/eregistar.capljina.ba\\\/wp-content\\\/uploads\\\/bfi_thumb\\\/banner-op-1n-3106csy62elcilrx5uiy5rert88s3prdwyaawihqo6zqf6la4.jpg\"}' width=\"770\" height=\"7\"  \/>\r\n            <div class=\"image-hover-overlay\"><\/div>\r\n            \r\n<a class=\"hover-icon from-left project-load\" target=\"_self\" href=\"https:\/\/eregistar.capljina.ba\/en\/registar\/03-04-privremena-odjava-obrta\/\" data-post-id=\"7601\"><svg  class=\"mk-svg-icon\" data-name=\"mk-jupiter-icon-arrow-circle\" data-cacheid=\"icon-69f22fdcea6f5\" xmlns=\"http:\/\/www.w3.org\/2000\/svg\" viewbox=\"0 0 512 512\"><path d=\"M240 24c115.2 0 209.6 94.4 209.6 209.6s-94.4 209.6-209.6 209.6-209.6-94.4-209.6-209.6 94.4-209.6 209.6-209.6zm0-30.4c-132.8 0-240 107.2-240 240s107.2 240 240 240 240-107.2 240-240-107.2-240-240-240zm16 336c-4.8 0-8-1.6-11.2-4.8-6.4-6.4-6.4-16 0-22.4l68.8-68.8-68.8-68.8c-6.4-6.4-6.4-16 0-22.4s16-6.4 22.4 0l80 80c6.4 6.4 6.4 16 0 22.4l-80 80c-3.2 3.2-8 4.8-11.2 4.8zm80-80h-192c-9.6 0-16-6.4-16-16s6.4-16 16-16h192c9.6 0 16 6.4 16 16s-8 16-16 16z\"\/><\/svg><\/a>        <\/div>\r\n        <div class=\"portfolio-meta-wrapper\">\r\n            <h3 class=\"the-title\"><a target=\"_self\" href=\"https:\/\/eregistar.capljina.ba\/en\/registar\/03-04-privremena-odjava-obrta\/\">03.04.   Privremena odjava obrta<\/a><\/h3><div class=\"clearboth\"><\/div>\t<div class=\"portfolio-categories\"><a href=\"https:\/\/eregistar.capljina.ba\/en\/kategorija\/administrativni-postupci\/\">Administrativni postupci<\/a>, <a href=\"https:\/\/eregistar.capljina.ba\/en\/kategorija\/razvoj-obrt-poduzetnistvo\/\">Razvoj, obrt (poduzetni\u0161tvo)<\/a>, <a href=\"https:\/\/eregistar.capljina.ba\/en\/kategorija\/sluzba-gospodarstva\/\">Slu\u017eba gospodarstva<\/a><\/div>\r\n<p class=\"the-excerpt\"><\/p>        <\/div>\r\n    <\/div>\r\n<\/article>\r\n\r\n\r\n\r\n\r\n\r\n\r\n<article id=\"7599\" class=\"mk-portfolio-item mk-portfolio-classic-item one-column administrativni-postupci razvoj-obrt-poduzetnistvo sluzba-gospodarstva\">\r\n    <div class=\"item-holder\">\r\n                <div class=\"featured-image js-taphover\">\r\n            <img loading=\"lazy\" decoding=\"async\" alt=\"03.05.   Stalna odjava trgova\u010dke, ugostiteljske i obrtni\u010dke djelatnosti\" title=\"03.05.   Stalna odjava trgova\u010dke, ugostiteljske i obrtni\u010dke djelatnosti\" src=\"https:\/\/eregistar.capljina.ba\/wp-content\/uploads\/bfi_thumb\/dummy-transparent-mtvazs4x65493jg37cimuev6o5yvclm1zauc1wmtvq.png\" data-mk-image-src-set='{\"default\":\"https:\\\/\\\/eregistar.capljina.ba\\\/wp-content\\\/uploads\\\/bfi_thumb\\\/banner-op-1n-nq7hc01lfqjktlm84xuqnf58hmjm9vdh12syqpf4cm.jpg\",\"2x\":\"\",\"mobile\":\"https:\\\/\\\/eregistar.capljina.ba\\\/wp-content\\\/uploads\\\/bfi_thumb\\\/banner-op-1n-3106csy62elcilrx5uiy5rert88s3prdwyaawihqo6zqf6la4.jpg\"}' width=\"770\" height=\"7\"  \/>\r\n            <div class=\"image-hover-overlay\"><\/div>\r\n            \r\n<a class=\"hover-icon from-left project-load\" target=\"_self\" href=\"https:\/\/eregistar.capljina.ba\/en\/registar\/03-05-stalna-odjava-trgovacke-ugostiteljske-i-obrtnicke-djelatnosti\/\" data-post-id=\"7599\"><svg  class=\"mk-svg-icon\" data-name=\"mk-jupiter-icon-arrow-circle\" data-cacheid=\"icon-69f22fdceb363\" xmlns=\"http:\/\/www.w3.org\/2000\/svg\" viewbox=\"0 0 512 512\"><path d=\"M240 24c115.2 0 209.6 94.4 209.6 209.6s-94.4 209.6-209.6 209.6-209.6-94.4-209.6-209.6 94.4-209.6 209.6-209.6zm0-30.4c-132.8 0-240 107.2-240 240s107.2 240 240 240 240-107.2 240-240-107.2-240-240-240zm16 336c-4.8 0-8-1.6-11.2-4.8-6.4-6.4-6.4-16 0-22.4l68.8-68.8-68.8-68.8c-6.4-6.4-6.4-16 0-22.4s16-6.4 22.4 0l80 80c6.4 6.4 6.4 16 0 22.4l-80 80c-3.2 3.2-8 4.8-11.2 4.8zm80-80h-192c-9.6 0-16-6.4-16-16s6.4-16 16-16h192c9.6 0 16 6.4 16 16s-8 16-16 16z\"\/><\/svg><\/a>        <\/div>\r\n        <div class=\"portfolio-meta-wrapper\">\r\n            <h3 class=\"the-title\"><a target=\"_self\" href=\"https:\/\/eregistar.capljina.ba\/en\/registar\/03-05-stalna-odjava-trgovacke-ugostiteljske-i-obrtnicke-djelatnosti\/\">03.05.   Stalna odjava trgova\u010dke, ugostiteljske i obrtni\u010dke djelatnosti<\/a><\/h3><div class=\"clearboth\"><\/div>\t<div class=\"portfolio-categories\"><a href=\"https:\/\/eregistar.capljina.ba\/en\/kategorija\/administrativni-postupci\/\">Administrativni postupci<\/a>, <a href=\"https:\/\/eregistar.capljina.ba\/en\/kategorija\/razvoj-obrt-poduzetnistvo\/\">Razvoj, obrt (poduzetni\u0161tvo)<\/a>, <a href=\"https:\/\/eregistar.capljina.ba\/en\/kategorija\/sluzba-gospodarstva\/\">Slu\u017eba gospodarstva<\/a><\/div>\r\n<p class=\"the-excerpt\"><\/p>        <\/div>\r\n    <\/div>\r\n<\/article>\r\n\r\n\r\n\r\n\r\n\r\n\r\n<article id=\"7597\" class=\"mk-portfolio-item mk-portfolio-classic-item one-column administrativni-postupci razvoj-obrt-poduzetnistvo sluzba-gospodarstva\">\r\n    <div class=\"item-holder\">\r\n                <div class=\"featured-image js-taphover\">\r\n            <img loading=\"lazy\" decoding=\"async\" alt=\"03.06.   Promjena poslovnog sjedi\u0161ta radnje\/djelatnosti\" title=\"03.06.   Promjena poslovnog sjedi\u0161ta radnje\/djelatnosti\" src=\"https:\/\/eregistar.capljina.ba\/wp-content\/uploads\/bfi_thumb\/dummy-transparent-mtvazs4x65493jg37cimuev6o5yvclm1zauc1wmtvq.png\" data-mk-image-src-set='{\"default\":\"https:\\\/\\\/eregistar.capljina.ba\\\/wp-content\\\/uploads\\\/bfi_thumb\\\/banner-op-1n-nq7hc01lfqjktlm84xuqnf58hmjm9vdh12syqpf4cm.jpg\",\"2x\":\"\",\"mobile\":\"https:\\\/\\\/eregistar.capljina.ba\\\/wp-content\\\/uploads\\\/bfi_thumb\\\/banner-op-1n-3106csy62elcilrx5uiy5rert88s3prdwyaawihqo6zqf6la4.jpg\"}' width=\"770\" height=\"7\"  \/>\r\n            <div class=\"image-hover-overlay\"><\/div>\r\n            \r\n<a class=\"hover-icon from-left project-load\" target=\"_self\" href=\"https:\/\/eregistar.capljina.ba\/en\/registar\/03-06-promjena-poslovnog-sjedista-radnje-djelatnosti\/\" data-post-id=\"7597\"><svg  class=\"mk-svg-icon\" data-name=\"mk-jupiter-icon-arrow-circle\" data-cacheid=\"icon-69f22fdcebfad\" xmlns=\"http:\/\/www.w3.org\/2000\/svg\" viewbox=\"0 0 512 512\"><path d=\"M240 24c115.2 0 209.6 94.4 209.6 209.6s-94.4 209.6-209.6 209.6-209.6-94.4-209.6-209.6 94.4-209.6 209.6-209.6zm0-30.4c-132.8 0-240 107.2-240 240s107.2 240 240 240 240-107.2 240-240-107.2-240-240-240zm16 336c-4.8 0-8-1.6-11.2-4.8-6.4-6.4-6.4-16 0-22.4l68.8-68.8-68.8-68.8c-6.4-6.4-6.4-16 0-22.4s16-6.4 22.4 0l80 80c6.4 6.4 6.4 16 0 22.4l-80 80c-3.2 3.2-8 4.8-11.2 4.8zm80-80h-192c-9.6 0-16-6.4-16-16s6.4-16 16-16h192c9.6 0 16 6.4 16 16s-8 16-16 16z\"\/><\/svg><\/a>        <\/div>\r\n        <div class=\"portfolio-meta-wrapper\">\r\n            <h3 class=\"the-title\"><a target=\"_self\" href=\"https:\/\/eregistar.capljina.ba\/en\/registar\/03-06-promjena-poslovnog-sjedista-radnje-djelatnosti\/\">03.06.   Promjena poslovnog sjedi\u0161ta radnje\/djelatnosti<\/a><\/h3><div class=\"clearboth\"><\/div>\t<div class=\"portfolio-categories\"><a href=\"https:\/\/eregistar.capljina.ba\/en\/kategorija\/administrativni-postupci\/\">Administrativni postupci<\/a>, <a href=\"https:\/\/eregistar.capljina.ba\/en\/kategorija\/razvoj-obrt-poduzetnistvo\/\">Razvoj, obrt (poduzetni\u0161tvo)<\/a>, <a href=\"https:\/\/eregistar.capljina.ba\/en\/kategorija\/sluzba-gospodarstva\/\">Slu\u017eba gospodarstva<\/a><\/div>\r\n<p class=\"the-excerpt\"><\/p>        <\/div>\r\n    <\/div>\r\n<\/article>\r\n\r\n\r\n\r\n\r\n\r\n\r\n<article id=\"7595\" class=\"mk-portfolio-item mk-portfolio-classic-item one-column administrativni-postupci razvoj-obrt-poduzetnistvo sluzba-gospodarstva\">\r\n    <div class=\"item-holder\">\r\n                <div class=\"featured-image js-taphover\">\r\n            <img loading=\"lazy\" decoding=\"async\" alt=\"03.07.   Osnivanje trgova\u010dke radnje\" title=\"03.07.   Osnivanje trgova\u010dke radnje\" src=\"https:\/\/eregistar.capljina.ba\/wp-content\/uploads\/bfi_thumb\/dummy-transparent-mtvazs4x65493jg37cimuev6o5yvclm1zauc1wmtvq.png\" data-mk-image-src-set='{\"default\":\"https:\\\/\\\/eregistar.capljina.ba\\\/wp-content\\\/uploads\\\/bfi_thumb\\\/banner-op-1n-nq7hc01lfqjktlm84xuqnf58hmjm9vdh12syqpf4cm.jpg\",\"2x\":\"\",\"mobile\":\"https:\\\/\\\/eregistar.capljina.ba\\\/wp-content\\\/uploads\\\/bfi_thumb\\\/banner-op-1n-3106csy62elcilrx5uiy5rert88s3prdwyaawihqo6zqf6la4.jpg\"}' width=\"770\" height=\"7\"  \/>\r\n            <div class=\"image-hover-overlay\"><\/div>\r\n            \r\n<a class=\"hover-icon from-left project-load\" target=\"_self\" href=\"https:\/\/eregistar.capljina.ba\/en\/registar\/03-07-osnivanje-trgovacke-radnje\/\" data-post-id=\"7595\"><svg  class=\"mk-svg-icon\" data-name=\"mk-jupiter-icon-arrow-circle\" data-cacheid=\"icon-69f22fdcecc7d\" xmlns=\"http:\/\/www.w3.org\/2000\/svg\" viewbox=\"0 0 512 512\"><path d=\"M240 24c115.2 0 209.6 94.4 209.6 209.6s-94.4 209.6-209.6 209.6-209.6-94.4-209.6-209.6 94.4-209.6 209.6-209.6zm0-30.4c-132.8 0-240 107.2-240 240s107.2 240 240 240 240-107.2 240-240-107.2-240-240-240zm16 336c-4.8 0-8-1.6-11.2-4.8-6.4-6.4-6.4-16 0-22.4l68.8-68.8-68.8-68.8c-6.4-6.4-6.4-16 0-22.4s16-6.4 22.4 0l80 80c6.4 6.4 6.4 16 0 22.4l-80 80c-3.2 3.2-8 4.8-11.2 4.8zm80-80h-192c-9.6 0-16-6.4-16-16s6.4-16 16-16h192c9.6 0 16 6.4 16 16s-8 16-16 16z\"\/><\/svg><\/a>        <\/div>\r\n        <div class=\"portfolio-meta-wrapper\">\r\n            <h3 class=\"the-title\"><a target=\"_self\" href=\"https:\/\/eregistar.capljina.ba\/en\/registar\/03-07-osnivanje-trgovacke-radnje\/\">03.07.   Osnivanje trgova\u010dke radnje<\/a><\/h3><div class=\"clearboth\"><\/div>\t<div class=\"portfolio-categories\"><a href=\"https:\/\/eregistar.capljina.ba\/en\/kategorija\/administrativni-postupci\/\">Administrativni postupci<\/a>, <a href=\"https:\/\/eregistar.capljina.ba\/en\/kategorija\/razvoj-obrt-poduzetnistvo\/\">Razvoj, obrt (poduzetni\u0161tvo)<\/a>, <a href=\"https:\/\/eregistar.capljina.ba\/en\/kategorija\/sluzba-gospodarstva\/\">Slu\u017eba gospodarstva<\/a><\/div>\r\n<p class=\"the-excerpt\"><\/p>        <\/div>\r\n    <\/div>\r\n<\/article>\r\n\r\n\r\n\r\n\r\n\r\n\r\n<article id=\"7593\" class=\"mk-portfolio-item mk-portfolio-classic-item one-column administrativni-postupci razvoj-obrt-poduzetnistvo sluzba-gospodarstva\">\r\n    <div class=\"item-holder\">\r\n                <div class=\"featured-image js-taphover\">\r\n            <img loading=\"lazy\" decoding=\"async\" alt=\"03.08.   Obavljanje trgovine na malo osobnim radom izvan prodavaonice &#8211; trgovac pojedinac\" title=\"03.08.   Obavljanje trgovine na malo osobnim radom izvan prodavaonice &#8211; trgovac pojedinac\" src=\"https:\/\/eregistar.capljina.ba\/wp-content\/uploads\/bfi_thumb\/dummy-transparent-mtvazs4x65493jg37cimuev6o5yvclm1zauc1wmtvq.png\" data-mk-image-src-set='{\"default\":\"https:\\\/\\\/eregistar.capljina.ba\\\/wp-content\\\/uploads\\\/bfi_thumb\\\/banner-op-1n-nq7hc01lfqjktlm84xuqnf58hmjm9vdh12syqpf4cm.jpg\",\"2x\":\"\",\"mobile\":\"https:\\\/\\\/eregistar.capljina.ba\\\/wp-content\\\/uploads\\\/bfi_thumb\\\/banner-op-1n-3106csy62elcilrx5uiy5rert88s3prdwyaawihqo6zqf6la4.jpg\"}' width=\"770\" height=\"7\"  \/>\r\n            <div class=\"image-hover-overlay\"><\/div>\r\n            \r\n<a class=\"hover-icon from-left project-load\" target=\"_self\" href=\"https:\/\/eregistar.capljina.ba\/en\/registar\/03-08-obavljanje-trgovine-na-malo-osobnim-radom-izvan-prodavaonice-trgovac-pojedinac\/\" data-post-id=\"7593\"><svg  class=\"mk-svg-icon\" data-name=\"mk-jupiter-icon-arrow-circle\" data-cacheid=\"icon-69f22fdceda23\" xmlns=\"http:\/\/www.w3.org\/2000\/svg\" viewbox=\"0 0 512 512\"><path d=\"M240 24c115.2 0 209.6 94.4 209.6 209.6s-94.4 209.6-209.6 209.6-209.6-94.4-209.6-209.6 94.4-209.6 209.6-209.6zm0-30.4c-132.8 0-240 107.2-240 240s107.2 240 240 240 240-107.2 240-240-107.2-240-240-240zm16 336c-4.8 0-8-1.6-11.2-4.8-6.4-6.4-6.4-16 0-22.4l68.8-68.8-68.8-68.8c-6.4-6.4-6.4-16 0-22.4s16-6.4 22.4 0l80 80c6.4 6.4 6.4 16 0 22.4l-80 80c-3.2 3.2-8 4.8-11.2 4.8zm80-80h-192c-9.6 0-16-6.4-16-16s6.4-16 16-16h192c9.6 0 16 6.4 16 16s-8 16-16 16z\"\/><\/svg><\/a>        <\/div>\r\n        <div class=\"portfolio-meta-wrapper\">\r\n            <h3 class=\"the-title\"><a target=\"_self\" href=\"https:\/\/eregistar.capljina.ba\/en\/registar\/03-08-obavljanje-trgovine-na-malo-osobnim-radom-izvan-prodavaonice-trgovac-pojedinac\/\">03.08.   Obavljanje trgovine na malo osobnim radom izvan prodavaonice &#8211; trgovac pojedinac<\/a><\/h3><div class=\"clearboth\"><\/div>\t<div class=\"portfolio-categories\"><a href=\"https:\/\/eregistar.capljina.ba\/en\/kategorija\/administrativni-postupci\/\">Administrativni postupci<\/a>, <a href=\"https:\/\/eregistar.capljina.ba\/en\/kategorija\/razvoj-obrt-poduzetnistvo\/\">Razvoj, obrt (poduzetni\u0161tvo)<\/a>, <a href=\"https:\/\/eregistar.capljina.ba\/en\/kategorija\/sluzba-gospodarstva\/\">Slu\u017eba gospodarstva<\/a><\/div>\r\n<p class=\"the-excerpt\"><\/p>        <\/div>\r\n    <\/div>\r\n<\/article>\r\n\r\n\r\n\r\n\r\n\r\n\r\n<article id=\"7591\" class=\"mk-portfolio-item mk-portfolio-classic-item one-column administrativni-postupci razvoj-obrt-poduzetnistvo sluzba-gospodarstva\">\r\n    <div class=\"item-holder\">\r\n                <div class=\"featured-image js-taphover\">\r\n            <img loading=\"lazy\" decoding=\"async\" alt=\"03.09.   Izmjena rje\u0161enja\" title=\"03.09.   Izmjena rje\u0161enja\" src=\"https:\/\/eregistar.capljina.ba\/wp-content\/uploads\/bfi_thumb\/dummy-transparent-mtvazs4x65493jg37cimuev6o5yvclm1zauc1wmtvq.png\" data-mk-image-src-set='{\"default\":\"https:\\\/\\\/eregistar.capljina.ba\\\/wp-content\\\/uploads\\\/bfi_thumb\\\/banner-op-1n-nq7hc01lfqjktlm84xuqnf58hmjm9vdh12syqpf4cm.jpg\",\"2x\":\"\",\"mobile\":\"https:\\\/\\\/eregistar.capljina.ba\\\/wp-content\\\/uploads\\\/bfi_thumb\\\/banner-op-1n-3106csy62elcilrx5uiy5rert88s3prdwyaawihqo6zqf6la4.jpg\"}' width=\"770\" height=\"7\"  \/>\r\n            <div class=\"image-hover-overlay\"><\/div>\r\n            \r\n<a class=\"hover-icon from-left project-load\" target=\"_self\" href=\"https:\/\/eregistar.capljina.ba\/en\/registar\/03-09-izmjena-rjesenja\/\" data-post-id=\"7591\"><svg  class=\"mk-svg-icon\" data-name=\"mk-jupiter-icon-arrow-circle\" data-cacheid=\"icon-69f22fdcee7b2\" xmlns=\"http:\/\/www.w3.org\/2000\/svg\" viewbox=\"0 0 512 512\"><path d=\"M240 24c115.2 0 209.6 94.4 209.6 209.6s-94.4 209.6-209.6 209.6-209.6-94.4-209.6-209.6 94.4-209.6 209.6-209.6zm0-30.4c-132.8 0-240 107.2-240 240s107.2 240 240 240 240-107.2 240-240-107.2-240-240-240zm16 336c-4.8 0-8-1.6-11.2-4.8-6.4-6.4-6.4-16 0-22.4l68.8-68.8-68.8-68.8c-6.4-6.4-6.4-16 0-22.4s16-6.4 22.4 0l80 80c6.4 6.4 6.4 16 0 22.4l-80 80c-3.2 3.2-8 4.8-11.2 4.8zm80-80h-192c-9.6 0-16-6.4-16-16s6.4-16 16-16h192c9.6 0 16 6.4 16 16s-8 16-16 16z\"\/><\/svg><\/a>        <\/div>\r\n        <div class=\"portfolio-meta-wrapper\">\r\n            <h3 class=\"the-title\"><a target=\"_self\" href=\"https:\/\/eregistar.capljina.ba\/en\/registar\/03-09-izmjena-rjesenja\/\">03.09.   Izmjena rje\u0161enja<\/a><\/h3><div class=\"clearboth\"><\/div>\t<div class=\"portfolio-categories\"><a href=\"https:\/\/eregistar.capljina.ba\/en\/kategorija\/administrativni-postupci\/\">Administrativni postupci<\/a>, <a href=\"https:\/\/eregistar.capljina.ba\/en\/kategorija\/razvoj-obrt-poduzetnistvo\/\">Razvoj, obrt (poduzetni\u0161tvo)<\/a>, <a href=\"https:\/\/eregistar.capljina.ba\/en\/kategorija\/sluzba-gospodarstva\/\">Slu\u017eba gospodarstva<\/a><\/div>\r\n<p class=\"the-excerpt\"><\/p>        <\/div>\r\n    <\/div>\r\n<\/article>\r\n\r\n\r\n\r\n\r\n\r\n\r\n<article id=\"7589\" class=\"mk-portfolio-item mk-portfolio-classic-item one-column administrativni-postupci razvoj-obrt-poduzetnistvo sluzba-gospodarstva\">\r\n    <div class=\"item-holder\">\r\n                <div class=\"featured-image js-taphover\">\r\n            <img loading=\"lazy\" decoding=\"async\" alt=\"03.10.   Osnivanje ugostiteljske radnje\" title=\"03.10.   Osnivanje ugostiteljske radnje\" src=\"https:\/\/eregistar.capljina.ba\/wp-content\/uploads\/bfi_thumb\/dummy-transparent-mtvazs4x65493jg37cimuev6o5yvclm1zauc1wmtvq.png\" data-mk-image-src-set='{\"default\":\"https:\\\/\\\/eregistar.capljina.ba\\\/wp-content\\\/uploads\\\/bfi_thumb\\\/banner-op-1n-nq7hc01lfqjktlm84xuqnf58hmjm9vdh12syqpf4cm.jpg\",\"2x\":\"\",\"mobile\":\"https:\\\/\\\/eregistar.capljina.ba\\\/wp-content\\\/uploads\\\/bfi_thumb\\\/banner-op-1n-3106csy62elcilrx5uiy5rert88s3prdwyaawihqo6zqf6la4.jpg\"}' width=\"770\" height=\"7\"  \/>\r\n            <div class=\"image-hover-overlay\"><\/div>\r\n            \r\n<a class=\"hover-icon from-left project-load\" target=\"_self\" href=\"https:\/\/eregistar.capljina.ba\/en\/registar\/03-10-osnivanje-ugostiteljske-radnje\/\" data-post-id=\"7589\"><svg  class=\"mk-svg-icon\" data-name=\"mk-jupiter-icon-arrow-circle\" data-cacheid=\"icon-69f22fdcef536\" xmlns=\"http:\/\/www.w3.org\/2000\/svg\" viewbox=\"0 0 512 512\"><path d=\"M240 24c115.2 0 209.6 94.4 209.6 209.6s-94.4 209.6-209.6 209.6-209.6-94.4-209.6-209.6 94.4-209.6 209.6-209.6zm0-30.4c-132.8 0-240 107.2-240 240s107.2 240 240 240 240-107.2 240-240-107.2-240-240-240zm16 336c-4.8 0-8-1.6-11.2-4.8-6.4-6.4-6.4-16 0-22.4l68.8-68.8-68.8-68.8c-6.4-6.4-6.4-16 0-22.4s16-6.4 22.4 0l80 80c6.4 6.4 6.4 16 0 22.4l-80 80c-3.2 3.2-8 4.8-11.2 4.8zm80-80h-192c-9.6 0-16-6.4-16-16s6.4-16 16-16h192c9.6 0 16 6.4 16 16s-8 16-16 16z\"\/><\/svg><\/a>        <\/div>\r\n        <div class=\"portfolio-meta-wrapper\">\r\n            <h3 class=\"the-title\"><a target=\"_self\" href=\"https:\/\/eregistar.capljina.ba\/en\/registar\/03-10-osnivanje-ugostiteljske-radnje\/\">03.10.   Osnivanje ugostiteljske radnje<\/a><\/h3><div class=\"clearboth\"><\/div>\t<div class=\"portfolio-categories\"><a href=\"https:\/\/eregistar.capljina.ba\/en\/kategorija\/administrativni-postupci\/\">Administrativni postupci<\/a>, <a href=\"https:\/\/eregistar.capljina.ba\/en\/kategorija\/razvoj-obrt-poduzetnistvo\/\">Razvoj, obrt (poduzetni\u0161tvo)<\/a>, <a href=\"https:\/\/eregistar.capljina.ba\/en\/kategorija\/sluzba-gospodarstva\/\">Slu\u017eba gospodarstva<\/a><\/div>\r\n<p class=\"the-excerpt\"><\/p>        <\/div>\r\n    <\/div>\r\n<\/article>\r\n\r\n\r\n\r\n\r\n\r\n\r\n<article id=\"7587\" class=\"mk-portfolio-item mk-portfolio-classic-item one-column administrativni-postupci razvoj-obrt-poduzetnistvo sluzba-gospodarstva\">\r\n    <div class=\"item-holder\">\r\n                <div class=\"featured-image js-taphover\">\r\n            <img loading=\"lazy\" decoding=\"async\" alt=\"03.11.   Rje\u0161enje o minimalnoj tehni\u010dkoj opremljenosti poslovnog prostora\" title=\"03.11.   Rje\u0161enje o minimalnoj tehni\u010dkoj opremljenosti poslovnog prostora\" src=\"https:\/\/eregistar.capljina.ba\/wp-content\/uploads\/bfi_thumb\/dummy-transparent-mtvazs4x65493jg37cimuev6o5yvclm1zauc1wmtvq.png\" data-mk-image-src-set='{\"default\":\"https:\\\/\\\/eregistar.capljina.ba\\\/wp-content\\\/uploads\\\/bfi_thumb\\\/banner-op-1n-nq7hc01lfqjktlm84xuqnf58hmjm9vdh12syqpf4cm.jpg\",\"2x\":\"\",\"mobile\":\"https:\\\/\\\/eregistar.capljina.ba\\\/wp-content\\\/uploads\\\/bfi_thumb\\\/banner-op-1n-3106csy62elcilrx5uiy5rert88s3prdwyaawihqo6zqf6la4.jpg\"}' width=\"770\" height=\"7\"  \/>\r\n            <div class=\"image-hover-overlay\"><\/div>\r\n            \r\n<a class=\"hover-icon from-left project-load\" target=\"_self\" href=\"https:\/\/eregistar.capljina.ba\/en\/registar\/03-11-rjesenje-o-minimalnoj-tehnickoj-opremljenosti-poslovnog-prostora\/\" data-post-id=\"7587\"><svg  class=\"mk-svg-icon\" data-name=\"mk-jupiter-icon-arrow-circle\" data-cacheid=\"icon-69f22fdcf0359\" xmlns=\"http:\/\/www.w3.org\/2000\/svg\" viewbox=\"0 0 512 512\"><path d=\"M240 24c115.2 0 209.6 94.4 209.6 209.6s-94.4 209.6-209.6 209.6-209.6-94.4-209.6-209.6 94.4-209.6 209.6-209.6zm0-30.4c-132.8 0-240 107.2-240 240s107.2 240 240 240 240-107.2 240-240-107.2-240-240-240zm16 336c-4.8 0-8-1.6-11.2-4.8-6.4-6.4-6.4-16 0-22.4l68.8-68.8-68.8-68.8c-6.4-6.4-6.4-16 0-22.4s16-6.4 22.4 0l80 80c6.4 6.4 6.4 16 0 22.4l-80 80c-3.2 3.2-8 4.8-11.2 4.8zm80-80h-192c-9.6 0-16-6.4-16-16s6.4-16 16-16h192c9.6 0 16 6.4 16 16s-8 16-16 16z\"\/><\/svg><\/a>        <\/div>\r\n        <div class=\"portfolio-meta-wrapper\">\r\n            <h3 class=\"the-title\"><a target=\"_self\" href=\"https:\/\/eregistar.capljina.ba\/en\/registar\/03-11-rjesenje-o-minimalnoj-tehnickoj-opremljenosti-poslovnog-prostora\/\">03.11.   Rje\u0161enje o minimalnoj tehni\u010dkoj opremljenosti poslovnog prostora<\/a><\/h3><div class=\"clearboth\"><\/div>\t<div class=\"portfolio-categories\"><a href=\"https:\/\/eregistar.capljina.ba\/en\/kategorija\/administrativni-postupci\/\">Administrativni postupci<\/a>, <a href=\"https:\/\/eregistar.capljina.ba\/en\/kategorija\/razvoj-obrt-poduzetnistvo\/\">Razvoj, obrt (poduzetni\u0161tvo)<\/a>, <a href=\"https:\/\/eregistar.capljina.ba\/en\/kategorija\/sluzba-gospodarstva\/\">Slu\u017eba gospodarstva<\/a><\/div>\r\n<p class=\"the-excerpt\"><\/p>        <\/div>\r\n    <\/div>\r\n<\/article>\r\n\r\n\r\n\r\n\r\n\r\n\r\n<article id=\"7585\" class=\"mk-portfolio-item mk-portfolio-classic-item one-column administrativni-postupci razvoj-obrt-poduzetnistvo sluzba-gospodarstva\">\r\n    <div class=\"item-holder\">\r\n                <div class=\"featured-image js-taphover\">\r\n            <img loading=\"lazy\" decoding=\"async\" alt=\"03.12.   Odobravanje pru\u017eanja ugostiteljskih usluga gra\u0111ana (u ku\u0107anstvu, seoskom ku\u0107anstvu)\" title=\"03.12.   Odobravanje pru\u017eanja ugostiteljskih usluga gra\u0111ana (u ku\u0107anstvu, seoskom ku\u0107anstvu)\" src=\"https:\/\/eregistar.capljina.ba\/wp-content\/uploads\/bfi_thumb\/dummy-transparent-mtvazs4x65493jg37cimuev6o5yvclm1zauc1wmtvq.png\" data-mk-image-src-set='{\"default\":\"https:\\\/\\\/eregistar.capljina.ba\\\/wp-content\\\/uploads\\\/bfi_thumb\\\/banner-op-1n-nq7hc01lfqjktlm84xuqnf58hmjm9vdh12syqpf4cm.jpg\",\"2x\":\"\",\"mobile\":\"https:\\\/\\\/eregistar.capljina.ba\\\/wp-content\\\/uploads\\\/bfi_thumb\\\/banner-op-1n-3106csy62elcilrx5uiy5rert88s3prdwyaawihqo6zqf6la4.jpg\"}' width=\"770\" height=\"7\"  \/>\r\n            <div class=\"image-hover-overlay\"><\/div>\r\n            \r\n<a class=\"hover-icon from-left project-load\" target=\"_self\" href=\"https:\/\/eregistar.capljina.ba\/en\/registar\/03-12-odobravanje-pruzanja-ugostiteljskih-usluga-gradana-u-kucanstvu-seoskom-kucanstvu\/\" data-post-id=\"7585\"><svg  class=\"mk-svg-icon\" data-name=\"mk-jupiter-icon-arrow-circle\" data-cacheid=\"icon-69f22fdcf108e\" xmlns=\"http:\/\/www.w3.org\/2000\/svg\" viewbox=\"0 0 512 512\"><path d=\"M240 24c115.2 0 209.6 94.4 209.6 209.6s-94.4 209.6-209.6 209.6-209.6-94.4-209.6-209.6 94.4-209.6 209.6-209.6zm0-30.4c-132.8 0-240 107.2-240 240s107.2 240 240 240 240-107.2 240-240-107.2-240-240-240zm16 336c-4.8 0-8-1.6-11.2-4.8-6.4-6.4-6.4-16 0-22.4l68.8-68.8-68.8-68.8c-6.4-6.4-6.4-16 0-22.4s16-6.4 22.4 0l80 80c6.4 6.4 6.4 16 0 22.4l-80 80c-3.2 3.2-8 4.8-11.2 4.8zm80-80h-192c-9.6 0-16-6.4-16-16s6.4-16 16-16h192c9.6 0 16 6.4 16 16s-8 16-16 16z\"\/><\/svg><\/a>        <\/div>\r\n        <div class=\"portfolio-meta-wrapper\">\r\n            <h3 class=\"the-title\"><a target=\"_self\" href=\"https:\/\/eregistar.capljina.ba\/en\/registar\/03-12-odobravanje-pruzanja-ugostiteljskih-usluga-gradana-u-kucanstvu-seoskom-kucanstvu\/\">03.12.   Odobravanje pru\u017eanja ugostiteljskih usluga gra\u0111ana (u ku\u0107anstvu, seoskom ku\u0107anstvu)<\/a><\/h3><div class=\"clearboth\"><\/div>\t<div class=\"portfolio-categories\"><a href=\"https:\/\/eregistar.capljina.ba\/en\/kategorija\/administrativni-postupci\/\">Administrativni postupci<\/a>, <a href=\"https:\/\/eregistar.capljina.ba\/en\/kategorija\/razvoj-obrt-poduzetnistvo\/\">Razvoj, obrt (poduzetni\u0161tvo)<\/a>, <a href=\"https:\/\/eregistar.capljina.ba\/en\/kategorija\/sluzba-gospodarstva\/\">Slu\u017eba gospodarstva<\/a><\/div>\r\n<p class=\"the-excerpt\"><\/p>        <\/div>\r\n    <\/div>\r\n<\/article>\r\n\r\n\r\n\r\n\r\n\r\n\r\n<article id=\"7583\" class=\"mk-portfolio-item mk-portfolio-classic-item one-column administrativni-postupci razvoj-obrt-poduzetnistvo sluzba-gospodarstva\">\r\n    <div class=\"item-holder\">\r\n                <div class=\"featured-image js-taphover\">\r\n            <img loading=\"lazy\" decoding=\"async\" alt=\"03.13.   Pru\u017eanje usluga turisti\u010dkog vodi\u010da\" title=\"03.13.   Pru\u017eanje usluga turisti\u010dkog vodi\u010da\" src=\"https:\/\/eregistar.capljina.ba\/wp-content\/uploads\/bfi_thumb\/dummy-transparent-mtvazs4x65493jg37cimuev6o5yvclm1zauc1wmtvq.png\" data-mk-image-src-set='{\"default\":\"https:\\\/\\\/eregistar.capljina.ba\\\/wp-content\\\/uploads\\\/bfi_thumb\\\/banner-op-1n-nq7hc01lfqjktlm84xuqnf58hmjm9vdh12syqpf4cm.jpg\",\"2x\":\"\",\"mobile\":\"https:\\\/\\\/eregistar.capljina.ba\\\/wp-content\\\/uploads\\\/bfi_thumb\\\/banner-op-1n-3106csy62elcilrx5uiy5rert88s3prdwyaawihqo6zqf6la4.jpg\"}' width=\"770\" height=\"7\"  \/>\r\n            <div class=\"image-hover-overlay\"><\/div>\r\n            \r\n<a class=\"hover-icon from-left project-load\" target=\"_self\" href=\"https:\/\/eregistar.capljina.ba\/en\/registar\/03-13-pruzanje-usluga-turistickog-vodica\/\" data-post-id=\"7583\"><svg  class=\"mk-svg-icon\" data-name=\"mk-jupiter-icon-arrow-circle\" data-cacheid=\"icon-69f22fdcf1f79\" xmlns=\"http:\/\/www.w3.org\/2000\/svg\" viewbox=\"0 0 512 512\"><path d=\"M240 24c115.2 0 209.6 94.4 209.6 209.6s-94.4 209.6-209.6 209.6-209.6-94.4-209.6-209.6 94.4-209.6 209.6-209.6zm0-30.4c-132.8 0-240 107.2-240 240s107.2 240 240 240 240-107.2 240-240-107.2-240-240-240zm16 336c-4.8 0-8-1.6-11.2-4.8-6.4-6.4-6.4-16 0-22.4l68.8-68.8-68.8-68.8c-6.4-6.4-6.4-16 0-22.4s16-6.4 22.4 0l80 80c6.4 6.4 6.4 16 0 22.4l-80 80c-3.2 3.2-8 4.8-11.2 4.8zm80-80h-192c-9.6 0-16-6.4-16-16s6.4-16 16-16h192c9.6 0 16 6.4 16 16s-8 16-16 16z\"\/><\/svg><\/a>        <\/div>\r\n        <div class=\"portfolio-meta-wrapper\">\r\n            <h3 class=\"the-title\"><a target=\"_self\" href=\"https:\/\/eregistar.capljina.ba\/en\/registar\/03-13-pruzanje-usluga-turistickog-vodica\/\">03.13.   Pru\u017eanje usluga turisti\u010dkog vodi\u010da<\/a><\/h3><div class=\"clearboth\"><\/div>\t<div class=\"portfolio-categories\"><a href=\"https:\/\/eregistar.capljina.ba\/en\/kategorija\/administrativni-postupci\/\">Administrativni postupci<\/a>, <a href=\"https:\/\/eregistar.capljina.ba\/en\/kategorija\/razvoj-obrt-poduzetnistvo\/\">Razvoj, obrt (poduzetni\u0161tvo)<\/a>, <a href=\"https:\/\/eregistar.capljina.ba\/en\/kategorija\/sluzba-gospodarstva\/\">Slu\u017eba gospodarstva<\/a><\/div>\r\n<p class=\"the-excerpt\"><\/p>        <\/div>\r\n    <\/div>\r\n<\/article>\r\n\r\n\r\n\r\n\r\n\r\n\r\n<article id=\"7581\" class=\"mk-portfolio-item mk-portfolio-classic-item one-column administrativni-postupci razvoj-obrt-poduzetnistvo sluzba-gospodarstva\">\r\n    <div class=\"item-holder\">\r\n                <div class=\"featured-image js-taphover\">\r\n            <img loading=\"lazy\" decoding=\"async\" alt=\"03.14.   Rje\u0161enje o minimalno tehni\u010dkim uvjetima i na\u010dinu pru\u017eanja usluga putni\u010dkih agencija\" title=\"03.14.   Rje\u0161enje o minimalno tehni\u010dkim uvjetima i na\u010dinu pru\u017eanja usluga putni\u010dkih agencija\" src=\"https:\/\/eregistar.capljina.ba\/wp-content\/uploads\/bfi_thumb\/dummy-transparent-mtvazs4x65493jg37cimuev6o5yvclm1zauc1wmtvq.png\" data-mk-image-src-set='{\"default\":\"https:\\\/\\\/eregistar.capljina.ba\\\/wp-content\\\/uploads\\\/bfi_thumb\\\/banner-op-1n-nq7hc01lfqjktlm84xuqnf58hmjm9vdh12syqpf4cm.jpg\",\"2x\":\"\",\"mobile\":\"https:\\\/\\\/eregistar.capljina.ba\\\/wp-content\\\/uploads\\\/bfi_thumb\\\/banner-op-1n-3106csy62elcilrx5uiy5rert88s3prdwyaawihqo6zqf6la4.jpg\"}' width=\"770\" height=\"7\"  \/>\r\n            <div class=\"image-hover-overlay\"><\/div>\r\n            \r\n<a class=\"hover-icon from-left project-load\" target=\"_self\" href=\"https:\/\/eregistar.capljina.ba\/en\/registar\/03-14-rjesenje-o-minimalno-tehnickim-uvjetima-i-nacinu-pruzanja-usluga-putnickih-agencija\/\" data-post-id=\"7581\"><svg  class=\"mk-svg-icon\" data-name=\"mk-jupiter-icon-arrow-circle\" data-cacheid=\"icon-69f22fdcf2d4e\" xmlns=\"http:\/\/www.w3.org\/2000\/svg\" viewbox=\"0 0 512 512\"><path d=\"M240 24c115.2 0 209.6 94.4 209.6 209.6s-94.4 209.6-209.6 209.6-209.6-94.4-209.6-209.6 94.4-209.6 209.6-209.6zm0-30.4c-132.8 0-240 107.2-240 240s107.2 240 240 240 240-107.2 240-240-107.2-240-240-240zm16 336c-4.8 0-8-1.6-11.2-4.8-6.4-6.4-6.4-16 0-22.4l68.8-68.8-68.8-68.8c-6.4-6.4-6.4-16 0-22.4s16-6.4 22.4 0l80 80c6.4 6.4 6.4 16 0 22.4l-80 80c-3.2 3.2-8 4.8-11.2 4.8zm80-80h-192c-9.6 0-16-6.4-16-16s6.4-16 16-16h192c9.6 0 16 6.4 16 16s-8 16-16 16z\"\/><\/svg><\/a>        <\/div>\r\n        <div class=\"portfolio-meta-wrapper\">\r\n            <h3 class=\"the-title\"><a target=\"_self\" href=\"https:\/\/eregistar.capljina.ba\/en\/registar\/03-14-rjesenje-o-minimalno-tehnickim-uvjetima-i-nacinu-pruzanja-usluga-putnickih-agencija\/\">03.14.   Rje\u0161enje o minimalno tehni\u010dkim uvjetima i na\u010dinu pru\u017eanja usluga putni\u010dkih agencija<\/a><\/h3><div class=\"clearboth\"><\/div>\t<div class=\"portfolio-categories\"><a href=\"https:\/\/eregistar.capljina.ba\/en\/kategorija\/administrativni-postupci\/\">Administrativni postupci<\/a>, <a href=\"https:\/\/eregistar.capljina.ba\/en\/kategorija\/razvoj-obrt-poduzetnistvo\/\">Razvoj, obrt (poduzetni\u0161tvo)<\/a>, <a href=\"https:\/\/eregistar.capljina.ba\/en\/kategorija\/sluzba-gospodarstva\/\">Slu\u017eba gospodarstva<\/a><\/div>\r\n<p class=\"the-excerpt\"><\/p>        <\/div>\r\n    <\/div>\r\n<\/article>\r\n\r\n\r\n\r\n\r\n\r\n\r\n<article id=\"7579\" class=\"mk-portfolio-item mk-portfolio-classic-item one-column administrativni-postupci razvoj-obrt-poduzetnistvo sluzba-gospodarstva\">\r\n    <div class=\"item-holder\">\r\n                <div class=\"featured-image js-taphover\">\r\n            <img loading=\"lazy\" decoding=\"async\" alt=\"03.15.   Prijevoz za osobne potrebe\" title=\"03.15.   Prijevoz za osobne potrebe\" src=\"https:\/\/eregistar.capljina.ba\/wp-content\/uploads\/bfi_thumb\/dummy-transparent-mtvazs4x65493jg37cimuev6o5yvclm1zauc1wmtvq.png\" data-mk-image-src-set='{\"default\":\"https:\\\/\\\/eregistar.capljina.ba\\\/wp-content\\\/uploads\\\/bfi_thumb\\\/banner-op-1n-nq7hc01lfqjktlm84xuqnf58hmjm9vdh12syqpf4cm.jpg\",\"2x\":\"\",\"mobile\":\"https:\\\/\\\/eregistar.capljina.ba\\\/wp-content\\\/uploads\\\/bfi_thumb\\\/banner-op-1n-3106csy62elcilrx5uiy5rert88s3prdwyaawihqo6zqf6la4.jpg\"}' width=\"770\" height=\"7\"  \/>\r\n            <div class=\"image-hover-overlay\"><\/div>\r\n            \r\n<a class=\"hover-icon from-left project-load\" target=\"_self\" href=\"https:\/\/eregistar.capljina.ba\/en\/registar\/03-15-prijevoz-za-osobne-potrebe\/\" data-post-id=\"7579\"><svg  class=\"mk-svg-icon\" data-name=\"mk-jupiter-icon-arrow-circle\" data-cacheid=\"icon-69f22fdcf3cdf\" xmlns=\"http:\/\/www.w3.org\/2000\/svg\" viewbox=\"0 0 512 512\"><path d=\"M240 24c115.2 0 209.6 94.4 209.6 209.6s-94.4 209.6-209.6 209.6-209.6-94.4-209.6-209.6 94.4-209.6 209.6-209.6zm0-30.4c-132.8 0-240 107.2-240 240s107.2 240 240 240 240-107.2 240-240-107.2-240-240-240zm16 336c-4.8 0-8-1.6-11.2-4.8-6.4-6.4-6.4-16 0-22.4l68.8-68.8-68.8-68.8c-6.4-6.4-6.4-16 0-22.4s16-6.4 22.4 0l80 80c6.4 6.4 6.4 16 0 22.4l-80 80c-3.2 3.2-8 4.8-11.2 4.8zm80-80h-192c-9.6 0-16-6.4-16-16s6.4-16 16-16h192c9.6 0 16 6.4 16 16s-8 16-16 16z\"\/><\/svg><\/a>        <\/div>\r\n        <div class=\"portfolio-meta-wrapper\">\r\n            <h3 class=\"the-title\"><a target=\"_self\" href=\"https:\/\/eregistar.capljina.ba\/en\/registar\/03-15-prijevoz-za-osobne-potrebe\/\">03.15.   Prijevoz za osobne potrebe<\/a><\/h3><div class=\"clearboth\"><\/div>\t<div class=\"portfolio-categories\"><a href=\"https:\/\/eregistar.capljina.ba\/en\/kategorija\/administrativni-postupci\/\">Administrativni postupci<\/a>, <a href=\"https:\/\/eregistar.capljina.ba\/en\/kategorija\/razvoj-obrt-poduzetnistvo\/\">Razvoj, obrt (poduzetni\u0161tvo)<\/a>, <a href=\"https:\/\/eregistar.capljina.ba\/en\/kategorija\/sluzba-gospodarstva\/\">Slu\u017eba gospodarstva<\/a><\/div>\r\n<p class=\"the-excerpt\"><\/p>        <\/div>\r\n    <\/div>\r\n<\/article>\r\n\r\n\r\n\r\n\r\n\r\n\r\n<article id=\"7577\" class=\"mk-portfolio-item mk-portfolio-classic-item one-column administrativni-postupci razvoj-obrt-poduzetnistvo sluzba-gospodarstva\">\r\n    <div class=\"item-holder\">\r\n                <div class=\"featured-image js-taphover\">\r\n            <img loading=\"lazy\" decoding=\"async\" alt=\"03.16.   Obavijest o po\u010detku\/nastavku rada\" title=\"03.16.   Obavijest o po\u010detku\/nastavku rada\" src=\"https:\/\/eregistar.capljina.ba\/wp-content\/uploads\/bfi_thumb\/dummy-transparent-mtvazs4x65493jg37cimuev6o5yvclm1zauc1wmtvq.png\" data-mk-image-src-set='{\"default\":\"https:\\\/\\\/eregistar.capljina.ba\\\/wp-content\\\/uploads\\\/bfi_thumb\\\/banner-op-1n-nq7hc01lfqjktlm84xuqnf58hmjm9vdh12syqpf4cm.jpg\",\"2x\":\"\",\"mobile\":\"https:\\\/\\\/eregistar.capljina.ba\\\/wp-content\\\/uploads\\\/bfi_thumb\\\/banner-op-1n-3106csy62elcilrx5uiy5rert88s3prdwyaawihqo6zqf6la4.jpg\"}' width=\"770\" height=\"7\"  \/>\r\n            <div class=\"image-hover-overlay\"><\/div>\r\n            \r\n<a class=\"hover-icon from-left project-load\" target=\"_self\" href=\"https:\/\/eregistar.capljina.ba\/en\/registar\/03-16-obavijest-o-pocetku-nastavku-rada\/\" data-post-id=\"7577\"><svg  class=\"mk-svg-icon\" data-name=\"mk-jupiter-icon-arrow-circle\" data-cacheid=\"icon-69f22fdd00d84\" xmlns=\"http:\/\/www.w3.org\/2000\/svg\" viewbox=\"0 0 512 512\"><path d=\"M240 24c115.2 0 209.6 94.4 209.6 209.6s-94.4 209.6-209.6 209.6-209.6-94.4-209.6-209.6 94.4-209.6 209.6-209.6zm0-30.4c-132.8 0-240 107.2-240 240s107.2 240 240 240 240-107.2 240-240-107.2-240-240-240zm16 336c-4.8 0-8-1.6-11.2-4.8-6.4-6.4-6.4-16 0-22.4l68.8-68.8-68.8-68.8c-6.4-6.4-6.4-16 0-22.4s16-6.4 22.4 0l80 80c6.4 6.4 6.4 16 0 22.4l-80 80c-3.2 3.2-8 4.8-11.2 4.8zm80-80h-192c-9.6 0-16-6.4-16-16s6.4-16 16-16h192c9.6 0 16 6.4 16 16s-8 16-16 16z\"\/><\/svg><\/a>        <\/div>\r\n        <div class=\"portfolio-meta-wrapper\">\r\n            <h3 class=\"the-title\"><a target=\"_self\" href=\"https:\/\/eregistar.capljina.ba\/en\/registar\/03-16-obavijest-o-pocetku-nastavku-rada\/\">03.16.   Obavijest o po\u010detku\/nastavku rada<\/a><\/h3><div class=\"clearboth\"><\/div>\t<div class=\"portfolio-categories\"><a href=\"https:\/\/eregistar.capljina.ba\/en\/kategorija\/administrativni-postupci\/\">Administrativni postupci<\/a>, <a href=\"https:\/\/eregistar.capljina.ba\/en\/kategorija\/razvoj-obrt-poduzetnistvo\/\">Razvoj, obrt (poduzetni\u0161tvo)<\/a>, <a href=\"https:\/\/eregistar.capljina.ba\/en\/kategorija\/sluzba-gospodarstva\/\">Slu\u017eba gospodarstva<\/a><\/div>\r\n<p class=\"the-excerpt\"><\/p>        <\/div>\r\n    <\/div>\r\n<\/article>\r\n\r\n\r\n\r\n\r\n\r\n\r\n<article id=\"7575\" class=\"mk-portfolio-item mk-portfolio-classic-item one-column administrativni-postupci razvoj-obrt-poduzetnistvo sluzba-gospodarstva\">\r\n    <div class=\"item-holder\">\r\n                <div class=\"featured-image js-taphover\">\r\n            <img loading=\"lazy\" decoding=\"async\" alt=\"03.17.   Obavijest o prestanku rada\" title=\"03.17.   Obavijest o prestanku rada\" src=\"https:\/\/eregistar.capljina.ba\/wp-content\/uploads\/bfi_thumb\/dummy-transparent-mtvazs4x65493jg37cimuev6o5yvclm1zauc1wmtvq.png\" data-mk-image-src-set='{\"default\":\"https:\\\/\\\/eregistar.capljina.ba\\\/wp-content\\\/uploads\\\/bfi_thumb\\\/banner-op-1n-nq7hc01lfqjktlm84xuqnf58hmjm9vdh12syqpf4cm.jpg\",\"2x\":\"\",\"mobile\":\"https:\\\/\\\/eregistar.capljina.ba\\\/wp-content\\\/uploads\\\/bfi_thumb\\\/banner-op-1n-3106csy62elcilrx5uiy5rert88s3prdwyaawihqo6zqf6la4.jpg\"}' width=\"770\" height=\"7\"  \/>\r\n            <div class=\"image-hover-overlay\"><\/div>\r\n            \r\n<a class=\"hover-icon from-left project-load\" target=\"_self\" href=\"https:\/\/eregistar.capljina.ba\/en\/registar\/03-17-obavijest-o-prestanku-rada\/\" data-post-id=\"7575\"><svg  class=\"mk-svg-icon\" data-name=\"mk-jupiter-icon-arrow-circle\" data-cacheid=\"icon-69f22fdd02234\" xmlns=\"http:\/\/www.w3.org\/2000\/svg\" viewbox=\"0 0 512 512\"><path d=\"M240 24c115.2 0 209.6 94.4 209.6 209.6s-94.4 209.6-209.6 209.6-209.6-94.4-209.6-209.6 94.4-209.6 209.6-209.6zm0-30.4c-132.8 0-240 107.2-240 240s107.2 240 240 240 240-107.2 240-240-107.2-240-240-240zm16 336c-4.8 0-8-1.6-11.2-4.8-6.4-6.4-6.4-16 0-22.4l68.8-68.8-68.8-68.8c-6.4-6.4-6.4-16 0-22.4s16-6.4 22.4 0l80 80c6.4 6.4 6.4 16 0 22.4l-80 80c-3.2 3.2-8 4.8-11.2 4.8zm80-80h-192c-9.6 0-16-6.4-16-16s6.4-16 16-16h192c9.6 0 16 6.4 16 16s-8 16-16 16z\"\/><\/svg><\/a>        <\/div>\r\n        <div class=\"portfolio-meta-wrapper\">\r\n            <h3 class=\"the-title\"><a target=\"_self\" href=\"https:\/\/eregistar.capljina.ba\/en\/registar\/03-17-obavijest-o-prestanku-rada\/\">03.17.   Obavijest o prestanku rada<\/a><\/h3><div class=\"clearboth\"><\/div>\t<div class=\"portfolio-categories\"><a href=\"https:\/\/eregistar.capljina.ba\/en\/kategorija\/administrativni-postupci\/\">Administrativni postupci<\/a>, <a href=\"https:\/\/eregistar.capljina.ba\/en\/kategorija\/razvoj-obrt-poduzetnistvo\/\">Razvoj, obrt (poduzetni\u0161tvo)<\/a>, <a href=\"https:\/\/eregistar.capljina.ba\/en\/kategorija\/sluzba-gospodarstva\/\">Slu\u017eba gospodarstva<\/a><\/div>\r\n<p class=\"the-excerpt\"><\/p>        <\/div>\r\n    <\/div>\r\n<\/article>\r\n\r\n\r\n\r\n\r\n\r\n\r\n<article id=\"7573\" class=\"mk-portfolio-item mk-portfolio-classic-item one-column administrativni-postupci razvoj-obrt-poduzetnistvo sluzba-gospodarstva\">\r\n    <div class=\"item-holder\">\r\n                <div class=\"featured-image js-taphover\">\r\n            <img loading=\"lazy\" decoding=\"async\" alt=\"03.18.   Uvjerenje o \u010dinjenicama o kojima se vodi\/ne vodi slu\u017ebena evidencija\" title=\"03.18.   Uvjerenje o \u010dinjenicama o kojima se vodi\/ne vodi slu\u017ebena evidencija\" src=\"https:\/\/eregistar.capljina.ba\/wp-content\/uploads\/bfi_thumb\/dummy-transparent-mtvazs4x65493jg37cimuev6o5yvclm1zauc1wmtvq.png\" data-mk-image-src-set='{\"default\":\"https:\\\/\\\/eregistar.capljina.ba\\\/wp-content\\\/uploads\\\/bfi_thumb\\\/banner-op-1n-nq7hc01lfqjktlm84xuqnf58hmjm9vdh12syqpf4cm.jpg\",\"2x\":\"\",\"mobile\":\"https:\\\/\\\/eregistar.capljina.ba\\\/wp-content\\\/uploads\\\/bfi_thumb\\\/banner-op-1n-3106csy62elcilrx5uiy5rert88s3prdwyaawihqo6zqf6la4.jpg\"}' width=\"770\" height=\"7\"  \/>\r\n            <div class=\"image-hover-overlay\"><\/div>\r\n            \r\n<a class=\"hover-icon from-left project-load\" target=\"_self\" href=\"https:\/\/eregistar.capljina.ba\/en\/registar\/03-18-uvjerenje-o-cinjenicama-o-kojima-se-vodi-ne-vodi-sluzbena-evidencija\/\" data-post-id=\"7573\"><svg  class=\"mk-svg-icon\" data-name=\"mk-jupiter-icon-arrow-circle\" data-cacheid=\"icon-69f22fdd0354f\" xmlns=\"http:\/\/www.w3.org\/2000\/svg\" viewbox=\"0 0 512 512\"><path d=\"M240 24c115.2 0 209.6 94.4 209.6 209.6s-94.4 209.6-209.6 209.6-209.6-94.4-209.6-209.6 94.4-209.6 209.6-209.6zm0-30.4c-132.8 0-240 107.2-240 240s107.2 240 240 240 240-107.2 240-240-107.2-240-240-240zm16 336c-4.8 0-8-1.6-11.2-4.8-6.4-6.4-6.4-16 0-22.4l68.8-68.8-68.8-68.8c-6.4-6.4-6.4-16 0-22.4s16-6.4 22.4 0l80 80c6.4 6.4 6.4 16 0 22.4l-80 80c-3.2 3.2-8 4.8-11.2 4.8zm80-80h-192c-9.6 0-16-6.4-16-16s6.4-16 16-16h192c9.6 0 16 6.4 16 16s-8 16-16 16z\"\/><\/svg><\/a>        <\/div>\r\n        <div class=\"portfolio-meta-wrapper\">\r\n            <h3 class=\"the-title\"><a target=\"_self\" href=\"https:\/\/eregistar.capljina.ba\/en\/registar\/03-18-uvjerenje-o-cinjenicama-o-kojima-se-vodi-ne-vodi-sluzbena-evidencija\/\">03.18.   Uvjerenje o \u010dinjenicama o kojima se vodi\/ne vodi slu\u017ebena evidencija<\/a><\/h3><div class=\"clearboth\"><\/div>\t<div class=\"portfolio-categories\"><a href=\"https:\/\/eregistar.capljina.ba\/en\/kategorija\/administrativni-postupci\/\">Administrativni postupci<\/a>, <a href=\"https:\/\/eregistar.capljina.ba\/en\/kategorija\/razvoj-obrt-poduzetnistvo\/\">Razvoj, obrt (poduzetni\u0161tvo)<\/a>, <a href=\"https:\/\/eregistar.capljina.ba\/en\/kategorija\/sluzba-gospodarstva\/\">Slu\u017eba gospodarstva<\/a><\/div>\r\n<p class=\"the-excerpt\"><\/p>        <\/div>\r\n    <\/div>\r\n<\/article>\r\n\r\n\r\n\r\n\r\n\r\n\r\n<article id=\"7571\" class=\"mk-portfolio-item mk-portfolio-classic-item one-column administrativni-postupci razvoj-obrt-poduzetnistvo sluzba-gospodarstva\">\r\n    <div class=\"item-holder\">\r\n                <div class=\"featured-image js-taphover\">\r\n            <img loading=\"lazy\" decoding=\"async\" alt=\"03.19.   Kori\u0161tenje rezerviranog parkirali\u0161nog prostora na propisano obilje\u017eenim mjestima za taxi stajali\u0161ta\" title=\"03.19.   Kori\u0161tenje rezerviranog parkirali\u0161nog prostora na propisano obilje\u017eenim mjestima za taxi stajali\u0161ta\" src=\"https:\/\/eregistar.capljina.ba\/wp-content\/uploads\/bfi_thumb\/dummy-transparent-mtvazs4x65493jg37cimuev6o5yvclm1zauc1wmtvq.png\" data-mk-image-src-set='{\"default\":\"https:\\\/\\\/eregistar.capljina.ba\\\/wp-content\\\/uploads\\\/bfi_thumb\\\/banner-op-1n-nq7hc01lfqjktlm84xuqnf58hmjm9vdh12syqpf4cm.jpg\",\"2x\":\"\",\"mobile\":\"https:\\\/\\\/eregistar.capljina.ba\\\/wp-content\\\/uploads\\\/bfi_thumb\\\/banner-op-1n-3106csy62elcilrx5uiy5rert88s3prdwyaawihqo6zqf6la4.jpg\"}' width=\"770\" height=\"7\"  \/>\r\n            <div class=\"image-hover-overlay\"><\/div>\r\n            \r\n<a class=\"hover-icon from-left project-load\" target=\"_self\" href=\"https:\/\/eregistar.capljina.ba\/en\/registar\/03-19-koristenje-rezerviranog-parkiralisnog-prostora-na-propisano-obiljezenim-mjestima-za-taxi-stajalista\/\" data-post-id=\"7571\"><svg  class=\"mk-svg-icon\" data-name=\"mk-jupiter-icon-arrow-circle\" data-cacheid=\"icon-69f22fdd0497e\" xmlns=\"http:\/\/www.w3.org\/2000\/svg\" viewbox=\"0 0 512 512\"><path d=\"M240 24c115.2 0 209.6 94.4 209.6 209.6s-94.4 209.6-209.6 209.6-209.6-94.4-209.6-209.6 94.4-209.6 209.6-209.6zm0-30.4c-132.8 0-240 107.2-240 240s107.2 240 240 240 240-107.2 240-240-107.2-240-240-240zm16 336c-4.8 0-8-1.6-11.2-4.8-6.4-6.4-6.4-16 0-22.4l68.8-68.8-68.8-68.8c-6.4-6.4-6.4-16 0-22.4s16-6.4 22.4 0l80 80c6.4 6.4 6.4 16 0 22.4l-80 80c-3.2 3.2-8 4.8-11.2 4.8zm80-80h-192c-9.6 0-16-6.4-16-16s6.4-16 16-16h192c9.6 0 16 6.4 16 16s-8 16-16 16z\"\/><\/svg><\/a>        <\/div>\r\n        <div class=\"portfolio-meta-wrapper\">\r\n            <h3 class=\"the-title\"><a target=\"_self\" href=\"https:\/\/eregistar.capljina.ba\/en\/registar\/03-19-koristenje-rezerviranog-parkiralisnog-prostora-na-propisano-obiljezenim-mjestima-za-taxi-stajalista\/\">03.19.   Kori\u0161tenje rezerviranog parkirali\u0161nog prostora na propisano obilje\u017eenim mjestima za taxi stajali\u0161ta<\/a><\/h3><div class=\"clearboth\"><\/div>\t<div class=\"portfolio-categories\"><a href=\"https:\/\/eregistar.capljina.ba\/en\/kategorija\/administrativni-postupci\/\">Administrativni postupci<\/a>, <a href=\"https:\/\/eregistar.capljina.ba\/en\/kategorija\/razvoj-obrt-poduzetnistvo\/\">Razvoj, obrt (poduzetni\u0161tvo)<\/a>, <a href=\"https:\/\/eregistar.capljina.ba\/en\/kategorija\/sluzba-gospodarstva\/\">Slu\u017eba gospodarstva<\/a><\/div>\r\n<p class=\"the-excerpt\"><\/p>        <\/div>\r\n    <\/div>\r\n<\/article>\r\n\r\n\r\n\r\n\r\n\r\n\r\n<article id=\"7569\" class=\"mk-portfolio-item mk-portfolio-classic-item one-column administrativni-postupci inspekcijski-poslovi sluzba-gospodarstva\">\r\n    <div class=\"item-holder\">\r\n                <div class=\"featured-image js-taphover\">\r\n            <img loading=\"lazy\" decoding=\"async\" alt=\"03.20.   Ovjera normativa i cjenika\" title=\"03.20.   Ovjera normativa i cjenika\" src=\"https:\/\/eregistar.capljina.ba\/wp-content\/uploads\/bfi_thumb\/dummy-transparent-mtvazs4x65493jg37cimuev6o5yvclm1zauc1wmtvq.png\" data-mk-image-src-set='{\"default\":\"https:\\\/\\\/eregistar.capljina.ba\\\/wp-content\\\/uploads\\\/bfi_thumb\\\/banner-op-1n-nq7hc01lfqjktlm84xuqnf58hmjm9vdh12syqpf4cm.jpg\",\"2x\":\"\",\"mobile\":\"https:\\\/\\\/eregistar.capljina.ba\\\/wp-content\\\/uploads\\\/bfi_thumb\\\/banner-op-1n-3106csy62elcilrx5uiy5rert88s3prdwyaawihqo6zqf6la4.jpg\"}' width=\"770\" height=\"7\"  \/>\r\n            <div class=\"image-hover-overlay\"><\/div>\r\n            \r\n<a class=\"hover-icon from-left project-load\" target=\"_self\" href=\"https:\/\/eregistar.capljina.ba\/en\/registar\/03-20-ovjera-normativa-i-cjenika\/\" data-post-id=\"7569\"><svg  class=\"mk-svg-icon\" data-name=\"mk-jupiter-icon-arrow-circle\" data-cacheid=\"icon-69f22fdd062c1\" xmlns=\"http:\/\/www.w3.org\/2000\/svg\" viewbox=\"0 0 512 512\"><path d=\"M240 24c115.2 0 209.6 94.4 209.6 209.6s-94.4 209.6-209.6 209.6-209.6-94.4-209.6-209.6 94.4-209.6 209.6-209.6zm0-30.4c-132.8 0-240 107.2-240 240s107.2 240 240 240 240-107.2 240-240-107.2-240-240-240zm16 336c-4.8 0-8-1.6-11.2-4.8-6.4-6.4-6.4-16 0-22.4l68.8-68.8-68.8-68.8c-6.4-6.4-6.4-16 0-22.4s16-6.4 22.4 0l80 80c6.4 6.4 6.4 16 0 22.4l-80 80c-3.2 3.2-8 4.8-11.2 4.8zm80-80h-192c-9.6 0-16-6.4-16-16s6.4-16 16-16h192c9.6 0 16 6.4 16 16s-8 16-16 16z\"\/><\/svg><\/a>        <\/div>\r\n        <div class=\"portfolio-meta-wrapper\">\r\n            <h3 class=\"the-title\"><a target=\"_self\" href=\"https:\/\/eregistar.capljina.ba\/en\/registar\/03-20-ovjera-normativa-i-cjenika\/\">03.20.   Ovjera normativa i cjenika<\/a><\/h3><div class=\"clearboth\"><\/div>\t<div class=\"portfolio-categories\"><a href=\"https:\/\/eregistar.capljina.ba\/en\/kategorija\/administrativni-postupci\/\">Administrativni postupci<\/a>, <a href=\"https:\/\/eregistar.capljina.ba\/en\/kategorija\/inspekcijski-poslovi\/\">Inspekcijski poslovi<\/a>, <a href=\"https:\/\/eregistar.capljina.ba\/en\/kategorija\/sluzba-gospodarstva\/\">Slu\u017eba gospodarstva<\/a><\/div>\r\n<p class=\"the-excerpt\"><\/p>        <\/div>\r\n    <\/div>\r\n<\/article>\r\n\r\n\r\n\r\n\r\n\r\n\r\n<article id=\"7567\" class=\"mk-portfolio-item mk-portfolio-classic-item one-column administrativni-postupci razvoj-obrt-poduzetnistvo sluzba-gospodarstva\">\r\n    <div class=\"item-holder\">\r\n                <div class=\"featured-image js-taphover\">\r\n            <img loading=\"lazy\" decoding=\"async\" alt=\"03.21.   Obavijest o nastavku obavljanja obrta nakon isteka roka za privremenu obustavu\" title=\"03.21.   Obavijest o nastavku obavljanja obrta nakon isteka roka za privremenu obustavu\" src=\"https:\/\/eregistar.capljina.ba\/wp-content\/uploads\/bfi_thumb\/dummy-transparent-mtvazs4x65493jg37cimuev6o5yvclm1zauc1wmtvq.png\" data-mk-image-src-set='{\"default\":\"https:\\\/\\\/eregistar.capljina.ba\\\/wp-content\\\/uploads\\\/bfi_thumb\\\/banner-op-1n-nq7hc01lfqjktlm84xuqnf58hmjm9vdh12syqpf4cm.jpg\",\"2x\":\"\",\"mobile\":\"https:\\\/\\\/eregistar.capljina.ba\\\/wp-content\\\/uploads\\\/bfi_thumb\\\/banner-op-1n-3106csy62elcilrx5uiy5rert88s3prdwyaawihqo6zqf6la4.jpg\"}' width=\"770\" height=\"7\"  \/>\r\n            <div class=\"image-hover-overlay\"><\/div>\r\n            \r\n<a class=\"hover-icon from-left project-load\" target=\"_self\" href=\"https:\/\/eregistar.capljina.ba\/en\/registar\/03-21-obavijest-o-nastavku-obavljanja-obrta-nakon-isteka-roka-za-privremenu-obustavu\/\" data-post-id=\"7567\"><svg  class=\"mk-svg-icon\" data-name=\"mk-jupiter-icon-arrow-circle\" data-cacheid=\"icon-69f22fdd07873\" xmlns=\"http:\/\/www.w3.org\/2000\/svg\" viewbox=\"0 0 512 512\"><path d=\"M240 24c115.2 0 209.6 94.4 209.6 209.6s-94.4 209.6-209.6 209.6-209.6-94.4-209.6-209.6 94.4-209.6 209.6-209.6zm0-30.4c-132.8 0-240 107.2-240 240s107.2 240 240 240 240-107.2 240-240-107.2-240-240-240zm16 336c-4.8 0-8-1.6-11.2-4.8-6.4-6.4-6.4-16 0-22.4l68.8-68.8-68.8-68.8c-6.4-6.4-6.4-16 0-22.4s16-6.4 22.4 0l80 80c6.4 6.4 6.4 16 0 22.4l-80 80c-3.2 3.2-8 4.8-11.2 4.8zm80-80h-192c-9.6 0-16-6.4-16-16s6.4-16 16-16h192c9.6 0 16 6.4 16 16s-8 16-16 16z\"\/><\/svg><\/a>        <\/div>\r\n        <div class=\"portfolio-meta-wrapper\">\r\n            <h3 class=\"the-title\"><a target=\"_self\" href=\"https:\/\/eregistar.capljina.ba\/en\/registar\/03-21-obavijest-o-nastavku-obavljanja-obrta-nakon-isteka-roka-za-privremenu-obustavu\/\">03.21.   Obavijest o nastavku obavljanja obrta nakon isteka roka za privremenu obustavu<\/a><\/h3><div class=\"clearboth\"><\/div>\t<div class=\"portfolio-categories\"><a href=\"https:\/\/eregistar.capljina.ba\/en\/kategorija\/administrativni-postupci\/\">Administrativni postupci<\/a>, <a href=\"https:\/\/eregistar.capljina.ba\/en\/kategorija\/razvoj-obrt-poduzetnistvo\/\">Razvoj, obrt (poduzetni\u0161tvo)<\/a>, <a href=\"https:\/\/eregistar.capljina.ba\/en\/kategorija\/sluzba-gospodarstva\/\">Slu\u017eba gospodarstva<\/a><\/div>\r\n<p class=\"the-excerpt\"><\/p>        <\/div>\r\n    <\/div>\r\n<\/article>\r\n\r\n\r\n\r\n\r\n\r\n\r\n<article id=\"7565\" class=\"mk-portfolio-item mk-portfolio-classic-item one-column administrativni-postupci inspekcijski-poslovi sluzba-gospodarstva\">\r\n    <div class=\"item-holder\">\r\n                <div class=\"featured-image js-taphover\">\r\n            <img loading=\"lazy\" decoding=\"async\" alt=\"03.22.   Sanitarna suglasnost na projektnu dokumentaciju\" title=\"03.22.   Sanitarna suglasnost na projektnu dokumentaciju\" src=\"https:\/\/eregistar.capljina.ba\/wp-content\/uploads\/bfi_thumb\/dummy-transparent-mtvazs4x65493jg37cimuev6o5yvclm1zauc1wmtvq.png\" data-mk-image-src-set='{\"default\":\"https:\\\/\\\/eregistar.capljina.ba\\\/wp-content\\\/uploads\\\/bfi_thumb\\\/banner-op-1n-nq7hc01lfqjktlm84xuqnf58hmjm9vdh12syqpf4cm.jpg\",\"2x\":\"\",\"mobile\":\"https:\\\/\\\/eregistar.capljina.ba\\\/wp-content\\\/uploads\\\/bfi_thumb\\\/banner-op-1n-3106csy62elcilrx5uiy5rert88s3prdwyaawihqo6zqf6la4.jpg\"}' width=\"770\" height=\"7\"  \/>\r\n            <div class=\"image-hover-overlay\"><\/div>\r\n            \r\n<a class=\"hover-icon from-left project-load\" target=\"_self\" href=\"https:\/\/eregistar.capljina.ba\/en\/registar\/03-22-sanitarna-suglasnost-na-projektnu-dokumentaciju\/\" data-post-id=\"7565\"><svg  class=\"mk-svg-icon\" data-name=\"mk-jupiter-icon-arrow-circle\" data-cacheid=\"icon-69f22fdd0876b\" xmlns=\"http:\/\/www.w3.org\/2000\/svg\" viewbox=\"0 0 512 512\"><path d=\"M240 24c115.2 0 209.6 94.4 209.6 209.6s-94.4 209.6-209.6 209.6-209.6-94.4-209.6-209.6 94.4-209.6 209.6-209.6zm0-30.4c-132.8 0-240 107.2-240 240s107.2 240 240 240 240-107.2 240-240-107.2-240-240-240zm16 336c-4.8 0-8-1.6-11.2-4.8-6.4-6.4-6.4-16 0-22.4l68.8-68.8-68.8-68.8c-6.4-6.4-6.4-16 0-22.4s16-6.4 22.4 0l80 80c6.4 6.4 6.4 16 0 22.4l-80 80c-3.2 3.2-8 4.8-11.2 4.8zm80-80h-192c-9.6 0-16-6.4-16-16s6.4-16 16-16h192c9.6 0 16 6.4 16 16s-8 16-16 16z\"\/><\/svg><\/a>        <\/div>\r\n        <div class=\"portfolio-meta-wrapper\">\r\n            <h3 class=\"the-title\"><a target=\"_self\" href=\"https:\/\/eregistar.capljina.ba\/en\/registar\/03-22-sanitarna-suglasnost-na-projektnu-dokumentaciju\/\">03.22.   Sanitarna suglasnost na projektnu dokumentaciju<\/a><\/h3><div class=\"clearboth\"><\/div>\t<div class=\"portfolio-categories\"><a href=\"https:\/\/eregistar.capljina.ba\/en\/kategorija\/administrativni-postupci\/\">Administrativni postupci<\/a>, <a href=\"https:\/\/eregistar.capljina.ba\/en\/kategorija\/inspekcijski-poslovi\/\">Inspekcijski poslovi<\/a>, <a href=\"https:\/\/eregistar.capljina.ba\/en\/kategorija\/sluzba-gospodarstva\/\">Slu\u017eba gospodarstva<\/a><\/div>\r\n<p class=\"the-excerpt\"><\/p>        <\/div>\r\n    <\/div>\r\n<\/article>\r\n\r\n\r\n\r\n\r\n\r\n\r\n<article id=\"7563\" class=\"mk-portfolio-item mk-portfolio-classic-item one-column administrativni-postupci inspekcijski-poslovi sluzba-gospodarstva\">\r\n    <div class=\"item-holder\">\r\n                <div class=\"featured-image js-taphover\">\r\n            <img loading=\"lazy\" decoding=\"async\" alt=\"03.23.   Sprovodnica\" title=\"03.23.   Sprovodnica\" src=\"https:\/\/eregistar.capljina.ba\/wp-content\/uploads\/bfi_thumb\/dummy-transparent-mtvazs4x65493jg37cimuev6o5yvclm1zauc1wmtvq.png\" data-mk-image-src-set='{\"default\":\"https:\\\/\\\/eregistar.capljina.ba\\\/wp-content\\\/uploads\\\/bfi_thumb\\\/banner-op-1n-nq7hc01lfqjktlm84xuqnf58hmjm9vdh12syqpf4cm.jpg\",\"2x\":\"\",\"mobile\":\"https:\\\/\\\/eregistar.capljina.ba\\\/wp-content\\\/uploads\\\/bfi_thumb\\\/banner-op-1n-3106csy62elcilrx5uiy5rert88s3prdwyaawihqo6zqf6la4.jpg\"}' width=\"770\" height=\"7\"  \/>\r\n            <div class=\"image-hover-overlay\"><\/div>\r\n            \r\n<a class=\"hover-icon from-left project-load\" target=\"_self\" href=\"https:\/\/eregistar.capljina.ba\/en\/registar\/03-23-sprovodnica\/\" data-post-id=\"7563\"><svg  class=\"mk-svg-icon\" data-name=\"mk-jupiter-icon-arrow-circle\" data-cacheid=\"icon-69f22fdd09569\" xmlns=\"http:\/\/www.w3.org\/2000\/svg\" viewbox=\"0 0 512 512\"><path d=\"M240 24c115.2 0 209.6 94.4 209.6 209.6s-94.4 209.6-209.6 209.6-209.6-94.4-209.6-209.6 94.4-209.6 209.6-209.6zm0-30.4c-132.8 0-240 107.2-240 240s107.2 240 240 240 240-107.2 240-240-107.2-240-240-240zm16 336c-4.8 0-8-1.6-11.2-4.8-6.4-6.4-6.4-16 0-22.4l68.8-68.8-68.8-68.8c-6.4-6.4-6.4-16 0-22.4s16-6.4 22.4 0l80 80c6.4 6.4 6.4 16 0 22.4l-80 80c-3.2 3.2-8 4.8-11.2 4.8zm80-80h-192c-9.6 0-16-6.4-16-16s6.4-16 16-16h192c9.6 0 16 6.4 16 16s-8 16-16 16z\"\/><\/svg><\/a>        <\/div>\r\n        <div class=\"portfolio-meta-wrapper\">\r\n            <h3 class=\"the-title\"><a target=\"_self\" href=\"https:\/\/eregistar.capljina.ba\/en\/registar\/03-23-sprovodnica\/\">03.23.   Sprovodnica<\/a><\/h3><div class=\"clearboth\"><\/div>\t<div class=\"portfolio-categories\"><a href=\"https:\/\/eregistar.capljina.ba\/en\/kategorija\/administrativni-postupci\/\">Administrativni postupci<\/a>, <a href=\"https:\/\/eregistar.capljina.ba\/en\/kategorija\/inspekcijski-poslovi\/\">Inspekcijski poslovi<\/a>, <a href=\"https:\/\/eregistar.capljina.ba\/en\/kategorija\/sluzba-gospodarstva\/\">Slu\u017eba gospodarstva<\/a><\/div>\r\n<p class=\"the-excerpt\"><\/p>        <\/div>\r\n    <\/div>\r\n<\/article>\r\n\r\n\r\n\r\n\r\n\r\n\r\n<article id=\"7561\" class=\"mk-portfolio-item mk-portfolio-classic-item one-column administrativni-postupci inspekcijski-poslovi sluzba-gospodarstva\">\r\n    <div class=\"item-holder\">\r\n                <div class=\"featured-image js-taphover\">\r\n            <img loading=\"lazy\" decoding=\"async\" alt=\"03.24.   Potvrda o grobnom mjestu\" title=\"03.24.   Potvrda o grobnom mjestu\" src=\"https:\/\/eregistar.capljina.ba\/wp-content\/uploads\/bfi_thumb\/dummy-transparent-mtvazs4x65493jg37cimuev6o5yvclm1zauc1wmtvq.png\" data-mk-image-src-set='{\"default\":\"https:\\\/\\\/eregistar.capljina.ba\\\/wp-content\\\/uploads\\\/bfi_thumb\\\/banner-op-1n-nq7hc01lfqjktlm84xuqnf58hmjm9vdh12syqpf4cm.jpg\",\"2x\":\"\",\"mobile\":\"https:\\\/\\\/eregistar.capljina.ba\\\/wp-content\\\/uploads\\\/bfi_thumb\\\/banner-op-1n-3106csy62elcilrx5uiy5rert88s3prdwyaawihqo6zqf6la4.jpg\"}' width=\"770\" height=\"7\"  \/>\r\n            <div class=\"image-hover-overlay\"><\/div>\r\n            \r\n<a class=\"hover-icon from-left project-load\" target=\"_self\" href=\"https:\/\/eregistar.capljina.ba\/en\/registar\/03-24-potvrda-o-grobnom-mjestu\/\" data-post-id=\"7561\"><svg  class=\"mk-svg-icon\" data-name=\"mk-jupiter-icon-arrow-circle\" data-cacheid=\"icon-69f22fdd0a62d\" xmlns=\"http:\/\/www.w3.org\/2000\/svg\" viewbox=\"0 0 512 512\"><path d=\"M240 24c115.2 0 209.6 94.4 209.6 209.6s-94.4 209.6-209.6 209.6-209.6-94.4-209.6-209.6 94.4-209.6 209.6-209.6zm0-30.4c-132.8 0-240 107.2-240 240s107.2 240 240 240 240-107.2 240-240-107.2-240-240-240zm16 336c-4.8 0-8-1.6-11.2-4.8-6.4-6.4-6.4-16 0-22.4l68.8-68.8-68.8-68.8c-6.4-6.4-6.4-16 0-22.4s16-6.4 22.4 0l80 80c6.4 6.4 6.4 16 0 22.4l-80 80c-3.2 3.2-8 4.8-11.2 4.8zm80-80h-192c-9.6 0-16-6.4-16-16s6.4-16 16-16h192c9.6 0 16 6.4 16 16s-8 16-16 16z\"\/><\/svg><\/a>        <\/div>\r\n        <div class=\"portfolio-meta-wrapper\">\r\n            <h3 class=\"the-title\"><a target=\"_self\" href=\"https:\/\/eregistar.capljina.ba\/en\/registar\/03-24-potvrda-o-grobnom-mjestu\/\">03.24.   Potvrda o grobnom mjestu<\/a><\/h3><div class=\"clearboth\"><\/div>\t<div class=\"portfolio-categories\"><a href=\"https:\/\/eregistar.capljina.ba\/en\/kategorija\/administrativni-postupci\/\">Administrativni postupci<\/a>, <a href=\"https:\/\/eregistar.capljina.ba\/en\/kategorija\/inspekcijski-poslovi\/\">Inspekcijski poslovi<\/a>, <a href=\"https:\/\/eregistar.capljina.ba\/en\/kategorija\/sluzba-gospodarstva\/\">Slu\u017eba gospodarstva<\/a><\/div>\r\n<p class=\"the-excerpt\"><\/p>        <\/div>\r\n    <\/div>\r\n<\/article>\r\n\r\n\r\n\r\n\r\n\r\n\r\n<article id=\"7559\" class=\"mk-portfolio-item mk-portfolio-classic-item one-column administrativni-postupci inspekcijski-poslovi sluzba-gospodarstva\">\r\n    <div class=\"item-holder\">\r\n                <div class=\"featured-image js-taphover\">\r\n            <img loading=\"lazy\" decoding=\"async\" alt=\"03.25.   Izlazak sanitarne inspekcije radi izrade zapisnika o robi kojoj je istekao rok valjanosti\" title=\"03.25.   Izlazak sanitarne inspekcije radi izrade zapisnika o robi kojoj je istekao rok valjanosti\" src=\"https:\/\/eregistar.capljina.ba\/wp-content\/uploads\/bfi_thumb\/dummy-transparent-mtvazs4x65493jg37cimuev6o5yvclm1zauc1wmtvq.png\" data-mk-image-src-set='{\"default\":\"https:\\\/\\\/eregistar.capljina.ba\\\/wp-content\\\/uploads\\\/bfi_thumb\\\/banner-op-1n-nq7hc01lfqjktlm84xuqnf58hmjm9vdh12syqpf4cm.jpg\",\"2x\":\"\",\"mobile\":\"https:\\\/\\\/eregistar.capljina.ba\\\/wp-content\\\/uploads\\\/bfi_thumb\\\/banner-op-1n-3106csy62elcilrx5uiy5rert88s3prdwyaawihqo6zqf6la4.jpg\"}' width=\"770\" height=\"7\"  \/>\r\n            <div class=\"image-hover-overlay\"><\/div>\r\n            \r\n<a class=\"hover-icon from-left project-load\" target=\"_self\" href=\"https:\/\/eregistar.capljina.ba\/en\/registar\/03-25-izlazak-sanitarne-inspekcije-radi-izrade-zapisnika-o-robi-kojoj-je-istekao-rok-valjanosti\/\" data-post-id=\"7559\"><svg  class=\"mk-svg-icon\" data-name=\"mk-jupiter-icon-arrow-circle\" data-cacheid=\"icon-69f22fdd0b584\" xmlns=\"http:\/\/www.w3.org\/2000\/svg\" viewbox=\"0 0 512 512\"><path d=\"M240 24c115.2 0 209.6 94.4 209.6 209.6s-94.4 209.6-209.6 209.6-209.6-94.4-209.6-209.6 94.4-209.6 209.6-209.6zm0-30.4c-132.8 0-240 107.2-240 240s107.2 240 240 240 240-107.2 240-240-107.2-240-240-240zm16 336c-4.8 0-8-1.6-11.2-4.8-6.4-6.4-6.4-16 0-22.4l68.8-68.8-68.8-68.8c-6.4-6.4-6.4-16 0-22.4s16-6.4 22.4 0l80 80c6.4 6.4 6.4 16 0 22.4l-80 80c-3.2 3.2-8 4.8-11.2 4.8zm80-80h-192c-9.6 0-16-6.4-16-16s6.4-16 16-16h192c9.6 0 16 6.4 16 16s-8 16-16 16z\"\/><\/svg><\/a>        <\/div>\r\n        <div class=\"portfolio-meta-wrapper\">\r\n            <h3 class=\"the-title\"><a target=\"_self\" href=\"https:\/\/eregistar.capljina.ba\/en\/registar\/03-25-izlazak-sanitarne-inspekcije-radi-izrade-zapisnika-o-robi-kojoj-je-istekao-rok-valjanosti\/\">03.25.   Izlazak sanitarne inspekcije radi izrade zapisnika o robi kojoj je istekao rok valjanosti<\/a><\/h3><div class=\"clearboth\"><\/div>\t<div class=\"portfolio-categories\"><a href=\"https:\/\/eregistar.capljina.ba\/en\/kategorija\/administrativni-postupci\/\">Administrativni postupci<\/a>, <a href=\"https:\/\/eregistar.capljina.ba\/en\/kategorija\/inspekcijski-poslovi\/\">Inspekcijski poslovi<\/a>, <a href=\"https:\/\/eregistar.capljina.ba\/en\/kategorija\/sluzba-gospodarstva\/\">Slu\u017eba gospodarstva<\/a><\/div>\r\n<p class=\"the-excerpt\"><\/p>        <\/div>\r\n    <\/div>\r\n<\/article>\r\n\r\n\r\n\r\n\r\n\r\n\r\n<article id=\"7557\" class=\"mk-portfolio-item mk-portfolio-classic-item one-column administrativni-postupci prostorno-uredenje-urbanizam-i-graditeljstvo sluzba-prostornog-uredenja-i-graditeljstva\">\r\n    <div class=\"item-holder\">\r\n                <div class=\"featured-image js-taphover\">\r\n            <img loading=\"lazy\" decoding=\"async\" alt=\"04.01.   Urbanisti\u010dka suglasnost\" title=\"04.01.   Urbanisti\u010dka suglasnost\" src=\"https:\/\/eregistar.capljina.ba\/wp-content\/uploads\/bfi_thumb\/dummy-transparent-mtvazs4x65493jg37cimuev6o5yvclm1zauc1wmtvq.png\" data-mk-image-src-set='{\"default\":\"https:\\\/\\\/eregistar.capljina.ba\\\/wp-content\\\/uploads\\\/bfi_thumb\\\/banner-op-1n-nq7hc01lfqjktlm84xuqnf58hmjm9vdh12syqpf4cm.jpg\",\"2x\":\"\",\"mobile\":\"https:\\\/\\\/eregistar.capljina.ba\\\/wp-content\\\/uploads\\\/bfi_thumb\\\/banner-op-1n-3106csy62elcilrx5uiy5rert88s3prdwyaawihqo6zqf6la4.jpg\"}' width=\"770\" height=\"7\"  \/>\r\n            <div class=\"image-hover-overlay\"><\/div>\r\n            \r\n<a class=\"hover-icon from-left project-load\" target=\"_self\" href=\"https:\/\/eregistar.capljina.ba\/en\/registar\/04-01-urbanisticka-suglasnost\/\" data-post-id=\"7557\"><svg  class=\"mk-svg-icon\" data-name=\"mk-jupiter-icon-arrow-circle\" data-cacheid=\"icon-69f22fdd0c81f\" xmlns=\"http:\/\/www.w3.org\/2000\/svg\" viewbox=\"0 0 512 512\"><path d=\"M240 24c115.2 0 209.6 94.4 209.6 209.6s-94.4 209.6-209.6 209.6-209.6-94.4-209.6-209.6 94.4-209.6 209.6-209.6zm0-30.4c-132.8 0-240 107.2-240 240s107.2 240 240 240 240-107.2 240-240-107.2-240-240-240zm16 336c-4.8 0-8-1.6-11.2-4.8-6.4-6.4-6.4-16 0-22.4l68.8-68.8-68.8-68.8c-6.4-6.4-6.4-16 0-22.4s16-6.4 22.4 0l80 80c6.4 6.4 6.4 16 0 22.4l-80 80c-3.2 3.2-8 4.8-11.2 4.8zm80-80h-192c-9.6 0-16-6.4-16-16s6.4-16 16-16h192c9.6 0 16 6.4 16 16s-8 16-16 16z\"\/><\/svg><\/a>        <\/div>\r\n        <div class=\"portfolio-meta-wrapper\">\r\n            <h3 class=\"the-title\"><a target=\"_self\" href=\"https:\/\/eregistar.capljina.ba\/en\/registar\/04-01-urbanisticka-suglasnost\/\">04.01.   Urbanisti\u010dka suglasnost<\/a><\/h3><div class=\"clearboth\"><\/div>\t<div class=\"portfolio-categories\"><a href=\"https:\/\/eregistar.capljina.ba\/en\/kategorija\/administrativni-postupci\/\">Administrativni postupci<\/a>, <a href=\"https:\/\/eregistar.capljina.ba\/en\/kategorija\/prostorno-uredenje-urbanizam-i-graditeljstvo\/\">Prostorno ure\u0111enje, urbanizam i graditeljstvo<\/a>, <a href=\"https:\/\/eregistar.capljina.ba\/en\/kategorija\/sluzba-prostornog-uredenja-i-graditeljstva\/\">Slu\u017eba prostornog ure\u0111enja i graditeljstva<\/a><\/div>\r\n<p class=\"the-excerpt\"><\/p>        <\/div>\r\n    <\/div>\r\n<\/article>\r\n\r\n\r\n\r\n\r\n\r\n\r\n<article id=\"7555\" class=\"mk-portfolio-item mk-portfolio-classic-item one-column administrativni-postupci prostorno-uredenje-urbanizam-i-graditeljstvo sluzba-prostornog-uredenja-i-graditeljstva\">\r\n    <div class=\"item-holder\">\r\n                <div class=\"featured-image js-taphover\">\r\n            <img loading=\"lazy\" decoding=\"async\" alt=\"04.02.   Odobrenje za kori\u0161tenje javne povr\u0161ine\" title=\"04.02.   Odobrenje za kori\u0161tenje javne povr\u0161ine\" src=\"https:\/\/eregistar.capljina.ba\/wp-content\/uploads\/bfi_thumb\/dummy-transparent-mtvazs4x65493jg37cimuev6o5yvclm1zauc1wmtvq.png\" data-mk-image-src-set='{\"default\":\"https:\\\/\\\/eregistar.capljina.ba\\\/wp-content\\\/uploads\\\/bfi_thumb\\\/banner-op-1n-nq7hc01lfqjktlm84xuqnf58hmjm9vdh12syqpf4cm.jpg\",\"2x\":\"\",\"mobile\":\"https:\\\/\\\/eregistar.capljina.ba\\\/wp-content\\\/uploads\\\/bfi_thumb\\\/banner-op-1n-3106csy62elcilrx5uiy5rert88s3prdwyaawihqo6zqf6la4.jpg\"}' width=\"770\" height=\"7\"  \/>\r\n            <div class=\"image-hover-overlay\"><\/div>\r\n            \r\n<a class=\"hover-icon from-left project-load\" target=\"_self\" href=\"https:\/\/eregistar.capljina.ba\/en\/registar\/04-02-odobrenje-za-koristenje-javne-povrsine\/\" data-post-id=\"7555\"><svg  class=\"mk-svg-icon\" data-name=\"mk-jupiter-icon-arrow-circle\" data-cacheid=\"icon-69f22fdd0deda\" xmlns=\"http:\/\/www.w3.org\/2000\/svg\" viewbox=\"0 0 512 512\"><path d=\"M240 24c115.2 0 209.6 94.4 209.6 209.6s-94.4 209.6-209.6 209.6-209.6-94.4-209.6-209.6 94.4-209.6 209.6-209.6zm0-30.4c-132.8 0-240 107.2-240 240s107.2 240 240 240 240-107.2 240-240-107.2-240-240-240zm16 336c-4.8 0-8-1.6-11.2-4.8-6.4-6.4-6.4-16 0-22.4l68.8-68.8-68.8-68.8c-6.4-6.4-6.4-16 0-22.4s16-6.4 22.4 0l80 80c6.4 6.4 6.4 16 0 22.4l-80 80c-3.2 3.2-8 4.8-11.2 4.8zm80-80h-192c-9.6 0-16-6.4-16-16s6.4-16 16-16h192c9.6 0 16 6.4 16 16s-8 16-16 16z\"\/><\/svg><\/a>        <\/div>\r\n        <div class=\"portfolio-meta-wrapper\">\r\n            <h3 class=\"the-title\"><a target=\"_self\" href=\"https:\/\/eregistar.capljina.ba\/en\/registar\/04-02-odobrenje-za-koristenje-javne-povrsine\/\">04.02.   Odobrenje za kori\u0161tenje javne povr\u0161ine<\/a><\/h3><div class=\"clearboth\"><\/div>\t<div class=\"portfolio-categories\"><a href=\"https:\/\/eregistar.capljina.ba\/en\/kategorija\/administrativni-postupci\/\">Administrativni postupci<\/a>, <a href=\"https:\/\/eregistar.capljina.ba\/en\/kategorija\/prostorno-uredenje-urbanizam-i-graditeljstvo\/\">Prostorno ure\u0111enje, urbanizam i graditeljstvo<\/a>, <a href=\"https:\/\/eregistar.capljina.ba\/en\/kategorija\/sluzba-prostornog-uredenja-i-graditeljstva\/\">Slu\u017eba prostornog ure\u0111enja i graditeljstva<\/a><\/div>\r\n<p class=\"the-excerpt\"><\/p>        <\/div>\r\n    <\/div>\r\n<\/article>\r\n\r\n\r\n\r\n\r\n\r\n\r\n<article id=\"7553\" class=\"mk-portfolio-item mk-portfolio-classic-item one-column administrativni-postupci prostorno-uredenje-urbanizam-i-graditeljstvo sluzba-prostornog-uredenja-i-graditeljstva\">\r\n    <div class=\"item-holder\">\r\n                <div class=\"featured-image js-taphover\">\r\n            <img loading=\"lazy\" decoding=\"async\" alt=\"04.03.   Urbanisti\u010dka suglasnost za postavljanje reklama i reklamnih panoa\" title=\"04.03.   Urbanisti\u010dka suglasnost za postavljanje reklama i reklamnih panoa\" src=\"https:\/\/eregistar.capljina.ba\/wp-content\/uploads\/bfi_thumb\/dummy-transparent-mtvazs4x65493jg37cimuev6o5yvclm1zauc1wmtvq.png\" data-mk-image-src-set='{\"default\":\"https:\\\/\\\/eregistar.capljina.ba\\\/wp-content\\\/uploads\\\/bfi_thumb\\\/banner-op-1n-nq7hc01lfqjktlm84xuqnf58hmjm9vdh12syqpf4cm.jpg\",\"2x\":\"\",\"mobile\":\"https:\\\/\\\/eregistar.capljina.ba\\\/wp-content\\\/uploads\\\/bfi_thumb\\\/banner-op-1n-3106csy62elcilrx5uiy5rert88s3prdwyaawihqo6zqf6la4.jpg\"}' width=\"770\" height=\"7\"  \/>\r\n            <div class=\"image-hover-overlay\"><\/div>\r\n            \r\n<a class=\"hover-icon from-left project-load\" target=\"_self\" href=\"https:\/\/eregistar.capljina.ba\/en\/registar\/04-03-urbanisticka-suglasnost-za-postavljanje-reklama-i-reklamnih-panoa\/\" data-post-id=\"7553\"><svg  class=\"mk-svg-icon\" data-name=\"mk-jupiter-icon-arrow-circle\" data-cacheid=\"icon-69f22fdd0edcf\" xmlns=\"http:\/\/www.w3.org\/2000\/svg\" viewbox=\"0 0 512 512\"><path d=\"M240 24c115.2 0 209.6 94.4 209.6 209.6s-94.4 209.6-209.6 209.6-209.6-94.4-209.6-209.6 94.4-209.6 209.6-209.6zm0-30.4c-132.8 0-240 107.2-240 240s107.2 240 240 240 240-107.2 240-240-107.2-240-240-240zm16 336c-4.8 0-8-1.6-11.2-4.8-6.4-6.4-6.4-16 0-22.4l68.8-68.8-68.8-68.8c-6.4-6.4-6.4-16 0-22.4s16-6.4 22.4 0l80 80c6.4 6.4 6.4 16 0 22.4l-80 80c-3.2 3.2-8 4.8-11.2 4.8zm80-80h-192c-9.6 0-16-6.4-16-16s6.4-16 16-16h192c9.6 0 16 6.4 16 16s-8 16-16 16z\"\/><\/svg><\/a>        <\/div>\r\n        <div class=\"portfolio-meta-wrapper\">\r\n            <h3 class=\"the-title\"><a target=\"_self\" href=\"https:\/\/eregistar.capljina.ba\/en\/registar\/04-03-urbanisticka-suglasnost-za-postavljanje-reklama-i-reklamnih-panoa\/\">04.03.   Urbanisti\u010dka suglasnost za postavljanje reklama i reklamnih panoa<\/a><\/h3><div class=\"clearboth\"><\/div>\t<div class=\"portfolio-categories\"><a href=\"https:\/\/eregistar.capljina.ba\/en\/kategorija\/administrativni-postupci\/\">Administrativni postupci<\/a>, <a href=\"https:\/\/eregistar.capljina.ba\/en\/kategorija\/prostorno-uredenje-urbanizam-i-graditeljstvo\/\">Prostorno ure\u0111enje, urbanizam i graditeljstvo<\/a>, <a href=\"https:\/\/eregistar.capljina.ba\/en\/kategorija\/sluzba-prostornog-uredenja-i-graditeljstva\/\">Slu\u017eba prostornog ure\u0111enja i graditeljstva<\/a><\/div>\r\n<p class=\"the-excerpt\"><\/p>        <\/div>\r\n    <\/div>\r\n<\/article>\r\n\r\n\r\n\r\n\r\n\r\n\r\n<article id=\"7551\" class=\"mk-portfolio-item mk-portfolio-classic-item one-column administrativni-postupci prostorno-uredenje-urbanizam-i-graditeljstvo sluzba-prostornog-uredenja-i-graditeljstva\">\r\n    <div class=\"item-holder\">\r\n                <div class=\"featured-image js-taphover\">\r\n            <img loading=\"lazy\" decoding=\"async\" alt=\"04.04.   Postavljanje reklamnih panoa i\/ili displeja\" title=\"04.04.   Postavljanje reklamnih panoa i\/ili displeja\" src=\"https:\/\/eregistar.capljina.ba\/wp-content\/uploads\/bfi_thumb\/dummy-transparent-mtvazs4x65493jg37cimuev6o5yvclm1zauc1wmtvq.png\" data-mk-image-src-set='{\"default\":\"https:\\\/\\\/eregistar.capljina.ba\\\/wp-content\\\/uploads\\\/bfi_thumb\\\/banner-op-1n-nq7hc01lfqjktlm84xuqnf58hmjm9vdh12syqpf4cm.jpg\",\"2x\":\"\",\"mobile\":\"https:\\\/\\\/eregistar.capljina.ba\\\/wp-content\\\/uploads\\\/bfi_thumb\\\/banner-op-1n-3106csy62elcilrx5uiy5rert88s3prdwyaawihqo6zqf6la4.jpg\"}' width=\"770\" height=\"7\"  \/>\r\n            <div class=\"image-hover-overlay\"><\/div>\r\n            \r\n<a class=\"hover-icon from-left project-load\" target=\"_self\" href=\"https:\/\/eregistar.capljina.ba\/en\/registar\/04-04-postavljanje-reklamnih-panoa-i-ili-displeja\/\" data-post-id=\"7551\"><svg  class=\"mk-svg-icon\" data-name=\"mk-jupiter-icon-arrow-circle\" data-cacheid=\"icon-69f22fdd0fbd0\" xmlns=\"http:\/\/www.w3.org\/2000\/svg\" viewbox=\"0 0 512 512\"><path d=\"M240 24c115.2 0 209.6 94.4 209.6 209.6s-94.4 209.6-209.6 209.6-209.6-94.4-209.6-209.6 94.4-209.6 209.6-209.6zm0-30.4c-132.8 0-240 107.2-240 240s107.2 240 240 240 240-107.2 240-240-107.2-240-240-240zm16 336c-4.8 0-8-1.6-11.2-4.8-6.4-6.4-6.4-16 0-22.4l68.8-68.8-68.8-68.8c-6.4-6.4-6.4-16 0-22.4s16-6.4 22.4 0l80 80c6.4 6.4 6.4 16 0 22.4l-80 80c-3.2 3.2-8 4.8-11.2 4.8zm80-80h-192c-9.6 0-16-6.4-16-16s6.4-16 16-16h192c9.6 0 16 6.4 16 16s-8 16-16 16z\"\/><\/svg><\/a>        <\/div>\r\n        <div class=\"portfolio-meta-wrapper\">\r\n            <h3 class=\"the-title\"><a target=\"_self\" href=\"https:\/\/eregistar.capljina.ba\/en\/registar\/04-04-postavljanje-reklamnih-panoa-i-ili-displeja\/\">04.04.   Postavljanje reklamnih panoa i\/ili displeja<\/a><\/h3><div class=\"clearboth\"><\/div>\t<div class=\"portfolio-categories\"><a href=\"https:\/\/eregistar.capljina.ba\/en\/kategorija\/administrativni-postupci\/\">Administrativni postupci<\/a>, <a href=\"https:\/\/eregistar.capljina.ba\/en\/kategorija\/prostorno-uredenje-urbanizam-i-graditeljstvo\/\">Prostorno ure\u0111enje, urbanizam i graditeljstvo<\/a>, <a href=\"https:\/\/eregistar.capljina.ba\/en\/kategorija\/sluzba-prostornog-uredenja-i-graditeljstva\/\">Slu\u017eba prostornog ure\u0111enja i graditeljstva<\/a><\/div>\r\n<p class=\"the-excerpt\"><\/p>        <\/div>\r\n    <\/div>\r\n<\/article>\r\n\r\n\r\n\r\n\r\n\r\n\r\n<article id=\"7549\" class=\"mk-portfolio-item mk-portfolio-classic-item one-column administrativni-postupci prostorno-uredenje-urbanizam-i-graditeljstvo sluzba-prostornog-uredenja-i-graditeljstva\">\r\n    <div class=\"item-holder\">\r\n                <div class=\"featured-image js-taphover\">\r\n            <img loading=\"lazy\" decoding=\"async\" alt=\"04.05.   Urbanisti\u010dka suglasnost\/Legalizacija\" title=\"04.05.   Urbanisti\u010dka suglasnost\/Legalizacija\" src=\"https:\/\/eregistar.capljina.ba\/wp-content\/uploads\/bfi_thumb\/dummy-transparent-mtvazs4x65493jg37cimuev6o5yvclm1zauc1wmtvq.png\" data-mk-image-src-set='{\"default\":\"https:\\\/\\\/eregistar.capljina.ba\\\/wp-content\\\/uploads\\\/bfi_thumb\\\/banner-op-1n-nq7hc01lfqjktlm84xuqnf58hmjm9vdh12syqpf4cm.jpg\",\"2x\":\"\",\"mobile\":\"https:\\\/\\\/eregistar.capljina.ba\\\/wp-content\\\/uploads\\\/bfi_thumb\\\/banner-op-1n-3106csy62elcilrx5uiy5rert88s3prdwyaawihqo6zqf6la4.jpg\"}' width=\"770\" height=\"7\"  \/>\r\n            <div class=\"image-hover-overlay\"><\/div>\r\n            \r\n<a class=\"hover-icon from-left project-load\" target=\"_self\" href=\"https:\/\/eregistar.capljina.ba\/en\/registar\/04-05-urbanisticka-suglasnost-legalizacija\/\" data-post-id=\"7549\"><svg  class=\"mk-svg-icon\" data-name=\"mk-jupiter-icon-arrow-circle\" data-cacheid=\"icon-69f22fdd109f0\" xmlns=\"http:\/\/www.w3.org\/2000\/svg\" viewbox=\"0 0 512 512\"><path d=\"M240 24c115.2 0 209.6 94.4 209.6 209.6s-94.4 209.6-209.6 209.6-209.6-94.4-209.6-209.6 94.4-209.6 209.6-209.6zm0-30.4c-132.8 0-240 107.2-240 240s107.2 240 240 240 240-107.2 240-240-107.2-240-240-240zm16 336c-4.8 0-8-1.6-11.2-4.8-6.4-6.4-6.4-16 0-22.4l68.8-68.8-68.8-68.8c-6.4-6.4-6.4-16 0-22.4s16-6.4 22.4 0l80 80c6.4 6.4 6.4 16 0 22.4l-80 80c-3.2 3.2-8 4.8-11.2 4.8zm80-80h-192c-9.6 0-16-6.4-16-16s6.4-16 16-16h192c9.6 0 16 6.4 16 16s-8 16-16 16z\"\/><\/svg><\/a>        <\/div>\r\n        <div class=\"portfolio-meta-wrapper\">\r\n            <h3 class=\"the-title\"><a target=\"_self\" href=\"https:\/\/eregistar.capljina.ba\/en\/registar\/04-05-urbanisticka-suglasnost-legalizacija\/\">04.05.   Urbanisti\u010dka suglasnost\/Legalizacija<\/a><\/h3><div class=\"clearboth\"><\/div>\t<div class=\"portfolio-categories\"><a href=\"https:\/\/eregistar.capljina.ba\/en\/kategorija\/administrativni-postupci\/\">Administrativni postupci<\/a>, <a href=\"https:\/\/eregistar.capljina.ba\/en\/kategorija\/prostorno-uredenje-urbanizam-i-graditeljstvo\/\">Prostorno ure\u0111enje, urbanizam i graditeljstvo<\/a>, <a href=\"https:\/\/eregistar.capljina.ba\/en\/kategorija\/sluzba-prostornog-uredenja-i-graditeljstva\/\">Slu\u017eba prostornog ure\u0111enja i graditeljstva<\/a><\/div>\r\n<p class=\"the-excerpt\"><\/p>        <\/div>\r\n    <\/div>\r\n<\/article>\r\n\r\n\r\n\r\n\r\n\r\n\r\n<article id=\"7547\" class=\"mk-portfolio-item mk-portfolio-classic-item one-column administrativni-postupci prostorno-uredenje-urbanizam-i-graditeljstvo sluzba-prostornog-uredenja-i-graditeljstva\">\r\n    <div class=\"item-holder\">\r\n                <div class=\"featured-image js-taphover\">\r\n            <img loading=\"lazy\" decoding=\"async\" alt=\"04.06.   Izmjena urbanisti\u010dke suglasnosti\" title=\"04.06.   Izmjena urbanisti\u010dke suglasnosti\" src=\"https:\/\/eregistar.capljina.ba\/wp-content\/uploads\/bfi_thumb\/dummy-transparent-mtvazs4x65493jg37cimuev6o5yvclm1zauc1wmtvq.png\" data-mk-image-src-set='{\"default\":\"https:\\\/\\\/eregistar.capljina.ba\\\/wp-content\\\/uploads\\\/bfi_thumb\\\/banner-op-1n-nq7hc01lfqjktlm84xuqnf58hmjm9vdh12syqpf4cm.jpg\",\"2x\":\"\",\"mobile\":\"https:\\\/\\\/eregistar.capljina.ba\\\/wp-content\\\/uploads\\\/bfi_thumb\\\/banner-op-1n-3106csy62elcilrx5uiy5rert88s3prdwyaawihqo6zqf6la4.jpg\"}' width=\"770\" height=\"7\"  \/>\r\n            <div class=\"image-hover-overlay\"><\/div>\r\n            \r\n<a class=\"hover-icon from-left project-load\" target=\"_self\" href=\"https:\/\/eregistar.capljina.ba\/en\/registar\/04-06-izmjena-urbanisticke-suglasnosti\/\" data-post-id=\"7547\"><svg  class=\"mk-svg-icon\" data-name=\"mk-jupiter-icon-arrow-circle\" data-cacheid=\"icon-69f22fdd117b6\" xmlns=\"http:\/\/www.w3.org\/2000\/svg\" viewbox=\"0 0 512 512\"><path d=\"M240 24c115.2 0 209.6 94.4 209.6 209.6s-94.4 209.6-209.6 209.6-209.6-94.4-209.6-209.6 94.4-209.6 209.6-209.6zm0-30.4c-132.8 0-240 107.2-240 240s107.2 240 240 240 240-107.2 240-240-107.2-240-240-240zm16 336c-4.8 0-8-1.6-11.2-4.8-6.4-6.4-6.4-16 0-22.4l68.8-68.8-68.8-68.8c-6.4-6.4-6.4-16 0-22.4s16-6.4 22.4 0l80 80c6.4 6.4 6.4 16 0 22.4l-80 80c-3.2 3.2-8 4.8-11.2 4.8zm80-80h-192c-9.6 0-16-6.4-16-16s6.4-16 16-16h192c9.6 0 16 6.4 16 16s-8 16-16 16z\"\/><\/svg><\/a>        <\/div>\r\n        <div class=\"portfolio-meta-wrapper\">\r\n            <h3 class=\"the-title\"><a target=\"_self\" href=\"https:\/\/eregistar.capljina.ba\/en\/registar\/04-06-izmjena-urbanisticke-suglasnosti\/\">04.06.   Izmjena urbanisti\u010dke suglasnosti<\/a><\/h3><div class=\"clearboth\"><\/div>\t<div class=\"portfolio-categories\"><a href=\"https:\/\/eregistar.capljina.ba\/en\/kategorija\/administrativni-postupci\/\">Administrativni postupci<\/a>, <a href=\"https:\/\/eregistar.capljina.ba\/en\/kategorija\/prostorno-uredenje-urbanizam-i-graditeljstvo\/\">Prostorno ure\u0111enje, urbanizam i graditeljstvo<\/a>, <a href=\"https:\/\/eregistar.capljina.ba\/en\/kategorija\/sluzba-prostornog-uredenja-i-graditeljstva\/\">Slu\u017eba prostornog ure\u0111enja i graditeljstva<\/a><\/div>\r\n<p class=\"the-excerpt\"><\/p>        <\/div>\r\n    <\/div>\r\n<\/article>\r\n\r\n\r\n\r\n\r\n\r\n\r\n<article id=\"7545\" class=\"mk-portfolio-item mk-portfolio-classic-item one-column administrativni-postupci prostorno-uredenje-urbanizam-i-graditeljstvo sluzba-prostornog-uredenja-i-graditeljstva\">\r\n    <div class=\"item-holder\">\r\n                <div class=\"featured-image js-taphover\">\r\n            <img loading=\"lazy\" decoding=\"async\" alt=\"04.07.   Produljenje va\u017enosti urbanisti\u010dke suglasnosti\/odobrenja za gradnju\" title=\"04.07.   Produljenje va\u017enosti urbanisti\u010dke suglasnosti\/odobrenja za gradnju\" src=\"https:\/\/eregistar.capljina.ba\/wp-content\/uploads\/bfi_thumb\/dummy-transparent-mtvazs4x65493jg37cimuev6o5yvclm1zauc1wmtvq.png\" data-mk-image-src-set='{\"default\":\"https:\\\/\\\/eregistar.capljina.ba\\\/wp-content\\\/uploads\\\/bfi_thumb\\\/banner-op-1n-nq7hc01lfqjktlm84xuqnf58hmjm9vdh12syqpf4cm.jpg\",\"2x\":\"\",\"mobile\":\"https:\\\/\\\/eregistar.capljina.ba\\\/wp-content\\\/uploads\\\/bfi_thumb\\\/banner-op-1n-3106csy62elcilrx5uiy5rert88s3prdwyaawihqo6zqf6la4.jpg\"}' width=\"770\" height=\"7\"  \/>\r\n            <div class=\"image-hover-overlay\"><\/div>\r\n            \r\n<a class=\"hover-icon from-left project-load\" target=\"_self\" href=\"https:\/\/eregistar.capljina.ba\/en\/registar\/04-07-produljenje-vaznosti-urbanisticke-suglasnosti-odobrenja-za-gradnju\/\" data-post-id=\"7545\"><svg  class=\"mk-svg-icon\" data-name=\"mk-jupiter-icon-arrow-circle\" data-cacheid=\"icon-69f22fdd1249c\" xmlns=\"http:\/\/www.w3.org\/2000\/svg\" viewbox=\"0 0 512 512\"><path d=\"M240 24c115.2 0 209.6 94.4 209.6 209.6s-94.4 209.6-209.6 209.6-209.6-94.4-209.6-209.6 94.4-209.6 209.6-209.6zm0-30.4c-132.8 0-240 107.2-240 240s107.2 240 240 240 240-107.2 240-240-107.2-240-240-240zm16 336c-4.8 0-8-1.6-11.2-4.8-6.4-6.4-6.4-16 0-22.4l68.8-68.8-68.8-68.8c-6.4-6.4-6.4-16 0-22.4s16-6.4 22.4 0l80 80c6.4 6.4 6.4 16 0 22.4l-80 80c-3.2 3.2-8 4.8-11.2 4.8zm80-80h-192c-9.6 0-16-6.4-16-16s6.4-16 16-16h192c9.6 0 16 6.4 16 16s-8 16-16 16z\"\/><\/svg><\/a>        <\/div>\r\n        <div class=\"portfolio-meta-wrapper\">\r\n            <h3 class=\"the-title\"><a target=\"_self\" href=\"https:\/\/eregistar.capljina.ba\/en\/registar\/04-07-produljenje-vaznosti-urbanisticke-suglasnosti-odobrenja-za-gradnju\/\">04.07.   Produljenje va\u017enosti urbanisti\u010dke suglasnosti\/odobrenja za gradnju<\/a><\/h3><div class=\"clearboth\"><\/div>\t<div class=\"portfolio-categories\"><a href=\"https:\/\/eregistar.capljina.ba\/en\/kategorija\/administrativni-postupci\/\">Administrativni postupci<\/a>, <a href=\"https:\/\/eregistar.capljina.ba\/en\/kategorija\/prostorno-uredenje-urbanizam-i-graditeljstvo\/\">Prostorno ure\u0111enje, urbanizam i graditeljstvo<\/a>, <a href=\"https:\/\/eregistar.capljina.ba\/en\/kategorija\/sluzba-prostornog-uredenja-i-graditeljstva\/\">Slu\u017eba prostornog ure\u0111enja i graditeljstva<\/a><\/div>\r\n<p class=\"the-excerpt\"><\/p>        <\/div>\r\n    <\/div>\r\n<\/article>\r\n\r\n\r\n\r\n\r\n\r\n\r\n<article id=\"7543\" class=\"mk-portfolio-item mk-portfolio-classic-item one-column administrativni-postupci prostorno-uredenje-urbanizam-i-graditeljstvo sluzba-prostornog-uredenja-i-graditeljstva\">\r\n    <div class=\"item-holder\">\r\n                <div class=\"featured-image js-taphover\">\r\n            <img loading=\"lazy\" decoding=\"async\" alt=\"04.08.   Odobrenje za gradnju\" title=\"04.08.   Odobrenje za gradnju\" src=\"https:\/\/eregistar.capljina.ba\/wp-content\/uploads\/bfi_thumb\/dummy-transparent-mtvazs4x65493jg37cimuev6o5yvclm1zauc1wmtvq.png\" data-mk-image-src-set='{\"default\":\"https:\\\/\\\/eregistar.capljina.ba\\\/wp-content\\\/uploads\\\/bfi_thumb\\\/banner-op-1n-nq7hc01lfqjktlm84xuqnf58hmjm9vdh12syqpf4cm.jpg\",\"2x\":\"\",\"mobile\":\"https:\\\/\\\/eregistar.capljina.ba\\\/wp-content\\\/uploads\\\/bfi_thumb\\\/banner-op-1n-3106csy62elcilrx5uiy5rert88s3prdwyaawihqo6zqf6la4.jpg\"}' width=\"770\" height=\"7\"  \/>\r\n            <div class=\"image-hover-overlay\"><\/div>\r\n            \r\n<a class=\"hover-icon from-left project-load\" target=\"_self\" href=\"https:\/\/eregistar.capljina.ba\/en\/registar\/04-08-odobrenje-za-gradnju\/\" data-post-id=\"7543\"><svg  class=\"mk-svg-icon\" data-name=\"mk-jupiter-icon-arrow-circle\" data-cacheid=\"icon-69f22fdd131aa\" xmlns=\"http:\/\/www.w3.org\/2000\/svg\" viewbox=\"0 0 512 512\"><path d=\"M240 24c115.2 0 209.6 94.4 209.6 209.6s-94.4 209.6-209.6 209.6-209.6-94.4-209.6-209.6 94.4-209.6 209.6-209.6zm0-30.4c-132.8 0-240 107.2-240 240s107.2 240 240 240 240-107.2 240-240-107.2-240-240-240zm16 336c-4.8 0-8-1.6-11.2-4.8-6.4-6.4-6.4-16 0-22.4l68.8-68.8-68.8-68.8c-6.4-6.4-6.4-16 0-22.4s16-6.4 22.4 0l80 80c6.4 6.4 6.4 16 0 22.4l-80 80c-3.2 3.2-8 4.8-11.2 4.8zm80-80h-192c-9.6 0-16-6.4-16-16s6.4-16 16-16h192c9.6 0 16 6.4 16 16s-8 16-16 16z\"\/><\/svg><\/a>        <\/div>\r\n        <div class=\"portfolio-meta-wrapper\">\r\n            <h3 class=\"the-title\"><a target=\"_self\" href=\"https:\/\/eregistar.capljina.ba\/en\/registar\/04-08-odobrenje-za-gradnju\/\">04.08.   Odobrenje za gradnju<\/a><\/h3><div class=\"clearboth\"><\/div>\t<div class=\"portfolio-categories\"><a href=\"https:\/\/eregistar.capljina.ba\/en\/kategorija\/administrativni-postupci\/\">Administrativni postupci<\/a>, <a href=\"https:\/\/eregistar.capljina.ba\/en\/kategorija\/prostorno-uredenje-urbanizam-i-graditeljstvo\/\">Prostorno ure\u0111enje, urbanizam i graditeljstvo<\/a>, <a href=\"https:\/\/eregistar.capljina.ba\/en\/kategorija\/sluzba-prostornog-uredenja-i-graditeljstva\/\">Slu\u017eba prostornog ure\u0111enja i graditeljstva<\/a><\/div>\r\n<p class=\"the-excerpt\"><\/p>        <\/div>\r\n    <\/div>\r\n<\/article>\r\n\r\n\r\n\r\n\r\n\r\n\r\n<article id=\"7541\" class=\"mk-portfolio-item mk-portfolio-classic-item one-column administrativni-postupci prostorno-uredenje-urbanizam-i-graditeljstvo sluzba-prostornog-uredenja-i-graditeljstva\">\r\n    <div class=\"item-holder\">\r\n                <div class=\"featured-image js-taphover\">\r\n            <img loading=\"lazy\" decoding=\"async\" alt=\"04.09.   Odobrenje za gradnju\/legalizacija bespravne gra\u0111evine\" title=\"04.09.   Odobrenje za gradnju\/legalizacija bespravne gra\u0111evine\" src=\"https:\/\/eregistar.capljina.ba\/wp-content\/uploads\/bfi_thumb\/dummy-transparent-mtvazs4x65493jg37cimuev6o5yvclm1zauc1wmtvq.png\" data-mk-image-src-set='{\"default\":\"https:\\\/\\\/eregistar.capljina.ba\\\/wp-content\\\/uploads\\\/bfi_thumb\\\/banner-op-1n-nq7hc01lfqjktlm84xuqnf58hmjm9vdh12syqpf4cm.jpg\",\"2x\":\"\",\"mobile\":\"https:\\\/\\\/eregistar.capljina.ba\\\/wp-content\\\/uploads\\\/bfi_thumb\\\/banner-op-1n-3106csy62elcilrx5uiy5rert88s3prdwyaawihqo6zqf6la4.jpg\"}' width=\"770\" height=\"7\"  \/>\r\n            <div class=\"image-hover-overlay\"><\/div>\r\n            \r\n<a class=\"hover-icon from-left project-load\" target=\"_self\" href=\"https:\/\/eregistar.capljina.ba\/en\/registar\/04-09-odobrenje-za-gradnju-legalizacija-bespravne-gradevine\/\" data-post-id=\"7541\"><svg  class=\"mk-svg-icon\" data-name=\"mk-jupiter-icon-arrow-circle\" data-cacheid=\"icon-69f22fdd1400f\" xmlns=\"http:\/\/www.w3.org\/2000\/svg\" viewbox=\"0 0 512 512\"><path d=\"M240 24c115.2 0 209.6 94.4 209.6 209.6s-94.4 209.6-209.6 209.6-209.6-94.4-209.6-209.6 94.4-209.6 209.6-209.6zm0-30.4c-132.8 0-240 107.2-240 240s107.2 240 240 240 240-107.2 240-240-107.2-240-240-240zm16 336c-4.8 0-8-1.6-11.2-4.8-6.4-6.4-6.4-16 0-22.4l68.8-68.8-68.8-68.8c-6.4-6.4-6.4-16 0-22.4s16-6.4 22.4 0l80 80c6.4 6.4 6.4 16 0 22.4l-80 80c-3.2 3.2-8 4.8-11.2 4.8zm80-80h-192c-9.6 0-16-6.4-16-16s6.4-16 16-16h192c9.6 0 16 6.4 16 16s-8 16-16 16z\"\/><\/svg><\/a>        <\/div>\r\n        <div class=\"portfolio-meta-wrapper\">\r\n            <h3 class=\"the-title\"><a target=\"_self\" href=\"https:\/\/eregistar.capljina.ba\/en\/registar\/04-09-odobrenje-za-gradnju-legalizacija-bespravne-gradevine\/\">04.09.   Odobrenje za gradnju\/legalizacija bespravne gra\u0111evine<\/a><\/h3><div class=\"clearboth\"><\/div>\t<div class=\"portfolio-categories\"><a href=\"https:\/\/eregistar.capljina.ba\/en\/kategorija\/administrativni-postupci\/\">Administrativni postupci<\/a>, <a href=\"https:\/\/eregistar.capljina.ba\/en\/kategorija\/prostorno-uredenje-urbanizam-i-graditeljstvo\/\">Prostorno ure\u0111enje, urbanizam i graditeljstvo<\/a>, <a href=\"https:\/\/eregistar.capljina.ba\/en\/kategorija\/sluzba-prostornog-uredenja-i-graditeljstva\/\">Slu\u017eba prostornog ure\u0111enja i graditeljstva<\/a><\/div>\r\n<p class=\"the-excerpt\"><\/p>        <\/div>\r\n    <\/div>\r\n<\/article>\r\n\r\n\r\n\r\n\r\n\r\n\r\n<article id=\"7539\" class=\"mk-portfolio-item mk-portfolio-classic-item one-column administrativni-postupci prostorno-uredenje-urbanizam-i-graditeljstvo sluzba-prostornog-uredenja-i-graditeljstva\">\r\n    <div class=\"item-holder\">\r\n                <div class=\"featured-image js-taphover\">\r\n            <img loading=\"lazy\" decoding=\"async\" alt=\"04.10.   Odobrenje za uklanjanje objekta\" title=\"04.10.   Odobrenje za uklanjanje objekta\" src=\"https:\/\/eregistar.capljina.ba\/wp-content\/uploads\/bfi_thumb\/dummy-transparent-mtvazs4x65493jg37cimuev6o5yvclm1zauc1wmtvq.png\" data-mk-image-src-set='{\"default\":\"https:\\\/\\\/eregistar.capljina.ba\\\/wp-content\\\/uploads\\\/bfi_thumb\\\/banner-op-1n-nq7hc01lfqjktlm84xuqnf58hmjm9vdh12syqpf4cm.jpg\",\"2x\":\"\",\"mobile\":\"https:\\\/\\\/eregistar.capljina.ba\\\/wp-content\\\/uploads\\\/bfi_thumb\\\/banner-op-1n-3106csy62elcilrx5uiy5rert88s3prdwyaawihqo6zqf6la4.jpg\"}' width=\"770\" height=\"7\"  \/>\r\n            <div class=\"image-hover-overlay\"><\/div>\r\n            \r\n<a class=\"hover-icon from-left project-load\" target=\"_self\" href=\"https:\/\/eregistar.capljina.ba\/en\/registar\/04-10-odobrenje-za-uklanjanje-objekta\/\" data-post-id=\"7539\"><svg  class=\"mk-svg-icon\" data-name=\"mk-jupiter-icon-arrow-circle\" data-cacheid=\"icon-69f22fdd14d41\" xmlns=\"http:\/\/www.w3.org\/2000\/svg\" viewbox=\"0 0 512 512\"><path d=\"M240 24c115.2 0 209.6 94.4 209.6 209.6s-94.4 209.6-209.6 209.6-209.6-94.4-209.6-209.6 94.4-209.6 209.6-209.6zm0-30.4c-132.8 0-240 107.2-240 240s107.2 240 240 240 240-107.2 240-240-107.2-240-240-240zm16 336c-4.8 0-8-1.6-11.2-4.8-6.4-6.4-6.4-16 0-22.4l68.8-68.8-68.8-68.8c-6.4-6.4-6.4-16 0-22.4s16-6.4 22.4 0l80 80c6.4 6.4 6.4 16 0 22.4l-80 80c-3.2 3.2-8 4.8-11.2 4.8zm80-80h-192c-9.6 0-16-6.4-16-16s6.4-16 16-16h192c9.6 0 16 6.4 16 16s-8 16-16 16z\"\/><\/svg><\/a>        <\/div>\r\n        <div class=\"portfolio-meta-wrapper\">\r\n            <h3 class=\"the-title\"><a target=\"_self\" href=\"https:\/\/eregistar.capljina.ba\/en\/registar\/04-10-odobrenje-za-uklanjanje-objekta\/\">04.10.   Odobrenje za uklanjanje objekta<\/a><\/h3><div class=\"clearboth\"><\/div>\t<div class=\"portfolio-categories\"><a href=\"https:\/\/eregistar.capljina.ba\/en\/kategorija\/administrativni-postupci\/\">Administrativni postupci<\/a>, <a href=\"https:\/\/eregistar.capljina.ba\/en\/kategorija\/prostorno-uredenje-urbanizam-i-graditeljstvo\/\">Prostorno ure\u0111enje, urbanizam i graditeljstvo<\/a>, <a href=\"https:\/\/eregistar.capljina.ba\/en\/kategorija\/sluzba-prostornog-uredenja-i-graditeljstva\/\">Slu\u017eba prostornog ure\u0111enja i graditeljstva<\/a><\/div>\r\n<p class=\"the-excerpt\"><\/p>        <\/div>\r\n    <\/div>\r\n<\/article>\r\n\r\n\r\n\r\n\r\n\r\n\r\n<article id=\"7537\" class=\"mk-portfolio-item mk-portfolio-classic-item one-column administrativni-postupci prostorno-uredenje-urbanizam-i-graditeljstvo sluzba-prostornog-uredenja-i-graditeljstva\">\r\n    <div class=\"item-holder\">\r\n                <div class=\"featured-image js-taphover\">\r\n            <img loading=\"lazy\" decoding=\"async\" alt=\"04.11.   Izmjena odobrenja za gradnju\" title=\"04.11.   Izmjena odobrenja za gradnju\" src=\"https:\/\/eregistar.capljina.ba\/wp-content\/uploads\/bfi_thumb\/dummy-transparent-mtvazs4x65493jg37cimuev6o5yvclm1zauc1wmtvq.png\" data-mk-image-src-set='{\"default\":\"https:\\\/\\\/eregistar.capljina.ba\\\/wp-content\\\/uploads\\\/bfi_thumb\\\/banner-op-1n-nq7hc01lfqjktlm84xuqnf58hmjm9vdh12syqpf4cm.jpg\",\"2x\":\"\",\"mobile\":\"https:\\\/\\\/eregistar.capljina.ba\\\/wp-content\\\/uploads\\\/bfi_thumb\\\/banner-op-1n-3106csy62elcilrx5uiy5rert88s3prdwyaawihqo6zqf6la4.jpg\"}' width=\"770\" height=\"7\"  \/>\r\n            <div class=\"image-hover-overlay\"><\/div>\r\n            \r\n<a class=\"hover-icon from-left project-load\" target=\"_self\" href=\"https:\/\/eregistar.capljina.ba\/en\/registar\/04-11-izmjena-odobrenja-za-gradnju\/\" data-post-id=\"7537\"><svg  class=\"mk-svg-icon\" data-name=\"mk-jupiter-icon-arrow-circle\" data-cacheid=\"icon-69f22fdd15a49\" xmlns=\"http:\/\/www.w3.org\/2000\/svg\" viewbox=\"0 0 512 512\"><path d=\"M240 24c115.2 0 209.6 94.4 209.6 209.6s-94.4 209.6-209.6 209.6-209.6-94.4-209.6-209.6 94.4-209.6 209.6-209.6zm0-30.4c-132.8 0-240 107.2-240 240s107.2 240 240 240 240-107.2 240-240-107.2-240-240-240zm16 336c-4.8 0-8-1.6-11.2-4.8-6.4-6.4-6.4-16 0-22.4l68.8-68.8-68.8-68.8c-6.4-6.4-6.4-16 0-22.4s16-6.4 22.4 0l80 80c6.4 6.4 6.4 16 0 22.4l-80 80c-3.2 3.2-8 4.8-11.2 4.8zm80-80h-192c-9.6 0-16-6.4-16-16s6.4-16 16-16h192c9.6 0 16 6.4 16 16s-8 16-16 16z\"\/><\/svg><\/a>        <\/div>\r\n        <div class=\"portfolio-meta-wrapper\">\r\n            <h3 class=\"the-title\"><a target=\"_self\" href=\"https:\/\/eregistar.capljina.ba\/en\/registar\/04-11-izmjena-odobrenja-za-gradnju\/\">04.11.   Izmjena odobrenja za gradnju<\/a><\/h3><div class=\"clearboth\"><\/div>\t<div class=\"portfolio-categories\"><a href=\"https:\/\/eregistar.capljina.ba\/en\/kategorija\/administrativni-postupci\/\">Administrativni postupci<\/a>, <a href=\"https:\/\/eregistar.capljina.ba\/en\/kategorija\/prostorno-uredenje-urbanizam-i-graditeljstvo\/\">Prostorno ure\u0111enje, urbanizam i graditeljstvo<\/a>, <a href=\"https:\/\/eregistar.capljina.ba\/en\/kategorija\/sluzba-prostornog-uredenja-i-graditeljstva\/\">Slu\u017eba prostornog ure\u0111enja i graditeljstva<\/a><\/div>\r\n<p class=\"the-excerpt\"><\/p>        <\/div>\r\n    <\/div>\r\n<\/article>\r\n\r\n\r\n\r\n\r\n\r\n\r\n<article id=\"7535\" class=\"mk-portfolio-item mk-portfolio-classic-item one-column administrativni-postupci prostorno-uredenje-urbanizam-i-graditeljstvo sluzba-prostornog-uredenja-i-graditeljstva\">\r\n    <div class=\"item-holder\">\r\n                <div class=\"featured-image js-taphover\">\r\n            <img loading=\"lazy\" decoding=\"async\" alt=\"04.12.   Postavljanje reklama na objekte\" title=\"04.12.   Postavljanje reklama na objekte\" src=\"https:\/\/eregistar.capljina.ba\/wp-content\/uploads\/bfi_thumb\/dummy-transparent-mtvazs4x65493jg37cimuev6o5yvclm1zauc1wmtvq.png\" data-mk-image-src-set='{\"default\":\"https:\\\/\\\/eregistar.capljina.ba\\\/wp-content\\\/uploads\\\/bfi_thumb\\\/banner-op-1n-nq7hc01lfqjktlm84xuqnf58hmjm9vdh12syqpf4cm.jpg\",\"2x\":\"\",\"mobile\":\"https:\\\/\\\/eregistar.capljina.ba\\\/wp-content\\\/uploads\\\/bfi_thumb\\\/banner-op-1n-3106csy62elcilrx5uiy5rert88s3prdwyaawihqo6zqf6la4.jpg\"}' width=\"770\" height=\"7\"  \/>\r\n            <div class=\"image-hover-overlay\"><\/div>\r\n            \r\n<a class=\"hover-icon from-left project-load\" target=\"_self\" href=\"https:\/\/eregistar.capljina.ba\/en\/registar\/04-12-postavljanje-reklama-na-objekte\/\" data-post-id=\"7535\"><svg  class=\"mk-svg-icon\" data-name=\"mk-jupiter-icon-arrow-circle\" data-cacheid=\"icon-69f22fdd16752\" xmlns=\"http:\/\/www.w3.org\/2000\/svg\" viewbox=\"0 0 512 512\"><path d=\"M240 24c115.2 0 209.6 94.4 209.6 209.6s-94.4 209.6-209.6 209.6-209.6-94.4-209.6-209.6 94.4-209.6 209.6-209.6zm0-30.4c-132.8 0-240 107.2-240 240s107.2 240 240 240 240-107.2 240-240-107.2-240-240-240zm16 336c-4.8 0-8-1.6-11.2-4.8-6.4-6.4-6.4-16 0-22.4l68.8-68.8-68.8-68.8c-6.4-6.4-6.4-16 0-22.4s16-6.4 22.4 0l80 80c6.4 6.4 6.4 16 0 22.4l-80 80c-3.2 3.2-8 4.8-11.2 4.8zm80-80h-192c-9.6 0-16-6.4-16-16s6.4-16 16-16h192c9.6 0 16 6.4 16 16s-8 16-16 16z\"\/><\/svg><\/a>        <\/div>\r\n        <div class=\"portfolio-meta-wrapper\">\r\n            <h3 class=\"the-title\"><a target=\"_self\" href=\"https:\/\/eregistar.capljina.ba\/en\/registar\/04-12-postavljanje-reklama-na-objekte\/\">04.12.   Postavljanje reklama na objekte<\/a><\/h3><div class=\"clearboth\"><\/div>\t<div class=\"portfolio-categories\"><a href=\"https:\/\/eregistar.capljina.ba\/en\/kategorija\/administrativni-postupci\/\">Administrativni postupci<\/a>, <a href=\"https:\/\/eregistar.capljina.ba\/en\/kategorija\/prostorno-uredenje-urbanizam-i-graditeljstvo\/\">Prostorno ure\u0111enje, urbanizam i graditeljstvo<\/a>, <a href=\"https:\/\/eregistar.capljina.ba\/en\/kategorija\/sluzba-prostornog-uredenja-i-graditeljstva\/\">Slu\u017eba prostornog ure\u0111enja i graditeljstva<\/a><\/div>\r\n<p class=\"the-excerpt\"><\/p>        <\/div>\r\n    <\/div>\r\n<\/article>\r\n\r\n\r\n\r\n\r\n\r\n\r\n<article id=\"7533\" class=\"mk-portfolio-item mk-portfolio-classic-item one-column administrativni-postupci prostorno-uredenje-urbanizam-i-graditeljstvo sluzba-prostornog-uredenja-i-graditeljstva\">\r\n    <div class=\"item-holder\">\r\n                <div class=\"featured-image js-taphover\">\r\n            <img loading=\"lazy\" decoding=\"async\" alt=\"04.13.   Uporabna dozvola\" title=\"04.13.   Uporabna dozvola\" src=\"https:\/\/eregistar.capljina.ba\/wp-content\/uploads\/bfi_thumb\/dummy-transparent-mtvazs4x65493jg37cimuev6o5yvclm1zauc1wmtvq.png\" data-mk-image-src-set='{\"default\":\"https:\\\/\\\/eregistar.capljina.ba\\\/wp-content\\\/uploads\\\/bfi_thumb\\\/banner-op-1n-nq7hc01lfqjktlm84xuqnf58hmjm9vdh12syqpf4cm.jpg\",\"2x\":\"\",\"mobile\":\"https:\\\/\\\/eregistar.capljina.ba\\\/wp-content\\\/uploads\\\/bfi_thumb\\\/banner-op-1n-3106csy62elcilrx5uiy5rert88s3prdwyaawihqo6zqf6la4.jpg\"}' width=\"770\" height=\"7\"  \/>\r\n            <div class=\"image-hover-overlay\"><\/div>\r\n            \r\n<a class=\"hover-icon from-left project-load\" target=\"_self\" href=\"https:\/\/eregistar.capljina.ba\/en\/registar\/04-13-uporabna-dozvola\/\" data-post-id=\"7533\"><svg  class=\"mk-svg-icon\" data-name=\"mk-jupiter-icon-arrow-circle\" data-cacheid=\"icon-69f22fdd174fa\" xmlns=\"http:\/\/www.w3.org\/2000\/svg\" viewbox=\"0 0 512 512\"><path d=\"M240 24c115.2 0 209.6 94.4 209.6 209.6s-94.4 209.6-209.6 209.6-209.6-94.4-209.6-209.6 94.4-209.6 209.6-209.6zm0-30.4c-132.8 0-240 107.2-240 240s107.2 240 240 240 240-107.2 240-240-107.2-240-240-240zm16 336c-4.8 0-8-1.6-11.2-4.8-6.4-6.4-6.4-16 0-22.4l68.8-68.8-68.8-68.8c-6.4-6.4-6.4-16 0-22.4s16-6.4 22.4 0l80 80c6.4 6.4 6.4 16 0 22.4l-80 80c-3.2 3.2-8 4.8-11.2 4.8zm80-80h-192c-9.6 0-16-6.4-16-16s6.4-16 16-16h192c9.6 0 16 6.4 16 16s-8 16-16 16z\"\/><\/svg><\/a>        <\/div>\r\n        <div class=\"portfolio-meta-wrapper\">\r\n            <h3 class=\"the-title\"><a target=\"_self\" href=\"https:\/\/eregistar.capljina.ba\/en\/registar\/04-13-uporabna-dozvola\/\">04.13.   Uporabna dozvola<\/a><\/h3><div class=\"clearboth\"><\/div>\t<div class=\"portfolio-categories\"><a href=\"https:\/\/eregistar.capljina.ba\/en\/kategorija\/administrativni-postupci\/\">Administrativni postupci<\/a>, <a href=\"https:\/\/eregistar.capljina.ba\/en\/kategorija\/prostorno-uredenje-urbanizam-i-graditeljstvo\/\">Prostorno ure\u0111enje, urbanizam i graditeljstvo<\/a>, <a href=\"https:\/\/eregistar.capljina.ba\/en\/kategorija\/sluzba-prostornog-uredenja-i-graditeljstva\/\">Slu\u017eba prostornog ure\u0111enja i graditeljstva<\/a><\/div>\r\n<p class=\"the-excerpt\"><\/p>        <\/div>\r\n    <\/div>\r\n<\/article>\r\n\r\n\r\n\r\n\r\n\r\n\r\n<article id=\"7531\" class=\"mk-portfolio-item mk-portfolio-classic-item one-column administrativni-postupci prostorno-uredenje-urbanizam-i-graditeljstvo sluzba-prostornog-uredenja-i-graditeljstva\">\r\n    <div class=\"item-holder\">\r\n                <div class=\"featured-image js-taphover\">\r\n            <img loading=\"lazy\" decoding=\"async\" alt=\"04.14.   Uvjerenje o identifikaciji\" title=\"04.14.   Uvjerenje o identifikaciji\" src=\"https:\/\/eregistar.capljina.ba\/wp-content\/uploads\/bfi_thumb\/dummy-transparent-mtvazs4x65493jg37cimuev6o5yvclm1zauc1wmtvq.png\" data-mk-image-src-set='{\"default\":\"https:\\\/\\\/eregistar.capljina.ba\\\/wp-content\\\/uploads\\\/bfi_thumb\\\/banner-op-1n-nq7hc01lfqjktlm84xuqnf58hmjm9vdh12syqpf4cm.jpg\",\"2x\":\"\",\"mobile\":\"https:\\\/\\\/eregistar.capljina.ba\\\/wp-content\\\/uploads\\\/bfi_thumb\\\/banner-op-1n-3106csy62elcilrx5uiy5rert88s3prdwyaawihqo6zqf6la4.jpg\"}' width=\"770\" height=\"7\"  \/>\r\n            <div class=\"image-hover-overlay\"><\/div>\r\n            \r\n<a class=\"hover-icon from-left project-load\" target=\"_self\" href=\"https:\/\/eregistar.capljina.ba\/en\/registar\/04-14-uvjerenje-o-identifikaciji\/\" data-post-id=\"7531\"><svg  class=\"mk-svg-icon\" data-name=\"mk-jupiter-icon-arrow-circle\" data-cacheid=\"icon-69f22fdd183a4\" xmlns=\"http:\/\/www.w3.org\/2000\/svg\" viewbox=\"0 0 512 512\"><path d=\"M240 24c115.2 0 209.6 94.4 209.6 209.6s-94.4 209.6-209.6 209.6-209.6-94.4-209.6-209.6 94.4-209.6 209.6-209.6zm0-30.4c-132.8 0-240 107.2-240 240s107.2 240 240 240 240-107.2 240-240-107.2-240-240-240zm16 336c-4.8 0-8-1.6-11.2-4.8-6.4-6.4-6.4-16 0-22.4l68.8-68.8-68.8-68.8c-6.4-6.4-6.4-16 0-22.4s16-6.4 22.4 0l80 80c6.4 6.4 6.4 16 0 22.4l-80 80c-3.2 3.2-8 4.8-11.2 4.8zm80-80h-192c-9.6 0-16-6.4-16-16s6.4-16 16-16h192c9.6 0 16 6.4 16 16s-8 16-16 16z\"\/><\/svg><\/a>        <\/div>\r\n        <div class=\"portfolio-meta-wrapper\">\r\n            <h3 class=\"the-title\"><a target=\"_self\" href=\"https:\/\/eregistar.capljina.ba\/en\/registar\/04-14-uvjerenje-o-identifikaciji\/\">04.14.   Uvjerenje o identifikaciji<\/a><\/h3><div class=\"clearboth\"><\/div>\t<div class=\"portfolio-categories\"><a href=\"https:\/\/eregistar.capljina.ba\/en\/kategorija\/administrativni-postupci\/\">Administrativni postupci<\/a>, <a href=\"https:\/\/eregistar.capljina.ba\/en\/kategorija\/prostorno-uredenje-urbanizam-i-graditeljstvo\/\">Prostorno ure\u0111enje, urbanizam i graditeljstvo<\/a>, <a href=\"https:\/\/eregistar.capljina.ba\/en\/kategorija\/sluzba-prostornog-uredenja-i-graditeljstva\/\">Slu\u017eba prostornog ure\u0111enja i graditeljstva<\/a><\/div>\r\n<p class=\"the-excerpt\"><\/p>        <\/div>\r\n    <\/div>\r\n<\/article>\r\n\r\n\r\n\r\n\r\n\r\n\r\n<article id=\"7529\" class=\"mk-portfolio-item mk-portfolio-classic-item one-column administrativni-postupci prostorno-uredenje-urbanizam-i-graditeljstvo sluzba-prostornog-uredenja-i-graditeljstva\">\r\n    <div class=\"item-holder\">\r\n                <div class=\"featured-image js-taphover\">\r\n            <img loading=\"lazy\" decoding=\"async\" alt=\"04.15.   Uvjerenje o cjelovitosti\" title=\"04.15.   Uvjerenje o cjelovitosti\" src=\"https:\/\/eregistar.capljina.ba\/wp-content\/uploads\/bfi_thumb\/dummy-transparent-mtvazs4x65493jg37cimuev6o5yvclm1zauc1wmtvq.png\" data-mk-image-src-set='{\"default\":\"https:\\\/\\\/eregistar.capljina.ba\\\/wp-content\\\/uploads\\\/bfi_thumb\\\/banner-op-1n-nq7hc01lfqjktlm84xuqnf58hmjm9vdh12syqpf4cm.jpg\",\"2x\":\"\",\"mobile\":\"https:\\\/\\\/eregistar.capljina.ba\\\/wp-content\\\/uploads\\\/bfi_thumb\\\/banner-op-1n-3106csy62elcilrx5uiy5rert88s3prdwyaawihqo6zqf6la4.jpg\"}' width=\"770\" height=\"7\"  \/>\r\n            <div class=\"image-hover-overlay\"><\/div>\r\n            \r\n<a class=\"hover-icon from-left project-load\" target=\"_self\" href=\"https:\/\/eregistar.capljina.ba\/en\/registar\/04-15-uvjerenje-o-cjelovitosti\/\" data-post-id=\"7529\"><svg  class=\"mk-svg-icon\" data-name=\"mk-jupiter-icon-arrow-circle\" data-cacheid=\"icon-69f22fdd1923c\" xmlns=\"http:\/\/www.w3.org\/2000\/svg\" viewbox=\"0 0 512 512\"><path d=\"M240 24c115.2 0 209.6 94.4 209.6 209.6s-94.4 209.6-209.6 209.6-209.6-94.4-209.6-209.6 94.4-209.6 209.6-209.6zm0-30.4c-132.8 0-240 107.2-240 240s107.2 240 240 240 240-107.2 240-240-107.2-240-240-240zm16 336c-4.8 0-8-1.6-11.2-4.8-6.4-6.4-6.4-16 0-22.4l68.8-68.8-68.8-68.8c-6.4-6.4-6.4-16 0-22.4s16-6.4 22.4 0l80 80c6.4 6.4 6.4 16 0 22.4l-80 80c-3.2 3.2-8 4.8-11.2 4.8zm80-80h-192c-9.6 0-16-6.4-16-16s6.4-16 16-16h192c9.6 0 16 6.4 16 16s-8 16-16 16z\"\/><\/svg><\/a>        <\/div>\r\n        <div class=\"portfolio-meta-wrapper\">\r\n            <h3 class=\"the-title\"><a target=\"_self\" href=\"https:\/\/eregistar.capljina.ba\/en\/registar\/04-15-uvjerenje-o-cjelovitosti\/\">04.15.   Uvjerenje o cjelovitosti<\/a><\/h3><div class=\"clearboth\"><\/div>\t<div class=\"portfolio-categories\"><a href=\"https:\/\/eregistar.capljina.ba\/en\/kategorija\/administrativni-postupci\/\">Administrativni postupci<\/a>, <a href=\"https:\/\/eregistar.capljina.ba\/en\/kategorija\/prostorno-uredenje-urbanizam-i-graditeljstvo\/\">Prostorno ure\u0111enje, urbanizam i graditeljstvo<\/a>, <a href=\"https:\/\/eregistar.capljina.ba\/en\/kategorija\/sluzba-prostornog-uredenja-i-graditeljstva\/\">Slu\u017eba prostornog ure\u0111enja i graditeljstva<\/a><\/div>\r\n<p class=\"the-excerpt\"><\/p>        <\/div>\r\n    <\/div>\r\n<\/article>\r\n\r\n\r\n\r\n\r\n\r\n\r\n<article id=\"7527\" class=\"mk-portfolio-item mk-portfolio-classic-item one-column administrativni-postupci prostorno-uredenje-urbanizam-i-graditeljstvo sluzba-prostornog-uredenja-i-graditeljstva\">\r\n    <div class=\"item-holder\">\r\n                <div class=\"featured-image js-taphover\">\r\n            <img loading=\"lazy\" decoding=\"async\" alt=\"04.16.   Uvjerenje o \u010dinjenicama o kojima se vodi\/ne vodi slu\u017ebena evidencija\" title=\"04.16.   Uvjerenje o \u010dinjenicama o kojima se vodi\/ne vodi slu\u017ebena evidencija\" src=\"https:\/\/eregistar.capljina.ba\/wp-content\/uploads\/bfi_thumb\/dummy-transparent-mtvazs4x65493jg37cimuev6o5yvclm1zauc1wmtvq.png\" data-mk-image-src-set='{\"default\":\"https:\\\/\\\/eregistar.capljina.ba\\\/wp-content\\\/uploads\\\/bfi_thumb\\\/banner-op-1n-nq7hc01lfqjktlm84xuqnf58hmjm9vdh12syqpf4cm.jpg\",\"2x\":\"\",\"mobile\":\"https:\\\/\\\/eregistar.capljina.ba\\\/wp-content\\\/uploads\\\/bfi_thumb\\\/banner-op-1n-3106csy62elcilrx5uiy5rert88s3prdwyaawihqo6zqf6la4.jpg\"}' width=\"770\" height=\"7\"  \/>\r\n            <div class=\"image-hover-overlay\"><\/div>\r\n            \r\n<a class=\"hover-icon from-left project-load\" target=\"_self\" href=\"https:\/\/eregistar.capljina.ba\/en\/registar\/04-16-uvjerenje-o-cinjenicama-o-kojima-se-vodi-ne-vodi-sluzbena-evidencija\/\" data-post-id=\"7527\"><svg  class=\"mk-svg-icon\" data-name=\"mk-jupiter-icon-arrow-circle\" data-cacheid=\"icon-69f22fdd1a06c\" xmlns=\"http:\/\/www.w3.org\/2000\/svg\" viewbox=\"0 0 512 512\"><path d=\"M240 24c115.2 0 209.6 94.4 209.6 209.6s-94.4 209.6-209.6 209.6-209.6-94.4-209.6-209.6 94.4-209.6 209.6-209.6zm0-30.4c-132.8 0-240 107.2-240 240s107.2 240 240 240 240-107.2 240-240-107.2-240-240-240zm16 336c-4.8 0-8-1.6-11.2-4.8-6.4-6.4-6.4-16 0-22.4l68.8-68.8-68.8-68.8c-6.4-6.4-6.4-16 0-22.4s16-6.4 22.4 0l80 80c6.4 6.4 6.4 16 0 22.4l-80 80c-3.2 3.2-8 4.8-11.2 4.8zm80-80h-192c-9.6 0-16-6.4-16-16s6.4-16 16-16h192c9.6 0 16 6.4 16 16s-8 16-16 16z\"\/><\/svg><\/a>        <\/div>\r\n        <div class=\"portfolio-meta-wrapper\">\r\n            <h3 class=\"the-title\"><a target=\"_self\" href=\"https:\/\/eregistar.capljina.ba\/en\/registar\/04-16-uvjerenje-o-cinjenicama-o-kojima-se-vodi-ne-vodi-sluzbena-evidencija\/\">04.16.   Uvjerenje o \u010dinjenicama o kojima se vodi\/ne vodi slu\u017ebena evidencija<\/a><\/h3><div class=\"clearboth\"><\/div>\t<div class=\"portfolio-categories\"><a href=\"https:\/\/eregistar.capljina.ba\/en\/kategorija\/administrativni-postupci\/\">Administrativni postupci<\/a>, <a href=\"https:\/\/eregistar.capljina.ba\/en\/kategorija\/prostorno-uredenje-urbanizam-i-graditeljstvo\/\">Prostorno ure\u0111enje, urbanizam i graditeljstvo<\/a>, <a href=\"https:\/\/eregistar.capljina.ba\/en\/kategorija\/sluzba-prostornog-uredenja-i-graditeljstva\/\">Slu\u017eba prostornog ure\u0111enja i graditeljstva<\/a><\/div>\r\n<p class=\"the-excerpt\"><\/p>        <\/div>\r\n    <\/div>\r\n<\/article>\r\n\r\n\r\n\r\n\r\n\r\n\r\n<article id=\"7525\" class=\"mk-portfolio-item mk-portfolio-classic-item one-column administrativni-postupci prostorno-uredenje-urbanizam-i-graditeljstvo sluzba-prostornog-uredenja-i-graditeljstva\">\r\n    <div class=\"item-holder\">\r\n                <div class=\"featured-image js-taphover\">\r\n            <img loading=\"lazy\" decoding=\"async\" alt=\"04.17.   Uvjerenje (primjena \u010dlanka 62. Zakona o gra\u0111enju HN\u017d)\" title=\"04.17.   Uvjerenje (primjena \u010dlanka 62. Zakona o gra\u0111enju HN\u017d)\" src=\"https:\/\/eregistar.capljina.ba\/wp-content\/uploads\/bfi_thumb\/dummy-transparent-mtvazs4x65493jg37cimuev6o5yvclm1zauc1wmtvq.png\" data-mk-image-src-set='{\"default\":\"https:\\\/\\\/eregistar.capljina.ba\\\/wp-content\\\/uploads\\\/bfi_thumb\\\/banner-op-1n-nq7hc01lfqjktlm84xuqnf58hmjm9vdh12syqpf4cm.jpg\",\"2x\":\"\",\"mobile\":\"https:\\\/\\\/eregistar.capljina.ba\\\/wp-content\\\/uploads\\\/bfi_thumb\\\/banner-op-1n-3106csy62elcilrx5uiy5rert88s3prdwyaawihqo6zqf6la4.jpg\"}' width=\"770\" height=\"7\"  \/>\r\n            <div class=\"image-hover-overlay\"><\/div>\r\n            \r\n<a class=\"hover-icon from-left project-load\" target=\"_self\" href=\"https:\/\/eregistar.capljina.ba\/en\/registar\/04-17-uvjerenje-primjena-clanka-62-zakona-o-gradenju-hnz\/\" data-post-id=\"7525\"><svg  class=\"mk-svg-icon\" data-name=\"mk-jupiter-icon-arrow-circle\" data-cacheid=\"icon-69f22fdd1adb8\" xmlns=\"http:\/\/www.w3.org\/2000\/svg\" viewbox=\"0 0 512 512\"><path d=\"M240 24c115.2 0 209.6 94.4 209.6 209.6s-94.4 209.6-209.6 209.6-209.6-94.4-209.6-209.6 94.4-209.6 209.6-209.6zm0-30.4c-132.8 0-240 107.2-240 240s107.2 240 240 240 240-107.2 240-240-107.2-240-240-240zm16 336c-4.8 0-8-1.6-11.2-4.8-6.4-6.4-6.4-16 0-22.4l68.8-68.8-68.8-68.8c-6.4-6.4-6.4-16 0-22.4s16-6.4 22.4 0l80 80c6.4 6.4 6.4 16 0 22.4l-80 80c-3.2 3.2-8 4.8-11.2 4.8zm80-80h-192c-9.6 0-16-6.4-16-16s6.4-16 16-16h192c9.6 0 16 6.4 16 16s-8 16-16 16z\"\/><\/svg><\/a>        <\/div>\r\n        <div class=\"portfolio-meta-wrapper\">\r\n            <h3 class=\"the-title\"><a target=\"_self\" href=\"https:\/\/eregistar.capljina.ba\/en\/registar\/04-17-uvjerenje-primjena-clanka-62-zakona-o-gradenju-hnz\/\">04.17.   Uvjerenje (primjena \u010dlanka 62. Zakona o gra\u0111enju HN\u017d)<\/a><\/h3><div class=\"clearboth\"><\/div>\t<div class=\"portfolio-categories\"><a href=\"https:\/\/eregistar.capljina.ba\/en\/kategorija\/administrativni-postupci\/\">Administrativni postupci<\/a>, <a href=\"https:\/\/eregistar.capljina.ba\/en\/kategorija\/prostorno-uredenje-urbanizam-i-graditeljstvo\/\">Prostorno ure\u0111enje, urbanizam i graditeljstvo<\/a>, <a href=\"https:\/\/eregistar.capljina.ba\/en\/kategorija\/sluzba-prostornog-uredenja-i-graditeljstva\/\">Slu\u017eba prostornog ure\u0111enja i graditeljstva<\/a><\/div>\r\n<p class=\"the-excerpt\"><\/p>        <\/div>\r\n    <\/div>\r\n<\/article>\r\n\r\n\r\n\r\n\r\n\r\n\r\n<article id=\"7523\" class=\"mk-portfolio-item mk-portfolio-classic-item one-column administrativni-postupci prostorno-uredenje-urbanizam-i-graditeljstvo sluzba-prostornog-uredenja-i-graditeljstva\">\r\n    <div class=\"item-holder\">\r\n                <div class=\"featured-image js-taphover\">\r\n            <img loading=\"lazy\" decoding=\"async\" alt=\"04.18.   Izvod iz prostorno-planske dokumentacije\" title=\"04.18.   Izvod iz prostorno-planske dokumentacije\" src=\"https:\/\/eregistar.capljina.ba\/wp-content\/uploads\/bfi_thumb\/dummy-transparent-mtvazs4x65493jg37cimuev6o5yvclm1zauc1wmtvq.png\" data-mk-image-src-set='{\"default\":\"https:\\\/\\\/eregistar.capljina.ba\\\/wp-content\\\/uploads\\\/bfi_thumb\\\/banner-op-1n-nq7hc01lfqjktlm84xuqnf58hmjm9vdh12syqpf4cm.jpg\",\"2x\":\"\",\"mobile\":\"https:\\\/\\\/eregistar.capljina.ba\\\/wp-content\\\/uploads\\\/bfi_thumb\\\/banner-op-1n-3106csy62elcilrx5uiy5rert88s3prdwyaawihqo6zqf6la4.jpg\"}' width=\"770\" height=\"7\"  \/>\r\n            <div class=\"image-hover-overlay\"><\/div>\r\n            \r\n<a class=\"hover-icon from-left project-load\" target=\"_self\" href=\"https:\/\/eregistar.capljina.ba\/en\/registar\/04-18-izvod-iz-prostorno-planske-dokumentacije\/\" data-post-id=\"7523\"><svg  class=\"mk-svg-icon\" data-name=\"mk-jupiter-icon-arrow-circle\" data-cacheid=\"icon-69f22fdd1bbf0\" xmlns=\"http:\/\/www.w3.org\/2000\/svg\" viewbox=\"0 0 512 512\"><path d=\"M240 24c115.2 0 209.6 94.4 209.6 209.6s-94.4 209.6-209.6 209.6-209.6-94.4-209.6-209.6 94.4-209.6 209.6-209.6zm0-30.4c-132.8 0-240 107.2-240 240s107.2 240 240 240 240-107.2 240-240-107.2-240-240-240zm16 336c-4.8 0-8-1.6-11.2-4.8-6.4-6.4-6.4-16 0-22.4l68.8-68.8-68.8-68.8c-6.4-6.4-6.4-16 0-22.4s16-6.4 22.4 0l80 80c6.4 6.4 6.4 16 0 22.4l-80 80c-3.2 3.2-8 4.8-11.2 4.8zm80-80h-192c-9.6 0-16-6.4-16-16s6.4-16 16-16h192c9.6 0 16 6.4 16 16s-8 16-16 16z\"\/><\/svg><\/a>        <\/div>\r\n        <div class=\"portfolio-meta-wrapper\">\r\n            <h3 class=\"the-title\"><a target=\"_self\" href=\"https:\/\/eregistar.capljina.ba\/en\/registar\/04-18-izvod-iz-prostorno-planske-dokumentacije\/\">04.18.   Izvod iz prostorno-planske dokumentacije<\/a><\/h3><div class=\"clearboth\"><\/div>\t<div class=\"portfolio-categories\"><a href=\"https:\/\/eregistar.capljina.ba\/en\/kategorija\/administrativni-postupci\/\">Administrativni postupci<\/a>, <a href=\"https:\/\/eregistar.capljina.ba\/en\/kategorija\/prostorno-uredenje-urbanizam-i-graditeljstvo\/\">Prostorno ure\u0111enje, urbanizam i graditeljstvo<\/a>, <a href=\"https:\/\/eregistar.capljina.ba\/en\/kategorija\/sluzba-prostornog-uredenja-i-graditeljstva\/\">Slu\u017eba prostornog ure\u0111enja i graditeljstva<\/a><\/div>\r\n<p class=\"the-excerpt\"><\/p>        <\/div>\r\n    <\/div>\r\n<\/article>\r\n\r\n\r\n\r\n\r\n\r\n\r\n<article id=\"7521\" class=\"mk-portfolio-item mk-portfolio-classic-item one-column administrativni-postupci prostorno-uredenje-urbanizam-i-graditeljstvo sluzba-prostornog-uredenja-i-graditeljstva\">\r\n    <div class=\"item-holder\">\r\n                <div class=\"featured-image js-taphover\">\r\n            <img loading=\"lazy\" decoding=\"async\" alt=\"04.19.   Odobrenje za postavljanje kioska na javnu povr\u0161inu\" title=\"04.19.   Odobrenje za postavljanje kioska na javnu povr\u0161inu\" src=\"https:\/\/eregistar.capljina.ba\/wp-content\/uploads\/bfi_thumb\/dummy-transparent-mtvazs4x65493jg37cimuev6o5yvclm1zauc1wmtvq.png\" data-mk-image-src-set='{\"default\":\"https:\\\/\\\/eregistar.capljina.ba\\\/wp-content\\\/uploads\\\/bfi_thumb\\\/banner-op-1n-nq7hc01lfqjktlm84xuqnf58hmjm9vdh12syqpf4cm.jpg\",\"2x\":\"\",\"mobile\":\"https:\\\/\\\/eregistar.capljina.ba\\\/wp-content\\\/uploads\\\/bfi_thumb\\\/banner-op-1n-3106csy62elcilrx5uiy5rert88s3prdwyaawihqo6zqf6la4.jpg\"}' width=\"770\" height=\"7\"  \/>\r\n            <div class=\"image-hover-overlay\"><\/div>\r\n            \r\n<a class=\"hover-icon from-left project-load\" target=\"_self\" href=\"https:\/\/eregistar.capljina.ba\/en\/registar\/04-19-odobrenje-za-postavljanje-kioska-na-javnu-povrsinu\/\" data-post-id=\"7521\"><svg  class=\"mk-svg-icon\" data-name=\"mk-jupiter-icon-arrow-circle\" data-cacheid=\"icon-69f22fdd1c9fa\" xmlns=\"http:\/\/www.w3.org\/2000\/svg\" viewbox=\"0 0 512 512\"><path d=\"M240 24c115.2 0 209.6 94.4 209.6 209.6s-94.4 209.6-209.6 209.6-209.6-94.4-209.6-209.6 94.4-209.6 209.6-209.6zm0-30.4c-132.8 0-240 107.2-240 240s107.2 240 240 240 240-107.2 240-240-107.2-240-240-240zm16 336c-4.8 0-8-1.6-11.2-4.8-6.4-6.4-6.4-16 0-22.4l68.8-68.8-68.8-68.8c-6.4-6.4-6.4-16 0-22.4s16-6.4 22.4 0l80 80c6.4 6.4 6.4 16 0 22.4l-80 80c-3.2 3.2-8 4.8-11.2 4.8zm80-80h-192c-9.6 0-16-6.4-16-16s6.4-16 16-16h192c9.6 0 16 6.4 16 16s-8 16-16 16z\"\/><\/svg><\/a>        <\/div>\r\n        <div class=\"portfolio-meta-wrapper\">\r\n            <h3 class=\"the-title\"><a target=\"_self\" href=\"https:\/\/eregistar.capljina.ba\/en\/registar\/04-19-odobrenje-za-postavljanje-kioska-na-javnu-povrsinu\/\">04.19.   Odobrenje za postavljanje kioska na javnu povr\u0161inu<\/a><\/h3><div class=\"clearboth\"><\/div>\t<div class=\"portfolio-categories\"><a href=\"https:\/\/eregistar.capljina.ba\/en\/kategorija\/administrativni-postupci\/\">Administrativni postupci<\/a>, <a href=\"https:\/\/eregistar.capljina.ba\/en\/kategorija\/prostorno-uredenje-urbanizam-i-graditeljstvo\/\">Prostorno ure\u0111enje, urbanizam i graditeljstvo<\/a>, <a href=\"https:\/\/eregistar.capljina.ba\/en\/kategorija\/sluzba-prostornog-uredenja-i-graditeljstva\/\">Slu\u017eba prostornog ure\u0111enja i graditeljstva<\/a><\/div>\r\n<p class=\"the-excerpt\"><\/p>        <\/div>\r\n    <\/div>\r\n<\/article>\r\n\r\n\r\n\r\n\r\n\r\n\r\n<article id=\"7519\" class=\"mk-portfolio-item mk-portfolio-classic-item one-column administrativni-postupci drustvene-djelatnosti sluzba-drustvenih-djelatnosti\">\r\n    <div class=\"item-holder\">\r\n                <div class=\"featured-image js-taphover\">\r\n            <img loading=\"lazy\" decoding=\"async\" alt=\"05.01.   Prijevremeni upis djece u I razred osnovne \u0161kole\" title=\"05.01.   Prijevremeni upis djece u I razred osnovne \u0161kole\" src=\"https:\/\/eregistar.capljina.ba\/wp-content\/uploads\/bfi_thumb\/dummy-transparent-mtvazs4x65493jg37cimuev6o5yvclm1zauc1wmtvq.png\" data-mk-image-src-set='{\"default\":\"https:\\\/\\\/eregistar.capljina.ba\\\/wp-content\\\/uploads\\\/bfi_thumb\\\/banner-op-1n-nq7hc01lfqjktlm84xuqnf58hmjm9vdh12syqpf4cm.jpg\",\"2x\":\"\",\"mobile\":\"https:\\\/\\\/eregistar.capljina.ba\\\/wp-content\\\/uploads\\\/bfi_thumb\\\/banner-op-1n-3106csy62elcilrx5uiy5rert88s3prdwyaawihqo6zqf6la4.jpg\"}' width=\"770\" height=\"7\"  \/>\r\n            <div class=\"image-hover-overlay\"><\/div>\r\n            \r\n<a class=\"hover-icon from-left project-load\" target=\"_self\" href=\"https:\/\/eregistar.capljina.ba\/en\/registar\/05-01-prijevremeni-upis-djece-u-i-razred-osnovne-skole\/\" data-post-id=\"7519\"><svg  class=\"mk-svg-icon\" data-name=\"mk-jupiter-icon-arrow-circle\" data-cacheid=\"icon-69f22fdd1d92d\" xmlns=\"http:\/\/www.w3.org\/2000\/svg\" viewbox=\"0 0 512 512\"><path d=\"M240 24c115.2 0 209.6 94.4 209.6 209.6s-94.4 209.6-209.6 209.6-209.6-94.4-209.6-209.6 94.4-209.6 209.6-209.6zm0-30.4c-132.8 0-240 107.2-240 240s107.2 240 240 240 240-107.2 240-240-107.2-240-240-240zm16 336c-4.8 0-8-1.6-11.2-4.8-6.4-6.4-6.4-16 0-22.4l68.8-68.8-68.8-68.8c-6.4-6.4-6.4-16 0-22.4s16-6.4 22.4 0l80 80c6.4 6.4 6.4 16 0 22.4l-80 80c-3.2 3.2-8 4.8-11.2 4.8zm80-80h-192c-9.6 0-16-6.4-16-16s6.4-16 16-16h192c9.6 0 16 6.4 16 16s-8 16-16 16z\"\/><\/svg><\/a>        <\/div>\r\n        <div class=\"portfolio-meta-wrapper\">\r\n            <h3 class=\"the-title\"><a target=\"_self\" href=\"https:\/\/eregistar.capljina.ba\/en\/registar\/05-01-prijevremeni-upis-djece-u-i-razred-osnovne-skole\/\">05.01.   Prijevremeni upis djece u I razred osnovne \u0161kole<\/a><\/h3><div class=\"clearboth\"><\/div>\t<div class=\"portfolio-categories\"><a href=\"https:\/\/eregistar.capljina.ba\/en\/kategorija\/administrativni-postupci\/\">Administrativni postupci<\/a>, <a href=\"https:\/\/eregistar.capljina.ba\/en\/kategorija\/drustvene-djelatnosti\/\">Dru\u0161tvene djelatnosti<\/a>, <a href=\"https:\/\/eregistar.capljina.ba\/en\/kategorija\/sluzba-drustvenih-djelatnosti\/\">Slu\u017eba dru\u0161tvenih djelatnosti<\/a><\/div>\r\n<p class=\"the-excerpt\"><\/p>        <\/div>\r\n    <\/div>\r\n<\/article>\r\n\r\n\r\n\r\n\r\n\r\n\r\n<article id=\"7517\" class=\"mk-portfolio-item mk-portfolio-classic-item one-column administrativni-postupci drustvene-djelatnosti sluzba-drustvenih-djelatnosti\">\r\n    <div class=\"item-holder\">\r\n                <div class=\"featured-image js-taphover\">\r\n            <img loading=\"lazy\" decoding=\"async\" alt=\"05.02.   Odgoda po\u010detka obveznog upisa u I razred osnovne \u0161kole\" title=\"05.02.   Odgoda po\u010detka obveznog upisa u I razred osnovne \u0161kole\" src=\"https:\/\/eregistar.capljina.ba\/wp-content\/uploads\/bfi_thumb\/dummy-transparent-mtvazs4x65493jg37cimuev6o5yvclm1zauc1wmtvq.png\" data-mk-image-src-set='{\"default\":\"https:\\\/\\\/eregistar.capljina.ba\\\/wp-content\\\/uploads\\\/bfi_thumb\\\/banner-op-1n-nq7hc01lfqjktlm84xuqnf58hmjm9vdh12syqpf4cm.jpg\",\"2x\":\"\",\"mobile\":\"https:\\\/\\\/eregistar.capljina.ba\\\/wp-content\\\/uploads\\\/bfi_thumb\\\/banner-op-1n-3106csy62elcilrx5uiy5rert88s3prdwyaawihqo6zqf6la4.jpg\"}' width=\"770\" height=\"7\"  \/>\r\n            <div class=\"image-hover-overlay\"><\/div>\r\n            \r\n<a class=\"hover-icon from-left project-load\" target=\"_self\" href=\"https:\/\/eregistar.capljina.ba\/en\/registar\/05-02-odgoda-pocetka-obveznog-upisa-u-i-razred-osnovne-skole\/\" data-post-id=\"7517\"><svg  class=\"mk-svg-icon\" data-name=\"mk-jupiter-icon-arrow-circle\" data-cacheid=\"icon-69f22fdd1ec32\" xmlns=\"http:\/\/www.w3.org\/2000\/svg\" viewbox=\"0 0 512 512\"><path d=\"M240 24c115.2 0 209.6 94.4 209.6 209.6s-94.4 209.6-209.6 209.6-209.6-94.4-209.6-209.6 94.4-209.6 209.6-209.6zm0-30.4c-132.8 0-240 107.2-240 240s107.2 240 240 240 240-107.2 240-240-107.2-240-240-240zm16 336c-4.8 0-8-1.6-11.2-4.8-6.4-6.4-6.4-16 0-22.4l68.8-68.8-68.8-68.8c-6.4-6.4-6.4-16 0-22.4s16-6.4 22.4 0l80 80c6.4 6.4 6.4 16 0 22.4l-80 80c-3.2 3.2-8 4.8-11.2 4.8zm80-80h-192c-9.6 0-16-6.4-16-16s6.4-16 16-16h192c9.6 0 16 6.4 16 16s-8 16-16 16z\"\/><\/svg><\/a>        <\/div>\r\n        <div class=\"portfolio-meta-wrapper\">\r\n            <h3 class=\"the-title\"><a target=\"_self\" href=\"https:\/\/eregistar.capljina.ba\/en\/registar\/05-02-odgoda-pocetka-obveznog-upisa-u-i-razred-osnovne-skole\/\">05.02.   Odgoda po\u010detka obveznog upisa u I razred osnovne \u0161kole<\/a><\/h3><div class=\"clearboth\"><\/div>\t<div class=\"portfolio-categories\"><a href=\"https:\/\/eregistar.capljina.ba\/en\/kategorija\/administrativni-postupci\/\">Administrativni postupci<\/a>, <a href=\"https:\/\/eregistar.capljina.ba\/en\/kategorija\/drustvene-djelatnosti\/\">Dru\u0161tvene djelatnosti<\/a>, <a href=\"https:\/\/eregistar.capljina.ba\/en\/kategorija\/sluzba-drustvenih-djelatnosti\/\">Slu\u017eba dru\u0161tvenih djelatnosti<\/a><\/div>\r\n<p class=\"the-excerpt\"><\/p>        <\/div>\r\n    <\/div>\r\n<\/article>\r\n\r\n\r\n\r\n\r\n\r\n\r\n<article id=\"7515\" class=\"mk-portfolio-item mk-portfolio-classic-item one-column administrativni-postupci drustvene-djelatnosti sluzba-drustvenih-djelatnosti\">\r\n    <div class=\"item-holder\">\r\n                <div class=\"featured-image js-taphover\">\r\n            <img loading=\"lazy\" decoding=\"async\" alt=\"05.03.   Dodjela nov\u010dane potpore studentima\" title=\"05.03.   Dodjela nov\u010dane potpore studentima\" src=\"https:\/\/eregistar.capljina.ba\/wp-content\/uploads\/bfi_thumb\/dummy-transparent-mtvazs4x65493jg37cimuev6o5yvclm1zauc1wmtvq.png\" data-mk-image-src-set='{\"default\":\"https:\\\/\\\/eregistar.capljina.ba\\\/wp-content\\\/uploads\\\/bfi_thumb\\\/banner-op-1n-nq7hc01lfqjktlm84xuqnf58hmjm9vdh12syqpf4cm.jpg\",\"2x\":\"\",\"mobile\":\"https:\\\/\\\/eregistar.capljina.ba\\\/wp-content\\\/uploads\\\/bfi_thumb\\\/banner-op-1n-3106csy62elcilrx5uiy5rert88s3prdwyaawihqo6zqf6la4.jpg\"}' width=\"770\" height=\"7\"  \/>\r\n            <div class=\"image-hover-overlay\"><\/div>\r\n            \r\n<a class=\"hover-icon from-left project-load\" target=\"_self\" href=\"https:\/\/eregistar.capljina.ba\/en\/registar\/05-03-dodjela-novcane-potpore-studentima\/\" data-post-id=\"7515\"><svg  class=\"mk-svg-icon\" data-name=\"mk-jupiter-icon-arrow-circle\" data-cacheid=\"icon-69f22fdd1fb28\" xmlns=\"http:\/\/www.w3.org\/2000\/svg\" viewbox=\"0 0 512 512\"><path d=\"M240 24c115.2 0 209.6 94.4 209.6 209.6s-94.4 209.6-209.6 209.6-209.6-94.4-209.6-209.6 94.4-209.6 209.6-209.6zm0-30.4c-132.8 0-240 107.2-240 240s107.2 240 240 240 240-107.2 240-240-107.2-240-240-240zm16 336c-4.8 0-8-1.6-11.2-4.8-6.4-6.4-6.4-16 0-22.4l68.8-68.8-68.8-68.8c-6.4-6.4-6.4-16 0-22.4s16-6.4 22.4 0l80 80c6.4 6.4 6.4 16 0 22.4l-80 80c-3.2 3.2-8 4.8-11.2 4.8zm80-80h-192c-9.6 0-16-6.4-16-16s6.4-16 16-16h192c9.6 0 16 6.4 16 16s-8 16-16 16z\"\/><\/svg><\/a>        <\/div>\r\n        <div class=\"portfolio-meta-wrapper\">\r\n            <h3 class=\"the-title\"><a target=\"_self\" href=\"https:\/\/eregistar.capljina.ba\/en\/registar\/05-03-dodjela-novcane-potpore-studentima\/\">05.03.   Dodjela nov\u010dane potpore studentima<\/a><\/h3><div class=\"clearboth\"><\/div>\t<div class=\"portfolio-categories\"><a href=\"https:\/\/eregistar.capljina.ba\/en\/kategorija\/administrativni-postupci\/\">Administrativni postupci<\/a>, <a href=\"https:\/\/eregistar.capljina.ba\/en\/kategorija\/drustvene-djelatnosti\/\">Dru\u0161tvene djelatnosti<\/a>, <a href=\"https:\/\/eregistar.capljina.ba\/en\/kategorija\/sluzba-drustvenih-djelatnosti\/\">Slu\u017eba dru\u0161tvenih djelatnosti<\/a><\/div>\r\n<p class=\"the-excerpt\"><\/p>        <\/div>\r\n    <\/div>\r\n<\/article>\r\n\r\n\r\n\r\n\r\n\r\n\r\n<article id=\"7513\" class=\"mk-portfolio-item mk-portfolio-classic-item one-column administrativni-postupci drustvene-djelatnosti sluzba-drustvenih-djelatnosti\">\r\n    <div class=\"item-holder\">\r\n                <div class=\"featured-image js-taphover\">\r\n            <img loading=\"lazy\" decoding=\"async\" alt=\"05.04.   Uvjerenje da nije korisnik\/ca nov\u010dane potpore\" title=\"05.04.   Uvjerenje da nije korisnik\/ca nov\u010dane potpore\" src=\"https:\/\/eregistar.capljina.ba\/wp-content\/uploads\/bfi_thumb\/dummy-transparent-mtvazs4x65493jg37cimuev6o5yvclm1zauc1wmtvq.png\" data-mk-image-src-set='{\"default\":\"https:\\\/\\\/eregistar.capljina.ba\\\/wp-content\\\/uploads\\\/bfi_thumb\\\/banner-op-1n-nq7hc01lfqjktlm84xuqnf58hmjm9vdh12syqpf4cm.jpg\",\"2x\":\"\",\"mobile\":\"https:\\\/\\\/eregistar.capljina.ba\\\/wp-content\\\/uploads\\\/bfi_thumb\\\/banner-op-1n-3106csy62elcilrx5uiy5rert88s3prdwyaawihqo6zqf6la4.jpg\"}' width=\"770\" height=\"7\"  \/>\r\n            <div class=\"image-hover-overlay\"><\/div>\r\n            \r\n<a class=\"hover-icon from-left project-load\" target=\"_self\" href=\"https:\/\/eregistar.capljina.ba\/en\/registar\/05-04-uvjerenje-da-nije-korisnik-ca-novcane-potpore\/\" data-post-id=\"7513\"><svg  class=\"mk-svg-icon\" data-name=\"mk-jupiter-icon-arrow-circle\" data-cacheid=\"icon-69f22fdd2089b\" xmlns=\"http:\/\/www.w3.org\/2000\/svg\" viewbox=\"0 0 512 512\"><path d=\"M240 24c115.2 0 209.6 94.4 209.6 209.6s-94.4 209.6-209.6 209.6-209.6-94.4-209.6-209.6 94.4-209.6 209.6-209.6zm0-30.4c-132.8 0-240 107.2-240 240s107.2 240 240 240 240-107.2 240-240-107.2-240-240-240zm16 336c-4.8 0-8-1.6-11.2-4.8-6.4-6.4-6.4-16 0-22.4l68.8-68.8-68.8-68.8c-6.4-6.4-6.4-16 0-22.4s16-6.4 22.4 0l80 80c6.4 6.4 6.4 16 0 22.4l-80 80c-3.2 3.2-8 4.8-11.2 4.8zm80-80h-192c-9.6 0-16-6.4-16-16s6.4-16 16-16h192c9.6 0 16 6.4 16 16s-8 16-16 16z\"\/><\/svg><\/a>        <\/div>\r\n        <div class=\"portfolio-meta-wrapper\">\r\n            <h3 class=\"the-title\"><a target=\"_self\" href=\"https:\/\/eregistar.capljina.ba\/en\/registar\/05-04-uvjerenje-da-nije-korisnik-ca-novcane-potpore\/\">05.04.   Uvjerenje da nije korisnik\/ca nov\u010dane potpore<\/a><\/h3><div class=\"clearboth\"><\/div>\t<div class=\"portfolio-categories\"><a href=\"https:\/\/eregistar.capljina.ba\/en\/kategorija\/administrativni-postupci\/\">Administrativni postupci<\/a>, <a href=\"https:\/\/eregistar.capljina.ba\/en\/kategorija\/drustvene-djelatnosti\/\">Dru\u0161tvene djelatnosti<\/a>, <a href=\"https:\/\/eregistar.capljina.ba\/en\/kategorija\/sluzba-drustvenih-djelatnosti\/\">Slu\u017eba dru\u0161tvenih djelatnosti<\/a><\/div>\r\n<p class=\"the-excerpt\"><\/p>        <\/div>\r\n    <\/div>\r\n<\/article>\r\n\r\n\r\n\r\n\r\n\r\n\r\n<article id=\"7511\" class=\"mk-portfolio-item mk-portfolio-classic-item one-column administrativni-postupci drustvene-djelatnosti sluzba-drustvenih-djelatnosti\">\r\n    <div class=\"item-holder\">\r\n                <div class=\"featured-image js-taphover\">\r\n            <img loading=\"lazy\" decoding=\"async\" alt=\"05.05.   Javni poziv za predlaganje sufinanciranja projekta i\/ili manifestacija\/doga\u0111aja\/grant\" title=\"05.05.   Javni poziv za predlaganje sufinanciranja projekta i\/ili manifestacija\/doga\u0111aja\/grant\" src=\"https:\/\/eregistar.capljina.ba\/wp-content\/uploads\/bfi_thumb\/dummy-transparent-mtvazs4x65493jg37cimuev6o5yvclm1zauc1wmtvq.png\" data-mk-image-src-set='{\"default\":\"https:\\\/\\\/eregistar.capljina.ba\\\/wp-content\\\/uploads\\\/bfi_thumb\\\/banner-op-1n-nq7hc01lfqjktlm84xuqnf58hmjm9vdh12syqpf4cm.jpg\",\"2x\":\"\",\"mobile\":\"https:\\\/\\\/eregistar.capljina.ba\\\/wp-content\\\/uploads\\\/bfi_thumb\\\/banner-op-1n-3106csy62elcilrx5uiy5rert88s3prdwyaawihqo6zqf6la4.jpg\"}' width=\"770\" height=\"7\"  \/>\r\n            <div class=\"image-hover-overlay\"><\/div>\r\n            \r\n<a class=\"hover-icon from-left project-load\" target=\"_self\" href=\"https:\/\/eregistar.capljina.ba\/en\/registar\/05-05-javni-poziv-za-predlaganje-sufinanciranja-projekta-i-ili-manifestacija-dogadaja-grant\/\" data-post-id=\"7511\"><svg  class=\"mk-svg-icon\" data-name=\"mk-jupiter-icon-arrow-circle\" data-cacheid=\"icon-69f22fdd2147d\" xmlns=\"http:\/\/www.w3.org\/2000\/svg\" viewbox=\"0 0 512 512\"><path d=\"M240 24c115.2 0 209.6 94.4 209.6 209.6s-94.4 209.6-209.6 209.6-209.6-94.4-209.6-209.6 94.4-209.6 209.6-209.6zm0-30.4c-132.8 0-240 107.2-240 240s107.2 240 240 240 240-107.2 240-240-107.2-240-240-240zm16 336c-4.8 0-8-1.6-11.2-4.8-6.4-6.4-6.4-16 0-22.4l68.8-68.8-68.8-68.8c-6.4-6.4-6.4-16 0-22.4s16-6.4 22.4 0l80 80c6.4 6.4 6.4 16 0 22.4l-80 80c-3.2 3.2-8 4.8-11.2 4.8zm80-80h-192c-9.6 0-16-6.4-16-16s6.4-16 16-16h192c9.6 0 16 6.4 16 16s-8 16-16 16z\"\/><\/svg><\/a>        <\/div>\r\n        <div class=\"portfolio-meta-wrapper\">\r\n            <h3 class=\"the-title\"><a target=\"_self\" href=\"https:\/\/eregistar.capljina.ba\/en\/registar\/05-05-javni-poziv-za-predlaganje-sufinanciranja-projekta-i-ili-manifestacija-dogadaja-grant\/\">05.05.   Javni poziv za predlaganje sufinanciranja projekta i\/ili manifestacija\/doga\u0111aja\/grant<\/a><\/h3><div class=\"clearboth\"><\/div>\t<div class=\"portfolio-categories\"><a href=\"https:\/\/eregistar.capljina.ba\/en\/kategorija\/administrativni-postupci\/\">Administrativni postupci<\/a>, <a href=\"https:\/\/eregistar.capljina.ba\/en\/kategorija\/drustvene-djelatnosti\/\">Dru\u0161tvene djelatnosti<\/a>, <a href=\"https:\/\/eregistar.capljina.ba\/en\/kategorija\/sluzba-drustvenih-djelatnosti\/\">Slu\u017eba dru\u0161tvenih djelatnosti<\/a><\/div>\r\n<p class=\"the-excerpt\"><\/p>        <\/div>\r\n    <\/div>\r\n<\/article>\r\n\r\n\r\n\r\n\r\n\r\n\r\n<article id=\"7509\" class=\"mk-portfolio-item mk-portfolio-classic-item one-column administrativni-postupci drustvene-djelatnosti sluzba-drustvenih-djelatnosti\">\r\n    <div class=\"item-holder\">\r\n                <div class=\"featured-image js-taphover\">\r\n            <img loading=\"lazy\" decoding=\"async\" alt=\"05.06.   Prijevoz u\u010denika osnovnih i srednjih \u0161kola\" title=\"05.06.   Prijevoz u\u010denika osnovnih i srednjih \u0161kola\" src=\"https:\/\/eregistar.capljina.ba\/wp-content\/uploads\/bfi_thumb\/dummy-transparent-mtvazs4x65493jg37cimuev6o5yvclm1zauc1wmtvq.png\" data-mk-image-src-set='{\"default\":\"https:\\\/\\\/eregistar.capljina.ba\\\/wp-content\\\/uploads\\\/bfi_thumb\\\/banner-op-1n-nq7hc01lfqjktlm84xuqnf58hmjm9vdh12syqpf4cm.jpg\",\"2x\":\"\",\"mobile\":\"https:\\\/\\\/eregistar.capljina.ba\\\/wp-content\\\/uploads\\\/bfi_thumb\\\/banner-op-1n-3106csy62elcilrx5uiy5rert88s3prdwyaawihqo6zqf6la4.jpg\"}' width=\"770\" height=\"7\"  \/>\r\n            <div class=\"image-hover-overlay\"><\/div>\r\n            \r\n<a class=\"hover-icon from-left project-load\" target=\"_self\" href=\"https:\/\/eregistar.capljina.ba\/en\/registar\/05-06-prijevoz-ucenika-osnovnih-i-srednjih-skola\/\" data-post-id=\"7509\"><svg  class=\"mk-svg-icon\" data-name=\"mk-jupiter-icon-arrow-circle\" data-cacheid=\"icon-69f22fdd2201c\" xmlns=\"http:\/\/www.w3.org\/2000\/svg\" viewbox=\"0 0 512 512\"><path d=\"M240 24c115.2 0 209.6 94.4 209.6 209.6s-94.4 209.6-209.6 209.6-209.6-94.4-209.6-209.6 94.4-209.6 209.6-209.6zm0-30.4c-132.8 0-240 107.2-240 240s107.2 240 240 240 240-107.2 240-240-107.2-240-240-240zm16 336c-4.8 0-8-1.6-11.2-4.8-6.4-6.4-6.4-16 0-22.4l68.8-68.8-68.8-68.8c-6.4-6.4-6.4-16 0-22.4s16-6.4 22.4 0l80 80c6.4 6.4 6.4 16 0 22.4l-80 80c-3.2 3.2-8 4.8-11.2 4.8zm80-80h-192c-9.6 0-16-6.4-16-16s6.4-16 16-16h192c9.6 0 16 6.4 16 16s-8 16-16 16z\"\/><\/svg><\/a>        <\/div>\r\n        <div class=\"portfolio-meta-wrapper\">\r\n            <h3 class=\"the-title\"><a target=\"_self\" href=\"https:\/\/eregistar.capljina.ba\/en\/registar\/05-06-prijevoz-ucenika-osnovnih-i-srednjih-skola\/\">05.06.   Prijevoz u\u010denika osnovnih i srednjih \u0161kola<\/a><\/h3><div class=\"clearboth\"><\/div>\t<div class=\"portfolio-categories\"><a href=\"https:\/\/eregistar.capljina.ba\/en\/kategorija\/administrativni-postupci\/\">Administrativni postupci<\/a>, <a href=\"https:\/\/eregistar.capljina.ba\/en\/kategorija\/drustvene-djelatnosti\/\">Dru\u0161tvene djelatnosti<\/a>, <a href=\"https:\/\/eregistar.capljina.ba\/en\/kategorija\/sluzba-drustvenih-djelatnosti\/\">Slu\u017eba dru\u0161tvenih djelatnosti<\/a><\/div>\r\n<p class=\"the-excerpt\"><\/p>        <\/div>\r\n    <\/div>\r\n<\/article>\r\n\r\n\r\n\r\n\r\n\r\n\r\n<article id=\"7507\" class=\"mk-portfolio-item mk-portfolio-classic-item one-column administrativni-postupci drustvene-djelatnosti sluzba-drustvenih-djelatnosti\">\r\n    <div class=\"item-holder\">\r\n                <div class=\"featured-image js-taphover\">\r\n            <img loading=\"lazy\" decoding=\"async\" alt=\"05.07.   Prijevoz djece s posebnim potrebama\" title=\"05.07.   Prijevoz djece s posebnim potrebama\" src=\"https:\/\/eregistar.capljina.ba\/wp-content\/uploads\/bfi_thumb\/dummy-transparent-mtvazs4x65493jg37cimuev6o5yvclm1zauc1wmtvq.png\" data-mk-image-src-set='{\"default\":\"https:\\\/\\\/eregistar.capljina.ba\\\/wp-content\\\/uploads\\\/bfi_thumb\\\/banner-op-1n-nq7hc01lfqjktlm84xuqnf58hmjm9vdh12syqpf4cm.jpg\",\"2x\":\"\",\"mobile\":\"https:\\\/\\\/eregistar.capljina.ba\\\/wp-content\\\/uploads\\\/bfi_thumb\\\/banner-op-1n-3106csy62elcilrx5uiy5rert88s3prdwyaawihqo6zqf6la4.jpg\"}' width=\"770\" height=\"7\"  \/>\r\n            <div class=\"image-hover-overlay\"><\/div>\r\n            \r\n<a class=\"hover-icon from-left project-load\" target=\"_self\" href=\"https:\/\/eregistar.capljina.ba\/en\/registar\/05-07-prijevoz-djece-s-posebnim-potrebama\/\" data-post-id=\"7507\"><svg  class=\"mk-svg-icon\" data-name=\"mk-jupiter-icon-arrow-circle\" data-cacheid=\"icon-69f22fdd22b79\" xmlns=\"http:\/\/www.w3.org\/2000\/svg\" viewbox=\"0 0 512 512\"><path d=\"M240 24c115.2 0 209.6 94.4 209.6 209.6s-94.4 209.6-209.6 209.6-209.6-94.4-209.6-209.6 94.4-209.6 209.6-209.6zm0-30.4c-132.8 0-240 107.2-240 240s107.2 240 240 240 240-107.2 240-240-107.2-240-240-240zm16 336c-4.8 0-8-1.6-11.2-4.8-6.4-6.4-6.4-16 0-22.4l68.8-68.8-68.8-68.8c-6.4-6.4-6.4-16 0-22.4s16-6.4 22.4 0l80 80c6.4 6.4 6.4 16 0 22.4l-80 80c-3.2 3.2-8 4.8-11.2 4.8zm80-80h-192c-9.6 0-16-6.4-16-16s6.4-16 16-16h192c9.6 0 16 6.4 16 16s-8 16-16 16z\"\/><\/svg><\/a>        <\/div>\r\n        <div class=\"portfolio-meta-wrapper\">\r\n            <h3 class=\"the-title\"><a target=\"_self\" href=\"https:\/\/eregistar.capljina.ba\/en\/registar\/05-07-prijevoz-djece-s-posebnim-potrebama\/\">05.07.   Prijevoz djece s posebnim potrebama<\/a><\/h3><div class=\"clearboth\"><\/div>\t<div class=\"portfolio-categories\"><a href=\"https:\/\/eregistar.capljina.ba\/en\/kategorija\/administrativni-postupci\/\">Administrativni postupci<\/a>, <a href=\"https:\/\/eregistar.capljina.ba\/en\/kategorija\/drustvene-djelatnosti\/\">Dru\u0161tvene djelatnosti<\/a>, <a href=\"https:\/\/eregistar.capljina.ba\/en\/kategorija\/sluzba-drustvenih-djelatnosti\/\">Slu\u017eba dru\u0161tvenih djelatnosti<\/a><\/div>\r\n<p class=\"the-excerpt\"><\/p>        <\/div>\r\n    <\/div>\r\n<\/article>\r\n\r\n\r\n\r\n\r\n\r\n\r\n<article id=\"7505\" class=\"mk-portfolio-item mk-portfolio-classic-item one-column administrativni-postupci geodetski-imovinsko-pravni-poslovi-i-katastar sluzba-geodetskih-i-imovinsko-pravnih-poslova\">\r\n    <div class=\"item-holder\">\r\n                <div class=\"featured-image js-taphover\">\r\n            <img loading=\"lazy\" decoding=\"async\" alt=\"06.01.   Cijepanje parcela\" title=\"06.01.   Cijepanje parcela\" src=\"https:\/\/eregistar.capljina.ba\/wp-content\/uploads\/bfi_thumb\/dummy-transparent-mtvazs4x65493jg37cimuev6o5yvclm1zauc1wmtvq.png\" data-mk-image-src-set='{\"default\":\"https:\\\/\\\/eregistar.capljina.ba\\\/wp-content\\\/uploads\\\/bfi_thumb\\\/banner-op-1n-nq7hc01lfqjktlm84xuqnf58hmjm9vdh12syqpf4cm.jpg\",\"2x\":\"\",\"mobile\":\"https:\\\/\\\/eregistar.capljina.ba\\\/wp-content\\\/uploads\\\/bfi_thumb\\\/banner-op-1n-3106csy62elcilrx5uiy5rert88s3prdwyaawihqo6zqf6la4.jpg\"}' width=\"770\" height=\"7\"  \/>\r\n            <div class=\"image-hover-overlay\"><\/div>\r\n            \r\n<a class=\"hover-icon from-left project-load\" target=\"_self\" href=\"https:\/\/eregistar.capljina.ba\/en\/registar\/06-01-cijepanje-parcela\/\" data-post-id=\"7505\"><svg  class=\"mk-svg-icon\" data-name=\"mk-jupiter-icon-arrow-circle\" data-cacheid=\"icon-69f22fdd23765\" xmlns=\"http:\/\/www.w3.org\/2000\/svg\" viewbox=\"0 0 512 512\"><path d=\"M240 24c115.2 0 209.6 94.4 209.6 209.6s-94.4 209.6-209.6 209.6-209.6-94.4-209.6-209.6 94.4-209.6 209.6-209.6zm0-30.4c-132.8 0-240 107.2-240 240s107.2 240 240 240 240-107.2 240-240-107.2-240-240-240zm16 336c-4.8 0-8-1.6-11.2-4.8-6.4-6.4-6.4-16 0-22.4l68.8-68.8-68.8-68.8c-6.4-6.4-6.4-16 0-22.4s16-6.4 22.4 0l80 80c6.4 6.4 6.4 16 0 22.4l-80 80c-3.2 3.2-8 4.8-11.2 4.8zm80-80h-192c-9.6 0-16-6.4-16-16s6.4-16 16-16h192c9.6 0 16 6.4 16 16s-8 16-16 16z\"\/><\/svg><\/a>        <\/div>\r\n        <div class=\"portfolio-meta-wrapper\">\r\n            <h3 class=\"the-title\"><a target=\"_self\" href=\"https:\/\/eregistar.capljina.ba\/en\/registar\/06-01-cijepanje-parcela\/\">06.01.   Cijepanje parcela<\/a><\/h3><div class=\"clearboth\"><\/div>\t<div class=\"portfolio-categories\"><a href=\"https:\/\/eregistar.capljina.ba\/en\/kategorija\/administrativni-postupci\/\">Administrativni postupci<\/a>, <a href=\"https:\/\/eregistar.capljina.ba\/en\/kategorija\/geodetski-imovinsko-pravni-poslovi-i-katastar\/\">Geodetski, imovinsko-pravni poslovi i katastar<\/a>, <a href=\"https:\/\/eregistar.capljina.ba\/en\/kategorija\/sluzba-geodetskih-i-imovinsko-pravnih-poslova\/\">Slu\u017eba geodetskih i imovinsko pravnih poslova<\/a><\/div>\r\n<p class=\"the-excerpt\"><\/p>        <\/div>\r\n    <\/div>\r\n<\/article>\r\n\r\n\r\n\r\n\r\n\r\n\r\n<article id=\"7503\" class=\"mk-portfolio-item mk-portfolio-classic-item one-column administrativni-postupci geodetski-imovinsko-pravni-poslovi-i-katastar sluzba-geodetskih-i-imovinsko-pravnih-poslova\">\r\n    <div class=\"item-holder\">\r\n                <div class=\"featured-image js-taphover\">\r\n            <img loading=\"lazy\" decoding=\"async\" alt=\"06.02.   Uvjetno cijepanje parcela\" title=\"06.02.   Uvjetno cijepanje parcela\" src=\"https:\/\/eregistar.capljina.ba\/wp-content\/uploads\/bfi_thumb\/dummy-transparent-mtvazs4x65493jg37cimuev6o5yvclm1zauc1wmtvq.png\" data-mk-image-src-set='{\"default\":\"https:\\\/\\\/eregistar.capljina.ba\\\/wp-content\\\/uploads\\\/bfi_thumb\\\/banner-op-1n-nq7hc01lfqjktlm84xuqnf58hmjm9vdh12syqpf4cm.jpg\",\"2x\":\"\",\"mobile\":\"https:\\\/\\\/eregistar.capljina.ba\\\/wp-content\\\/uploads\\\/bfi_thumb\\\/banner-op-1n-3106csy62elcilrx5uiy5rert88s3prdwyaawihqo6zqf6la4.jpg\"}' width=\"770\" height=\"7\"  \/>\r\n            <div class=\"image-hover-overlay\"><\/div>\r\n            \r\n<a class=\"hover-icon from-left project-load\" target=\"_self\" href=\"https:\/\/eregistar.capljina.ba\/en\/registar\/06-02-uvjetno-cijepanje-parcela\/\" data-post-id=\"7503\"><svg  class=\"mk-svg-icon\" data-name=\"mk-jupiter-icon-arrow-circle\" data-cacheid=\"icon-69f22fdd24869\" xmlns=\"http:\/\/www.w3.org\/2000\/svg\" viewbox=\"0 0 512 512\"><path d=\"M240 24c115.2 0 209.6 94.4 209.6 209.6s-94.4 209.6-209.6 209.6-209.6-94.4-209.6-209.6 94.4-209.6 209.6-209.6zm0-30.4c-132.8 0-240 107.2-240 240s107.2 240 240 240 240-107.2 240-240-107.2-240-240-240zm16 336c-4.8 0-8-1.6-11.2-4.8-6.4-6.4-6.4-16 0-22.4l68.8-68.8-68.8-68.8c-6.4-6.4-6.4-16 0-22.4s16-6.4 22.4 0l80 80c6.4 6.4 6.4 16 0 22.4l-80 80c-3.2 3.2-8 4.8-11.2 4.8zm80-80h-192c-9.6 0-16-6.4-16-16s6.4-16 16-16h192c9.6 0 16 6.4 16 16s-8 16-16 16z\"\/><\/svg><\/a>        <\/div>\r\n        <div class=\"portfolio-meta-wrapper\">\r\n            <h3 class=\"the-title\"><a target=\"_self\" href=\"https:\/\/eregistar.capljina.ba\/en\/registar\/06-02-uvjetno-cijepanje-parcela\/\">06.02.   Uvjetno cijepanje parcela<\/a><\/h3><div class=\"clearboth\"><\/div>\t<div class=\"portfolio-categories\"><a href=\"https:\/\/eregistar.capljina.ba\/en\/kategorija\/administrativni-postupci\/\">Administrativni postupci<\/a>, <a href=\"https:\/\/eregistar.capljina.ba\/en\/kategorija\/geodetski-imovinsko-pravni-poslovi-i-katastar\/\">Geodetski, imovinsko-pravni poslovi i katastar<\/a>, <a href=\"https:\/\/eregistar.capljina.ba\/en\/kategorija\/sluzba-geodetskih-i-imovinsko-pravnih-poslova\/\">Slu\u017eba geodetskih i imovinsko pravnih poslova<\/a><\/div>\r\n<p class=\"the-excerpt\"><\/p>        <\/div>\r\n    <\/div>\r\n<\/article>\r\n\r\n\r\n\r\n\r\n\r\n\r\n<article id=\"7501\" class=\"mk-portfolio-item mk-portfolio-classic-item one-column administrativni-postupci geodetski-imovinsko-pravni-poslovi-i-katastar sluzba-geodetskih-i-imovinsko-pravnih-poslova\">\r\n    <div class=\"item-holder\">\r\n                <div class=\"featured-image js-taphover\">\r\n            <img loading=\"lazy\" decoding=\"async\" alt=\"06.03.   Uplana objekta\" title=\"06.03.   Uplana objekta\" src=\"https:\/\/eregistar.capljina.ba\/wp-content\/uploads\/bfi_thumb\/dummy-transparent-mtvazs4x65493jg37cimuev6o5yvclm1zauc1wmtvq.png\" data-mk-image-src-set='{\"default\":\"https:\\\/\\\/eregistar.capljina.ba\\\/wp-content\\\/uploads\\\/bfi_thumb\\\/banner-op-1n-nq7hc01lfqjktlm84xuqnf58hmjm9vdh12syqpf4cm.jpg\",\"2x\":\"\",\"mobile\":\"https:\\\/\\\/eregistar.capljina.ba\\\/wp-content\\\/uploads\\\/bfi_thumb\\\/banner-op-1n-3106csy62elcilrx5uiy5rert88s3prdwyaawihqo6zqf6la4.jpg\"}' width=\"770\" height=\"7\"  \/>\r\n            <div class=\"image-hover-overlay\"><\/div>\r\n            \r\n<a class=\"hover-icon from-left project-load\" target=\"_self\" href=\"https:\/\/eregistar.capljina.ba\/en\/registar\/06-03-uplana-objekta\/\" data-post-id=\"7501\"><svg  class=\"mk-svg-icon\" data-name=\"mk-jupiter-icon-arrow-circle\" data-cacheid=\"icon-69f22fdd2550d\" xmlns=\"http:\/\/www.w3.org\/2000\/svg\" viewbox=\"0 0 512 512\"><path d=\"M240 24c115.2 0 209.6 94.4 209.6 209.6s-94.4 209.6-209.6 209.6-209.6-94.4-209.6-209.6 94.4-209.6 209.6-209.6zm0-30.4c-132.8 0-240 107.2-240 240s107.2 240 240 240 240-107.2 240-240-107.2-240-240-240zm16 336c-4.8 0-8-1.6-11.2-4.8-6.4-6.4-6.4-16 0-22.4l68.8-68.8-68.8-68.8c-6.4-6.4-6.4-16 0-22.4s16-6.4 22.4 0l80 80c6.4 6.4 6.4 16 0 22.4l-80 80c-3.2 3.2-8 4.8-11.2 4.8zm80-80h-192c-9.6 0-16-6.4-16-16s6.4-16 16-16h192c9.6 0 16 6.4 16 16s-8 16-16 16z\"\/><\/svg><\/a>        <\/div>\r\n        <div class=\"portfolio-meta-wrapper\">\r\n            <h3 class=\"the-title\"><a target=\"_self\" href=\"https:\/\/eregistar.capljina.ba\/en\/registar\/06-03-uplana-objekta\/\">06.03.   Uplana objekta<\/a><\/h3><div class=\"clearboth\"><\/div>\t<div class=\"portfolio-categories\"><a href=\"https:\/\/eregistar.capljina.ba\/en\/kategorija\/administrativni-postupci\/\">Administrativni postupci<\/a>, <a href=\"https:\/\/eregistar.capljina.ba\/en\/kategorija\/geodetski-imovinsko-pravni-poslovi-i-katastar\/\">Geodetski, imovinsko-pravni poslovi i katastar<\/a>, <a href=\"https:\/\/eregistar.capljina.ba\/en\/kategorija\/sluzba-geodetskih-i-imovinsko-pravnih-poslova\/\">Slu\u017eba geodetskih i imovinsko pravnih poslova<\/a><\/div>\r\n<p class=\"the-excerpt\"><\/p>        <\/div>\r\n    <\/div>\r\n<\/article>\r\n\r\n\r\n\r\n\r\n\r\n\r\n<article id=\"7499\" class=\"mk-portfolio-item mk-portfolio-classic-item one-column administrativni-postupci geodetski-imovinsko-pravni-poslovi-i-katastar sluzba-geodetskih-i-imovinsko-pravnih-poslova\">\r\n    <div class=\"item-holder\">\r\n                <div class=\"featured-image js-taphover\">\r\n            <img loading=\"lazy\" decoding=\"async\" alt=\"06.04.   Isplana objekta\" title=\"06.04.   Isplana objekta\" src=\"https:\/\/eregistar.capljina.ba\/wp-content\/uploads\/bfi_thumb\/dummy-transparent-mtvazs4x65493jg37cimuev6o5yvclm1zauc1wmtvq.png\" data-mk-image-src-set='{\"default\":\"https:\\\/\\\/eregistar.capljina.ba\\\/wp-content\\\/uploads\\\/bfi_thumb\\\/banner-op-1n-nq7hc01lfqjktlm84xuqnf58hmjm9vdh12syqpf4cm.jpg\",\"2x\":\"\",\"mobile\":\"https:\\\/\\\/eregistar.capljina.ba\\\/wp-content\\\/uploads\\\/bfi_thumb\\\/banner-op-1n-3106csy62elcilrx5uiy5rert88s3prdwyaawihqo6zqf6la4.jpg\"}' width=\"770\" height=\"7\"  \/>\r\n            <div class=\"image-hover-overlay\"><\/div>\r\n            \r\n<a class=\"hover-icon from-left project-load\" target=\"_self\" href=\"https:\/\/eregistar.capljina.ba\/en\/registar\/06-04-isplana-objekta\/\" data-post-id=\"7499\"><svg  class=\"mk-svg-icon\" data-name=\"mk-jupiter-icon-arrow-circle\" data-cacheid=\"icon-69f22fdd261dd\" xmlns=\"http:\/\/www.w3.org\/2000\/svg\" viewbox=\"0 0 512 512\"><path d=\"M240 24c115.2 0 209.6 94.4 209.6 209.6s-94.4 209.6-209.6 209.6-209.6-94.4-209.6-209.6 94.4-209.6 209.6-209.6zm0-30.4c-132.8 0-240 107.2-240 240s107.2 240 240 240 240-107.2 240-240-107.2-240-240-240zm16 336c-4.8 0-8-1.6-11.2-4.8-6.4-6.4-6.4-16 0-22.4l68.8-68.8-68.8-68.8c-6.4-6.4-6.4-16 0-22.4s16-6.4 22.4 0l80 80c6.4 6.4 6.4 16 0 22.4l-80 80c-3.2 3.2-8 4.8-11.2 4.8zm80-80h-192c-9.6 0-16-6.4-16-16s6.4-16 16-16h192c9.6 0 16 6.4 16 16s-8 16-16 16z\"\/><\/svg><\/a>        <\/div>\r\n        <div class=\"portfolio-meta-wrapper\">\r\n            <h3 class=\"the-title\"><a target=\"_self\" href=\"https:\/\/eregistar.capljina.ba\/en\/registar\/06-04-isplana-objekta\/\">06.04.   Isplana objekta<\/a><\/h3><div class=\"clearboth\"><\/div>\t<div class=\"portfolio-categories\"><a href=\"https:\/\/eregistar.capljina.ba\/en\/kategorija\/administrativni-postupci\/\">Administrativni postupci<\/a>, <a href=\"https:\/\/eregistar.capljina.ba\/en\/kategorija\/geodetski-imovinsko-pravni-poslovi-i-katastar\/\">Geodetski, imovinsko-pravni poslovi i katastar<\/a>, <a href=\"https:\/\/eregistar.capljina.ba\/en\/kategorija\/sluzba-geodetskih-i-imovinsko-pravnih-poslova\/\">Slu\u017eba geodetskih i imovinsko pravnih poslova<\/a><\/div>\r\n<p class=\"the-excerpt\"><\/p>        <\/div>\r\n    <\/div>\r\n<\/article>\r\n\r\n\r\n\r\n\r\n\r\n\r\n<article id=\"7497\" class=\"mk-portfolio-item mk-portfolio-classic-item one-column administrativni-postupci geodetski-imovinsko-pravni-poslovi-i-katastar sluzba-geodetskih-i-imovinsko-pravnih-poslova\">\r\n    <div class=\"item-holder\">\r\n                <div class=\"featured-image js-taphover\">\r\n            <img loading=\"lazy\" decoding=\"async\" alt=\"06.05.   Pokazivanje me\u0111a\" title=\"06.05.   Pokazivanje me\u0111a\" src=\"https:\/\/eregistar.capljina.ba\/wp-content\/uploads\/bfi_thumb\/dummy-transparent-mtvazs4x65493jg37cimuev6o5yvclm1zauc1wmtvq.png\" data-mk-image-src-set='{\"default\":\"https:\\\/\\\/eregistar.capljina.ba\\\/wp-content\\\/uploads\\\/bfi_thumb\\\/banner-op-1n-nq7hc01lfqjktlm84xuqnf58hmjm9vdh12syqpf4cm.jpg\",\"2x\":\"\",\"mobile\":\"https:\\\/\\\/eregistar.capljina.ba\\\/wp-content\\\/uploads\\\/bfi_thumb\\\/banner-op-1n-3106csy62elcilrx5uiy5rert88s3prdwyaawihqo6zqf6la4.jpg\"}' width=\"770\" height=\"7\"  \/>\r\n            <div class=\"image-hover-overlay\"><\/div>\r\n            \r\n<a class=\"hover-icon from-left project-load\" target=\"_self\" href=\"https:\/\/eregistar.capljina.ba\/en\/registar\/06-05-pokazivanje-meda\/\" data-post-id=\"7497\"><svg  class=\"mk-svg-icon\" data-name=\"mk-jupiter-icon-arrow-circle\" data-cacheid=\"icon-69f22fdd26e5b\" xmlns=\"http:\/\/www.w3.org\/2000\/svg\" viewbox=\"0 0 512 512\"><path d=\"M240 24c115.2 0 209.6 94.4 209.6 209.6s-94.4 209.6-209.6 209.6-209.6-94.4-209.6-209.6 94.4-209.6 209.6-209.6zm0-30.4c-132.8 0-240 107.2-240 240s107.2 240 240 240 240-107.2 240-240-107.2-240-240-240zm16 336c-4.8 0-8-1.6-11.2-4.8-6.4-6.4-6.4-16 0-22.4l68.8-68.8-68.8-68.8c-6.4-6.4-6.4-16 0-22.4s16-6.4 22.4 0l80 80c6.4 6.4 6.4 16 0 22.4l-80 80c-3.2 3.2-8 4.8-11.2 4.8zm80-80h-192c-9.6 0-16-6.4-16-16s6.4-16 16-16h192c9.6 0 16 6.4 16 16s-8 16-16 16z\"\/><\/svg><\/a>        <\/div>\r\n        <div class=\"portfolio-meta-wrapper\">\r\n            <h3 class=\"the-title\"><a target=\"_self\" href=\"https:\/\/eregistar.capljina.ba\/en\/registar\/06-05-pokazivanje-meda\/\">06.05.   Pokazivanje me\u0111a<\/a><\/h3><div class=\"clearboth\"><\/div>\t<div class=\"portfolio-categories\"><a href=\"https:\/\/eregistar.capljina.ba\/en\/kategorija\/administrativni-postupci\/\">Administrativni postupci<\/a>, <a href=\"https:\/\/eregistar.capljina.ba\/en\/kategorija\/geodetski-imovinsko-pravni-poslovi-i-katastar\/\">Geodetski, imovinsko-pravni poslovi i katastar<\/a>, <a href=\"https:\/\/eregistar.capljina.ba\/en\/kategorija\/sluzba-geodetskih-i-imovinsko-pravnih-poslova\/\">Slu\u017eba geodetskih i imovinsko pravnih poslova<\/a><\/div>\r\n<p class=\"the-excerpt\"><\/p>        <\/div>\r\n    <\/div>\r\n<\/article>\r\n\r\n\r\n\r\n\r\n\r\n\r\n<article id=\"7495\" class=\"mk-portfolio-item mk-portfolio-classic-item one-column administrativni-postupci geodetski-imovinsko-pravni-poslovi-i-katastar sluzba-geodetskih-i-imovinsko-pravnih-poslova\">\r\n    <div class=\"item-holder\">\r\n                <div class=\"featured-image js-taphover\">\r\n            <img loading=\"lazy\" decoding=\"async\" alt=\"06.06.   Spajanje parcela\" title=\"06.06.   Spajanje parcela\" src=\"https:\/\/eregistar.capljina.ba\/wp-content\/uploads\/bfi_thumb\/dummy-transparent-mtvazs4x65493jg37cimuev6o5yvclm1zauc1wmtvq.png\" data-mk-image-src-set='{\"default\":\"https:\\\/\\\/eregistar.capljina.ba\\\/wp-content\\\/uploads\\\/bfi_thumb\\\/banner-op-1n-nq7hc01lfqjktlm84xuqnf58hmjm9vdh12syqpf4cm.jpg\",\"2x\":\"\",\"mobile\":\"https:\\\/\\\/eregistar.capljina.ba\\\/wp-content\\\/uploads\\\/bfi_thumb\\\/banner-op-1n-3106csy62elcilrx5uiy5rert88s3prdwyaawihqo6zqf6la4.jpg\"}' width=\"770\" height=\"7\"  \/>\r\n            <div class=\"image-hover-overlay\"><\/div>\r\n            \r\n<a class=\"hover-icon from-left project-load\" target=\"_self\" href=\"https:\/\/eregistar.capljina.ba\/en\/registar\/06-06-spajanje-parcela\/\" data-post-id=\"7495\"><svg  class=\"mk-svg-icon\" data-name=\"mk-jupiter-icon-arrow-circle\" data-cacheid=\"icon-69f22fdd27acf\" xmlns=\"http:\/\/www.w3.org\/2000\/svg\" viewbox=\"0 0 512 512\"><path d=\"M240 24c115.2 0 209.6 94.4 209.6 209.6s-94.4 209.6-209.6 209.6-209.6-94.4-209.6-209.6 94.4-209.6 209.6-209.6zm0-30.4c-132.8 0-240 107.2-240 240s107.2 240 240 240 240-107.2 240-240-107.2-240-240-240zm16 336c-4.8 0-8-1.6-11.2-4.8-6.4-6.4-6.4-16 0-22.4l68.8-68.8-68.8-68.8c-6.4-6.4-6.4-16 0-22.4s16-6.4 22.4 0l80 80c6.4 6.4 6.4 16 0 22.4l-80 80c-3.2 3.2-8 4.8-11.2 4.8zm80-80h-192c-9.6 0-16-6.4-16-16s6.4-16 16-16h192c9.6 0 16 6.4 16 16s-8 16-16 16z\"\/><\/svg><\/a>        <\/div>\r\n        <div class=\"portfolio-meta-wrapper\">\r\n            <h3 class=\"the-title\"><a target=\"_self\" href=\"https:\/\/eregistar.capljina.ba\/en\/registar\/06-06-spajanje-parcela\/\">06.06.   Spajanje parcela<\/a><\/h3><div class=\"clearboth\"><\/div>\t<div class=\"portfolio-categories\"><a href=\"https:\/\/eregistar.capljina.ba\/en\/kategorija\/administrativni-postupci\/\">Administrativni postupci<\/a>, <a href=\"https:\/\/eregistar.capljina.ba\/en\/kategorija\/geodetski-imovinsko-pravni-poslovi-i-katastar\/\">Geodetski, imovinsko-pravni poslovi i katastar<\/a>, <a href=\"https:\/\/eregistar.capljina.ba\/en\/kategorija\/sluzba-geodetskih-i-imovinsko-pravnih-poslova\/\">Slu\u017eba geodetskih i imovinsko pravnih poslova<\/a><\/div>\r\n<p class=\"the-excerpt\"><\/p>        <\/div>\r\n    <\/div>\r\n<\/article>\r\n\r\n\r\n\r\n\r\n\r\n\r\n<article id=\"7493\" class=\"mk-portfolio-item mk-portfolio-classic-item one-column administrativni-postupci geodetski-imovinsko-pravni-poslovi-i-katastar sluzba-geodetskih-i-imovinsko-pravnih-poslova\">\r\n    <div class=\"item-holder\">\r\n                <div class=\"featured-image js-taphover\">\r\n            <img loading=\"lazy\" decoding=\"async\" alt=\"06.07.   Promjena kulture\" title=\"06.07.   Promjena kulture\" src=\"https:\/\/eregistar.capljina.ba\/wp-content\/uploads\/bfi_thumb\/dummy-transparent-mtvazs4x65493jg37cimuev6o5yvclm1zauc1wmtvq.png\" data-mk-image-src-set='{\"default\":\"https:\\\/\\\/eregistar.capljina.ba\\\/wp-content\\\/uploads\\\/bfi_thumb\\\/banner-op-1n-nq7hc01lfqjktlm84xuqnf58hmjm9vdh12syqpf4cm.jpg\",\"2x\":\"\",\"mobile\":\"https:\\\/\\\/eregistar.capljina.ba\\\/wp-content\\\/uploads\\\/bfi_thumb\\\/banner-op-1n-3106csy62elcilrx5uiy5rert88s3prdwyaawihqo6zqf6la4.jpg\"}' width=\"770\" height=\"7\"  \/>\r\n            <div class=\"image-hover-overlay\"><\/div>\r\n            \r\n<a class=\"hover-icon from-left project-load\" target=\"_self\" href=\"https:\/\/eregistar.capljina.ba\/en\/registar\/06-07-promjena-kulture\/\" data-post-id=\"7493\"><svg  class=\"mk-svg-icon\" data-name=\"mk-jupiter-icon-arrow-circle\" data-cacheid=\"icon-69f22fdd28766\" xmlns=\"http:\/\/www.w3.org\/2000\/svg\" viewbox=\"0 0 512 512\"><path d=\"M240 24c115.2 0 209.6 94.4 209.6 209.6s-94.4 209.6-209.6 209.6-209.6-94.4-209.6-209.6 94.4-209.6 209.6-209.6zm0-30.4c-132.8 0-240 107.2-240 240s107.2 240 240 240 240-107.2 240-240-107.2-240-240-240zm16 336c-4.8 0-8-1.6-11.2-4.8-6.4-6.4-6.4-16 0-22.4l68.8-68.8-68.8-68.8c-6.4-6.4-6.4-16 0-22.4s16-6.4 22.4 0l80 80c6.4 6.4 6.4 16 0 22.4l-80 80c-3.2 3.2-8 4.8-11.2 4.8zm80-80h-192c-9.6 0-16-6.4-16-16s6.4-16 16-16h192c9.6 0 16 6.4 16 16s-8 16-16 16z\"\/><\/svg><\/a>        <\/div>\r\n        <div class=\"portfolio-meta-wrapper\">\r\n            <h3 class=\"the-title\"><a target=\"_self\" href=\"https:\/\/eregistar.capljina.ba\/en\/registar\/06-07-promjena-kulture\/\">06.07.   Promjena kulture<\/a><\/h3><div class=\"clearboth\"><\/div>\t<div class=\"portfolio-categories\"><a href=\"https:\/\/eregistar.capljina.ba\/en\/kategorija\/administrativni-postupci\/\">Administrativni postupci<\/a>, <a href=\"https:\/\/eregistar.capljina.ba\/en\/kategorija\/geodetski-imovinsko-pravni-poslovi-i-katastar\/\">Geodetski, imovinsko-pravni poslovi i katastar<\/a>, <a href=\"https:\/\/eregistar.capljina.ba\/en\/kategorija\/sluzba-geodetskih-i-imovinsko-pravnih-poslova\/\">Slu\u017eba geodetskih i imovinsko pravnih poslova<\/a><\/div>\r\n<p class=\"the-excerpt\"><\/p>        <\/div>\r\n    <\/div>\r\n<\/article>\r\n\r\n\r\n\r\n\r\n\r\n\r\n<article id=\"7491\" class=\"mk-portfolio-item mk-portfolio-classic-item one-column administrativni-postupci geodetski-imovinsko-pravni-poslovi-i-katastar sluzba-geodetskih-i-imovinsko-pravnih-poslova\">\r\n    <div class=\"item-holder\">\r\n                <div class=\"featured-image js-taphover\">\r\n            <img loading=\"lazy\" decoding=\"async\" alt=\"06.08.   Promjena u katastarskom operatu\" title=\"06.08.   Promjena u katastarskom operatu\" src=\"https:\/\/eregistar.capljina.ba\/wp-content\/uploads\/bfi_thumb\/dummy-transparent-mtvazs4x65493jg37cimuev6o5yvclm1zauc1wmtvq.png\" data-mk-image-src-set='{\"default\":\"https:\\\/\\\/eregistar.capljina.ba\\\/wp-content\\\/uploads\\\/bfi_thumb\\\/banner-op-1n-nq7hc01lfqjktlm84xuqnf58hmjm9vdh12syqpf4cm.jpg\",\"2x\":\"\",\"mobile\":\"https:\\\/\\\/eregistar.capljina.ba\\\/wp-content\\\/uploads\\\/bfi_thumb\\\/banner-op-1n-3106csy62elcilrx5uiy5rert88s3prdwyaawihqo6zqf6la4.jpg\"}' width=\"770\" height=\"7\"  \/>\r\n            <div class=\"image-hover-overlay\"><\/div>\r\n            \r\n<a class=\"hover-icon from-left project-load\" target=\"_self\" href=\"https:\/\/eregistar.capljina.ba\/en\/registar\/06-08-promjena-u-katastarskom-operatu\/\" data-post-id=\"7491\"><svg  class=\"mk-svg-icon\" data-name=\"mk-jupiter-icon-arrow-circle\" data-cacheid=\"icon-69f22fdd296b5\" xmlns=\"http:\/\/www.w3.org\/2000\/svg\" viewbox=\"0 0 512 512\"><path d=\"M240 24c115.2 0 209.6 94.4 209.6 209.6s-94.4 209.6-209.6 209.6-209.6-94.4-209.6-209.6 94.4-209.6 209.6-209.6zm0-30.4c-132.8 0-240 107.2-240 240s107.2 240 240 240 240-107.2 240-240-107.2-240-240-240zm16 336c-4.8 0-8-1.6-11.2-4.8-6.4-6.4-6.4-16 0-22.4l68.8-68.8-68.8-68.8c-6.4-6.4-6.4-16 0-22.4s16-6.4 22.4 0l80 80c6.4 6.4 6.4 16 0 22.4l-80 80c-3.2 3.2-8 4.8-11.2 4.8zm80-80h-192c-9.6 0-16-6.4-16-16s6.4-16 16-16h192c9.6 0 16 6.4 16 16s-8 16-16 16z\"\/><\/svg><\/a>        <\/div>\r\n        <div class=\"portfolio-meta-wrapper\">\r\n            <h3 class=\"the-title\"><a target=\"_self\" href=\"https:\/\/eregistar.capljina.ba\/en\/registar\/06-08-promjena-u-katastarskom-operatu\/\">06.08.   Promjena u katastarskom operatu<\/a><\/h3><div class=\"clearboth\"><\/div>\t<div class=\"portfolio-categories\"><a href=\"https:\/\/eregistar.capljina.ba\/en\/kategorija\/administrativni-postupci\/\">Administrativni postupci<\/a>, <a href=\"https:\/\/eregistar.capljina.ba\/en\/kategorija\/geodetski-imovinsko-pravni-poslovi-i-katastar\/\">Geodetski, imovinsko-pravni poslovi i katastar<\/a>, <a href=\"https:\/\/eregistar.capljina.ba\/en\/kategorija\/sluzba-geodetskih-i-imovinsko-pravnih-poslova\/\">Slu\u017eba geodetskih i imovinsko pravnih poslova<\/a><\/div>\r\n<p class=\"the-excerpt\"><\/p>        <\/div>\r\n    <\/div>\r\n<\/article>\r\n\r\n\r\n\r\n\r\n\r\n\r\n<article id=\"7489\" class=\"mk-portfolio-item mk-portfolio-classic-item one-column administrativni-postupci geodetski-imovinsko-pravni-poslovi-i-katastar sluzba-geodetskih-i-imovinsko-pravnih-poslova\">\r\n    <div class=\"item-holder\">\r\n                <div class=\"featured-image js-taphover\">\r\n            <img loading=\"lazy\" decoding=\"async\" alt=\"06.09.   Identifikacija parcela\" title=\"06.09.   Identifikacija parcela\" src=\"https:\/\/eregistar.capljina.ba\/wp-content\/uploads\/bfi_thumb\/dummy-transparent-mtvazs4x65493jg37cimuev6o5yvclm1zauc1wmtvq.png\" data-mk-image-src-set='{\"default\":\"https:\\\/\\\/eregistar.capljina.ba\\\/wp-content\\\/uploads\\\/bfi_thumb\\\/banner-op-1n-nq7hc01lfqjktlm84xuqnf58hmjm9vdh12syqpf4cm.jpg\",\"2x\":\"\",\"mobile\":\"https:\\\/\\\/eregistar.capljina.ba\\\/wp-content\\\/uploads\\\/bfi_thumb\\\/banner-op-1n-3106csy62elcilrx5uiy5rert88s3prdwyaawihqo6zqf6la4.jpg\"}' width=\"770\" height=\"7\"  \/>\r\n            <div class=\"image-hover-overlay\"><\/div>\r\n            \r\n<a class=\"hover-icon from-left project-load\" target=\"_self\" href=\"https:\/\/eregistar.capljina.ba\/en\/registar\/06-09-identifikacija-parcela\/\" data-post-id=\"7489\"><svg  class=\"mk-svg-icon\" data-name=\"mk-jupiter-icon-arrow-circle\" data-cacheid=\"icon-69f22fdd2a416\" xmlns=\"http:\/\/www.w3.org\/2000\/svg\" viewbox=\"0 0 512 512\"><path d=\"M240 24c115.2 0 209.6 94.4 209.6 209.6s-94.4 209.6-209.6 209.6-209.6-94.4-209.6-209.6 94.4-209.6 209.6-209.6zm0-30.4c-132.8 0-240 107.2-240 240s107.2 240 240 240 240-107.2 240-240-107.2-240-240-240zm16 336c-4.8 0-8-1.6-11.2-4.8-6.4-6.4-6.4-16 0-22.4l68.8-68.8-68.8-68.8c-6.4-6.4-6.4-16 0-22.4s16-6.4 22.4 0l80 80c6.4 6.4 6.4 16 0 22.4l-80 80c-3.2 3.2-8 4.8-11.2 4.8zm80-80h-192c-9.6 0-16-6.4-16-16s6.4-16 16-16h192c9.6 0 16 6.4 16 16s-8 16-16 16z\"\/><\/svg><\/a>        <\/div>\r\n        <div class=\"portfolio-meta-wrapper\">\r\n            <h3 class=\"the-title\"><a target=\"_self\" href=\"https:\/\/eregistar.capljina.ba\/en\/registar\/06-09-identifikacija-parcela\/\">06.09.   Identifikacija parcela<\/a><\/h3><div class=\"clearboth\"><\/div>\t<div class=\"portfolio-categories\"><a href=\"https:\/\/eregistar.capljina.ba\/en\/kategorija\/administrativni-postupci\/\">Administrativni postupci<\/a>, <a href=\"https:\/\/eregistar.capljina.ba\/en\/kategorija\/geodetski-imovinsko-pravni-poslovi-i-katastar\/\">Geodetski, imovinsko-pravni poslovi i katastar<\/a>, <a href=\"https:\/\/eregistar.capljina.ba\/en\/kategorija\/sluzba-geodetskih-i-imovinsko-pravnih-poslova\/\">Slu\u017eba geodetskih i imovinsko pravnih poslova<\/a><\/div>\r\n<p class=\"the-excerpt\"><\/p>        <\/div>\r\n    <\/div>\r\n<\/article>\r\n\r\n\r\n\r\n\r\n\r\n\r\n<article id=\"7487\" class=\"mk-portfolio-item mk-portfolio-classic-item one-column administrativni-postupci geodetski-imovinsko-pravni-poslovi-i-katastar sluzba-geodetskih-i-imovinsko-pravnih-poslova\">\r\n    <div class=\"item-holder\">\r\n                <div class=\"featured-image js-taphover\">\r\n            <img loading=\"lazy\" decoding=\"async\" alt=\"06.10.   Kori\u0161tenje podataka o to\u010dkama geodetske osnove\" title=\"06.10.   Kori\u0161tenje podataka o to\u010dkama geodetske osnove\" src=\"https:\/\/eregistar.capljina.ba\/wp-content\/uploads\/bfi_thumb\/dummy-transparent-mtvazs4x65493jg37cimuev6o5yvclm1zauc1wmtvq.png\" data-mk-image-src-set='{\"default\":\"https:\\\/\\\/eregistar.capljina.ba\\\/wp-content\\\/uploads\\\/bfi_thumb\\\/banner-op-1n-nq7hc01lfqjktlm84xuqnf58hmjm9vdh12syqpf4cm.jpg\",\"2x\":\"\",\"mobile\":\"https:\\\/\\\/eregistar.capljina.ba\\\/wp-content\\\/uploads\\\/bfi_thumb\\\/banner-op-1n-3106csy62elcilrx5uiy5rert88s3prdwyaawihqo6zqf6la4.jpg\"}' width=\"770\" height=\"7\"  \/>\r\n            <div class=\"image-hover-overlay\"><\/div>\r\n            \r\n<a class=\"hover-icon from-left project-load\" target=\"_self\" href=\"https:\/\/eregistar.capljina.ba\/en\/registar\/06-10-koristenje-podataka-o-tockama-geodetske-osnove\/\" data-post-id=\"7487\"><svg  class=\"mk-svg-icon\" data-name=\"mk-jupiter-icon-arrow-circle\" data-cacheid=\"icon-69f22fdd2b0c0\" xmlns=\"http:\/\/www.w3.org\/2000\/svg\" viewbox=\"0 0 512 512\"><path d=\"M240 24c115.2 0 209.6 94.4 209.6 209.6s-94.4 209.6-209.6 209.6-209.6-94.4-209.6-209.6 94.4-209.6 209.6-209.6zm0-30.4c-132.8 0-240 107.2-240 240s107.2 240 240 240 240-107.2 240-240-107.2-240-240-240zm16 336c-4.8 0-8-1.6-11.2-4.8-6.4-6.4-6.4-16 0-22.4l68.8-68.8-68.8-68.8c-6.4-6.4-6.4-16 0-22.4s16-6.4 22.4 0l80 80c6.4 6.4 6.4 16 0 22.4l-80 80c-3.2 3.2-8 4.8-11.2 4.8zm80-80h-192c-9.6 0-16-6.4-16-16s6.4-16 16-16h192c9.6 0 16 6.4 16 16s-8 16-16 16z\"\/><\/svg><\/a>        <\/div>\r\n        <div class=\"portfolio-meta-wrapper\">\r\n            <h3 class=\"the-title\"><a target=\"_self\" href=\"https:\/\/eregistar.capljina.ba\/en\/registar\/06-10-koristenje-podataka-o-tockama-geodetske-osnove\/\">06.10.   Kori\u0161tenje podataka o to\u010dkama geodetske osnove<\/a><\/h3><div class=\"clearboth\"><\/div>\t<div class=\"portfolio-categories\"><a href=\"https:\/\/eregistar.capljina.ba\/en\/kategorija\/administrativni-postupci\/\">Administrativni postupci<\/a>, <a href=\"https:\/\/eregistar.capljina.ba\/en\/kategorija\/geodetski-imovinsko-pravni-poslovi-i-katastar\/\">Geodetski, imovinsko-pravni poslovi i katastar<\/a>, <a href=\"https:\/\/eregistar.capljina.ba\/en\/kategorija\/sluzba-geodetskih-i-imovinsko-pravnih-poslova\/\">Slu\u017eba geodetskih i imovinsko pravnih poslova<\/a><\/div>\r\n<p class=\"the-excerpt\"><\/p>        <\/div>\r\n    <\/div>\r\n<\/article>\r\n\r\n\r\n\r\n\r\n\r\n\r\n<article id=\"7485\" class=\"mk-portfolio-item mk-portfolio-classic-item one-column administrativni-postupci geodetski-imovinsko-pravni-poslovi-i-katastar sluzba-geodetskih-i-imovinsko-pravnih-poslova\">\r\n    <div class=\"item-holder\">\r\n                <div class=\"featured-image js-taphover\">\r\n            <img loading=\"lazy\" decoding=\"async\" alt=\"06.11.   Kopija plana u analognom obliku\" title=\"06.11.   Kopija plana u analognom obliku\" src=\"https:\/\/eregistar.capljina.ba\/wp-content\/uploads\/bfi_thumb\/dummy-transparent-mtvazs4x65493jg37cimuev6o5yvclm1zauc1wmtvq.png\" data-mk-image-src-set='{\"default\":\"https:\\\/\\\/eregistar.capljina.ba\\\/wp-content\\\/uploads\\\/bfi_thumb\\\/banner-op-1n-nq7hc01lfqjktlm84xuqnf58hmjm9vdh12syqpf4cm.jpg\",\"2x\":\"\",\"mobile\":\"https:\\\/\\\/eregistar.capljina.ba\\\/wp-content\\\/uploads\\\/bfi_thumb\\\/banner-op-1n-3106csy62elcilrx5uiy5rert88s3prdwyaawihqo6zqf6la4.jpg\"}' width=\"770\" height=\"7\"  \/>\r\n            <div class=\"image-hover-overlay\"><\/div>\r\n            \r\n<a class=\"hover-icon from-left project-load\" target=\"_self\" href=\"https:\/\/eregistar.capljina.ba\/en\/registar\/06-11-kopija-plana-u-analognom-obliku\/\" data-post-id=\"7485\"><svg  class=\"mk-svg-icon\" data-name=\"mk-jupiter-icon-arrow-circle\" data-cacheid=\"icon-69f22fdd2be38\" xmlns=\"http:\/\/www.w3.org\/2000\/svg\" viewbox=\"0 0 512 512\"><path d=\"M240 24c115.2 0 209.6 94.4 209.6 209.6s-94.4 209.6-209.6 209.6-209.6-94.4-209.6-209.6 94.4-209.6 209.6-209.6zm0-30.4c-132.8 0-240 107.2-240 240s107.2 240 240 240 240-107.2 240-240-107.2-240-240-240zm16 336c-4.8 0-8-1.6-11.2-4.8-6.4-6.4-6.4-16 0-22.4l68.8-68.8-68.8-68.8c-6.4-6.4-6.4-16 0-22.4s16-6.4 22.4 0l80 80c6.4 6.4 6.4 16 0 22.4l-80 80c-3.2 3.2-8 4.8-11.2 4.8zm80-80h-192c-9.6 0-16-6.4-16-16s6.4-16 16-16h192c9.6 0 16 6.4 16 16s-8 16-16 16z\"\/><\/svg><\/a>        <\/div>\r\n        <div class=\"portfolio-meta-wrapper\">\r\n            <h3 class=\"the-title\"><a target=\"_self\" href=\"https:\/\/eregistar.capljina.ba\/en\/registar\/06-11-kopija-plana-u-analognom-obliku\/\">06.11.   Kopija plana u analognom obliku<\/a><\/h3><div class=\"clearboth\"><\/div>\t<div class=\"portfolio-categories\"><a href=\"https:\/\/eregistar.capljina.ba\/en\/kategorija\/administrativni-postupci\/\">Administrativni postupci<\/a>, <a href=\"https:\/\/eregistar.capljina.ba\/en\/kategorija\/geodetski-imovinsko-pravni-poslovi-i-katastar\/\">Geodetski, imovinsko-pravni poslovi i katastar<\/a>, <a href=\"https:\/\/eregistar.capljina.ba\/en\/kategorija\/sluzba-geodetskih-i-imovinsko-pravnih-poslova\/\">Slu\u017eba geodetskih i imovinsko pravnih poslova<\/a><\/div>\r\n<p class=\"the-excerpt\"><\/p>        <\/div>\r\n    <\/div>\r\n<\/article>\r\n\r\n\r\n\r\n\r\n\r\n\r\n<article id=\"7483\" class=\"mk-portfolio-item mk-portfolio-classic-item one-column administrativni-postupci geodetski-imovinsko-pravni-poslovi-i-katastar sluzba-geodetskih-i-imovinsko-pravnih-poslova\">\r\n    <div class=\"item-holder\">\r\n                <div class=\"featured-image js-taphover\">\r\n            <img loading=\"lazy\" decoding=\"async\" alt=\"06.12.   Promjena podataka posjednika\" title=\"06.12.   Promjena podataka posjednika\" src=\"https:\/\/eregistar.capljina.ba\/wp-content\/uploads\/bfi_thumb\/dummy-transparent-mtvazs4x65493jg37cimuev6o5yvclm1zauc1wmtvq.png\" data-mk-image-src-set='{\"default\":\"https:\\\/\\\/eregistar.capljina.ba\\\/wp-content\\\/uploads\\\/bfi_thumb\\\/banner-op-1n-nq7hc01lfqjktlm84xuqnf58hmjm9vdh12syqpf4cm.jpg\",\"2x\":\"\",\"mobile\":\"https:\\\/\\\/eregistar.capljina.ba\\\/wp-content\\\/uploads\\\/bfi_thumb\\\/banner-op-1n-3106csy62elcilrx5uiy5rert88s3prdwyaawihqo6zqf6la4.jpg\"}' width=\"770\" height=\"7\"  \/>\r\n            <div class=\"image-hover-overlay\"><\/div>\r\n            \r\n<a class=\"hover-icon from-left project-load\" target=\"_self\" href=\"https:\/\/eregistar.capljina.ba\/en\/registar\/06-12-promjena-podataka-posjednika\/\" data-post-id=\"7483\"><svg  class=\"mk-svg-icon\" data-name=\"mk-jupiter-icon-arrow-circle\" data-cacheid=\"icon-69f22fdd2cc10\" xmlns=\"http:\/\/www.w3.org\/2000\/svg\" viewbox=\"0 0 512 512\"><path d=\"M240 24c115.2 0 209.6 94.4 209.6 209.6s-94.4 209.6-209.6 209.6-209.6-94.4-209.6-209.6 94.4-209.6 209.6-209.6zm0-30.4c-132.8 0-240 107.2-240 240s107.2 240 240 240 240-107.2 240-240-107.2-240-240-240zm16 336c-4.8 0-8-1.6-11.2-4.8-6.4-6.4-6.4-16 0-22.4l68.8-68.8-68.8-68.8c-6.4-6.4-6.4-16 0-22.4s16-6.4 22.4 0l80 80c6.4 6.4 6.4 16 0 22.4l-80 80c-3.2 3.2-8 4.8-11.2 4.8zm80-80h-192c-9.6 0-16-6.4-16-16s6.4-16 16-16h192c9.6 0 16 6.4 16 16s-8 16-16 16z\"\/><\/svg><\/a>        <\/div>\r\n        <div class=\"portfolio-meta-wrapper\">\r\n            <h3 class=\"the-title\"><a target=\"_self\" href=\"https:\/\/eregistar.capljina.ba\/en\/registar\/06-12-promjena-podataka-posjednika\/\">06.12.   Promjena podataka posjednika<\/a><\/h3><div class=\"clearboth\"><\/div>\t<div class=\"portfolio-categories\"><a href=\"https:\/\/eregistar.capljina.ba\/en\/kategorija\/administrativni-postupci\/\">Administrativni postupci<\/a>, <a href=\"https:\/\/eregistar.capljina.ba\/en\/kategorija\/geodetski-imovinsko-pravni-poslovi-i-katastar\/\">Geodetski, imovinsko-pravni poslovi i katastar<\/a>, <a href=\"https:\/\/eregistar.capljina.ba\/en\/kategorija\/sluzba-geodetskih-i-imovinsko-pravnih-poslova\/\">Slu\u017eba geodetskih i imovinsko pravnih poslova<\/a><\/div>\r\n<p class=\"the-excerpt\"><\/p>        <\/div>\r\n    <\/div>\r\n<\/article>\r\n\r\n\r\n\r\n\r\n\r\n\r\n<article id=\"7481\" class=\"mk-portfolio-item mk-portfolio-classic-item one-column administrativni-postupci geodetski-imovinsko-pravni-poslovi-i-katastar sluzba-geodetskih-i-imovinsko-pravnih-poslova\">\r\n    <div class=\"item-holder\">\r\n                <div class=\"featured-image js-taphover\">\r\n            <img loading=\"lazy\" decoding=\"async\" alt=\"06.13.   Izvod iz posjedovnog lista\" title=\"06.13.   Izvod iz posjedovnog lista\" src=\"https:\/\/eregistar.capljina.ba\/wp-content\/uploads\/bfi_thumb\/dummy-transparent-mtvazs4x65493jg37cimuev6o5yvclm1zauc1wmtvq.png\" data-mk-image-src-set='{\"default\":\"https:\\\/\\\/eregistar.capljina.ba\\\/wp-content\\\/uploads\\\/bfi_thumb\\\/banner-op-1n-nq7hc01lfqjktlm84xuqnf58hmjm9vdh12syqpf4cm.jpg\",\"2x\":\"\",\"mobile\":\"https:\\\/\\\/eregistar.capljina.ba\\\/wp-content\\\/uploads\\\/bfi_thumb\\\/banner-op-1n-3106csy62elcilrx5uiy5rert88s3prdwyaawihqo6zqf6la4.jpg\"}' width=\"770\" height=\"7\"  \/>\r\n            <div class=\"image-hover-overlay\"><\/div>\r\n            \r\n<a class=\"hover-icon from-left project-load\" target=\"_self\" href=\"https:\/\/eregistar.capljina.ba\/en\/registar\/06-13-izvod-iz-posjedovnog-lista\/\" data-post-id=\"7481\"><svg  class=\"mk-svg-icon\" data-name=\"mk-jupiter-icon-arrow-circle\" data-cacheid=\"icon-69f22fdd2db2f\" xmlns=\"http:\/\/www.w3.org\/2000\/svg\" viewbox=\"0 0 512 512\"><path d=\"M240 24c115.2 0 209.6 94.4 209.6 209.6s-94.4 209.6-209.6 209.6-209.6-94.4-209.6-209.6 94.4-209.6 209.6-209.6zm0-30.4c-132.8 0-240 107.2-240 240s107.2 240 240 240 240-107.2 240-240-107.2-240-240-240zm16 336c-4.8 0-8-1.6-11.2-4.8-6.4-6.4-6.4-16 0-22.4l68.8-68.8-68.8-68.8c-6.4-6.4-6.4-16 0-22.4s16-6.4 22.4 0l80 80c6.4 6.4 6.4 16 0 22.4l-80 80c-3.2 3.2-8 4.8-11.2 4.8zm80-80h-192c-9.6 0-16-6.4-16-16s6.4-16 16-16h192c9.6 0 16 6.4 16 16s-8 16-16 16z\"\/><\/svg><\/a>        <\/div>\r\n        <div class=\"portfolio-meta-wrapper\">\r\n            <h3 class=\"the-title\"><a target=\"_self\" href=\"https:\/\/eregistar.capljina.ba\/en\/registar\/06-13-izvod-iz-posjedovnog-lista\/\">06.13.   Izvod iz posjedovnog lista<\/a><\/h3><div class=\"clearboth\"><\/div>\t<div class=\"portfolio-categories\"><a href=\"https:\/\/eregistar.capljina.ba\/en\/kategorija\/administrativni-postupci\/\">Administrativni postupci<\/a>, <a href=\"https:\/\/eregistar.capljina.ba\/en\/kategorija\/geodetski-imovinsko-pravni-poslovi-i-katastar\/\">Geodetski, imovinsko-pravni poslovi i katastar<\/a>, <a href=\"https:\/\/eregistar.capljina.ba\/en\/kategorija\/sluzba-geodetskih-i-imovinsko-pravnih-poslova\/\">Slu\u017eba geodetskih i imovinsko pravnih poslova<\/a><\/div>\r\n<p class=\"the-excerpt\"><\/p>        <\/div>\r\n    <\/div>\r\n<\/article>\r\n\r\n\r\n\r\n\r\n\r\n\r\n<article id=\"7479\" class=\"mk-portfolio-item mk-portfolio-classic-item one-column administrativni-postupci geodetski-imovinsko-pravni-poslovi-i-katastar sluzba-geodetskih-i-imovinsko-pravnih-poslova\">\r\n    <div class=\"item-holder\">\r\n                <div class=\"featured-image js-taphover\">\r\n            <img loading=\"lazy\" decoding=\"async\" alt=\"06.14.   Uvjerenje o podacima posljednjeg stanja u katastru\" title=\"06.14.   Uvjerenje o podacima posljednjeg stanja u katastru\" src=\"https:\/\/eregistar.capljina.ba\/wp-content\/uploads\/bfi_thumb\/dummy-transparent-mtvazs4x65493jg37cimuev6o5yvclm1zauc1wmtvq.png\" data-mk-image-src-set='{\"default\":\"https:\\\/\\\/eregistar.capljina.ba\\\/wp-content\\\/uploads\\\/bfi_thumb\\\/banner-op-1n-nq7hc01lfqjktlm84xuqnf58hmjm9vdh12syqpf4cm.jpg\",\"2x\":\"\",\"mobile\":\"https:\\\/\\\/eregistar.capljina.ba\\\/wp-content\\\/uploads\\\/bfi_thumb\\\/banner-op-1n-3106csy62elcilrx5uiy5rert88s3prdwyaawihqo6zqf6la4.jpg\"}' width=\"770\" height=\"7\"  \/>\r\n            <div class=\"image-hover-overlay\"><\/div>\r\n            \r\n<a class=\"hover-icon from-left project-load\" target=\"_self\" href=\"https:\/\/eregistar.capljina.ba\/en\/registar\/06-14-uvjerenje-o-podacima-posljednjeg-stanja-u-katastru\/\" data-post-id=\"7479\"><svg  class=\"mk-svg-icon\" data-name=\"mk-jupiter-icon-arrow-circle\" data-cacheid=\"icon-69f22fdd2e929\" xmlns=\"http:\/\/www.w3.org\/2000\/svg\" viewbox=\"0 0 512 512\"><path d=\"M240 24c115.2 0 209.6 94.4 209.6 209.6s-94.4 209.6-209.6 209.6-209.6-94.4-209.6-209.6 94.4-209.6 209.6-209.6zm0-30.4c-132.8 0-240 107.2-240 240s107.2 240 240 240 240-107.2 240-240-107.2-240-240-240zm16 336c-4.8 0-8-1.6-11.2-4.8-6.4-6.4-6.4-16 0-22.4l68.8-68.8-68.8-68.8c-6.4-6.4-6.4-16 0-22.4s16-6.4 22.4 0l80 80c6.4 6.4 6.4 16 0 22.4l-80 80c-3.2 3.2-8 4.8-11.2 4.8zm80-80h-192c-9.6 0-16-6.4-16-16s6.4-16 16-16h192c9.6 0 16 6.4 16 16s-8 16-16 16z\"\/><\/svg><\/a>        <\/div>\r\n        <div class=\"portfolio-meta-wrapper\">\r\n            <h3 class=\"the-title\"><a target=\"_self\" href=\"https:\/\/eregistar.capljina.ba\/en\/registar\/06-14-uvjerenje-o-podacima-posljednjeg-stanja-u-katastru\/\">06.14.   Uvjerenje o podacima posljednjeg stanja u katastru<\/a><\/h3><div class=\"clearboth\"><\/div>\t<div class=\"portfolio-categories\"><a href=\"https:\/\/eregistar.capljina.ba\/en\/kategorija\/administrativni-postupci\/\">Administrativni postupci<\/a>, <a href=\"https:\/\/eregistar.capljina.ba\/en\/kategorija\/geodetski-imovinsko-pravni-poslovi-i-katastar\/\">Geodetski, imovinsko-pravni poslovi i katastar<\/a>, <a href=\"https:\/\/eregistar.capljina.ba\/en\/kategorija\/sluzba-geodetskih-i-imovinsko-pravnih-poslova\/\">Slu\u017eba geodetskih i imovinsko pravnih poslova<\/a><\/div>\r\n<p class=\"the-excerpt\"><\/p>        <\/div>\r\n    <\/div>\r\n<\/article>\r\n\r\n\r\n\r\n\r\n\r\n\r\n<article id=\"7477\" class=\"mk-portfolio-item mk-portfolio-classic-item one-column administrativni-postupci geodetski-imovinsko-pravni-poslovi-i-katastar sluzba-geodetskih-i-imovinsko-pravnih-poslova\">\r\n    <div class=\"item-holder\">\r\n                <div class=\"featured-image js-taphover\">\r\n            <img loading=\"lazy\" decoding=\"async\" alt=\"06.15.   Kopija katastarskog plana\" title=\"06.15.   Kopija katastarskog plana\" src=\"https:\/\/eregistar.capljina.ba\/wp-content\/uploads\/bfi_thumb\/dummy-transparent-mtvazs4x65493jg37cimuev6o5yvclm1zauc1wmtvq.png\" data-mk-image-src-set='{\"default\":\"https:\\\/\\\/eregistar.capljina.ba\\\/wp-content\\\/uploads\\\/bfi_thumb\\\/banner-op-1n-nq7hc01lfqjktlm84xuqnf58hmjm9vdh12syqpf4cm.jpg\",\"2x\":\"\",\"mobile\":\"https:\\\/\\\/eregistar.capljina.ba\\\/wp-content\\\/uploads\\\/bfi_thumb\\\/banner-op-1n-3106csy62elcilrx5uiy5rert88s3prdwyaawihqo6zqf6la4.jpg\"}' width=\"770\" height=\"7\"  \/>\r\n            <div class=\"image-hover-overlay\"><\/div>\r\n            \r\n<a class=\"hover-icon from-left project-load\" target=\"_self\" href=\"https:\/\/eregistar.capljina.ba\/en\/registar\/06-15-kopija-katastarskog-plana\/\" data-post-id=\"7477\"><svg  class=\"mk-svg-icon\" data-name=\"mk-jupiter-icon-arrow-circle\" data-cacheid=\"icon-69f22fdd2f930\" xmlns=\"http:\/\/www.w3.org\/2000\/svg\" viewbox=\"0 0 512 512\"><path d=\"M240 24c115.2 0 209.6 94.4 209.6 209.6s-94.4 209.6-209.6 209.6-209.6-94.4-209.6-209.6 94.4-209.6 209.6-209.6zm0-30.4c-132.8 0-240 107.2-240 240s107.2 240 240 240 240-107.2 240-240-107.2-240-240-240zm16 336c-4.8 0-8-1.6-11.2-4.8-6.4-6.4-6.4-16 0-22.4l68.8-68.8-68.8-68.8c-6.4-6.4-6.4-16 0-22.4s16-6.4 22.4 0l80 80c6.4 6.4 6.4 16 0 22.4l-80 80c-3.2 3.2-8 4.8-11.2 4.8zm80-80h-192c-9.6 0-16-6.4-16-16s6.4-16 16-16h192c9.6 0 16 6.4 16 16s-8 16-16 16z\"\/><\/svg><\/a>        <\/div>\r\n        <div class=\"portfolio-meta-wrapper\">\r\n            <h3 class=\"the-title\"><a target=\"_self\" href=\"https:\/\/eregistar.capljina.ba\/en\/registar\/06-15-kopija-katastarskog-plana\/\">06.15.   Kopija katastarskog plana<\/a><\/h3><div class=\"clearboth\"><\/div>\t<div class=\"portfolio-categories\"><a href=\"https:\/\/eregistar.capljina.ba\/en\/kategorija\/administrativni-postupci\/\">Administrativni postupci<\/a>, <a href=\"https:\/\/eregistar.capljina.ba\/en\/kategorija\/geodetski-imovinsko-pravni-poslovi-i-katastar\/\">Geodetski, imovinsko-pravni poslovi i katastar<\/a>, <a href=\"https:\/\/eregistar.capljina.ba\/en\/kategorija\/sluzba-geodetskih-i-imovinsko-pravnih-poslova\/\">Slu\u017eba geodetskih i imovinsko pravnih poslova<\/a><\/div>\r\n<p class=\"the-excerpt\"><\/p>        <\/div>\r\n    <\/div>\r\n<\/article>\r\n\r\n\r\n\r\n\r\n\r\n\r\n<article id=\"7475\" class=\"mk-portfolio-item mk-portfolio-classic-item one-column administrativni-postupci geodetski-imovinsko-pravni-poslovi-i-katastar sluzba-geodetskih-i-imovinsko-pravnih-poslova\">\r\n    <div class=\"item-holder\">\r\n                <div class=\"featured-image js-taphover\">\r\n            <img loading=\"lazy\" decoding=\"async\" alt=\"06.16.   Uvjerenje o vremenu avionskog snimanja\" title=\"06.16.   Uvjerenje o vremenu avionskog snimanja\" src=\"https:\/\/eregistar.capljina.ba\/wp-content\/uploads\/bfi_thumb\/dummy-transparent-mtvazs4x65493jg37cimuev6o5yvclm1zauc1wmtvq.png\" data-mk-image-src-set='{\"default\":\"https:\\\/\\\/eregistar.capljina.ba\\\/wp-content\\\/uploads\\\/bfi_thumb\\\/banner-op-1n-nq7hc01lfqjktlm84xuqnf58hmjm9vdh12syqpf4cm.jpg\",\"2x\":\"\",\"mobile\":\"https:\\\/\\\/eregistar.capljina.ba\\\/wp-content\\\/uploads\\\/bfi_thumb\\\/banner-op-1n-3106csy62elcilrx5uiy5rert88s3prdwyaawihqo6zqf6la4.jpg\"}' width=\"770\" height=\"7\"  \/>\r\n            <div class=\"image-hover-overlay\"><\/div>\r\n            \r\n<a class=\"hover-icon from-left project-load\" target=\"_self\" href=\"https:\/\/eregistar.capljina.ba\/en\/registar\/06-16-uvjerenje-o-vremenu-avionskog-snimanja\/\" data-post-id=\"7475\"><svg  class=\"mk-svg-icon\" data-name=\"mk-jupiter-icon-arrow-circle\" data-cacheid=\"icon-69f22fdd30909\" xmlns=\"http:\/\/www.w3.org\/2000\/svg\" viewbox=\"0 0 512 512\"><path d=\"M240 24c115.2 0 209.6 94.4 209.6 209.6s-94.4 209.6-209.6 209.6-209.6-94.4-209.6-209.6 94.4-209.6 209.6-209.6zm0-30.4c-132.8 0-240 107.2-240 240s107.2 240 240 240 240-107.2 240-240-107.2-240-240-240zm16 336c-4.8 0-8-1.6-11.2-4.8-6.4-6.4-6.4-16 0-22.4l68.8-68.8-68.8-68.8c-6.4-6.4-6.4-16 0-22.4s16-6.4 22.4 0l80 80c6.4 6.4 6.4 16 0 22.4l-80 80c-3.2 3.2-8 4.8-11.2 4.8zm80-80h-192c-9.6 0-16-6.4-16-16s6.4-16 16-16h192c9.6 0 16 6.4 16 16s-8 16-16 16z\"\/><\/svg><\/a>        <\/div>\r\n        <div class=\"portfolio-meta-wrapper\">\r\n            <h3 class=\"the-title\"><a target=\"_self\" href=\"https:\/\/eregistar.capljina.ba\/en\/registar\/06-16-uvjerenje-o-vremenu-avionskog-snimanja\/\">06.16.   Uvjerenje o vremenu avionskog snimanja<\/a><\/h3><div class=\"clearboth\"><\/div>\t<div class=\"portfolio-categories\"><a href=\"https:\/\/eregistar.capljina.ba\/en\/kategorija\/administrativni-postupci\/\">Administrativni postupci<\/a>, <a href=\"https:\/\/eregistar.capljina.ba\/en\/kategorija\/geodetski-imovinsko-pravni-poslovi-i-katastar\/\">Geodetski, imovinsko-pravni poslovi i katastar<\/a>, <a href=\"https:\/\/eregistar.capljina.ba\/en\/kategorija\/sluzba-geodetskih-i-imovinsko-pravnih-poslova\/\">Slu\u017eba geodetskih i imovinsko pravnih poslova<\/a><\/div>\r\n<p class=\"the-excerpt\"><\/p>        <\/div>\r\n    <\/div>\r\n<\/article>\r\n\r\n\r\n\r\n\r\n\r\n\r\n<article id=\"7473\" class=\"mk-portfolio-item mk-portfolio-classic-item one-column administrativni-postupci geodetski-imovinsko-pravni-poslovi-i-katastar sluzba-geodetskih-i-imovinsko-pravnih-poslova\">\r\n    <div class=\"item-holder\">\r\n                <div class=\"featured-image js-taphover\">\r\n            <img loading=\"lazy\" decoding=\"async\" alt=\"06.17.   Izvla\u0161tenje\" title=\"06.17.   Izvla\u0161tenje\" src=\"https:\/\/eregistar.capljina.ba\/wp-content\/uploads\/bfi_thumb\/dummy-transparent-mtvazs4x65493jg37cimuev6o5yvclm1zauc1wmtvq.png\" data-mk-image-src-set='{\"default\":\"https:\\\/\\\/eregistar.capljina.ba\\\/wp-content\\\/uploads\\\/bfi_thumb\\\/banner-op-1n-nq7hc01lfqjktlm84xuqnf58hmjm9vdh12syqpf4cm.jpg\",\"2x\":\"\",\"mobile\":\"https:\\\/\\\/eregistar.capljina.ba\\\/wp-content\\\/uploads\\\/bfi_thumb\\\/banner-op-1n-3106csy62elcilrx5uiy5rert88s3prdwyaawihqo6zqf6la4.jpg\"}' width=\"770\" height=\"7\"  \/>\r\n            <div class=\"image-hover-overlay\"><\/div>\r\n            \r\n<a class=\"hover-icon from-left project-load\" target=\"_self\" href=\"https:\/\/eregistar.capljina.ba\/en\/registar\/06-17-izvlastenje\/\" data-post-id=\"7473\"><svg  class=\"mk-svg-icon\" data-name=\"mk-jupiter-icon-arrow-circle\" data-cacheid=\"icon-69f22fdd31818\" xmlns=\"http:\/\/www.w3.org\/2000\/svg\" viewbox=\"0 0 512 512\"><path d=\"M240 24c115.2 0 209.6 94.4 209.6 209.6s-94.4 209.6-209.6 209.6-209.6-94.4-209.6-209.6 94.4-209.6 209.6-209.6zm0-30.4c-132.8 0-240 107.2-240 240s107.2 240 240 240 240-107.2 240-240-107.2-240-240-240zm16 336c-4.8 0-8-1.6-11.2-4.8-6.4-6.4-6.4-16 0-22.4l68.8-68.8-68.8-68.8c-6.4-6.4-6.4-16 0-22.4s16-6.4 22.4 0l80 80c6.4 6.4 6.4 16 0 22.4l-80 80c-3.2 3.2-8 4.8-11.2 4.8zm80-80h-192c-9.6 0-16-6.4-16-16s6.4-16 16-16h192c9.6 0 16 6.4 16 16s-8 16-16 16z\"\/><\/svg><\/a>        <\/div>\r\n        <div class=\"portfolio-meta-wrapper\">\r\n            <h3 class=\"the-title\"><a target=\"_self\" href=\"https:\/\/eregistar.capljina.ba\/en\/registar\/06-17-izvlastenje\/\">06.17.   Izvla\u0161tenje<\/a><\/h3><div class=\"clearboth\"><\/div>\t<div class=\"portfolio-categories\"><a href=\"https:\/\/eregistar.capljina.ba\/en\/kategorija\/administrativni-postupci\/\">Administrativni postupci<\/a>, <a href=\"https:\/\/eregistar.capljina.ba\/en\/kategorija\/geodetski-imovinsko-pravni-poslovi-i-katastar\/\">Geodetski, imovinsko-pravni poslovi i katastar<\/a>, <a href=\"https:\/\/eregistar.capljina.ba\/en\/kategorija\/sluzba-geodetskih-i-imovinsko-pravnih-poslova\/\">Slu\u017eba geodetskih i imovinsko pravnih poslova<\/a><\/div>\r\n<p class=\"the-excerpt\"><\/p>        <\/div>\r\n    <\/div>\r\n<\/article>\r\n\r\n\r\n\r\n\r\n\r\n\r\n<article id=\"7471\" class=\"mk-portfolio-item mk-portfolio-classic-item one-column administrativni-postupci geodetski-imovinsko-pravni-poslovi-i-katastar sluzba-geodetskih-i-imovinsko-pravnih-poslova\">\r\n    <div class=\"item-holder\">\r\n                <div class=\"featured-image js-taphover\">\r\n            <img loading=\"lazy\" decoding=\"async\" alt=\"06.18.   Reguliranje ranije dodijeljenog zemlji\u0161ta\" title=\"06.18.   Reguliranje ranije dodijeljenog zemlji\u0161ta\" src=\"https:\/\/eregistar.capljina.ba\/wp-content\/uploads\/bfi_thumb\/dummy-transparent-mtvazs4x65493jg37cimuev6o5yvclm1zauc1wmtvq.png\" data-mk-image-src-set='{\"default\":\"https:\\\/\\\/eregistar.capljina.ba\\\/wp-content\\\/uploads\\\/bfi_thumb\\\/banner-op-1n-nq7hc01lfqjktlm84xuqnf58hmjm9vdh12syqpf4cm.jpg\",\"2x\":\"\",\"mobile\":\"https:\\\/\\\/eregistar.capljina.ba\\\/wp-content\\\/uploads\\\/bfi_thumb\\\/banner-op-1n-3106csy62elcilrx5uiy5rert88s3prdwyaawihqo6zqf6la4.jpg\"}' width=\"770\" height=\"7\"  \/>\r\n            <div class=\"image-hover-overlay\"><\/div>\r\n            \r\n<a class=\"hover-icon from-left project-load\" target=\"_self\" href=\"https:\/\/eregistar.capljina.ba\/en\/registar\/06-18-reguliranje-ranije-dodijeljenog-zemljista\/\" data-post-id=\"7471\"><svg  class=\"mk-svg-icon\" data-name=\"mk-jupiter-icon-arrow-circle\" data-cacheid=\"icon-69f22fdd32907\" xmlns=\"http:\/\/www.w3.org\/2000\/svg\" viewbox=\"0 0 512 512\"><path d=\"M240 24c115.2 0 209.6 94.4 209.6 209.6s-94.4 209.6-209.6 209.6-209.6-94.4-209.6-209.6 94.4-209.6 209.6-209.6zm0-30.4c-132.8 0-240 107.2-240 240s107.2 240 240 240 240-107.2 240-240-107.2-240-240-240zm16 336c-4.8 0-8-1.6-11.2-4.8-6.4-6.4-6.4-16 0-22.4l68.8-68.8-68.8-68.8c-6.4-6.4-6.4-16 0-22.4s16-6.4 22.4 0l80 80c6.4 6.4 6.4 16 0 22.4l-80 80c-3.2 3.2-8 4.8-11.2 4.8zm80-80h-192c-9.6 0-16-6.4-16-16s6.4-16 16-16h192c9.6 0 16 6.4 16 16s-8 16-16 16z\"\/><\/svg><\/a>        <\/div>\r\n        <div class=\"portfolio-meta-wrapper\">\r\n            <h3 class=\"the-title\"><a target=\"_self\" href=\"https:\/\/eregistar.capljina.ba\/en\/registar\/06-18-reguliranje-ranije-dodijeljenog-zemljista\/\">06.18.   Reguliranje ranije dodijeljenog zemlji\u0161ta<\/a><\/h3><div class=\"clearboth\"><\/div>\t<div class=\"portfolio-categories\"><a href=\"https:\/\/eregistar.capljina.ba\/en\/kategorija\/administrativni-postupci\/\">Administrativni postupci<\/a>, <a href=\"https:\/\/eregistar.capljina.ba\/en\/kategorija\/geodetski-imovinsko-pravni-poslovi-i-katastar\/\">Geodetski, imovinsko-pravni poslovi i katastar<\/a>, <a href=\"https:\/\/eregistar.capljina.ba\/en\/kategorija\/sluzba-geodetskih-i-imovinsko-pravnih-poslova\/\">Slu\u017eba geodetskih i imovinsko pravnih poslova<\/a><\/div>\r\n<p class=\"the-excerpt\"><\/p>        <\/div>\r\n    <\/div>\r\n<\/article>\r\n\r\n\r\n\r\n\r\n\r\n\r\n<article id=\"7469\" class=\"mk-portfolio-item mk-portfolio-classic-item one-column administrativni-postupci geodetski-imovinsko-pravni-poslovi-i-katastar sluzba-geodetskih-i-imovinsko-pravnih-poslova\">\r\n    <div class=\"item-holder\">\r\n                <div class=\"featured-image js-taphover\">\r\n            <img loading=\"lazy\" decoding=\"async\" alt=\"06.19.   Dodjela gra\u0111evinskog zemlji\u0161ta dr\u017eavnog vlasni\u0161tva u svrhu reguliranja bespravno izgra\u0111enih objekata\" title=\"06.19.   Dodjela gra\u0111evinskog zemlji\u0161ta dr\u017eavnog vlasni\u0161tva u svrhu reguliranja bespravno izgra\u0111enih objekata\" src=\"https:\/\/eregistar.capljina.ba\/wp-content\/uploads\/bfi_thumb\/dummy-transparent-mtvazs4x65493jg37cimuev6o5yvclm1zauc1wmtvq.png\" data-mk-image-src-set='{\"default\":\"https:\\\/\\\/eregistar.capljina.ba\\\/wp-content\\\/uploads\\\/bfi_thumb\\\/banner-op-1n-nq7hc01lfqjktlm84xuqnf58hmjm9vdh12syqpf4cm.jpg\",\"2x\":\"\",\"mobile\":\"https:\\\/\\\/eregistar.capljina.ba\\\/wp-content\\\/uploads\\\/bfi_thumb\\\/banner-op-1n-3106csy62elcilrx5uiy5rert88s3prdwyaawihqo6zqf6la4.jpg\"}' width=\"770\" height=\"7\"  \/>\r\n            <div class=\"image-hover-overlay\"><\/div>\r\n            \r\n<a class=\"hover-icon from-left project-load\" target=\"_self\" href=\"https:\/\/eregistar.capljina.ba\/en\/registar\/06-19-dodjela-gradevinskog-zemljista-drzavnog-vlasnistva-u-svrhu-reguliranja-bespravno-izgradenih-objekata\/\" data-post-id=\"7469\"><svg  class=\"mk-svg-icon\" data-name=\"mk-jupiter-icon-arrow-circle\" data-cacheid=\"icon-69f22fdd33a0b\" xmlns=\"http:\/\/www.w3.org\/2000\/svg\" viewbox=\"0 0 512 512\"><path d=\"M240 24c115.2 0 209.6 94.4 209.6 209.6s-94.4 209.6-209.6 209.6-209.6-94.4-209.6-209.6 94.4-209.6 209.6-209.6zm0-30.4c-132.8 0-240 107.2-240 240s107.2 240 240 240 240-107.2 240-240-107.2-240-240-240zm16 336c-4.8 0-8-1.6-11.2-4.8-6.4-6.4-6.4-16 0-22.4l68.8-68.8-68.8-68.8c-6.4-6.4-6.4-16 0-22.4s16-6.4 22.4 0l80 80c6.4 6.4 6.4 16 0 22.4l-80 80c-3.2 3.2-8 4.8-11.2 4.8zm80-80h-192c-9.6 0-16-6.4-16-16s6.4-16 16-16h192c9.6 0 16 6.4 16 16s-8 16-16 16z\"\/><\/svg><\/a>        <\/div>\r\n        <div class=\"portfolio-meta-wrapper\">\r\n            <h3 class=\"the-title\"><a target=\"_self\" href=\"https:\/\/eregistar.capljina.ba\/en\/registar\/06-19-dodjela-gradevinskog-zemljista-drzavnog-vlasnistva-u-svrhu-reguliranja-bespravno-izgradenih-objekata\/\">06.19.   Dodjela gra\u0111evinskog zemlji\u0161ta dr\u017eavnog vlasni\u0161tva u svrhu reguliranja bespravno izgra\u0111enih objekata<\/a><\/h3><div class=\"clearboth\"><\/div>\t<div class=\"portfolio-categories\"><a href=\"https:\/\/eregistar.capljina.ba\/en\/kategorija\/administrativni-postupci\/\">Administrativni postupci<\/a>, <a href=\"https:\/\/eregistar.capljina.ba\/en\/kategorija\/geodetski-imovinsko-pravni-poslovi-i-katastar\/\">Geodetski, imovinsko-pravni poslovi i katastar<\/a>, <a href=\"https:\/\/eregistar.capljina.ba\/en\/kategorija\/sluzba-geodetskih-i-imovinsko-pravnih-poslova\/\">Slu\u017eba geodetskih i imovinsko pravnih poslova<\/a><\/div>\r\n<p class=\"the-excerpt\"><\/p>        <\/div>\r\n    <\/div>\r\n<\/article>\r\n\r\n\r\n\r\n\r\n\r\n\r\n<article id=\"7467\" class=\"mk-portfolio-item mk-portfolio-classic-item one-column administrativni-postupci geodetski-imovinsko-pravni-poslovi-i-katastar sluzba-geodetskih-i-imovinsko-pravnih-poslova\">\r\n    <div class=\"item-holder\">\r\n                <div class=\"featured-image js-taphover\">\r\n            <img loading=\"lazy\" decoding=\"async\" alt=\"06.20.   Dodjela gra\u0111evinskog zemlji\u0161ta\" title=\"06.20.   Dodjela gra\u0111evinskog zemlji\u0161ta\" src=\"https:\/\/eregistar.capljina.ba\/wp-content\/uploads\/bfi_thumb\/dummy-transparent-mtvazs4x65493jg37cimuev6o5yvclm1zauc1wmtvq.png\" data-mk-image-src-set='{\"default\":\"https:\\\/\\\/eregistar.capljina.ba\\\/wp-content\\\/uploads\\\/bfi_thumb\\\/banner-op-1n-nq7hc01lfqjktlm84xuqnf58hmjm9vdh12syqpf4cm.jpg\",\"2x\":\"\",\"mobile\":\"https:\\\/\\\/eregistar.capljina.ba\\\/wp-content\\\/uploads\\\/bfi_thumb\\\/banner-op-1n-3106csy62elcilrx5uiy5rert88s3prdwyaawihqo6zqf6la4.jpg\"}' width=\"770\" height=\"7\"  \/>\r\n            <div class=\"image-hover-overlay\"><\/div>\r\n            \r\n<a class=\"hover-icon from-left project-load\" target=\"_self\" href=\"https:\/\/eregistar.capljina.ba\/en\/registar\/06-20-dodjela-gradevinskog-zemljista\/\" data-post-id=\"7467\"><svg  class=\"mk-svg-icon\" data-name=\"mk-jupiter-icon-arrow-circle\" data-cacheid=\"icon-69f22fdd34989\" xmlns=\"http:\/\/www.w3.org\/2000\/svg\" viewbox=\"0 0 512 512\"><path d=\"M240 24c115.2 0 209.6 94.4 209.6 209.6s-94.4 209.6-209.6 209.6-209.6-94.4-209.6-209.6 94.4-209.6 209.6-209.6zm0-30.4c-132.8 0-240 107.2-240 240s107.2 240 240 240 240-107.2 240-240-107.2-240-240-240zm16 336c-4.8 0-8-1.6-11.2-4.8-6.4-6.4-6.4-16 0-22.4l68.8-68.8-68.8-68.8c-6.4-6.4-6.4-16 0-22.4s16-6.4 22.4 0l80 80c6.4 6.4 6.4 16 0 22.4l-80 80c-3.2 3.2-8 4.8-11.2 4.8zm80-80h-192c-9.6 0-16-6.4-16-16s6.4-16 16-16h192c9.6 0 16 6.4 16 16s-8 16-16 16z\"\/><\/svg><\/a>        <\/div>\r\n        <div class=\"portfolio-meta-wrapper\">\r\n            <h3 class=\"the-title\"><a target=\"_self\" href=\"https:\/\/eregistar.capljina.ba\/en\/registar\/06-20-dodjela-gradevinskog-zemljista\/\">06.20.   Dodjela gra\u0111evinskog zemlji\u0161ta<\/a><\/h3><div class=\"clearboth\"><\/div>\t<div class=\"portfolio-categories\"><a href=\"https:\/\/eregistar.capljina.ba\/en\/kategorija\/administrativni-postupci\/\">Administrativni postupci<\/a>, <a href=\"https:\/\/eregistar.capljina.ba\/en\/kategorija\/geodetski-imovinsko-pravni-poslovi-i-katastar\/\">Geodetski, imovinsko-pravni poslovi i katastar<\/a>, <a href=\"https:\/\/eregistar.capljina.ba\/en\/kategorija\/sluzba-geodetskih-i-imovinsko-pravnih-poslova\/\">Slu\u017eba geodetskih i imovinsko pravnih poslova<\/a><\/div>\r\n<p class=\"the-excerpt\"><\/p>        <\/div>\r\n    <\/div>\r\n<\/article>\r\n\r\n\r\n\r\n\r\n\r\n\r\n<article id=\"7465\" class=\"mk-portfolio-item mk-portfolio-classic-item one-column administrativni-postupci geodetski-imovinsko-pravni-poslovi-i-katastar sluzba-geodetskih-i-imovinsko-pravnih-poslova\">\r\n    <div class=\"item-holder\">\r\n                <div class=\"featured-image js-taphover\">\r\n            <img loading=\"lazy\" decoding=\"async\" alt=\"06.21.   Utvr\u0111ivanje zemlji\u0161ta potrebnog za redovitu upotrebu objekta\" title=\"06.21.   Utvr\u0111ivanje zemlji\u0161ta potrebnog za redovitu upotrebu objekta\" src=\"https:\/\/eregistar.capljina.ba\/wp-content\/uploads\/bfi_thumb\/dummy-transparent-mtvazs4x65493jg37cimuev6o5yvclm1zauc1wmtvq.png\" data-mk-image-src-set='{\"default\":\"https:\\\/\\\/eregistar.capljina.ba\\\/wp-content\\\/uploads\\\/bfi_thumb\\\/banner-op-1n-nq7hc01lfqjktlm84xuqnf58hmjm9vdh12syqpf4cm.jpg\",\"2x\":\"\",\"mobile\":\"https:\\\/\\\/eregistar.capljina.ba\\\/wp-content\\\/uploads\\\/bfi_thumb\\\/banner-op-1n-3106csy62elcilrx5uiy5rert88s3prdwyaawihqo6zqf6la4.jpg\"}' width=\"770\" height=\"7\"  \/>\r\n            <div class=\"image-hover-overlay\"><\/div>\r\n            \r\n<a class=\"hover-icon from-left project-load\" target=\"_self\" href=\"https:\/\/eregistar.capljina.ba\/en\/registar\/06-21-utvrdivanje-zemljista-potrebnog-za-redovitu-upotrebu-objekta\/\" data-post-id=\"7465\"><svg  class=\"mk-svg-icon\" data-name=\"mk-jupiter-icon-arrow-circle\" data-cacheid=\"icon-69f22fdd358da\" xmlns=\"http:\/\/www.w3.org\/2000\/svg\" viewbox=\"0 0 512 512\"><path d=\"M240 24c115.2 0 209.6 94.4 209.6 209.6s-94.4 209.6-209.6 209.6-209.6-94.4-209.6-209.6 94.4-209.6 209.6-209.6zm0-30.4c-132.8 0-240 107.2-240 240s107.2 240 240 240 240-107.2 240-240-107.2-240-240-240zm16 336c-4.8 0-8-1.6-11.2-4.8-6.4-6.4-6.4-16 0-22.4l68.8-68.8-68.8-68.8c-6.4-6.4-6.4-16 0-22.4s16-6.4 22.4 0l80 80c6.4 6.4 6.4 16 0 22.4l-80 80c-3.2 3.2-8 4.8-11.2 4.8zm80-80h-192c-9.6 0-16-6.4-16-16s6.4-16 16-16h192c9.6 0 16 6.4 16 16s-8 16-16 16z\"\/><\/svg><\/a>        <\/div>\r\n        <div class=\"portfolio-meta-wrapper\">\r\n            <h3 class=\"the-title\"><a target=\"_self\" href=\"https:\/\/eregistar.capljina.ba\/en\/registar\/06-21-utvrdivanje-zemljista-potrebnog-za-redovitu-upotrebu-objekta\/\">06.21.   Utvr\u0111ivanje zemlji\u0161ta potrebnog za redovitu upotrebu objekta<\/a><\/h3><div class=\"clearboth\"><\/div>\t<div class=\"portfolio-categories\"><a href=\"https:\/\/eregistar.capljina.ba\/en\/kategorija\/administrativni-postupci\/\">Administrativni postupci<\/a>, <a href=\"https:\/\/eregistar.capljina.ba\/en\/kategorija\/geodetski-imovinsko-pravni-poslovi-i-katastar\/\">Geodetski, imovinsko-pravni poslovi i katastar<\/a>, <a href=\"https:\/\/eregistar.capljina.ba\/en\/kategorija\/sluzba-geodetskih-i-imovinsko-pravnih-poslova\/\">Slu\u017eba geodetskih i imovinsko pravnih poslova<\/a><\/div>\r\n<p class=\"the-excerpt\"><\/p>        <\/div>\r\n    <\/div>\r\n<\/article>\r\n\r\n\r\n\r\n\r\n\r\n\r\n<article id=\"7463\" class=\"mk-portfolio-item mk-portfolio-classic-item one-column administrativni-postupci civilna-zastita sluzba-civilne-zastite\">\r\n    <div class=\"item-holder\">\r\n                <div class=\"featured-image js-taphover\">\r\n            <img loading=\"lazy\" decoding=\"async\" alt=\"07.01.   Usluge profesionalne vatrogasne postrojbe kroz servisiranje sustava PPZ\" title=\"07.01.   Usluge profesionalne vatrogasne postrojbe kroz servisiranje sustava PPZ\" src=\"https:\/\/eregistar.capljina.ba\/wp-content\/uploads\/bfi_thumb\/dummy-transparent-mtvazs4x65493jg37cimuev6o5yvclm1zauc1wmtvq.png\" data-mk-image-src-set='{\"default\":\"https:\\\/\\\/eregistar.capljina.ba\\\/wp-content\\\/uploads\\\/bfi_thumb\\\/banner-op-1n-nq7hc01lfqjktlm84xuqnf58hmjm9vdh12syqpf4cm.jpg\",\"2x\":\"\",\"mobile\":\"https:\\\/\\\/eregistar.capljina.ba\\\/wp-content\\\/uploads\\\/bfi_thumb\\\/banner-op-1n-3106csy62elcilrx5uiy5rert88s3prdwyaawihqo6zqf6la4.jpg\"}' width=\"770\" height=\"7\"  \/>\r\n            <div class=\"image-hover-overlay\"><\/div>\r\n            \r\n<a class=\"hover-icon from-left project-load\" target=\"_self\" href=\"https:\/\/eregistar.capljina.ba\/en\/registar\/07-01-usluge-profesionalne-vatrogasne-postrojbe-kroz-servisiranje-sustava-ppz\/\" data-post-id=\"7463\"><svg  class=\"mk-svg-icon\" data-name=\"mk-jupiter-icon-arrow-circle\" data-cacheid=\"icon-69f22fdd36939\" xmlns=\"http:\/\/www.w3.org\/2000\/svg\" viewbox=\"0 0 512 512\"><path d=\"M240 24c115.2 0 209.6 94.4 209.6 209.6s-94.4 209.6-209.6 209.6-209.6-94.4-209.6-209.6 94.4-209.6 209.6-209.6zm0-30.4c-132.8 0-240 107.2-240 240s107.2 240 240 240 240-107.2 240-240-107.2-240-240-240zm16 336c-4.8 0-8-1.6-11.2-4.8-6.4-6.4-6.4-16 0-22.4l68.8-68.8-68.8-68.8c-6.4-6.4-6.4-16 0-22.4s16-6.4 22.4 0l80 80c6.4 6.4 6.4 16 0 22.4l-80 80c-3.2 3.2-8 4.8-11.2 4.8zm80-80h-192c-9.6 0-16-6.4-16-16s6.4-16 16-16h192c9.6 0 16 6.4 16 16s-8 16-16 16z\"\/><\/svg><\/a>        <\/div>\r\n        <div class=\"portfolio-meta-wrapper\">\r\n            <h3 class=\"the-title\"><a target=\"_self\" href=\"https:\/\/eregistar.capljina.ba\/en\/registar\/07-01-usluge-profesionalne-vatrogasne-postrojbe-kroz-servisiranje-sustava-ppz\/\">07.01.   Usluge profesionalne vatrogasne postrojbe kroz servisiranje sustava PPZ<\/a><\/h3><div class=\"clearboth\"><\/div>\t<div class=\"portfolio-categories\"><a href=\"https:\/\/eregistar.capljina.ba\/en\/kategorija\/administrativni-postupci\/\">Administrativni postupci<\/a>, <a href=\"https:\/\/eregistar.capljina.ba\/en\/kategorija\/civilna-zastita\/\">Civilna za\u0161tita<\/a>, <a href=\"https:\/\/eregistar.capljina.ba\/en\/kategorija\/sluzba-civilne-zastite\/\">Slu\u017eba civilne za\u0161tite<\/a><\/div>\r\n<p class=\"the-excerpt\"><\/p>        <\/div>\r\n    <\/div>\r\n<\/article>\r\n\r\n\r\n\r\n\r\n\r\n\r\n<article id=\"7461\" class=\"mk-portfolio-item mk-portfolio-classic-item one-column administrativni-postupci poljoprivreda-i-zastita-okolisa sluzba-poljoprivrede-i-zastite-okolisa\">\r\n    <div class=\"item-holder\">\r\n                <div class=\"featured-image js-taphover\">\r\n            <img loading=\"lazy\" decoding=\"async\" alt=\"08.01.   Uvjerenje o obavljanju poljoprivredne proizvodnje\" title=\"08.01.   Uvjerenje o obavljanju poljoprivredne proizvodnje\" src=\"https:\/\/eregistar.capljina.ba\/wp-content\/uploads\/bfi_thumb\/dummy-transparent-mtvazs4x65493jg37cimuev6o5yvclm1zauc1wmtvq.png\" data-mk-image-src-set='{\"default\":\"https:\\\/\\\/eregistar.capljina.ba\\\/wp-content\\\/uploads\\\/bfi_thumb\\\/banner-op-1n-nq7hc01lfqjktlm84xuqnf58hmjm9vdh12syqpf4cm.jpg\",\"2x\":\"\",\"mobile\":\"https:\\\/\\\/eregistar.capljina.ba\\\/wp-content\\\/uploads\\\/bfi_thumb\\\/banner-op-1n-3106csy62elcilrx5uiy5rert88s3prdwyaawihqo6zqf6la4.jpg\"}' width=\"770\" height=\"7\"  \/>\r\n            <div class=\"image-hover-overlay\"><\/div>\r\n            \r\n<a class=\"hover-icon from-left project-load\" target=\"_self\" href=\"https:\/\/eregistar.capljina.ba\/en\/registar\/08-01-uvjerenje-o-obavljanju-poljoprivredne-proizvodnje\/\" data-post-id=\"7461\"><svg  class=\"mk-svg-icon\" data-name=\"mk-jupiter-icon-arrow-circle\" data-cacheid=\"icon-69f22fdd382bd\" xmlns=\"http:\/\/www.w3.org\/2000\/svg\" viewbox=\"0 0 512 512\"><path d=\"M240 24c115.2 0 209.6 94.4 209.6 209.6s-94.4 209.6-209.6 209.6-209.6-94.4-209.6-209.6 94.4-209.6 209.6-209.6zm0-30.4c-132.8 0-240 107.2-240 240s107.2 240 240 240 240-107.2 240-240-107.2-240-240-240zm16 336c-4.8 0-8-1.6-11.2-4.8-6.4-6.4-6.4-16 0-22.4l68.8-68.8-68.8-68.8c-6.4-6.4-6.4-16 0-22.4s16-6.4 22.4 0l80 80c6.4 6.4 6.4 16 0 22.4l-80 80c-3.2 3.2-8 4.8-11.2 4.8zm80-80h-192c-9.6 0-16-6.4-16-16s6.4-16 16-16h192c9.6 0 16 6.4 16 16s-8 16-16 16z\"\/><\/svg><\/a>        <\/div>\r\n        <div class=\"portfolio-meta-wrapper\">\r\n            <h3 class=\"the-title\"><a target=\"_self\" href=\"https:\/\/eregistar.capljina.ba\/en\/registar\/08-01-uvjerenje-o-obavljanju-poljoprivredne-proizvodnje\/\">08.01.   Uvjerenje o obavljanju poljoprivredne proizvodnje<\/a><\/h3><div class=\"clearboth\"><\/div>\t<div class=\"portfolio-categories\"><a href=\"https:\/\/eregistar.capljina.ba\/en\/kategorija\/administrativni-postupci\/\">Administrativni postupci<\/a>, <a href=\"https:\/\/eregistar.capljina.ba\/en\/kategorija\/poljoprivreda-i-zastita-okolisa\/\">Poljoprivreda i za\u0161tita okoli\u0161a<\/a>, <a href=\"https:\/\/eregistar.capljina.ba\/en\/kategorija\/sluzba-poljoprivrede-i-zastite-okolisa\/\">Slu\u017eba poljoprivrede i za\u0161tite okoli\u0161a<\/a><\/div>\r\n<p class=\"the-excerpt\"><\/p>        <\/div>\r\n    <\/div>\r\n<\/article>\r\n\r\n\r\n\r\n\r\n\r\n\r\n<article id=\"7459\" class=\"mk-portfolio-item mk-portfolio-classic-item one-column administrativni-postupci poljoprivreda-i-zastita-okolisa sluzba-poljoprivrede-i-zastite-okolisa\">\r\n    <div class=\"item-holder\">\r\n                <div class=\"featured-image js-taphover\">\r\n            <img loading=\"lazy\" decoding=\"async\" alt=\"08.02.   Upis u Registar obiteljskih gospodarstava (za fizi\u010dke osobe)\" title=\"08.02.   Upis u Registar obiteljskih gospodarstava (za fizi\u010dke osobe)\" src=\"https:\/\/eregistar.capljina.ba\/wp-content\/uploads\/bfi_thumb\/dummy-transparent-mtvazs4x65493jg37cimuev6o5yvclm1zauc1wmtvq.png\" data-mk-image-src-set='{\"default\":\"https:\\\/\\\/eregistar.capljina.ba\\\/wp-content\\\/uploads\\\/bfi_thumb\\\/banner-op-1n-nq7hc01lfqjktlm84xuqnf58hmjm9vdh12syqpf4cm.jpg\",\"2x\":\"\",\"mobile\":\"https:\\\/\\\/eregistar.capljina.ba\\\/wp-content\\\/uploads\\\/bfi_thumb\\\/banner-op-1n-3106csy62elcilrx5uiy5rert88s3prdwyaawihqo6zqf6la4.jpg\"}' width=\"770\" height=\"7\"  \/>\r\n            <div class=\"image-hover-overlay\"><\/div>\r\n            \r\n<a class=\"hover-icon from-left project-load\" target=\"_self\" href=\"https:\/\/eregistar.capljina.ba\/en\/registar\/08-02-upis-u-registar-obiteljskih-gospodarstava-za-fizicke-osobe\/\" data-post-id=\"7459\"><svg  class=\"mk-svg-icon\" data-name=\"mk-jupiter-icon-arrow-circle\" data-cacheid=\"icon-69f22fdd39a55\" xmlns=\"http:\/\/www.w3.org\/2000\/svg\" viewbox=\"0 0 512 512\"><path d=\"M240 24c115.2 0 209.6 94.4 209.6 209.6s-94.4 209.6-209.6 209.6-209.6-94.4-209.6-209.6 94.4-209.6 209.6-209.6zm0-30.4c-132.8 0-240 107.2-240 240s107.2 240 240 240 240-107.2 240-240-107.2-240-240-240zm16 336c-4.8 0-8-1.6-11.2-4.8-6.4-6.4-6.4-16 0-22.4l68.8-68.8-68.8-68.8c-6.4-6.4-6.4-16 0-22.4s16-6.4 22.4 0l80 80c6.4 6.4 6.4 16 0 22.4l-80 80c-3.2 3.2-8 4.8-11.2 4.8zm80-80h-192c-9.6 0-16-6.4-16-16s6.4-16 16-16h192c9.6 0 16 6.4 16 16s-8 16-16 16z\"\/><\/svg><\/a>        <\/div>\r\n        <div class=\"portfolio-meta-wrapper\">\r\n            <h3 class=\"the-title\"><a target=\"_self\" href=\"https:\/\/eregistar.capljina.ba\/en\/registar\/08-02-upis-u-registar-obiteljskih-gospodarstava-za-fizicke-osobe\/\">08.02.   Upis u Registar obiteljskih gospodarstava (za fizi\u010dke osobe)<\/a><\/h3><div class=\"clearboth\"><\/div>\t<div class=\"portfolio-categories\"><a href=\"https:\/\/eregistar.capljina.ba\/en\/kategorija\/administrativni-postupci\/\">Administrativni postupci<\/a>, <a href=\"https:\/\/eregistar.capljina.ba\/en\/kategorija\/poljoprivreda-i-zastita-okolisa\/\">Poljoprivreda i za\u0161tita okoli\u0161a<\/a>, <a href=\"https:\/\/eregistar.capljina.ba\/en\/kategorija\/sluzba-poljoprivrede-i-zastite-okolisa\/\">Slu\u017eba poljoprivrede i za\u0161tite okoli\u0161a<\/a><\/div>\r\n<p class=\"the-excerpt\"><\/p>        <\/div>\r\n    <\/div>\r\n<\/article>\r\n\r\n\r\n\r\n\r\n\r\n\r\n<article id=\"7457\" class=\"mk-portfolio-item mk-portfolio-classic-item one-column administrativni-postupci poljoprivreda-i-zastita-okolisa sluzba-poljoprivrede-i-zastite-okolisa\">\r\n    <div class=\"item-holder\">\r\n                <div class=\"featured-image js-taphover\">\r\n            <img loading=\"lazy\" decoding=\"async\" alt=\"08.03.   Upis u Registar poljoprivrednih gospodarstava (za pravne osobe)\" title=\"08.03.   Upis u Registar poljoprivrednih gospodarstava (za pravne osobe)\" src=\"https:\/\/eregistar.capljina.ba\/wp-content\/uploads\/bfi_thumb\/dummy-transparent-mtvazs4x65493jg37cimuev6o5yvclm1zauc1wmtvq.png\" data-mk-image-src-set='{\"default\":\"https:\\\/\\\/eregistar.capljina.ba\\\/wp-content\\\/uploads\\\/bfi_thumb\\\/banner-op-1n-nq7hc01lfqjktlm84xuqnf58hmjm9vdh12syqpf4cm.jpg\",\"2x\":\"\",\"mobile\":\"https:\\\/\\\/eregistar.capljina.ba\\\/wp-content\\\/uploads\\\/bfi_thumb\\\/banner-op-1n-3106csy62elcilrx5uiy5rert88s3prdwyaawihqo6zqf6la4.jpg\"}' width=\"770\" height=\"7\"  \/>\r\n            <div class=\"image-hover-overlay\"><\/div>\r\n            \r\n<a class=\"hover-icon from-left project-load\" target=\"_self\" href=\"https:\/\/eregistar.capljina.ba\/en\/registar\/08-03-upis-u-registar-poljoprivrednih-gospodarstava-za-pravne-osobe\/\" data-post-id=\"7457\"><svg  class=\"mk-svg-icon\" data-name=\"mk-jupiter-icon-arrow-circle\" data-cacheid=\"icon-69f22fdd3aa9d\" xmlns=\"http:\/\/www.w3.org\/2000\/svg\" viewbox=\"0 0 512 512\"><path d=\"M240 24c115.2 0 209.6 94.4 209.6 209.6s-94.4 209.6-209.6 209.6-209.6-94.4-209.6-209.6 94.4-209.6 209.6-209.6zm0-30.4c-132.8 0-240 107.2-240 240s107.2 240 240 240 240-107.2 240-240-107.2-240-240-240zm16 336c-4.8 0-8-1.6-11.2-4.8-6.4-6.4-6.4-16 0-22.4l68.8-68.8-68.8-68.8c-6.4-6.4-6.4-16 0-22.4s16-6.4 22.4 0l80 80c6.4 6.4 6.4 16 0 22.4l-80 80c-3.2 3.2-8 4.8-11.2 4.8zm80-80h-192c-9.6 0-16-6.4-16-16s6.4-16 16-16h192c9.6 0 16 6.4 16 16s-8 16-16 16z\"\/><\/svg><\/a>        <\/div>\r\n        <div class=\"portfolio-meta-wrapper\">\r\n            <h3 class=\"the-title\"><a target=\"_self\" href=\"https:\/\/eregistar.capljina.ba\/en\/registar\/08-03-upis-u-registar-poljoprivrednih-gospodarstava-za-pravne-osobe\/\">08.03.   Upis u Registar poljoprivrednih gospodarstava (za pravne osobe)<\/a><\/h3><div class=\"clearboth\"><\/div>\t<div class=\"portfolio-categories\"><a href=\"https:\/\/eregistar.capljina.ba\/en\/kategorija\/administrativni-postupci\/\">Administrativni postupci<\/a>, <a href=\"https:\/\/eregistar.capljina.ba\/en\/kategorija\/poljoprivreda-i-zastita-okolisa\/\">Poljoprivreda i za\u0161tita okoli\u0161a<\/a>, <a href=\"https:\/\/eregistar.capljina.ba\/en\/kategorija\/sluzba-poljoprivrede-i-zastite-okolisa\/\">Slu\u017eba poljoprivrede i za\u0161tite okoli\u0161a<\/a><\/div>\r\n<p class=\"the-excerpt\"><\/p>        <\/div>\r\n    <\/div>\r\n<\/article>\r\n\r\n\r\n\r\n\r\n\r\n\r\n<article id=\"7455\" class=\"mk-portfolio-item mk-portfolio-classic-item one-column administrativni-postupci poljoprivreda-i-zastita-okolisa sluzba-poljoprivrede-i-zastite-okolisa\">\r\n    <div class=\"item-holder\">\r\n                <div class=\"featured-image js-taphover\">\r\n            <img loading=\"lazy\" decoding=\"async\" alt=\"08.04.   Upis promjena u Registru obiteljskih gospodarstava (za fizi\u010dke osobe)\" title=\"08.04.   Upis promjena u Registru obiteljskih gospodarstava (za fizi\u010dke osobe)\" src=\"https:\/\/eregistar.capljina.ba\/wp-content\/uploads\/bfi_thumb\/dummy-transparent-mtvazs4x65493jg37cimuev6o5yvclm1zauc1wmtvq.png\" data-mk-image-src-set='{\"default\":\"https:\\\/\\\/eregistar.capljina.ba\\\/wp-content\\\/uploads\\\/bfi_thumb\\\/banner-op-1n-nq7hc01lfqjktlm84xuqnf58hmjm9vdh12syqpf4cm.jpg\",\"2x\":\"\",\"mobile\":\"https:\\\/\\\/eregistar.capljina.ba\\\/wp-content\\\/uploads\\\/bfi_thumb\\\/banner-op-1n-3106csy62elcilrx5uiy5rert88s3prdwyaawihqo6zqf6la4.jpg\"}' width=\"770\" height=\"7\"  \/>\r\n            <div class=\"image-hover-overlay\"><\/div>\r\n            \r\n<a class=\"hover-icon from-left project-load\" target=\"_self\" href=\"https:\/\/eregistar.capljina.ba\/en\/registar\/08-04-upis-promjena-u-registru-obiteljskih-gospodarstava-za-fizicke-osobe\/\" data-post-id=\"7455\"><svg  class=\"mk-svg-icon\" data-name=\"mk-jupiter-icon-arrow-circle\" data-cacheid=\"icon-69f22fdd3b9aa\" xmlns=\"http:\/\/www.w3.org\/2000\/svg\" viewbox=\"0 0 512 512\"><path d=\"M240 24c115.2 0 209.6 94.4 209.6 209.6s-94.4 209.6-209.6 209.6-209.6-94.4-209.6-209.6 94.4-209.6 209.6-209.6zm0-30.4c-132.8 0-240 107.2-240 240s107.2 240 240 240 240-107.2 240-240-107.2-240-240-240zm16 336c-4.8 0-8-1.6-11.2-4.8-6.4-6.4-6.4-16 0-22.4l68.8-68.8-68.8-68.8c-6.4-6.4-6.4-16 0-22.4s16-6.4 22.4 0l80 80c6.4 6.4 6.4 16 0 22.4l-80 80c-3.2 3.2-8 4.8-11.2 4.8zm80-80h-192c-9.6 0-16-6.4-16-16s6.4-16 16-16h192c9.6 0 16 6.4 16 16s-8 16-16 16z\"\/><\/svg><\/a>        <\/div>\r\n        <div class=\"portfolio-meta-wrapper\">\r\n            <h3 class=\"the-title\"><a target=\"_self\" href=\"https:\/\/eregistar.capljina.ba\/en\/registar\/08-04-upis-promjena-u-registru-obiteljskih-gospodarstava-za-fizicke-osobe\/\">08.04.   Upis promjena u Registru obiteljskih gospodarstava (za fizi\u010dke osobe)<\/a><\/h3><div class=\"clearboth\"><\/div>\t<div class=\"portfolio-categories\"><a href=\"https:\/\/eregistar.capljina.ba\/en\/kategorija\/administrativni-postupci\/\">Administrativni postupci<\/a>, <a href=\"https:\/\/eregistar.capljina.ba\/en\/kategorija\/poljoprivreda-i-zastita-okolisa\/\">Poljoprivreda i za\u0161tita okoli\u0161a<\/a>, <a href=\"https:\/\/eregistar.capljina.ba\/en\/kategorija\/sluzba-poljoprivrede-i-zastite-okolisa\/\">Slu\u017eba poljoprivrede i za\u0161tite okoli\u0161a<\/a><\/div>\r\n<p class=\"the-excerpt\"><\/p>        <\/div>\r\n    <\/div>\r\n<\/article>\r\n\r\n\r\n\r\n\r\n\r\n\r\n<article id=\"7453\" class=\"mk-portfolio-item mk-portfolio-classic-item one-column administrativni-postupci poljoprivreda-i-zastita-okolisa sluzba-poljoprivrede-i-zastite-okolisa\">\r\n    <div class=\"item-holder\">\r\n                <div class=\"featured-image js-taphover\">\r\n            <img loading=\"lazy\" decoding=\"async\" alt=\"08.05.   Upis promjena u Registru poljoprivrednih gospodarstava (za pravne osobe)\" title=\"08.05.   Upis promjena u Registru poljoprivrednih gospodarstava (za pravne osobe)\" src=\"https:\/\/eregistar.capljina.ba\/wp-content\/uploads\/bfi_thumb\/dummy-transparent-mtvazs4x65493jg37cimuev6o5yvclm1zauc1wmtvq.png\" data-mk-image-src-set='{\"default\":\"https:\\\/\\\/eregistar.capljina.ba\\\/wp-content\\\/uploads\\\/bfi_thumb\\\/banner-op-1n-nq7hc01lfqjktlm84xuqnf58hmjm9vdh12syqpf4cm.jpg\",\"2x\":\"\",\"mobile\":\"https:\\\/\\\/eregistar.capljina.ba\\\/wp-content\\\/uploads\\\/bfi_thumb\\\/banner-op-1n-3106csy62elcilrx5uiy5rert88s3prdwyaawihqo6zqf6la4.jpg\"}' width=\"770\" height=\"7\"  \/>\r\n            <div class=\"image-hover-overlay\"><\/div>\r\n            \r\n<a class=\"hover-icon from-left project-load\" target=\"_self\" href=\"https:\/\/eregistar.capljina.ba\/en\/registar\/08-05-upis-promjena-u-registru-poljoprivrednih-gospodarstava-za-pravne-osobe\/\" data-post-id=\"7453\"><svg  class=\"mk-svg-icon\" data-name=\"mk-jupiter-icon-arrow-circle\" data-cacheid=\"icon-69f22fdd3c943\" xmlns=\"http:\/\/www.w3.org\/2000\/svg\" viewbox=\"0 0 512 512\"><path d=\"M240 24c115.2 0 209.6 94.4 209.6 209.6s-94.4 209.6-209.6 209.6-209.6-94.4-209.6-209.6 94.4-209.6 209.6-209.6zm0-30.4c-132.8 0-240 107.2-240 240s107.2 240 240 240 240-107.2 240-240-107.2-240-240-240zm16 336c-4.8 0-8-1.6-11.2-4.8-6.4-6.4-6.4-16 0-22.4l68.8-68.8-68.8-68.8c-6.4-6.4-6.4-16 0-22.4s16-6.4 22.4 0l80 80c6.4 6.4 6.4 16 0 22.4l-80 80c-3.2 3.2-8 4.8-11.2 4.8zm80-80h-192c-9.6 0-16-6.4-16-16s6.4-16 16-16h192c9.6 0 16 6.4 16 16s-8 16-16 16z\"\/><\/svg><\/a>        <\/div>\r\n        <div class=\"portfolio-meta-wrapper\">\r\n            <h3 class=\"the-title\"><a target=\"_self\" href=\"https:\/\/eregistar.capljina.ba\/en\/registar\/08-05-upis-promjena-u-registru-poljoprivrednih-gospodarstava-za-pravne-osobe\/\">08.05.   Upis promjena u Registru poljoprivrednih gospodarstava (za pravne osobe)<\/a><\/h3><div class=\"clearboth\"><\/div>\t<div class=\"portfolio-categories\"><a href=\"https:\/\/eregistar.capljina.ba\/en\/kategorija\/administrativni-postupci\/\">Administrativni postupci<\/a>, <a href=\"https:\/\/eregistar.capljina.ba\/en\/kategorija\/poljoprivreda-i-zastita-okolisa\/\">Poljoprivreda i za\u0161tita okoli\u0161a<\/a>, <a href=\"https:\/\/eregistar.capljina.ba\/en\/kategorija\/sluzba-poljoprivrede-i-zastite-okolisa\/\">Slu\u017eba poljoprivrede i za\u0161tite okoli\u0161a<\/a><\/div>\r\n<p class=\"the-excerpt\"><\/p>        <\/div>\r\n    <\/div>\r\n<\/article>\r\n\r\n\r\n\r\n\r\n\r\n\r\n<article id=\"7451\" class=\"mk-portfolio-item mk-portfolio-classic-item one-column administrativni-postupci poljoprivreda-i-zastita-okolisa sluzba-poljoprivrede-i-zastite-okolisa\">\r\n    <div class=\"item-holder\">\r\n                <div class=\"featured-image js-taphover\">\r\n            <img loading=\"lazy\" decoding=\"async\" alt=\"08.06.   Upis u vinogradarski i vinarski registar (za fizi\u010dke osobe)\" title=\"08.06.   Upis u vinogradarski i vinarski registar (za fizi\u010dke osobe)\" src=\"https:\/\/eregistar.capljina.ba\/wp-content\/uploads\/bfi_thumb\/dummy-transparent-mtvazs4x65493jg37cimuev6o5yvclm1zauc1wmtvq.png\" data-mk-image-src-set='{\"default\":\"https:\\\/\\\/eregistar.capljina.ba\\\/wp-content\\\/uploads\\\/bfi_thumb\\\/banner-op-1n-nq7hc01lfqjktlm84xuqnf58hmjm9vdh12syqpf4cm.jpg\",\"2x\":\"\",\"mobile\":\"https:\\\/\\\/eregistar.capljina.ba\\\/wp-content\\\/uploads\\\/bfi_thumb\\\/banner-op-1n-3106csy62elcilrx5uiy5rert88s3prdwyaawihqo6zqf6la4.jpg\"}' width=\"770\" height=\"7\"  \/>\r\n            <div class=\"image-hover-overlay\"><\/div>\r\n            \r\n<a class=\"hover-icon from-left project-load\" target=\"_self\" href=\"https:\/\/eregistar.capljina.ba\/en\/registar\/08-06-upis-u-vinogradarski-i-vinarski-registar-za-fizicke-osobe\/\" data-post-id=\"7451\"><svg  class=\"mk-svg-icon\" data-name=\"mk-jupiter-icon-arrow-circle\" data-cacheid=\"icon-69f22fdd3d98b\" xmlns=\"http:\/\/www.w3.org\/2000\/svg\" viewbox=\"0 0 512 512\"><path d=\"M240 24c115.2 0 209.6 94.4 209.6 209.6s-94.4 209.6-209.6 209.6-209.6-94.4-209.6-209.6 94.4-209.6 209.6-209.6zm0-30.4c-132.8 0-240 107.2-240 240s107.2 240 240 240 240-107.2 240-240-107.2-240-240-240zm16 336c-4.8 0-8-1.6-11.2-4.8-6.4-6.4-6.4-16 0-22.4l68.8-68.8-68.8-68.8c-6.4-6.4-6.4-16 0-22.4s16-6.4 22.4 0l80 80c6.4 6.4 6.4 16 0 22.4l-80 80c-3.2 3.2-8 4.8-11.2 4.8zm80-80h-192c-9.6 0-16-6.4-16-16s6.4-16 16-16h192c9.6 0 16 6.4 16 16s-8 16-16 16z\"\/><\/svg><\/a>        <\/div>\r\n        <div class=\"portfolio-meta-wrapper\">\r\n            <h3 class=\"the-title\"><a target=\"_self\" href=\"https:\/\/eregistar.capljina.ba\/en\/registar\/08-06-upis-u-vinogradarski-i-vinarski-registar-za-fizicke-osobe\/\">08.06.   Upis u vinogradarski i vinarski registar (za fizi\u010dke osobe)<\/a><\/h3><div class=\"clearboth\"><\/div>\t<div class=\"portfolio-categories\"><a href=\"https:\/\/eregistar.capljina.ba\/en\/kategorija\/administrativni-postupci\/\">Administrativni postupci<\/a>, <a href=\"https:\/\/eregistar.capljina.ba\/en\/kategorija\/poljoprivreda-i-zastita-okolisa\/\">Poljoprivreda i za\u0161tita okoli\u0161a<\/a>, <a href=\"https:\/\/eregistar.capljina.ba\/en\/kategorija\/sluzba-poljoprivrede-i-zastite-okolisa\/\">Slu\u017eba poljoprivrede i za\u0161tite okoli\u0161a<\/a><\/div>\r\n<p class=\"the-excerpt\"><\/p>        <\/div>\r\n    <\/div>\r\n<\/article>\r\n\r\n\r\n\r\n\r\n\r\n\r\n<article id=\"7449\" class=\"mk-portfolio-item mk-portfolio-classic-item one-column administrativni-postupci poljoprivreda-i-zastita-okolisa sluzba-poljoprivrede-i-zastite-okolisa\">\r\n    <div class=\"item-holder\">\r\n                <div class=\"featured-image js-taphover\">\r\n            <img loading=\"lazy\" decoding=\"async\" alt=\"08.07.   Upis u vinogradarski i vinarski registar (za pravne osobe)\" title=\"08.07.   Upis u vinogradarski i vinarski registar (za pravne osobe)\" src=\"https:\/\/eregistar.capljina.ba\/wp-content\/uploads\/bfi_thumb\/dummy-transparent-mtvazs4x65493jg37cimuev6o5yvclm1zauc1wmtvq.png\" data-mk-image-src-set='{\"default\":\"https:\\\/\\\/eregistar.capljina.ba\\\/wp-content\\\/uploads\\\/bfi_thumb\\\/banner-op-1n-nq7hc01lfqjktlm84xuqnf58hmjm9vdh12syqpf4cm.jpg\",\"2x\":\"\",\"mobile\":\"https:\\\/\\\/eregistar.capljina.ba\\\/wp-content\\\/uploads\\\/bfi_thumb\\\/banner-op-1n-3106csy62elcilrx5uiy5rert88s3prdwyaawihqo6zqf6la4.jpg\"}' width=\"770\" height=\"7\"  \/>\r\n            <div class=\"image-hover-overlay\"><\/div>\r\n            \r\n<a class=\"hover-icon from-left project-load\" target=\"_self\" href=\"https:\/\/eregistar.capljina.ba\/en\/registar\/08-07-upis-u-vinogradarski-i-vinarski-registar-za-pravne-osobe\/\" data-post-id=\"7449\"><svg  class=\"mk-svg-icon\" data-name=\"mk-jupiter-icon-arrow-circle\" data-cacheid=\"icon-69f22fdd3e777\" xmlns=\"http:\/\/www.w3.org\/2000\/svg\" viewbox=\"0 0 512 512\"><path d=\"M240 24c115.2 0 209.6 94.4 209.6 209.6s-94.4 209.6-209.6 209.6-209.6-94.4-209.6-209.6 94.4-209.6 209.6-209.6zm0-30.4c-132.8 0-240 107.2-240 240s107.2 240 240 240 240-107.2 240-240-107.2-240-240-240zm16 336c-4.8 0-8-1.6-11.2-4.8-6.4-6.4-6.4-16 0-22.4l68.8-68.8-68.8-68.8c-6.4-6.4-6.4-16 0-22.4s16-6.4 22.4 0l80 80c6.4 6.4 6.4 16 0 22.4l-80 80c-3.2 3.2-8 4.8-11.2 4.8zm80-80h-192c-9.6 0-16-6.4-16-16s6.4-16 16-16h192c9.6 0 16 6.4 16 16s-8 16-16 16z\"\/><\/svg><\/a>        <\/div>\r\n        <div class=\"portfolio-meta-wrapper\">\r\n            <h3 class=\"the-title\"><a target=\"_self\" href=\"https:\/\/eregistar.capljina.ba\/en\/registar\/08-07-upis-u-vinogradarski-i-vinarski-registar-za-pravne-osobe\/\">08.07.   Upis u vinogradarski i vinarski registar (za pravne osobe)<\/a><\/h3><div class=\"clearboth\"><\/div>\t<div class=\"portfolio-categories\"><a href=\"https:\/\/eregistar.capljina.ba\/en\/kategorija\/administrativni-postupci\/\">Administrativni postupci<\/a>, <a href=\"https:\/\/eregistar.capljina.ba\/en\/kategorija\/poljoprivreda-i-zastita-okolisa\/\">Poljoprivreda i za\u0161tita okoli\u0161a<\/a>, <a href=\"https:\/\/eregistar.capljina.ba\/en\/kategorija\/sluzba-poljoprivrede-i-zastite-okolisa\/\">Slu\u017eba poljoprivrede i za\u0161tite okoli\u0161a<\/a><\/div>\r\n<p class=\"the-excerpt\"><\/p>        <\/div>\r\n    <\/div>\r\n<\/article>\r\n\r\n\r\n\r\n\r\n\r\n\r\n<article id=\"7447\" class=\"mk-portfolio-item mk-portfolio-classic-item one-column administrativni-postupci poljoprivreda-i-zastita-okolisa sluzba-poljoprivrede-i-zastite-okolisa\">\r\n    <div class=\"item-holder\">\r\n                <div class=\"featured-image js-taphover\">\r\n            <img loading=\"lazy\" decoding=\"async\" alt=\"08.08.   Utvr\u0111ivanje minimalnih tehni\u010dko-tehnolo\u0161kih i kadrovskih uvjeta za proizvodnju vina i drugih proizvoda od gro\u017e\u0111a i vina\" title=\"08.08.   Utvr\u0111ivanje minimalnih tehni\u010dko-tehnolo\u0161kih i kadrovskih uvjeta za proizvodnju vina i drugih proizvoda od gro\u017e\u0111a i vina\" src=\"https:\/\/eregistar.capljina.ba\/wp-content\/uploads\/bfi_thumb\/dummy-transparent-mtvazs4x65493jg37cimuev6o5yvclm1zauc1wmtvq.png\" data-mk-image-src-set='{\"default\":\"https:\\\/\\\/eregistar.capljina.ba\\\/wp-content\\\/uploads\\\/bfi_thumb\\\/banner-op-1n-nq7hc01lfqjktlm84xuqnf58hmjm9vdh12syqpf4cm.jpg\",\"2x\":\"\",\"mobile\":\"https:\\\/\\\/eregistar.capljina.ba\\\/wp-content\\\/uploads\\\/bfi_thumb\\\/banner-op-1n-3106csy62elcilrx5uiy5rert88s3prdwyaawihqo6zqf6la4.jpg\"}' width=\"770\" height=\"7\"  \/>\r\n            <div class=\"image-hover-overlay\"><\/div>\r\n            \r\n<a class=\"hover-icon from-left project-load\" target=\"_self\" href=\"https:\/\/eregistar.capljina.ba\/en\/registar\/08-08-utvrdivanje-minimalnih-tehnicko-tehnoloskih-i-kadrovskih-uvjeta-za-proizvodnju-vina-i-drugih-proizvoda-od-grozda-i-vina\/\" data-post-id=\"7447\"><svg  class=\"mk-svg-icon\" data-name=\"mk-jupiter-icon-arrow-circle\" data-cacheid=\"icon-69f22fdd3fb67\" xmlns=\"http:\/\/www.w3.org\/2000\/svg\" viewbox=\"0 0 512 512\"><path d=\"M240 24c115.2 0 209.6 94.4 209.6 209.6s-94.4 209.6-209.6 209.6-209.6-94.4-209.6-209.6 94.4-209.6 209.6-209.6zm0-30.4c-132.8 0-240 107.2-240 240s107.2 240 240 240 240-107.2 240-240-107.2-240-240-240zm16 336c-4.8 0-8-1.6-11.2-4.8-6.4-6.4-6.4-16 0-22.4l68.8-68.8-68.8-68.8c-6.4-6.4-6.4-16 0-22.4s16-6.4 22.4 0l80 80c6.4 6.4 6.4 16 0 22.4l-80 80c-3.2 3.2-8 4.8-11.2 4.8zm80-80h-192c-9.6 0-16-6.4-16-16s6.4-16 16-16h192c9.6 0 16 6.4 16 16s-8 16-16 16z\"\/><\/svg><\/a>        <\/div>\r\n        <div class=\"portfolio-meta-wrapper\">\r\n            <h3 class=\"the-title\"><a target=\"_self\" href=\"https:\/\/eregistar.capljina.ba\/en\/registar\/08-08-utvrdivanje-minimalnih-tehnicko-tehnoloskih-i-kadrovskih-uvjeta-za-proizvodnju-vina-i-drugih-proizvoda-od-grozda-i-vina\/\">08.08.   Utvr\u0111ivanje minimalnih tehni\u010dko-tehnolo\u0161kih i kadrovskih uvjeta za proizvodnju vina i drugih proizvoda od gro\u017e\u0111a i vina<\/a><\/h3><div class=\"clearboth\"><\/div>\t<div class=\"portfolio-categories\"><a href=\"https:\/\/eregistar.capljina.ba\/en\/kategorija\/administrativni-postupci\/\">Administrativni postupci<\/a>, <a href=\"https:\/\/eregistar.capljina.ba\/en\/kategorija\/poljoprivreda-i-zastita-okolisa\/\">Poljoprivreda i za\u0161tita okoli\u0161a<\/a>, <a href=\"https:\/\/eregistar.capljina.ba\/en\/kategorija\/sluzba-poljoprivrede-i-zastite-okolisa\/\">Slu\u017eba poljoprivrede i za\u0161tite okoli\u0161a<\/a><\/div>\r\n<p class=\"the-excerpt\"><\/p>        <\/div>\r\n    <\/div>\r\n<\/article>\r\n\r\n\r\n\r\n\r\n\r\n\r\n<article id=\"7445\" class=\"mk-portfolio-item mk-portfolio-classic-item one-column administrativni-postupci poljoprivreda-i-zastita-okolisa sluzba-poljoprivrede-i-zastite-okolisa\">\r\n    <div class=\"item-holder\">\r\n                <div class=\"featured-image js-taphover\">\r\n            <img loading=\"lazy\" decoding=\"async\" alt=\"08.09.   Dodjela koncesije putem javnog natje\u010daja\" title=\"08.09.   Dodjela koncesije putem javnog natje\u010daja\" src=\"https:\/\/eregistar.capljina.ba\/wp-content\/uploads\/bfi_thumb\/dummy-transparent-mtvazs4x65493jg37cimuev6o5yvclm1zauc1wmtvq.png\" data-mk-image-src-set='{\"default\":\"https:\\\/\\\/eregistar.capljina.ba\\\/wp-content\\\/uploads\\\/bfi_thumb\\\/banner-op-1n-nq7hc01lfqjktlm84xuqnf58hmjm9vdh12syqpf4cm.jpg\",\"2x\":\"\",\"mobile\":\"https:\\\/\\\/eregistar.capljina.ba\\\/wp-content\\\/uploads\\\/bfi_thumb\\\/banner-op-1n-3106csy62elcilrx5uiy5rert88s3prdwyaawihqo6zqf6la4.jpg\"}' width=\"770\" height=\"7\"  \/>\r\n            <div class=\"image-hover-overlay\"><\/div>\r\n            \r\n<a class=\"hover-icon from-left project-load\" target=\"_self\" href=\"https:\/\/eregistar.capljina.ba\/en\/registar\/08-09-dodjela-koncesije-putem-javnog-natjecaja\/\" data-post-id=\"7445\"><svg  class=\"mk-svg-icon\" data-name=\"mk-jupiter-icon-arrow-circle\" data-cacheid=\"icon-69f22fdd40b36\" xmlns=\"http:\/\/www.w3.org\/2000\/svg\" viewbox=\"0 0 512 512\"><path d=\"M240 24c115.2 0 209.6 94.4 209.6 209.6s-94.4 209.6-209.6 209.6-209.6-94.4-209.6-209.6 94.4-209.6 209.6-209.6zm0-30.4c-132.8 0-240 107.2-240 240s107.2 240 240 240 240-107.2 240-240-107.2-240-240-240zm16 336c-4.8 0-8-1.6-11.2-4.8-6.4-6.4-6.4-16 0-22.4l68.8-68.8-68.8-68.8c-6.4-6.4-6.4-16 0-22.4s16-6.4 22.4 0l80 80c6.4 6.4 6.4 16 0 22.4l-80 80c-3.2 3.2-8 4.8-11.2 4.8zm80-80h-192c-9.6 0-16-6.4-16-16s6.4-16 16-16h192c9.6 0 16 6.4 16 16s-8 16-16 16z\"\/><\/svg><\/a>        <\/div>\r\n        <div class=\"portfolio-meta-wrapper\">\r\n            <h3 class=\"the-title\"><a target=\"_self\" href=\"https:\/\/eregistar.capljina.ba\/en\/registar\/08-09-dodjela-koncesije-putem-javnog-natjecaja\/\">08.09.   Dodjela koncesije putem javnog natje\u010daja<\/a><\/h3><div class=\"clearboth\"><\/div>\t<div class=\"portfolio-categories\"><a href=\"https:\/\/eregistar.capljina.ba\/en\/kategorija\/administrativni-postupci\/\">Administrativni postupci<\/a>, <a href=\"https:\/\/eregistar.capljina.ba\/en\/kategorija\/poljoprivreda-i-zastita-okolisa\/\">Poljoprivreda i za\u0161tita okoli\u0161a<\/a>, <a href=\"https:\/\/eregistar.capljina.ba\/en\/kategorija\/sluzba-poljoprivrede-i-zastite-okolisa\/\">Slu\u017eba poljoprivrede i za\u0161tite okoli\u0161a<\/a><\/div>\r\n<p class=\"the-excerpt\"><\/p>        <\/div>\r\n    <\/div>\r\n<\/article>\r\n\r\n\r\n\r\n\r\n\r\n\r\n<article id=\"7443\" class=\"mk-portfolio-item mk-portfolio-classic-item one-column administrativni-postupci poljoprivreda-i-zastita-okolisa sluzba-poljoprivrede-i-zastite-okolisa\">\r\n    <div class=\"item-holder\">\r\n                <div class=\"featured-image js-taphover\">\r\n            <img loading=\"lazy\" decoding=\"async\" alt=\"08.10.   Zakup poljoprivrednog zemlji\u0161ta\" title=\"08.10.   Zakup poljoprivrednog zemlji\u0161ta\" src=\"https:\/\/eregistar.capljina.ba\/wp-content\/uploads\/bfi_thumb\/dummy-transparent-mtvazs4x65493jg37cimuev6o5yvclm1zauc1wmtvq.png\" data-mk-image-src-set='{\"default\":\"https:\\\/\\\/eregistar.capljina.ba\\\/wp-content\\\/uploads\\\/bfi_thumb\\\/banner-op-1n-nq7hc01lfqjktlm84xuqnf58hmjm9vdh12syqpf4cm.jpg\",\"2x\":\"\",\"mobile\":\"https:\\\/\\\/eregistar.capljina.ba\\\/wp-content\\\/uploads\\\/bfi_thumb\\\/banner-op-1n-3106csy62elcilrx5uiy5rert88s3prdwyaawihqo6zqf6la4.jpg\"}' width=\"770\" height=\"7\"  \/>\r\n            <div class=\"image-hover-overlay\"><\/div>\r\n            \r\n<a class=\"hover-icon from-left project-load\" target=\"_self\" href=\"https:\/\/eregistar.capljina.ba\/en\/registar\/08-10-zakup-poljoprivrednog-zemljista\/\" data-post-id=\"7443\"><svg  class=\"mk-svg-icon\" data-name=\"mk-jupiter-icon-arrow-circle\" data-cacheid=\"icon-69f22fdd41c2b\" xmlns=\"http:\/\/www.w3.org\/2000\/svg\" viewbox=\"0 0 512 512\"><path d=\"M240 24c115.2 0 209.6 94.4 209.6 209.6s-94.4 209.6-209.6 209.6-209.6-94.4-209.6-209.6 94.4-209.6 209.6-209.6zm0-30.4c-132.8 0-240 107.2-240 240s107.2 240 240 240 240-107.2 240-240-107.2-240-240-240zm16 336c-4.8 0-8-1.6-11.2-4.8-6.4-6.4-6.4-16 0-22.4l68.8-68.8-68.8-68.8c-6.4-6.4-6.4-16 0-22.4s16-6.4 22.4 0l80 80c6.4 6.4 6.4 16 0 22.4l-80 80c-3.2 3.2-8 4.8-11.2 4.8zm80-80h-192c-9.6 0-16-6.4-16-16s6.4-16 16-16h192c9.6 0 16 6.4 16 16s-8 16-16 16z\"\/><\/svg><\/a>        <\/div>\r\n        <div class=\"portfolio-meta-wrapper\">\r\n            <h3 class=\"the-title\"><a target=\"_self\" href=\"https:\/\/eregistar.capljina.ba\/en\/registar\/08-10-zakup-poljoprivrednog-zemljista\/\">08.10.   Zakup poljoprivrednog zemlji\u0161ta<\/a><\/h3><div class=\"clearboth\"><\/div>\t<div class=\"portfolio-categories\"><a href=\"https:\/\/eregistar.capljina.ba\/en\/kategorija\/administrativni-postupci\/\">Administrativni postupci<\/a>, <a href=\"https:\/\/eregistar.capljina.ba\/en\/kategorija\/poljoprivreda-i-zastita-okolisa\/\">Poljoprivreda i za\u0161tita okoli\u0161a<\/a>, <a href=\"https:\/\/eregistar.capljina.ba\/en\/kategorija\/sluzba-poljoprivrede-i-zastite-okolisa\/\">Slu\u017eba poljoprivrede i za\u0161tite okoli\u0161a<\/a><\/div>\r\n<p class=\"the-excerpt\"><\/p>        <\/div>\r\n    <\/div>\r\n<\/article>\r\n\r\n\r\n\r\n\r\n\r\n\r\n<article id=\"7441\" class=\"mk-portfolio-item mk-portfolio-classic-item one-column administrativni-postupci braniteljsko-invalidska-zastita-i-socijalna-zastita sluzba-za-prava-branitelja-i-socijalnu-skrb\">\r\n    <div class=\"item-holder\">\r\n                <div class=\"featured-image js-taphover\">\r\n            <img loading=\"lazy\" decoding=\"async\" alt=\"09.01.   Uvjerenje o statusu povratnika\" title=\"09.01.   Uvjerenje o statusu povratnika\" src=\"https:\/\/eregistar.capljina.ba\/wp-content\/uploads\/bfi_thumb\/dummy-transparent-mtvazs4x65493jg37cimuev6o5yvclm1zauc1wmtvq.png\" data-mk-image-src-set='{\"default\":\"https:\\\/\\\/eregistar.capljina.ba\\\/wp-content\\\/uploads\\\/bfi_thumb\\\/banner-op-1n-nq7hc01lfqjktlm84xuqnf58hmjm9vdh12syqpf4cm.jpg\",\"2x\":\"\",\"mobile\":\"https:\\\/\\\/eregistar.capljina.ba\\\/wp-content\\\/uploads\\\/bfi_thumb\\\/banner-op-1n-3106csy62elcilrx5uiy5rert88s3prdwyaawihqo6zqf6la4.jpg\"}' width=\"770\" height=\"7\"  \/>\r\n            <div class=\"image-hover-overlay\"><\/div>\r\n            \r\n<a class=\"hover-icon from-left project-load\" target=\"_self\" href=\"https:\/\/eregistar.capljina.ba\/en\/registar\/09-01-uvjerenje-o-statusu-povratnika\/\" data-post-id=\"7441\"><svg  class=\"mk-svg-icon\" data-name=\"mk-jupiter-icon-arrow-circle\" data-cacheid=\"icon-69f22fdd42bc1\" xmlns=\"http:\/\/www.w3.org\/2000\/svg\" viewbox=\"0 0 512 512\"><path d=\"M240 24c115.2 0 209.6 94.4 209.6 209.6s-94.4 209.6-209.6 209.6-209.6-94.4-209.6-209.6 94.4-209.6 209.6-209.6zm0-30.4c-132.8 0-240 107.2-240 240s107.2 240 240 240 240-107.2 240-240-107.2-240-240-240zm16 336c-4.8 0-8-1.6-11.2-4.8-6.4-6.4-6.4-16 0-22.4l68.8-68.8-68.8-68.8c-6.4-6.4-6.4-16 0-22.4s16-6.4 22.4 0l80 80c6.4 6.4 6.4 16 0 22.4l-80 80c-3.2 3.2-8 4.8-11.2 4.8zm80-80h-192c-9.6 0-16-6.4-16-16s6.4-16 16-16h192c9.6 0 16 6.4 16 16s-8 16-16 16z\"\/><\/svg><\/a>        <\/div>\r\n        <div class=\"portfolio-meta-wrapper\">\r\n            <h3 class=\"the-title\"><a target=\"_self\" href=\"https:\/\/eregistar.capljina.ba\/en\/registar\/09-01-uvjerenje-o-statusu-povratnika\/\">09.01.   Uvjerenje o statusu povratnika<\/a><\/h3><div class=\"clearboth\"><\/div>\t<div class=\"portfolio-categories\"><a href=\"https:\/\/eregistar.capljina.ba\/en\/kategorija\/administrativni-postupci\/\">Administrativni postupci<\/a>, <a href=\"https:\/\/eregistar.capljina.ba\/en\/kategorija\/braniteljsko-invalidska-zastita-i-socijalna-zastita\/\">Braniteljsko-invalidska za\u0161tita i socijalna za\u0161tita<\/a>, <a href=\"https:\/\/eregistar.capljina.ba\/en\/kategorija\/sluzba-za-prava-branitelja-i-socijalnu-skrb\/\">Slu\u017eba za prava branitelja i socijalnu skrb<\/a><\/div>\r\n<p class=\"the-excerpt\"><\/p>        <\/div>\r\n    <\/div>\r\n<\/article>\r\n\r\n\r\n\r\n\r\n\r\n\r\n<article id=\"7439\" class=\"mk-portfolio-item mk-portfolio-classic-item one-column administrativni-postupci braniteljsko-invalidska-zastita-i-socijalna-zastita sluzba-za-prava-branitelja-i-socijalnu-skrb\">\r\n    <div class=\"item-holder\">\r\n                <div class=\"featured-image js-taphover\">\r\n            <img loading=\"lazy\" decoding=\"async\" alt=\"09.02.   Uvjerenje o statusu raseljenih osoba\" title=\"09.02.   Uvjerenje o statusu raseljenih osoba\" src=\"https:\/\/eregistar.capljina.ba\/wp-content\/uploads\/bfi_thumb\/dummy-transparent-mtvazs4x65493jg37cimuev6o5yvclm1zauc1wmtvq.png\" data-mk-image-src-set='{\"default\":\"https:\\\/\\\/eregistar.capljina.ba\\\/wp-content\\\/uploads\\\/bfi_thumb\\\/banner-op-1n-nq7hc01lfqjktlm84xuqnf58hmjm9vdh12syqpf4cm.jpg\",\"2x\":\"\",\"mobile\":\"https:\\\/\\\/eregistar.capljina.ba\\\/wp-content\\\/uploads\\\/bfi_thumb\\\/banner-op-1n-3106csy62elcilrx5uiy5rert88s3prdwyaawihqo6zqf6la4.jpg\"}' width=\"770\" height=\"7\"  \/>\r\n            <div class=\"image-hover-overlay\"><\/div>\r\n            \r\n<a class=\"hover-icon from-left project-load\" target=\"_self\" href=\"https:\/\/eregistar.capljina.ba\/en\/registar\/09-02-uvjerenje-o-statusu-raseljenih-osoba\/\" data-post-id=\"7439\"><svg  class=\"mk-svg-icon\" data-name=\"mk-jupiter-icon-arrow-circle\" data-cacheid=\"icon-69f22fdd447ec\" xmlns=\"http:\/\/www.w3.org\/2000\/svg\" viewbox=\"0 0 512 512\"><path d=\"M240 24c115.2 0 209.6 94.4 209.6 209.6s-94.4 209.6-209.6 209.6-209.6-94.4-209.6-209.6 94.4-209.6 209.6-209.6zm0-30.4c-132.8 0-240 107.2-240 240s107.2 240 240 240 240-107.2 240-240-107.2-240-240-240zm16 336c-4.8 0-8-1.6-11.2-4.8-6.4-6.4-6.4-16 0-22.4l68.8-68.8-68.8-68.8c-6.4-6.4-6.4-16 0-22.4s16-6.4 22.4 0l80 80c6.4 6.4 6.4 16 0 22.4l-80 80c-3.2 3.2-8 4.8-11.2 4.8zm80-80h-192c-9.6 0-16-6.4-16-16s6.4-16 16-16h192c9.6 0 16 6.4 16 16s-8 16-16 16z\"\/><\/svg><\/a>        <\/div>\r\n        <div class=\"portfolio-meta-wrapper\">\r\n            <h3 class=\"the-title\"><a target=\"_self\" href=\"https:\/\/eregistar.capljina.ba\/en\/registar\/09-02-uvjerenje-o-statusu-raseljenih-osoba\/\">09.02.   Uvjerenje o statusu raseljenih osoba<\/a><\/h3><div class=\"clearboth\"><\/div>\t<div class=\"portfolio-categories\"><a href=\"https:\/\/eregistar.capljina.ba\/en\/kategorija\/administrativni-postupci\/\">Administrativni postupci<\/a>, <a href=\"https:\/\/eregistar.capljina.ba\/en\/kategorija\/braniteljsko-invalidska-zastita-i-socijalna-zastita\/\">Braniteljsko-invalidska za\u0161tita i socijalna za\u0161tita<\/a>, <a href=\"https:\/\/eregistar.capljina.ba\/en\/kategorija\/sluzba-za-prava-branitelja-i-socijalnu-skrb\/\">Slu\u017eba za prava branitelja i socijalnu skrb<\/a><\/div>\r\n<p class=\"the-excerpt\"><\/p>        <\/div>\r\n    <\/div>\r\n<\/article>\r\n\r\n\r\n\r\n\r\n\r\n\r\n<article id=\"7437\" class=\"mk-portfolio-item mk-portfolio-classic-item one-column administrativni-postupci braniteljsko-invalidska-zastita-i-socijalna-zastita sluzba-za-prava-branitelja-i-socijalnu-skrb\">\r\n    <div class=\"item-holder\">\r\n                <div class=\"featured-image js-taphover\">\r\n            <img loading=\"lazy\" decoding=\"async\" alt=\"09.03.   Priznavanje i oduzimanje statusa raseljenih osoba\" title=\"09.03.   Priznavanje i oduzimanje statusa raseljenih osoba\" src=\"https:\/\/eregistar.capljina.ba\/wp-content\/uploads\/bfi_thumb\/dummy-transparent-mtvazs4x65493jg37cimuev6o5yvclm1zauc1wmtvq.png\" data-mk-image-src-set='{\"default\":\"https:\\\/\\\/eregistar.capljina.ba\\\/wp-content\\\/uploads\\\/bfi_thumb\\\/banner-op-1n-nq7hc01lfqjktlm84xuqnf58hmjm9vdh12syqpf4cm.jpg\",\"2x\":\"\",\"mobile\":\"https:\\\/\\\/eregistar.capljina.ba\\\/wp-content\\\/uploads\\\/bfi_thumb\\\/banner-op-1n-3106csy62elcilrx5uiy5rert88s3prdwyaawihqo6zqf6la4.jpg\"}' width=\"770\" height=\"7\"  \/>\r\n            <div class=\"image-hover-overlay\"><\/div>\r\n            \r\n<a class=\"hover-icon from-left project-load\" target=\"_self\" href=\"https:\/\/eregistar.capljina.ba\/en\/registar\/09-03-priznavanje-i-oduzimanje-statusa-raseljenih-osoba\/\" data-post-id=\"7437\"><svg  class=\"mk-svg-icon\" data-name=\"mk-jupiter-icon-arrow-circle\" data-cacheid=\"icon-69f22fdd45908\" xmlns=\"http:\/\/www.w3.org\/2000\/svg\" viewbox=\"0 0 512 512\"><path d=\"M240 24c115.2 0 209.6 94.4 209.6 209.6s-94.4 209.6-209.6 209.6-209.6-94.4-209.6-209.6 94.4-209.6 209.6-209.6zm0-30.4c-132.8 0-240 107.2-240 240s107.2 240 240 240 240-107.2 240-240-107.2-240-240-240zm16 336c-4.8 0-8-1.6-11.2-4.8-6.4-6.4-6.4-16 0-22.4l68.8-68.8-68.8-68.8c-6.4-6.4-6.4-16 0-22.4s16-6.4 22.4 0l80 80c6.4 6.4 6.4 16 0 22.4l-80 80c-3.2 3.2-8 4.8-11.2 4.8zm80-80h-192c-9.6 0-16-6.4-16-16s6.4-16 16-16h192c9.6 0 16 6.4 16 16s-8 16-16 16z\"\/><\/svg><\/a>        <\/div>\r\n        <div class=\"portfolio-meta-wrapper\">\r\n            <h3 class=\"the-title\"><a target=\"_self\" href=\"https:\/\/eregistar.capljina.ba\/en\/registar\/09-03-priznavanje-i-oduzimanje-statusa-raseljenih-osoba\/\">09.03.   Priznavanje i oduzimanje statusa raseljenih osoba<\/a><\/h3><div class=\"clearboth\"><\/div>\t<div class=\"portfolio-categories\"><a href=\"https:\/\/eregistar.capljina.ba\/en\/kategorija\/administrativni-postupci\/\">Administrativni postupci<\/a>, <a href=\"https:\/\/eregistar.capljina.ba\/en\/kategorija\/braniteljsko-invalidska-zastita-i-socijalna-zastita\/\">Braniteljsko-invalidska za\u0161tita i socijalna za\u0161tita<\/a>, <a href=\"https:\/\/eregistar.capljina.ba\/en\/kategorija\/sluzba-za-prava-branitelja-i-socijalnu-skrb\/\">Slu\u017eba za prava branitelja i socijalnu skrb<\/a><\/div>\r\n<p class=\"the-excerpt\"><\/p>        <\/div>\r\n    <\/div>\r\n<\/article>\r\n\r\n\r\n\r\n\r\n\r\n\r\n<article id=\"7435\" class=\"mk-portfolio-item mk-portfolio-classic-item one-column administrativni-postupci braniteljsko-invalidska-zastita-i-socijalna-zastita sluzba-za-prava-branitelja-i-socijalnu-skrb\">\r\n    <div class=\"item-holder\">\r\n                <div class=\"featured-image js-taphover\">\r\n            <img loading=\"lazy\" decoding=\"async\" alt=\"09.04.   Uvjerenje o \u010dinjenicama o kojima se vodi\/ne vodi slu\u017ebena evidencija\" title=\"09.04.   Uvjerenje o \u010dinjenicama o kojima se vodi\/ne vodi slu\u017ebena evidencija\" src=\"https:\/\/eregistar.capljina.ba\/wp-content\/uploads\/bfi_thumb\/dummy-transparent-mtvazs4x65493jg37cimuev6o5yvclm1zauc1wmtvq.png\" data-mk-image-src-set='{\"default\":\"https:\\\/\\\/eregistar.capljina.ba\\\/wp-content\\\/uploads\\\/bfi_thumb\\\/banner-op-1n-nq7hc01lfqjktlm84xuqnf58hmjm9vdh12syqpf4cm.jpg\",\"2x\":\"\",\"mobile\":\"https:\\\/\\\/eregistar.capljina.ba\\\/wp-content\\\/uploads\\\/bfi_thumb\\\/banner-op-1n-3106csy62elcilrx5uiy5rert88s3prdwyaawihqo6zqf6la4.jpg\"}' width=\"770\" height=\"7\"  \/>\r\n            <div class=\"image-hover-overlay\"><\/div>\r\n            \r\n<a class=\"hover-icon from-left project-load\" target=\"_self\" href=\"https:\/\/eregistar.capljina.ba\/en\/registar\/09-04-uvjerenje-o-cinjenicama-o-kojima-se-vodi-ne-vodi-sluzbena-evidencija\/\" data-post-id=\"7435\"><svg  class=\"mk-svg-icon\" data-name=\"mk-jupiter-icon-arrow-circle\" data-cacheid=\"icon-69f22fdd46a4a\" xmlns=\"http:\/\/www.w3.org\/2000\/svg\" viewbox=\"0 0 512 512\"><path d=\"M240 24c115.2 0 209.6 94.4 209.6 209.6s-94.4 209.6-209.6 209.6-209.6-94.4-209.6-209.6 94.4-209.6 209.6-209.6zm0-30.4c-132.8 0-240 107.2-240 240s107.2 240 240 240 240-107.2 240-240-107.2-240-240-240zm16 336c-4.8 0-8-1.6-11.2-4.8-6.4-6.4-6.4-16 0-22.4l68.8-68.8-68.8-68.8c-6.4-6.4-6.4-16 0-22.4s16-6.4 22.4 0l80 80c6.4 6.4 6.4 16 0 22.4l-80 80c-3.2 3.2-8 4.8-11.2 4.8zm80-80h-192c-9.6 0-16-6.4-16-16s6.4-16 16-16h192c9.6 0 16 6.4 16 16s-8 16-16 16z\"\/><\/svg><\/a>        <\/div>\r\n        <div class=\"portfolio-meta-wrapper\">\r\n            <h3 class=\"the-title\"><a target=\"_self\" href=\"https:\/\/eregistar.capljina.ba\/en\/registar\/09-04-uvjerenje-o-cinjenicama-o-kojima-se-vodi-ne-vodi-sluzbena-evidencija\/\">09.04.   Uvjerenje o \u010dinjenicama o kojima se vodi\/ne vodi slu\u017ebena evidencija<\/a><\/h3><div class=\"clearboth\"><\/div>\t<div class=\"portfolio-categories\"><a href=\"https:\/\/eregistar.capljina.ba\/en\/kategorija\/administrativni-postupci\/\">Administrativni postupci<\/a>, <a href=\"https:\/\/eregistar.capljina.ba\/en\/kategorija\/braniteljsko-invalidska-zastita-i-socijalna-zastita\/\">Braniteljsko-invalidska za\u0161tita i socijalna za\u0161tita<\/a>, <a href=\"https:\/\/eregistar.capljina.ba\/en\/kategorija\/sluzba-za-prava-branitelja-i-socijalnu-skrb\/\">Slu\u017eba za prava branitelja i socijalnu skrb<\/a><\/div>\r\n<p class=\"the-excerpt\"><\/p>        <\/div>\r\n    <\/div>\r\n<\/article>\r\n\r\n\r\n\r\n\r\n\r\n\r\n<article id=\"7433\" class=\"mk-portfolio-item mk-portfolio-classic-item one-column administrativni-postupci braniteljsko-invalidska-zastita-i-socijalna-zastita sluzba-za-prava-branitelja-i-socijalnu-skrb\">\r\n    <div class=\"item-holder\">\r\n                <div class=\"featured-image js-taphover\">\r\n            <img loading=\"lazy\" decoding=\"async\" alt=\"09.05.   Priznavanje prava na obiteljsku invalidninu\" title=\"09.05.   Priznavanje prava na obiteljsku invalidninu\" src=\"https:\/\/eregistar.capljina.ba\/wp-content\/uploads\/bfi_thumb\/dummy-transparent-mtvazs4x65493jg37cimuev6o5yvclm1zauc1wmtvq.png\" data-mk-image-src-set='{\"default\":\"https:\\\/\\\/eregistar.capljina.ba\\\/wp-content\\\/uploads\\\/bfi_thumb\\\/banner-op-1n-nq7hc01lfqjktlm84xuqnf58hmjm9vdh12syqpf4cm.jpg\",\"2x\":\"\",\"mobile\":\"https:\\\/\\\/eregistar.capljina.ba\\\/wp-content\\\/uploads\\\/bfi_thumb\\\/banner-op-1n-3106csy62elcilrx5uiy5rert88s3prdwyaawihqo6zqf6la4.jpg\"}' width=\"770\" height=\"7\"  \/>\r\n            <div class=\"image-hover-overlay\"><\/div>\r\n            \r\n<a class=\"hover-icon from-left project-load\" target=\"_self\" href=\"https:\/\/eregistar.capljina.ba\/en\/registar\/09-05-priznavanje-prava-na-obiteljsku-invalidninu\/\" data-post-id=\"7433\"><svg  class=\"mk-svg-icon\" data-name=\"mk-jupiter-icon-arrow-circle\" data-cacheid=\"icon-69f22fdd47fa8\" xmlns=\"http:\/\/www.w3.org\/2000\/svg\" viewbox=\"0 0 512 512\"><path d=\"M240 24c115.2 0 209.6 94.4 209.6 209.6s-94.4 209.6-209.6 209.6-209.6-94.4-209.6-209.6 94.4-209.6 209.6-209.6zm0-30.4c-132.8 0-240 107.2-240 240s107.2 240 240 240 240-107.2 240-240-107.2-240-240-240zm16 336c-4.8 0-8-1.6-11.2-4.8-6.4-6.4-6.4-16 0-22.4l68.8-68.8-68.8-68.8c-6.4-6.4-6.4-16 0-22.4s16-6.4 22.4 0l80 80c6.4 6.4 6.4 16 0 22.4l-80 80c-3.2 3.2-8 4.8-11.2 4.8zm80-80h-192c-9.6 0-16-6.4-16-16s6.4-16 16-16h192c9.6 0 16 6.4 16 16s-8 16-16 16z\"\/><\/svg><\/a>        <\/div>\r\n        <div class=\"portfolio-meta-wrapper\">\r\n            <h3 class=\"the-title\"><a target=\"_self\" href=\"https:\/\/eregistar.capljina.ba\/en\/registar\/09-05-priznavanje-prava-na-obiteljsku-invalidninu\/\">09.05.   Priznavanje prava na obiteljsku invalidninu<\/a><\/h3><div class=\"clearboth\"><\/div>\t<div class=\"portfolio-categories\"><a href=\"https:\/\/eregistar.capljina.ba\/en\/kategorija\/administrativni-postupci\/\">Administrativni postupci<\/a>, <a href=\"https:\/\/eregistar.capljina.ba\/en\/kategorija\/braniteljsko-invalidska-zastita-i-socijalna-zastita\/\">Braniteljsko-invalidska za\u0161tita i socijalna za\u0161tita<\/a>, <a href=\"https:\/\/eregistar.capljina.ba\/en\/kategorija\/sluzba-za-prava-branitelja-i-socijalnu-skrb\/\">Slu\u017eba za prava branitelja i socijalnu skrb<\/a><\/div>\r\n<p class=\"the-excerpt\"><\/p>        <\/div>\r\n    <\/div>\r\n<\/article>\r\n\r\n\r\n\r\n\r\n\r\n\r\n<article id=\"7431\" class=\"mk-portfolio-item mk-portfolio-classic-item one-column administrativni-postupci braniteljsko-invalidska-zastita-i-socijalna-zastita sluzba-za-prava-branitelja-i-socijalnu-skrb\">\r\n    <div class=\"item-holder\">\r\n                <div class=\"featured-image js-taphover\">\r\n            <img loading=\"lazy\" decoding=\"async\" alt=\"09.06.   Utvr\u0111ivanje novog postotka vojnog invaliditeta\" title=\"09.06.   Utvr\u0111ivanje novog postotka vojnog invaliditeta\" src=\"https:\/\/eregistar.capljina.ba\/wp-content\/uploads\/bfi_thumb\/dummy-transparent-mtvazs4x65493jg37cimuev6o5yvclm1zauc1wmtvq.png\" data-mk-image-src-set='{\"default\":\"https:\\\/\\\/eregistar.capljina.ba\\\/wp-content\\\/uploads\\\/bfi_thumb\\\/banner-op-1n-nq7hc01lfqjktlm84xuqnf58hmjm9vdh12syqpf4cm.jpg\",\"2x\":\"\",\"mobile\":\"https:\\\/\\\/eregistar.capljina.ba\\\/wp-content\\\/uploads\\\/bfi_thumb\\\/banner-op-1n-3106csy62elcilrx5uiy5rert88s3prdwyaawihqo6zqf6la4.jpg\"}' width=\"770\" height=\"7\"  \/>\r\n            <div class=\"image-hover-overlay\"><\/div>\r\n            \r\n<a class=\"hover-icon from-left project-load\" target=\"_self\" href=\"https:\/\/eregistar.capljina.ba\/en\/registar\/09-06-utvrdivanje-novog-postotka-vojnog-invaliditeta\/\" data-post-id=\"7431\"><svg  class=\"mk-svg-icon\" data-name=\"mk-jupiter-icon-arrow-circle\" data-cacheid=\"icon-69f22fdd48eff\" xmlns=\"http:\/\/www.w3.org\/2000\/svg\" viewbox=\"0 0 512 512\"><path d=\"M240 24c115.2 0 209.6 94.4 209.6 209.6s-94.4 209.6-209.6 209.6-209.6-94.4-209.6-209.6 94.4-209.6 209.6-209.6zm0-30.4c-132.8 0-240 107.2-240 240s107.2 240 240 240 240-107.2 240-240-107.2-240-240-240zm16 336c-4.8 0-8-1.6-11.2-4.8-6.4-6.4-6.4-16 0-22.4l68.8-68.8-68.8-68.8c-6.4-6.4-6.4-16 0-22.4s16-6.4 22.4 0l80 80c6.4 6.4 6.4 16 0 22.4l-80 80c-3.2 3.2-8 4.8-11.2 4.8zm80-80h-192c-9.6 0-16-6.4-16-16s6.4-16 16-16h192c9.6 0 16 6.4 16 16s-8 16-16 16z\"\/><\/svg><\/a>        <\/div>\r\n        <div class=\"portfolio-meta-wrapper\">\r\n            <h3 class=\"the-title\"><a target=\"_self\" href=\"https:\/\/eregistar.capljina.ba\/en\/registar\/09-06-utvrdivanje-novog-postotka-vojnog-invaliditeta\/\">09.06.   Utvr\u0111ivanje novog postotka vojnog invaliditeta<\/a><\/h3><div class=\"clearboth\"><\/div>\t<div class=\"portfolio-categories\"><a href=\"https:\/\/eregistar.capljina.ba\/en\/kategorija\/administrativni-postupci\/\">Administrativni postupci<\/a>, <a href=\"https:\/\/eregistar.capljina.ba\/en\/kategorija\/braniteljsko-invalidska-zastita-i-socijalna-zastita\/\">Braniteljsko-invalidska za\u0161tita i socijalna za\u0161tita<\/a>, <a href=\"https:\/\/eregistar.capljina.ba\/en\/kategorija\/sluzba-za-prava-branitelja-i-socijalnu-skrb\/\">Slu\u017eba za prava branitelja i socijalnu skrb<\/a><\/div>\r\n<p class=\"the-excerpt\"><\/p>        <\/div>\r\n    <\/div>\r\n<\/article>\r\n\r\n\r\n\r\n\r\n\r\n\r\n<article id=\"7429\" class=\"mk-portfolio-item mk-portfolio-classic-item one-column administrativni-postupci braniteljsko-invalidska-zastita-i-socijalna-zastita sluzba-za-prava-branitelja-i-socijalnu-skrb\">\r\n    <div class=\"item-holder\">\r\n                <div class=\"featured-image js-taphover\">\r\n            <img loading=\"lazy\" decoding=\"async\" alt=\"09.07.   Prijenos predmeta u drugu op\u0107inu\/grad zbog promjene mjesta prebivali\u0161ta\" title=\"09.07.   Prijenos predmeta u drugu op\u0107inu\/grad zbog promjene mjesta prebivali\u0161ta\" src=\"https:\/\/eregistar.capljina.ba\/wp-content\/uploads\/bfi_thumb\/dummy-transparent-mtvazs4x65493jg37cimuev6o5yvclm1zauc1wmtvq.png\" data-mk-image-src-set='{\"default\":\"https:\\\/\\\/eregistar.capljina.ba\\\/wp-content\\\/uploads\\\/bfi_thumb\\\/banner-op-1n-nq7hc01lfqjktlm84xuqnf58hmjm9vdh12syqpf4cm.jpg\",\"2x\":\"\",\"mobile\":\"https:\\\/\\\/eregistar.capljina.ba\\\/wp-content\\\/uploads\\\/bfi_thumb\\\/banner-op-1n-3106csy62elcilrx5uiy5rert88s3prdwyaawihqo6zqf6la4.jpg\"}' width=\"770\" height=\"7\"  \/>\r\n            <div class=\"image-hover-overlay\"><\/div>\r\n            \r\n<a class=\"hover-icon from-left project-load\" target=\"_self\" href=\"https:\/\/eregistar.capljina.ba\/en\/registar\/09-07-prijenos-predmeta-u-drugu-opcinu-grad-zbog-promjene-mjesta-prebivalista\/\" data-post-id=\"7429\"><svg  class=\"mk-svg-icon\" data-name=\"mk-jupiter-icon-arrow-circle\" data-cacheid=\"icon-69f22fdd49de4\" xmlns=\"http:\/\/www.w3.org\/2000\/svg\" viewbox=\"0 0 512 512\"><path d=\"M240 24c115.2 0 209.6 94.4 209.6 209.6s-94.4 209.6-209.6 209.6-209.6-94.4-209.6-209.6 94.4-209.6 209.6-209.6zm0-30.4c-132.8 0-240 107.2-240 240s107.2 240 240 240 240-107.2 240-240-107.2-240-240-240zm16 336c-4.8 0-8-1.6-11.2-4.8-6.4-6.4-6.4-16 0-22.4l68.8-68.8-68.8-68.8c-6.4-6.4-6.4-16 0-22.4s16-6.4 22.4 0l80 80c6.4 6.4 6.4 16 0 22.4l-80 80c-3.2 3.2-8 4.8-11.2 4.8zm80-80h-192c-9.6 0-16-6.4-16-16s6.4-16 16-16h192c9.6 0 16 6.4 16 16s-8 16-16 16z\"\/><\/svg><\/a>        <\/div>\r\n        <div class=\"portfolio-meta-wrapper\">\r\n            <h3 class=\"the-title\"><a target=\"_self\" href=\"https:\/\/eregistar.capljina.ba\/en\/registar\/09-07-prijenos-predmeta-u-drugu-opcinu-grad-zbog-promjene-mjesta-prebivalista\/\">09.07.   Prijenos predmeta u drugu op\u0107inu\/grad zbog promjene mjesta prebivali\u0161ta<\/a><\/h3><div class=\"clearboth\"><\/div>\t<div class=\"portfolio-categories\"><a href=\"https:\/\/eregistar.capljina.ba\/en\/kategorija\/administrativni-postupci\/\">Administrativni postupci<\/a>, <a href=\"https:\/\/eregistar.capljina.ba\/en\/kategorija\/braniteljsko-invalidska-zastita-i-socijalna-zastita\/\">Braniteljsko-invalidska za\u0161tita i socijalna za\u0161tita<\/a>, <a href=\"https:\/\/eregistar.capljina.ba\/en\/kategorija\/sluzba-za-prava-branitelja-i-socijalnu-skrb\/\">Slu\u017eba za prava branitelja i socijalnu skrb<\/a><\/div>\r\n<p class=\"the-excerpt\"><\/p>        <\/div>\r\n    <\/div>\r\n<\/article>\r\n\r\n\r\n\r\n\r\n\r\n\r\n<article id=\"7427\" class=\"mk-portfolio-item mk-portfolio-classic-item one-column administrativni-postupci braniteljsko-invalidska-zastita-i-socijalna-zastita sluzba-za-prava-branitelja-i-socijalnu-skrb\">\r\n    <div class=\"item-holder\">\r\n                <div class=\"featured-image js-taphover\">\r\n            <img loading=\"lazy\" decoding=\"async\" alt=\"09.08.   Priznavanje prava na nov\u010danu pomo\u0107\" title=\"09.08.   Priznavanje prava na nov\u010danu pomo\u0107\" src=\"https:\/\/eregistar.capljina.ba\/wp-content\/uploads\/bfi_thumb\/dummy-transparent-mtvazs4x65493jg37cimuev6o5yvclm1zauc1wmtvq.png\" data-mk-image-src-set='{\"default\":\"https:\\\/\\\/eregistar.capljina.ba\\\/wp-content\\\/uploads\\\/bfi_thumb\\\/banner-op-1n-nq7hc01lfqjktlm84xuqnf58hmjm9vdh12syqpf4cm.jpg\",\"2x\":\"\",\"mobile\":\"https:\\\/\\\/eregistar.capljina.ba\\\/wp-content\\\/uploads\\\/bfi_thumb\\\/banner-op-1n-3106csy62elcilrx5uiy5rert88s3prdwyaawihqo6zqf6la4.jpg\"}' width=\"770\" height=\"7\"  \/>\r\n            <div class=\"image-hover-overlay\"><\/div>\r\n            \r\n<a class=\"hover-icon from-left project-load\" target=\"_self\" href=\"https:\/\/eregistar.capljina.ba\/en\/registar\/09-08-priznavanje-prava-na-novcanu-pomoc\/\" data-post-id=\"7427\"><svg  class=\"mk-svg-icon\" data-name=\"mk-jupiter-icon-arrow-circle\" data-cacheid=\"icon-69f22fdd4ac89\" xmlns=\"http:\/\/www.w3.org\/2000\/svg\" viewbox=\"0 0 512 512\"><path d=\"M240 24c115.2 0 209.6 94.4 209.6 209.6s-94.4 209.6-209.6 209.6-209.6-94.4-209.6-209.6 94.4-209.6 209.6-209.6zm0-30.4c-132.8 0-240 107.2-240 240s107.2 240 240 240 240-107.2 240-240-107.2-240-240-240zm16 336c-4.8 0-8-1.6-11.2-4.8-6.4-6.4-6.4-16 0-22.4l68.8-68.8-68.8-68.8c-6.4-6.4-6.4-16 0-22.4s16-6.4 22.4 0l80 80c6.4 6.4 6.4 16 0 22.4l-80 80c-3.2 3.2-8 4.8-11.2 4.8zm80-80h-192c-9.6 0-16-6.4-16-16s6.4-16 16-16h192c9.6 0 16 6.4 16 16s-8 16-16 16z\"\/><\/svg><\/a>        <\/div>\r\n        <div class=\"portfolio-meta-wrapper\">\r\n            <h3 class=\"the-title\"><a target=\"_self\" href=\"https:\/\/eregistar.capljina.ba\/en\/registar\/09-08-priznavanje-prava-na-novcanu-pomoc\/\">09.08.   Priznavanje prava na nov\u010danu pomo\u0107<\/a><\/h3><div class=\"clearboth\"><\/div>\t<div class=\"portfolio-categories\"><a href=\"https:\/\/eregistar.capljina.ba\/en\/kategorija\/administrativni-postupci\/\">Administrativni postupci<\/a>, <a href=\"https:\/\/eregistar.capljina.ba\/en\/kategorija\/braniteljsko-invalidska-zastita-i-socijalna-zastita\/\">Braniteljsko-invalidska za\u0161tita i socijalna za\u0161tita<\/a>, <a href=\"https:\/\/eregistar.capljina.ba\/en\/kategorija\/sluzba-za-prava-branitelja-i-socijalnu-skrb\/\">Slu\u017eba za prava branitelja i socijalnu skrb<\/a><\/div>\r\n<p class=\"the-excerpt\"><\/p>        <\/div>\r\n    <\/div>\r\n<\/article>\r\n\r\n\r\n\r\n\r\n    <\/section>\r\n  \r\n     <input type=\"hidden\" id=\"safe_load_more\" name=\"safe_load_more\" value=\"785ed91274\" \/><input type=\"hidden\" name=\"_wp_http_referer\" value=\"\/en\/wp-json\/wp\/v2\/pages\/5803\" \/><\/div>\r\n\r\n<\/div>\r\n\t<\/div>\r\n\r\n\r\n\r\n<div class=\"wpb_row vc_row  mk-fullwidth-false  attched-false    vc_row-fluid  js-master-row\">\r\n\t\t\r\n\t\t\t\r\n<div style=\"\" class=\"vc_col-sm-12 wpb_column column_container  _ height-full\">\r\n\t<\/div>\r\n\t<\/div>","protected":false},"excerpt":{"rendered":"ORGANIZACIJSKA JEDINICA Slu\u017eba za prava branitelja i socijalnu skrb DJELATNOST(I) Braniteljsko-invalidska za\u0161tita i socijalna za\u0161tita KONTAKT PODACI NADLE\u017dNOG SLU\u017dBENIKA Ivanka Bla\u017eevi\u0107, Stru\u010dni savjetnik Telefon: 036 805 052 E-mail: ivanka.blazevic@capljina.ba SVRHA ADMINISTRATIVNOG POSTUPKA Priznavanje prava na nov\u010danu pomo\u0107 nakon smrti supruga ratnog vojnog invalida. PRAVNI OSNOV ADMINISTRATIVNOG POSTUPKA Zakon o upravnom postupku, \u010dlan 200. (\u201cSlu\u017ebene novine [...]","protected":false},"author":5,"featured_media":0,"parent":0,"menu_order":0,"comment_status":"closed","ping_status":"closed","template":"","meta":{"_exactmetrics_skip_tracking":false,"_exactmetrics_sitenote_active":false,"_exactmetrics_sitenote_note":"","_exactmetrics_sitenote_category":0,"footnotes":""},"class_list":["post-5803","page","type-page","status-publish","hentry"],"_links":{"self":[{"href":"https:\/\/eregistar.capljina.ba\/en\/wp-json\/wp\/v2\/pages\/5803","targetHints":{"allow":["GET"]}}],"collection":[{"href":"https:\/\/eregistar.capljina.ba\/en\/wp-json\/wp\/v2\/pages"}],"about":[{"href":"https:\/\/eregistar.capljina.ba\/en\/wp-json\/wp\/v2\/types\/page"}],"author":[{"embeddable":true,"href":"https:\/\/eregistar.capljina.ba\/en\/wp-json\/wp\/v2\/users\/5"}],"replies":[{"embeddable":true,"href":"https:\/\/eregistar.capljina.ba\/en\/wp-json\/wp\/v2\/comments?post=5803"}],"version-history":[{"count":13,"href":"https:\/\/eregistar.capljina.ba\/en\/wp-json\/wp\/v2\/pages\/5803\/revisions"}],"predecessor-version":[{"id":7108,"href":"https:\/\/eregistar.capljina.ba\/en\/wp-json\/wp\/v2\/pages\/5803\/revisions\/7108"}],"wp:attachment":[{"href":"https:\/\/eregistar.capljina.ba\/en\/wp-json\/wp\/v2\/media?parent=5803"}],"curies":[{"name":"wp","href":"https:\/\/api.w.org\/{rel}","templated":true}]}}